{"id":11,"date":"2017-10-11T11:22:01","date_gmt":"2017-10-11T09:22:01","guid":{"rendered":"https:\/\/www.valeriehenry.com\/undo-redo\/?page_id=11"},"modified":"2025-03-12T12:07:16","modified_gmt":"2025-03-12T11:07:16","slug":"accueil","status":"publish","type":"page","link":"https:\/\/www.valeriehenry.com\/marianne-guedin\/","title":{"rendered":"News"},"content":{"rendered":"<div id=\"gallery-1\" class=\"uk-grid-medium uk-child-width-expand@s\" uk-grid uk-height-match=\"target: > article; row: false\"><div class=\"gallery-item uk-margin-bottom uk-width-1-2@s uk-width-1-3@l\"><a href=\"https:\/\/www.valeriehenry.com\/marianne-guedin\/wp-content\/uploads\/sites\/42\/2021\/06\/Marianne-Guedin-artiste-ve\u0301ge\u0301tale-installation-florale-2.jpg\" rel=\"gallery-1\"><figure class=\"uk-margin-small-bottom uk-cover-container uk-height-small uk-section-muted\"><img decoding=\"async\" uk-cover=\"\" src=\"https:\/\/www.valeriehenry.com\/marianne-guedin\/wp-content\/uploads\/sites\/42\/2021\/06\/Marianne-Guedin-artiste-ve\u0301ge\u0301tale-installation-florale-2-e1624443386429-300x234.jpg\" srcset=\"\" sizes=\"100vw, (min-width: 640px) 50vw, (min-width: 960px) 37vw, (min-width: 1200px) 25vw, (min-width: 1280px) 277px\" alt = \"Marianne Guedin, installation v\u00e9g\u00e9tale, juin 2021. Nuage suspendu \u00e0 la Galerie Am\u00e9lie Maison d&rsquo;Art\n\"><\/figure><\/a><\/div><div class=\"gallery-item uk-margin-bottom uk-width-1-2@s uk-width-1-3@l\"><a href=\"https:\/\/www.valeriehenry.com\/marianne-guedin\/wp-content\/uploads\/sites\/42\/2021\/09\/Amelie-maison-dart-marianne-guedin-1.jpg\" rel=\"gallery-1\"><figure class=\"uk-margin-small-bottom uk-cover-container uk-height-small uk-section-muted\"><img decoding=\"async\" uk-cover=\"\" src=\"https:\/\/www.valeriehenry.com\/marianne-guedin\/wp-content\/uploads\/sites\/42\/2021\/09\/Amelie-maison-dart-marianne-guedin-1-e1632230148506-300x239.jpg\" srcset=\"\" sizes=\"100vw, (min-width: 640px) 50vw, (min-width: 960px) 37vw, (min-width: 1200px) 25vw, (min-width: 1280px) 277px\" alt = \"Marianne Guedin, installation v\u00e9g\u00e9tale, juin 2021. Nuage suspendu \u00e0 la Galerie Am\u00e9lie Maison d&rsquo;Art\"><\/figure><\/a><\/div><div class=\"gallery-item uk-margin-bottom uk-width-1-2@s uk-width-1-3@l\"><a href=\"https:\/\/www.valeriehenry.com\/marianne-guedin\/wp-content\/uploads\/sites\/42\/2021\/06\/Marianne-Guedin-artiste-ve\u0301ge\u0301tale-installation-florale-1.jpg\" rel=\"gallery-1\"><figure class=\"uk-margin-small-bottom uk-cover-container uk-height-small uk-section-muted\"><img decoding=\"async\" uk-cover=\"\" src=\"https:\/\/www.valeriehenry.com\/marianne-guedin\/wp-content\/uploads\/sites\/42\/2021\/06\/Marianne-Guedin-artiste-ve\u0301ge\u0301tale-installation-florale-1-e1624443423128-300x197.jpg\" srcset=\"\" sizes=\"100vw, (min-width: 640px) 50vw, (min-width: 960px) 37vw, (min-width: 1200px) 25vw, (min-width: 1280px) 277px\" alt = \"Marianne Guedin, installation v\u00e9g\u00e9tale, juin 2021. Nuage suspendu \u00e0 la Galerie Am\u00e9lie Maison d&rsquo;Art\n\"><\/figure><\/a><\/div><div class=\"gallery-item uk-margin-bottom uk-width-1-2@s uk-width-1-3@l\"><a href=\"https:\/\/www.valeriehenry.com\/marianne-guedin\/wp-content\/uploads\/sites\/42\/2022\/10\/Marianne-Guedin-scenographe-vegetal-rogier-vivier-collection-paris-1.jpg\" rel=\"gallery-1\"><figure class=\"uk-margin-small-bottom uk-cover-container uk-height-small uk-section-muted\"><img decoding=\"async\" uk-cover=\"\" src=\"https:\/\/www.valeriehenry.com\/marianne-guedin\/wp-content\/uploads\/sites\/42\/2022\/10\/Marianne-Guedin-scenographe-vegetal-rogier-vivier-collection-paris-1-300x225.jpg\" srcset=\"https:\/\/www.valeriehenry.com\/marianne-guedin\/wp-content\/uploads\/sites\/42\/2022\/10\/Marianne-Guedin-scenographe-vegetal-rogier-vivier-collection-paris-1-300x225.jpg 300w, https:\/\/www.valeriehenry.com\/marianne-guedin\/wp-content\/uploads\/sites\/42\/2022\/10\/Marianne-Guedin-scenographe-vegetal-rogier-vivier-collection-paris-1-600x450.jpg 600w, https:\/\/www.valeriehenry.com\/marianne-guedin\/wp-content\/uploads\/sites\/42\/2022\/10\/Marianne-Guedin-scenographe-vegetal-rogier-vivier-collection-paris-1-768x576.jpg 768w, https:\/\/www.valeriehenry.com\/marianne-guedin\/wp-content\/uploads\/sites\/42\/2022\/10\/Marianne-Guedin-scenographe-vegetal-rogier-vivier-collection-paris-1-1024x768.jpg 1024w, https:\/\/www.valeriehenry.com\/marianne-guedin\/wp-content\/uploads\/sites\/42\/2022\/10\/Marianne-Guedin-scenographe-vegetal-rogier-vivier-collection-paris-1.jpg 1200w\" sizes=\"100vw, (min-width: 640px) 50vw, (min-width: 960px) 37vw, (min-width: 1200px) 25vw, (min-width: 1280px) 277px\" alt = \"Marianne Guedin, installation v\u00e9g\u00e9tale \u00ab\u00a0Collines fleuries\u00a0\u00bb, octobre 2022, pour la pr\u00e9sentation de la nouvelle collection SS23 de la maison Roger Vivier, Fondation Simone et Cino Del Duca, Paris.\"><\/figure><\/a><\/div><div class=\"gallery-item uk-margin-bottom uk-width-1-2@s uk-width-1-3@l\"><a href=\"https:\/\/www.valeriehenry.com\/marianne-guedin\/wp-content\/uploads\/sites\/42\/2022\/10\/Marianne-Guedin-scenographe-vegetal-rogier-vivier-collection-paris-4.jpg\" rel=\"gallery-1\"><figure class=\"uk-margin-small-bottom uk-cover-container uk-height-small uk-section-muted\"><img decoding=\"async\" uk-cover=\"\" src=\"https:\/\/www.valeriehenry.com\/marianne-guedin\/wp-content\/uploads\/sites\/42\/2022\/10\/Marianne-Guedin-scenographe-vegetal-rogier-vivier-collection-paris-4-233x300.jpg\" srcset=\"https:\/\/www.valeriehenry.com\/marianne-guedin\/wp-content\/uploads\/sites\/42\/2022\/10\/Marianne-Guedin-scenographe-vegetal-rogier-vivier-collection-paris-4-233x300.jpg 233w, https:\/\/www.valeriehenry.com\/marianne-guedin\/wp-content\/uploads\/sites\/42\/2022\/10\/Marianne-Guedin-scenographe-vegetal-rogier-vivier-collection-paris-4-467x600.jpg 467w, https:\/\/www.valeriehenry.com\/marianne-guedin\/wp-content\/uploads\/sites\/42\/2022\/10\/Marianne-Guedin-scenographe-vegetal-rogier-vivier-collection-paris-4-768x988.jpg 768w, https:\/\/www.valeriehenry.com\/marianne-guedin\/wp-content\/uploads\/sites\/42\/2022\/10\/Marianne-Guedin-scenographe-vegetal-rogier-vivier-collection-paris-4-796x1024.jpg 796w, https:\/\/www.valeriehenry.com\/marianne-guedin\/wp-content\/uploads\/sites\/42\/2022\/10\/Marianne-Guedin-scenographe-vegetal-rogier-vivier-collection-paris-4.jpg 933w\" sizes=\"100vw, (min-width: 640px) 50vw, (min-width: 960px) 37vw, (min-width: 1200px) 25vw, (min-width: 1280px) 277px\" alt = \"Marianne Guedin, installation v\u00e9g\u00e9tale \u00ab\u00a0Collines fleuries\u00a0\u00bb, octobre 2022, pour la pr\u00e9sentation de la nouvelle collection SS23 de la maison Roger Vivier, Fondation Simone et Cino Del Duca, Paris.\"><\/figure><\/a><\/div><div class=\"gallery-item uk-margin-bottom uk-width-1-2@s uk-width-1-3@l\"><a href=\"https:\/\/www.valeriehenry.com\/marianne-guedin\/wp-content\/uploads\/sites\/42\/2022\/10\/Marianne-Guedin-scenographe-vegetal-rogier-vivier-collection-paris-3.jpg\" rel=\"gallery-1\"><figure class=\"uk-margin-small-bottom uk-cover-container uk-height-small uk-section-muted\"><img decoding=\"async\" uk-cover=\"\" src=\"https:\/\/www.valeriehenry.com\/marianne-guedin\/wp-content\/uploads\/sites\/42\/2022\/10\/Marianne-Guedin-scenographe-vegetal-rogier-vivier-collection-paris-3-300x211.jpg\" srcset=\"https:\/\/www.valeriehenry.com\/marianne-guedin\/wp-content\/uploads\/sites\/42\/2022\/10\/Marianne-Guedin-scenographe-vegetal-rogier-vivier-collection-paris-3-300x211.jpg 300w, https:\/\/www.valeriehenry.com\/marianne-guedin\/wp-content\/uploads\/sites\/42\/2022\/10\/Marianne-Guedin-scenographe-vegetal-rogier-vivier-collection-paris-3-600x422.jpg 600w, https:\/\/www.valeriehenry.com\/marianne-guedin\/wp-content\/uploads\/sites\/42\/2022\/10\/Marianne-Guedin-scenographe-vegetal-rogier-vivier-collection-paris-3-768x540.jpg 768w, https:\/\/www.valeriehenry.com\/marianne-guedin\/wp-content\/uploads\/sites\/42\/2022\/10\/Marianne-Guedin-scenographe-vegetal-rogier-vivier-collection-paris-3-1024x720.jpg 1024w, https:\/\/www.valeriehenry.com\/marianne-guedin\/wp-content\/uploads\/sites\/42\/2022\/10\/Marianne-Guedin-scenographe-vegetal-rogier-vivier-collection-paris-3.jpg 1200w\" sizes=\"100vw, (min-width: 640px) 50vw, (min-width: 960px) 37vw, (min-width: 1200px) 25vw, (min-width: 1280px) 277px\" alt = \"Marianne Guedin, installation v\u00e9g\u00e9tale \u00ab\u00a0Collines fleuries\u00a0\u00bb, octobre 2022, pour la pr\u00e9sentation de la nouvelle collection SS23 de la maison Roger Vivier, Fondation Simone et Cino Del Duca, Paris.\"><\/figure><\/a><\/div><div class=\"gallery-item uk-margin-bottom uk-width-1-2@s uk-width-1-3@l\"><a href=\"https:\/\/www.valeriehenry.com\/marianne-guedin\/wp-content\/uploads\/sites\/42\/2022\/10\/Marianne-Guedin-scenographe-vegetal-rogier-vivier-collection-paris-2.jpg\" rel=\"gallery-1\"><figure class=\"uk-margin-small-bottom uk-cover-container uk-height-small uk-section-muted\"><img decoding=\"async\" uk-cover=\"\" src=\"https:\/\/www.valeriehenry.com\/marianne-guedin\/wp-content\/uploads\/sites\/42\/2022\/10\/Marianne-Guedin-scenographe-vegetal-rogier-vivier-collection-paris-2-300x224.jpg\" srcset=\"https:\/\/www.valeriehenry.com\/marianne-guedin\/wp-content\/uploads\/sites\/42\/2022\/10\/Marianne-Guedin-scenographe-vegetal-rogier-vivier-collection-paris-2-300x224.jpg 300w, https:\/\/www.valeriehenry.com\/marianne-guedin\/wp-content\/uploads\/sites\/42\/2022\/10\/Marianne-Guedin-scenographe-vegetal-rogier-vivier-collection-paris-2-600x448.jpg 600w, https:\/\/www.valeriehenry.com\/marianne-guedin\/wp-content\/uploads\/sites\/42\/2022\/10\/Marianne-Guedin-scenographe-vegetal-rogier-vivier-collection-paris-2-768x573.jpg 768w, https:\/\/www.valeriehenry.com\/marianne-guedin\/wp-content\/uploads\/sites\/42\/2022\/10\/Marianne-Guedin-scenographe-vegetal-rogier-vivier-collection-paris-2-1024x765.jpg 1024w, https:\/\/www.valeriehenry.com\/marianne-guedin\/wp-content\/uploads\/sites\/42\/2022\/10\/Marianne-Guedin-scenographe-vegetal-rogier-vivier-collection-paris-2.jpg 1200w\" sizes=\"100vw, (min-width: 640px) 50vw, (min-width: 960px) 37vw, (min-width: 1200px) 25vw, (min-width: 1280px) 277px\" alt = \"Marianne Guedin, installation v\u00e9g\u00e9tale \u00ab\u00a0Collines fleuries\u00a0\u00bb, octobre 2022, pour la pr\u00e9sentation de la nouvelle collection SS23 de la maison Roger Vivier, Fondation Simone et Cino Del Duca, Paris.\"><\/figure><\/a><\/div><div class=\"gallery-item uk-margin-bottom uk-width-1-2@s uk-width-1-3@l\"><a href=\"https:\/\/www.valeriehenry.com\/marianne-guedin\/wp-content\/uploads\/sites\/42\/2022\/10\/Marianne-Guedin-scenographe-vegetal-rogier-vivier-collection-paris-5.jpg\" rel=\"gallery-1\"><figure class=\"uk-margin-small-bottom uk-cover-container uk-height-small uk-section-muted\"><img decoding=\"async\" uk-cover=\"\" src=\"https:\/\/www.valeriehenry.com\/marianne-guedin\/wp-content\/uploads\/sites\/42\/2022\/10\/Marianne-Guedin-scenographe-vegetal-rogier-vivier-collection-paris-5-300x199.jpg\" srcset=\"https:\/\/www.valeriehenry.com\/marianne-guedin\/wp-content\/uploads\/sites\/42\/2022\/10\/Marianne-Guedin-scenographe-vegetal-rogier-vivier-collection-paris-5-300x199.jpg 300w, https:\/\/www.valeriehenry.com\/marianne-guedin\/wp-content\/uploads\/sites\/42\/2022\/10\/Marianne-Guedin-scenographe-vegetal-rogier-vivier-collection-paris-5-600x397.jpg 600w, https:\/\/www.valeriehenry.com\/marianne-guedin\/wp-content\/uploads\/sites\/42\/2022\/10\/Marianne-Guedin-scenographe-vegetal-rogier-vivier-collection-paris-5-768x508.jpg 768w, https:\/\/www.valeriehenry.com\/marianne-guedin\/wp-content\/uploads\/sites\/42\/2022\/10\/Marianne-Guedin-scenographe-vegetal-rogier-vivier-collection-paris-5-1024x678.jpg 1024w, https:\/\/www.valeriehenry.com\/marianne-guedin\/wp-content\/uploads\/sites\/42\/2022\/10\/Marianne-Guedin-scenographe-vegetal-rogier-vivier-collection-paris-5.jpg 1200w\" sizes=\"100vw, (min-width: 640px) 50vw, (min-width: 960px) 37vw, (min-width: 1200px) 25vw, (min-width: 1280px) 277px\" alt = \"Marianne Guedin, installation v\u00e9g\u00e9tale \u00ab\u00a0Collines fleuries\u00a0\u00bb, octobre 2022, pour la pr\u00e9sentation de la nouvelle collection SS23 de la maison Roger Vivier, Fondation Simone et Cino Del Duca, Paris.\"><\/figure><\/a><\/div><div class=\"gallery-item uk-margin-bottom uk-width-1-2@s uk-width-1-3@l\"><a href=\"https:\/\/www.valeriehenry.com\/marianne-guedin\/wp-content\/uploads\/sites\/42\/2022\/10\/Marianne-Guedin-scenographe-vegetal-rogier-vivier-collection-paris-6.jpg\" rel=\"gallery-1\"><figure class=\"uk-margin-small-bottom uk-cover-container uk-height-small uk-section-muted\"><img decoding=\"async\" uk-cover=\"\" src=\"https:\/\/www.valeriehenry.com\/marianne-guedin\/wp-content\/uploads\/sites\/42\/2022\/10\/Marianne-Guedin-scenographe-vegetal-rogier-vivier-collection-paris-6-300x199.jpg\" srcset=\"https:\/\/www.valeriehenry.com\/marianne-guedin\/wp-content\/uploads\/sites\/42\/2022\/10\/Marianne-Guedin-scenographe-vegetal-rogier-vivier-collection-paris-6-300x199.jpg 300w, https:\/\/www.valeriehenry.com\/marianne-guedin\/wp-content\/uploads\/sites\/42\/2022\/10\/Marianne-Guedin-scenographe-vegetal-rogier-vivier-collection-paris-6-600x399.jpg 600w, https:\/\/www.valeriehenry.com\/marianne-guedin\/wp-content\/uploads\/sites\/42\/2022\/10\/Marianne-Guedin-scenographe-vegetal-rogier-vivier-collection-paris-6-768x510.jpg 768w, https:\/\/www.valeriehenry.com\/marianne-guedin\/wp-content\/uploads\/sites\/42\/2022\/10\/Marianne-Guedin-scenographe-vegetal-rogier-vivier-collection-paris-6-1024x680.jpg 1024w, https:\/\/www.valeriehenry.com\/marianne-guedin\/wp-content\/uploads\/sites\/42\/2022\/10\/Marianne-Guedin-scenographe-vegetal-rogier-vivier-collection-paris-6.jpg 1200w\" sizes=\"100vw, (min-width: 640px) 50vw, (min-width: 960px) 37vw, (min-width: 1200px) 25vw, (min-width: 1280px) 277px\" alt = \"Marianne Guedin, installation v\u00e9g\u00e9tale \u00ab\u00a0Collines fleuries\u00a0\u00bb, octobre 2022, pour la pr\u00e9sentation de la nouvelle collection SS23 de la maison Roger Vivier, Fondation Simone et Cino Del Duca, Paris.\"><\/figure><\/a><\/div><div class=\"gallery-item uk-margin-bottom uk-width-1-2@s uk-width-1-3@l\"><a href=\"https:\/\/www.valeriehenry.com\/marianne-guedin\/wp-content\/uploads\/sites\/42\/2021\/09\/Marianne-Guedin-scenographie-vegetale-decor-opera-1.jpg\" rel=\"gallery-1\"><figure class=\"uk-margin-small-bottom uk-cover-container uk-height-small uk-section-muted\"><img decoding=\"async\" uk-cover=\"\" src=\"https:\/\/www.valeriehenry.com\/marianne-guedin\/wp-content\/uploads\/sites\/42\/2021\/09\/Marianne-Guedin-scenographie-vegetale-decor-opera-1-300x225.jpg\" srcset=\"https:\/\/www.valeriehenry.com\/marianne-guedin\/wp-content\/uploads\/sites\/42\/2021\/09\/Marianne-Guedin-scenographie-vegetale-decor-opera-1-300x225.jpg 300w, https:\/\/www.valeriehenry.com\/marianne-guedin\/wp-content\/uploads\/sites\/42\/2021\/09\/Marianne-Guedin-scenographie-vegetale-decor-opera-1-600x450.jpg 600w, https:\/\/www.valeriehenry.com\/marianne-guedin\/wp-content\/uploads\/sites\/42\/2021\/09\/Marianne-Guedin-scenographie-vegetale-decor-opera-1-768x576.jpg 768w, https:\/\/www.valeriehenry.com\/marianne-guedin\/wp-content\/uploads\/sites\/42\/2021\/09\/Marianne-Guedin-scenographie-vegetale-decor-opera-1-1024x768.jpg 1024w, https:\/\/www.valeriehenry.com\/marianne-guedin\/wp-content\/uploads\/sites\/42\/2021\/09\/Marianne-Guedin-scenographie-vegetale-decor-opera-1.jpg 1200w\" sizes=\"100vw, (min-width: 640px) 50vw, (min-width: 960px) 37vw, (min-width: 1200px) 25vw, (min-width: 1280px) 277px\" alt = \"Marianne Guedin, installation v\u00e9g\u00e9tale, septembre 2021, restaurant CoCo de l&rsquo;Op\u00e9ra Garnier, Paris. Cr\u00e9ation de nuages de fleurs et feuilles inspir\u00e9e par Gatsby le Magnifique.\"><\/figure><\/a><\/div><div class=\"gallery-item uk-margin-bottom uk-width-1-2@s uk-width-1-3@l\"><a href=\"https:\/\/www.valeriehenry.com\/marianne-guedin\/wp-content\/uploads\/sites\/42\/2021\/09\/Marianne-Guedin-scenographie-vegetale-decor-opera-3.jpg\" rel=\"gallery-1\"><figure class=\"uk-margin-small-bottom uk-cover-container uk-height-small uk-section-muted\"><img decoding=\"async\" uk-cover=\"\" src=\"https:\/\/www.valeriehenry.com\/marianne-guedin\/wp-content\/uploads\/sites\/42\/2021\/09\/Marianne-Guedin-scenographie-vegetale-decor-opera-3-300x198.jpg\" srcset=\"https:\/\/www.valeriehenry.com\/marianne-guedin\/wp-content\/uploads\/sites\/42\/2021\/09\/Marianne-Guedin-scenographie-vegetale-decor-opera-3-300x198.jpg 300w, https:\/\/www.valeriehenry.com\/marianne-guedin\/wp-content\/uploads\/sites\/42\/2021\/09\/Marianne-Guedin-scenographie-vegetale-decor-opera-3-600x396.jpg 600w, https:\/\/www.valeriehenry.com\/marianne-guedin\/wp-content\/uploads\/sites\/42\/2021\/09\/Marianne-Guedin-scenographie-vegetale-decor-opera-3-768x507.jpg 768w, https:\/\/www.valeriehenry.com\/marianne-guedin\/wp-content\/uploads\/sites\/42\/2021\/09\/Marianne-Guedin-scenographie-vegetale-decor-opera-3-1024x676.jpg 1024w, https:\/\/www.valeriehenry.com\/marianne-guedin\/wp-content\/uploads\/sites\/42\/2021\/09\/Marianne-Guedin-scenographie-vegetale-decor-opera-3.jpg 1200w\" sizes=\"100vw, (min-width: 640px) 50vw, (min-width: 960px) 37vw, (min-width: 1200px) 25vw, (min-width: 1280px) 277px\" alt = \"Marianne Guedin, installation v\u00e9g\u00e9tale, septembre 2021, restaurant CoCo de l&rsquo;Op\u00e9ra Garnier, Paris. Cr\u00e9ation de nuages de fleurs et feuilles inspir\u00e9e par Gatsby le Magnifique.\"><\/figure><\/a><\/div><div class=\"gallery-item uk-margin-bottom uk-width-1-2@s uk-width-1-3@l\"><a href=\"https:\/\/www.valeriehenry.com\/marianne-guedin\/wp-content\/uploads\/sites\/42\/2021\/09\/Marianne-Guedin-scenographie-vegetale-decor-opera-2.jpg\" rel=\"gallery-1\"><figure class=\"uk-margin-small-bottom uk-cover-container uk-height-small uk-section-muted\"><img decoding=\"async\" uk-cover=\"\" src=\"https:\/\/www.valeriehenry.com\/marianne-guedin\/wp-content\/uploads\/sites\/42\/2021\/09\/Marianne-Guedin-scenographie-vegetale-decor-opera-2-300x209.jpg\" srcset=\"https:\/\/www.valeriehenry.com\/marianne-guedin\/wp-content\/uploads\/sites\/42\/2021\/09\/Marianne-Guedin-scenographie-vegetale-decor-opera-2-300x209.jpg 300w, https:\/\/www.valeriehenry.com\/marianne-guedin\/wp-content\/uploads\/sites\/42\/2021\/09\/Marianne-Guedin-scenographie-vegetale-decor-opera-2-600x417.jpg 600w, https:\/\/www.valeriehenry.com\/marianne-guedin\/wp-content\/uploads\/sites\/42\/2021\/09\/Marianne-Guedin-scenographie-vegetale-decor-opera-2-768x534.jpg 768w, https:\/\/www.valeriehenry.com\/marianne-guedin\/wp-content\/uploads\/sites\/42\/2021\/09\/Marianne-Guedin-scenographie-vegetale-decor-opera-2-1024x712.jpg 1024w, https:\/\/www.valeriehenry.com\/marianne-guedin\/wp-content\/uploads\/sites\/42\/2021\/09\/Marianne-Guedin-scenographie-vegetale-decor-opera-2.jpg 1200w\" sizes=\"100vw, (min-width: 640px) 50vw, (min-width: 960px) 37vw, (min-width: 1200px) 25vw, (min-width: 1280px) 277px\" alt = \"Marianne Guedin cr\u00e9ation artistique v\u00e9g\u00e9tale monumentale pour Op\u00e9ra Garnier Paris nuages de fleurs repr\u00e9sent\u00e9e par Val\u00e9rie Henry\"><\/figure><\/a><\/div><div class=\"gallery-item uk-margin-bottom uk-width-1-2@s uk-width-1-3@l\"><a href=\"https:\/\/www.valeriehenry.com\/marianne-guedin\/wp-content\/uploads\/sites\/42\/2020\/11\/marianne-guedin-scenographie-vegetale-defile-off_white-pp20-vuitton-valerie-henry-1.jpg\" rel=\"gallery-1\"><figure class=\"uk-margin-small-bottom uk-cover-container uk-height-small uk-section-muted\"><img decoding=\"async\" uk-cover=\"\" src=\"https:\/\/www.valeriehenry.com\/marianne-guedin\/wp-content\/uploads\/sites\/42\/2020\/11\/marianne-guedin-scenographie-vegetale-defile-off_white-pp20-vuitton-valerie-henry-1-300x225.jpg\" srcset=\"https:\/\/www.valeriehenry.com\/marianne-guedin\/wp-content\/uploads\/sites\/42\/2020\/11\/marianne-guedin-scenographie-vegetale-defile-off_white-pp20-vuitton-valerie-henry-1-300x225.jpg 300w, https:\/\/www.valeriehenry.com\/marianne-guedin\/wp-content\/uploads\/sites\/42\/2020\/11\/marianne-guedin-scenographie-vegetale-defile-off_white-pp20-vuitton-valerie-henry-1-600x450.jpg 600w, https:\/\/www.valeriehenry.com\/marianne-guedin\/wp-content\/uploads\/sites\/42\/2020\/11\/marianne-guedin-scenographie-vegetale-defile-off_white-pp20-vuitton-valerie-henry-1-768x576.jpg 768w, https:\/\/www.valeriehenry.com\/marianne-guedin\/wp-content\/uploads\/sites\/42\/2020\/11\/marianne-guedin-scenographie-vegetale-defile-off_white-pp20-vuitton-valerie-henry-1-1024x768.jpg 1024w, https:\/\/www.valeriehenry.com\/marianne-guedin\/wp-content\/uploads\/sites\/42\/2020\/11\/marianne-guedin-scenographie-vegetale-defile-off_white-pp20-vuitton-valerie-henry-1.jpg 1100w\" sizes=\"100vw, (min-width: 640px) 50vw, (min-width: 960px) 37vw, (min-width: 1200px) 25vw, (min-width: 1280px) 277px\" alt = \"Marianne Guedin, sc\u00e9nographie v\u00e9g\u00e9tale, juin 2019, d\u00e9fil\u00e9 homme Off-White SS20, Virgile Abloh. \"><\/figure><\/a><\/div><div class=\"gallery-item uk-margin-bottom uk-width-1-2@s uk-width-1-3@l\"><a href=\"https:\/\/www.valeriehenry.com\/marianne-guedin\/wp-content\/uploads\/sites\/42\/2020\/11\/marianne-guedin-scenographie-vegetale-defile-off_white-pp20-vuitton-valerie-henry-2.jpg\" rel=\"gallery-1\"><figure class=\"uk-margin-small-bottom uk-cover-container uk-height-small uk-section-muted\"><img decoding=\"async\" uk-cover=\"\" src=\"https:\/\/www.valeriehenry.com\/marianne-guedin\/wp-content\/uploads\/sites\/42\/2020\/11\/marianne-guedin-scenographie-vegetale-defile-off_white-pp20-vuitton-valerie-henry-2-300x225.jpg\" srcset=\"https:\/\/www.valeriehenry.com\/marianne-guedin\/wp-content\/uploads\/sites\/42\/2020\/11\/marianne-guedin-scenographie-vegetale-defile-off_white-pp20-vuitton-valerie-henry-2-300x225.jpg 300w, https:\/\/www.valeriehenry.com\/marianne-guedin\/wp-content\/uploads\/sites\/42\/2020\/11\/marianne-guedin-scenographie-vegetale-defile-off_white-pp20-vuitton-valerie-henry-2-600x450.jpg 600w, https:\/\/www.valeriehenry.com\/marianne-guedin\/wp-content\/uploads\/sites\/42\/2020\/11\/marianne-guedin-scenographie-vegetale-defile-off_white-pp20-vuitton-valerie-henry-2-768x576.jpg 768w, https:\/\/www.valeriehenry.com\/marianne-guedin\/wp-content\/uploads\/sites\/42\/2020\/11\/marianne-guedin-scenographie-vegetale-defile-off_white-pp20-vuitton-valerie-henry-2-1024x768.jpg 1024w, https:\/\/www.valeriehenry.com\/marianne-guedin\/wp-content\/uploads\/sites\/42\/2020\/11\/marianne-guedin-scenographie-vegetale-defile-off_white-pp20-vuitton-valerie-henry-2.jpg 1200w\" sizes=\"100vw, (min-width: 640px) 50vw, (min-width: 960px) 37vw, (min-width: 1200px) 25vw, (min-width: 1280px) 277px\" alt = \"Marianne Guedin, sc\u00e9nographie v\u00e9g\u00e9tale, juin 2019, d\u00e9fil\u00e9 homme Off-White SS20, Virgile Abloh. \"><\/figure><\/a><\/div><div class=\"gallery-item uk-margin-bottom uk-width-1-2@s uk-width-1-3@l\"><a href=\"https:\/\/www.valeriehenry.com\/marianne-guedin\/wp-content\/uploads\/sites\/42\/2022\/02\/Off-white-Marianne-Guedin-4.jpg\" rel=\"gallery-1\"><figure class=\"uk-margin-small-bottom uk-cover-container uk-height-small uk-section-muted\"><img decoding=\"async\" uk-cover=\"\" src=\"https:\/\/www.valeriehenry.com\/marianne-guedin\/wp-content\/uploads\/sites\/42\/2022\/02\/Off-white-Marianne-Guedin-4-300x225.jpg\" srcset=\"https:\/\/www.valeriehenry.com\/marianne-guedin\/wp-content\/uploads\/sites\/42\/2022\/02\/Off-white-Marianne-Guedin-4-300x225.jpg 300w, https:\/\/www.valeriehenry.com\/marianne-guedin\/wp-content\/uploads\/sites\/42\/2022\/02\/Off-white-Marianne-Guedin-4-600x450.jpg 600w, https:\/\/www.valeriehenry.com\/marianne-guedin\/wp-content\/uploads\/sites\/42\/2022\/02\/Off-white-Marianne-Guedin-4-768x576.jpg 768w, https:\/\/www.valeriehenry.com\/marianne-guedin\/wp-content\/uploads\/sites\/42\/2022\/02\/Off-white-Marianne-Guedin-4-1024x768.jpg 1024w, https:\/\/www.valeriehenry.com\/marianne-guedin\/wp-content\/uploads\/sites\/42\/2022\/02\/Off-white-Marianne-Guedin-4.jpg 1200w\" sizes=\"100vw, (min-width: 640px) 50vw, (min-width: 960px) 37vw, (min-width: 1200px) 25vw, (min-width: 1280px) 277px\" alt = \"Marianne Guedin, sc\u00e9nographie v\u00e9g\u00e9tale, juin 2019, d\u00e9fil\u00e9 homme Off-White SS20, Virgile Abloh. \"><\/figure><\/a><\/div><div class=\"gallery-item uk-margin-bottom uk-width-1-2@s uk-width-1-3@l\"><a href=\"https:\/\/www.valeriehenry.com\/marianne-guedin\/wp-content\/uploads\/sites\/42\/2020\/11\/marianne-guedin-scenographie-vegetale-defile-off_white-pp20-vuitton-valerie-henry-3.jpg\" rel=\"gallery-1\"><figure class=\"uk-margin-small-bottom uk-cover-container uk-height-small uk-section-muted\"><img decoding=\"async\" uk-cover=\"\" src=\"https:\/\/www.valeriehenry.com\/marianne-guedin\/wp-content\/uploads\/sites\/42\/2020\/11\/marianne-guedin-scenographie-vegetale-defile-off_white-pp20-vuitton-valerie-henry-3-e1606737545857-300x177.jpg\" srcset=\"\" sizes=\"100vw, (min-width: 640px) 50vw, (min-width: 960px) 37vw, (min-width: 1200px) 25vw, (min-width: 1280px) 277px\" alt = \"Marianne Guedin, sc\u00e9nographie v\u00e9g\u00e9tale, juin 2019, d\u00e9fil\u00e9 homme Off-White SS20, Virgile Abloh. \u00a9 photo Off-White\"><\/figure><\/a><\/div><div class=\"gallery-item uk-margin-bottom uk-width-1-2@s uk-width-1-3@l\"><a href=\"https:\/\/www.valeriehenry.com\/marianne-guedin\/wp-content\/uploads\/sites\/42\/2022\/02\/Marianne-guedin-scenographie-vegetale-ralph-and-russo-rose-2.jpg\" rel=\"gallery-1\"><figure class=\"uk-margin-small-bottom uk-cover-container uk-height-small uk-section-muted\"><img decoding=\"async\" uk-cover=\"\" src=\"https:\/\/www.valeriehenry.com\/marianne-guedin\/wp-content\/uploads\/sites\/42\/2022\/02\/Marianne-guedin-scenographie-vegetale-ralph-and-russo-rose-2-e1645020457468-300x190.jpg\" srcset=\"\" sizes=\"100vw, (min-width: 640px) 50vw, (min-width: 960px) 37vw, (min-width: 1200px) 25vw, (min-width: 1280px) 277px\" alt = \"Marianne Guedin, cr\u00e9ation v\u00e9g\u00e9tale pour le showroom de Ralph &#038; Russo, janvier 2018, Paris.\"><\/figure><\/a><\/div><div class=\"gallery-item uk-margin-bottom uk-width-1-2@s uk-width-1-3@l\"><a href=\"https:\/\/www.valeriehenry.com\/marianne-guedin\/wp-content\/uploads\/sites\/42\/2022\/02\/Marianne-guedin-scenographie-vegetale-ralph-and-russo-rose-1.jpg\" rel=\"gallery-1\"><figure class=\"uk-margin-small-bottom uk-cover-container uk-height-small uk-section-muted\"><img decoding=\"async\" uk-cover=\"\" src=\"https:\/\/www.valeriehenry.com\/marianne-guedin\/wp-content\/uploads\/sites\/42\/2022\/02\/Marianne-guedin-scenographie-vegetale-ralph-and-russo-rose-1-e1645020488476-300x207.jpg\" srcset=\"\" sizes=\"100vw, (min-width: 640px) 50vw, (min-width: 960px) 37vw, (min-width: 1200px) 25vw, (min-width: 1280px) 277px\" alt = \"Marianne Guedin, cr\u00e9ation v\u00e9g\u00e9tale pour le showroom de Ralph &#038; Russo, janvier 2018, Paris.\n\n\"><\/figure><\/a><\/div><div class=\"gallery-item uk-margin-bottom uk-width-1-2@s uk-width-1-3@l\"><a href=\"https:\/\/www.valeriehenry.com\/marianne-guedin\/wp-content\/uploads\/sites\/42\/2022\/09\/Marianne-guedin-scenographe-vegetal-diner-cartier-singapour-mazarine-1.jpg\" rel=\"gallery-1\"><figure class=\"uk-margin-small-bottom uk-cover-container uk-height-small uk-section-muted\"><img decoding=\"async\" uk-cover=\"\" src=\"https:\/\/www.valeriehenry.com\/marianne-guedin\/wp-content\/uploads\/sites\/42\/2022\/09\/Marianne-guedin-scenographe-vegetal-diner-cartier-singapour-mazarine-1-300x200.jpg\" srcset=\"https:\/\/www.valeriehenry.com\/marianne-guedin\/wp-content\/uploads\/sites\/42\/2022\/09\/Marianne-guedin-scenographe-vegetal-diner-cartier-singapour-mazarine-1-300x200.jpg 300w, https:\/\/www.valeriehenry.com\/marianne-guedin\/wp-content\/uploads\/sites\/42\/2022\/09\/Marianne-guedin-scenographe-vegetal-diner-cartier-singapour-mazarine-1-600x401.jpg 600w, https:\/\/www.valeriehenry.com\/marianne-guedin\/wp-content\/uploads\/sites\/42\/2022\/09\/Marianne-guedin-scenographe-vegetal-diner-cartier-singapour-mazarine-1-768x513.jpg 768w, https:\/\/www.valeriehenry.com\/marianne-guedin\/wp-content\/uploads\/sites\/42\/2022\/09\/Marianne-guedin-scenographe-vegetal-diner-cartier-singapour-mazarine-1-1024x684.jpg 1024w, https:\/\/www.valeriehenry.com\/marianne-guedin\/wp-content\/uploads\/sites\/42\/2022\/09\/Marianne-guedin-scenographe-vegetal-diner-cartier-singapour-mazarine-1.jpg 1200w\" sizes=\"100vw, (min-width: 640px) 50vw, (min-width: 960px) 37vw, (min-width: 1200px) 25vw, (min-width: 1280px) 277px\" alt = \"Marianne Guedin, cr\u00e9ation v\u00e9g\u00e9tale pour le d\u00eener Cartier, pr\u00e9sentation de la collection de Haute Joaillerie \u00ab\u00a0Beaut\u00e9 du Monde\u00a0\u00bb, organis\u00e9 par Mazarine, juin 2022, Singapour. Beaut\u00e9 du Monde, la nouvelle collection de Haute Joaillerie Cartier c\u00e9l\u00e8bre la diversit\u00e9 du beau. Marianne Guedin cr\u00e9e des chim\u00e8res en succulentes assembl\u00e9es comme des \u00e9cailles, une nature sauvage, une nature animale, un monde culturel\u2026 \"><\/figure><\/a><\/div><div class=\"gallery-item uk-margin-bottom uk-width-1-2@s uk-width-1-3@l\"><a href=\"https:\/\/www.valeriehenry.com\/marianne-guedin\/wp-content\/uploads\/sites\/42\/2022\/09\/Marianne-guedin-scenographe-vegetal-diner-cartier-singapour-mazarine-4.jpg\" rel=\"gallery-1\"><figure class=\"uk-margin-small-bottom uk-cover-container uk-height-small uk-section-muted\"><img decoding=\"async\" uk-cover=\"\" src=\"https:\/\/www.valeriehenry.com\/marianne-guedin\/wp-content\/uploads\/sites\/42\/2022\/09\/Marianne-guedin-scenographe-vegetal-diner-cartier-singapour-mazarine-4-300x200.jpg\" srcset=\"https:\/\/www.valeriehenry.com\/marianne-guedin\/wp-content\/uploads\/sites\/42\/2022\/09\/Marianne-guedin-scenographe-vegetal-diner-cartier-singapour-mazarine-4-300x200.jpg 300w, https:\/\/www.valeriehenry.com\/marianne-guedin\/wp-content\/uploads\/sites\/42\/2022\/09\/Marianne-guedin-scenographe-vegetal-diner-cartier-singapour-mazarine-4-600x401.jpg 600w, https:\/\/www.valeriehenry.com\/marianne-guedin\/wp-content\/uploads\/sites\/42\/2022\/09\/Marianne-guedin-scenographe-vegetal-diner-cartier-singapour-mazarine-4-768x513.jpg 768w, https:\/\/www.valeriehenry.com\/marianne-guedin\/wp-content\/uploads\/sites\/42\/2022\/09\/Marianne-guedin-scenographe-vegetal-diner-cartier-singapour-mazarine-4-1024x684.jpg 1024w, https:\/\/www.valeriehenry.com\/marianne-guedin\/wp-content\/uploads\/sites\/42\/2022\/09\/Marianne-guedin-scenographe-vegetal-diner-cartier-singapour-mazarine-4.jpg 1200w\" sizes=\"100vw, (min-width: 640px) 50vw, (min-width: 960px) 37vw, (min-width: 1200px) 25vw, (min-width: 1280px) 277px\" alt = \"Marianne Guedin, cr\u00e9ation v\u00e9g\u00e9tale pour le d\u00eener Cartier, pr\u00e9sentation de la collection de Haute Joaillerie \u00ab\u00a0Beaut\u00e9 du Monde\u00a0\u00bb, organis\u00e9 par Mazarine, juin 2022, Singapour. Beaut\u00e9 du Monde, la nouvelle collection de Haute Joaillerie Cartier c\u00e9l\u00e8bre la diversit\u00e9 du beau. Marianne Guedin cr\u00e9e des chim\u00e8res en succulentes assembl\u00e9es comme des \u00e9cailles, une nature sauvage, une nature animale, un monde culturel\u2026 \"><\/figure><\/a><\/div><div class=\"gallery-item uk-margin-bottom uk-width-1-2@s uk-width-1-3@l\"><a href=\"https:\/\/www.valeriehenry.com\/marianne-guedin\/wp-content\/uploads\/sites\/42\/2022\/09\/Marianne-guedin-scenographe-vegetal-diner-cartier-singapour-mazarine-5.jpg\" rel=\"gallery-1\"><figure class=\"uk-margin-small-bottom uk-cover-container uk-height-small uk-section-muted\"><img decoding=\"async\" uk-cover=\"\" src=\"https:\/\/www.valeriehenry.com\/marianne-guedin\/wp-content\/uploads\/sites\/42\/2022\/09\/Marianne-guedin-scenographe-vegetal-diner-cartier-singapour-mazarine-5-300x200.jpg\" srcset=\"https:\/\/www.valeriehenry.com\/marianne-guedin\/wp-content\/uploads\/sites\/42\/2022\/09\/Marianne-guedin-scenographe-vegetal-diner-cartier-singapour-mazarine-5-300x200.jpg 300w, https:\/\/www.valeriehenry.com\/marianne-guedin\/wp-content\/uploads\/sites\/42\/2022\/09\/Marianne-guedin-scenographe-vegetal-diner-cartier-singapour-mazarine-5-600x401.jpg 600w, https:\/\/www.valeriehenry.com\/marianne-guedin\/wp-content\/uploads\/sites\/42\/2022\/09\/Marianne-guedin-scenographe-vegetal-diner-cartier-singapour-mazarine-5-768x513.jpg 768w, https:\/\/www.valeriehenry.com\/marianne-guedin\/wp-content\/uploads\/sites\/42\/2022\/09\/Marianne-guedin-scenographe-vegetal-diner-cartier-singapour-mazarine-5-1024x684.jpg 1024w, https:\/\/www.valeriehenry.com\/marianne-guedin\/wp-content\/uploads\/sites\/42\/2022\/09\/Marianne-guedin-scenographe-vegetal-diner-cartier-singapour-mazarine-5.jpg 1200w\" sizes=\"100vw, (min-width: 640px) 50vw, (min-width: 960px) 37vw, (min-width: 1200px) 25vw, (min-width: 1280px) 277px\" alt = \"Marianne Guedin, cr\u00e9ation v\u00e9g\u00e9tale pour le d\u00eener Cartier, pr\u00e9sentation de la collection de Haute Joaillerie \u00ab\u00a0Beaut\u00e9 du Monde\u00a0\u00bb, organis\u00e9 par Mazarine, juin 2022, Singapour. Beaut\u00e9 du Monde, la nouvelle collection de Haute Joaillerie Cartier c\u00e9l\u00e8bre la diversit\u00e9 du beau. Marianne Guedin cr\u00e9e des chim\u00e8res en succulentes assembl\u00e9es comme des \u00e9cailles, une nature sauvage, une nature animale, un monde culturel\u2026 \"><\/figure><\/a><\/div><div class=\"gallery-item uk-margin-bottom uk-width-1-2@s uk-width-1-3@l\"><a href=\"https:\/\/www.valeriehenry.com\/marianne-guedin\/wp-content\/uploads\/sites\/42\/2022\/09\/Marianne-guedin-scenographe-vegetal-diner-cartier-singapour-mazarine-2.jpg\" rel=\"gallery-1\"><figure class=\"uk-margin-small-bottom uk-cover-container uk-height-small uk-section-muted\"><img decoding=\"async\" uk-cover=\"\" src=\"https:\/\/www.valeriehenry.com\/marianne-guedin\/wp-content\/uploads\/sites\/42\/2022\/09\/Marianne-guedin-scenographe-vegetal-diner-cartier-singapour-mazarine-2-300x220.jpg\" srcset=\"https:\/\/www.valeriehenry.com\/marianne-guedin\/wp-content\/uploads\/sites\/42\/2022\/09\/Marianne-guedin-scenographe-vegetal-diner-cartier-singapour-mazarine-2-300x220.jpg 300w, https:\/\/www.valeriehenry.com\/marianne-guedin\/wp-content\/uploads\/sites\/42\/2022\/09\/Marianne-guedin-scenographe-vegetal-diner-cartier-singapour-mazarine-2-600x441.jpg 600w, https:\/\/www.valeriehenry.com\/marianne-guedin\/wp-content\/uploads\/sites\/42\/2022\/09\/Marianne-guedin-scenographe-vegetal-diner-cartier-singapour-mazarine-2-768x564.jpg 768w, https:\/\/www.valeriehenry.com\/marianne-guedin\/wp-content\/uploads\/sites\/42\/2022\/09\/Marianne-guedin-scenographe-vegetal-diner-cartier-singapour-mazarine-2-1024x752.jpg 1024w, https:\/\/www.valeriehenry.com\/marianne-guedin\/wp-content\/uploads\/sites\/42\/2022\/09\/Marianne-guedin-scenographe-vegetal-diner-cartier-singapour-mazarine-2.jpg 1200w\" sizes=\"100vw, (min-width: 640px) 50vw, (min-width: 960px) 37vw, (min-width: 1200px) 25vw, (min-width: 1280px) 277px\" alt = \"Marianne Guedin, cr\u00e9ation v\u00e9g\u00e9tale pour le d\u00eener Cartier, pr\u00e9sentation de la collection de Haute Joaillerie \u00ab\u00a0Beaut\u00e9 du Monde\u00a0\u00bb, organis\u00e9 par Mazarine, juin 2022, Singapour. Marianne Guedin  joue avec des cristaux et leurs reflets, toute une all\u00e9gorie v\u00e9g\u00e9tale pour \u00e9voquer les beaut\u00e9s de la nature, qui ont inspir\u00e9s Cartier pour cette nouvelle collection de haute joaillerie.\"><\/figure><\/a><\/div><div class=\"gallery-item uk-margin-bottom uk-width-1-2@s uk-width-1-3@l\"><a href=\"https:\/\/www.valeriehenry.com\/marianne-guedin\/wp-content\/uploads\/sites\/42\/2022\/09\/Marianne-guedin-scenographe-vegetal-diner-cartier-singapour-mazarine-3.jpg\" rel=\"gallery-1\"><figure class=\"uk-margin-small-bottom uk-cover-container uk-height-small uk-section-muted\"><img decoding=\"async\" uk-cover=\"\" src=\"https:\/\/www.valeriehenry.com\/marianne-guedin\/wp-content\/uploads\/sites\/42\/2022\/09\/Marianne-guedin-scenographe-vegetal-diner-cartier-singapour-mazarine-3-300x228.jpg\" srcset=\"https:\/\/www.valeriehenry.com\/marianne-guedin\/wp-content\/uploads\/sites\/42\/2022\/09\/Marianne-guedin-scenographe-vegetal-diner-cartier-singapour-mazarine-3-300x228.jpg 300w, https:\/\/www.valeriehenry.com\/marianne-guedin\/wp-content\/uploads\/sites\/42\/2022\/09\/Marianne-guedin-scenographe-vegetal-diner-cartier-singapour-mazarine-3-600x456.jpg 600w, https:\/\/www.valeriehenry.com\/marianne-guedin\/wp-content\/uploads\/sites\/42\/2022\/09\/Marianne-guedin-scenographe-vegetal-diner-cartier-singapour-mazarine-3-768x583.jpg 768w, https:\/\/www.valeriehenry.com\/marianne-guedin\/wp-content\/uploads\/sites\/42\/2022\/09\/Marianne-guedin-scenographe-vegetal-diner-cartier-singapour-mazarine-3-1024x778.jpg 1024w, https:\/\/www.valeriehenry.com\/marianne-guedin\/wp-content\/uploads\/sites\/42\/2022\/09\/Marianne-guedin-scenographe-vegetal-diner-cartier-singapour-mazarine-3.jpg 1185w\" sizes=\"100vw, (min-width: 640px) 50vw, (min-width: 960px) 37vw, (min-width: 1200px) 25vw, (min-width: 1280px) 277px\" alt = \"Marianne Guedin, cr\u00e9ation v\u00e9g\u00e9tale pour le d\u00eener Cartier, pr\u00e9sentation de la collection de Haute Joaillerie \u00ab\u00a0Beaut\u00e9 du Monde\u00a0\u00bb, organis\u00e9 par Mazarine, juin 2022, Singapour. Marianne Guedin  joue avec des cristaux et leurs reflets, toute une all\u00e9gorie v\u00e9g\u00e9tale pour \u00e9voquer les beaut\u00e9s de la nature, qui ont inspir\u00e9s Cartier pour cette nouvelle collection de haute joaillerie.\"><\/figure><\/a><\/div><div class=\"gallery-item uk-margin-bottom uk-width-1-2@s uk-width-1-3@l\"><a href=\"https:\/\/www.valeriehenry.com\/marianne-guedin\/wp-content\/uploads\/sites\/42\/2022\/09\/Marianne-guedin-scenographe-vegetal-diner-cartier-singapour-mazarine-6.jpg\" rel=\"gallery-1\"><figure class=\"uk-margin-small-bottom uk-cover-container uk-height-small uk-section-muted\"><img decoding=\"async\" uk-cover=\"\" src=\"https:\/\/www.valeriehenry.com\/marianne-guedin\/wp-content\/uploads\/sites\/42\/2022\/09\/Marianne-guedin-scenographe-vegetal-diner-cartier-singapour-mazarine-6-300x200.jpg\" srcset=\"https:\/\/www.valeriehenry.com\/marianne-guedin\/wp-content\/uploads\/sites\/42\/2022\/09\/Marianne-guedin-scenographe-vegetal-diner-cartier-singapour-mazarine-6-300x200.jpg 300w, https:\/\/www.valeriehenry.com\/marianne-guedin\/wp-content\/uploads\/sites\/42\/2022\/09\/Marianne-guedin-scenographe-vegetal-diner-cartier-singapour-mazarine-6-600x400.jpg 600w, https:\/\/www.valeriehenry.com\/marianne-guedin\/wp-content\/uploads\/sites\/42\/2022\/09\/Marianne-guedin-scenographe-vegetal-diner-cartier-singapour-mazarine-6-768x512.jpg 768w, https:\/\/www.valeriehenry.com\/marianne-guedin\/wp-content\/uploads\/sites\/42\/2022\/09\/Marianne-guedin-scenographe-vegetal-diner-cartier-singapour-mazarine-6-1024x683.jpg 1024w, https:\/\/www.valeriehenry.com\/marianne-guedin\/wp-content\/uploads\/sites\/42\/2022\/09\/Marianne-guedin-scenographe-vegetal-diner-cartier-singapour-mazarine-6.jpg 1200w\" sizes=\"100vw, (min-width: 640px) 50vw, (min-width: 960px) 37vw, (min-width: 1200px) 25vw, (min-width: 1280px) 277px\" alt = \"Marianne Guedin, cr\u00e9ation v\u00e9g\u00e9tale pour le d\u00eener Cartier, pr\u00e9sentation de la collection de Haute Joaillerie \u00ab\u00a0Beaut\u00e9 du Monde\u00a0\u00bb, organis\u00e9 par Mazarine, juin 2022, Singapour. Marianne Guedin  joue avec des cristaux et leurs reflets, toute une all\u00e9gorie v\u00e9g\u00e9tale pour \u00e9voquer les beaut\u00e9s de la nature, qui ont inspir\u00e9s Cartier pour cette nouvelle collection de haute joaillerie.\"><\/figure><\/a><\/div><div class=\"gallery-item uk-margin-bottom uk-width-1-2@s uk-width-1-3@l\"><a href=\"https:\/\/www.valeriehenry.com\/marianne-guedin\/wp-content\/uploads\/sites\/42\/2021\/09\/Marianne-guedin-scenographe-vegetal-douanier-rousseau-1.jpg\" rel=\"gallery-1\"><figure class=\"uk-margin-small-bottom uk-cover-container uk-height-small uk-section-muted\"><img decoding=\"async\" uk-cover=\"\" src=\"https:\/\/www.valeriehenry.com\/marianne-guedin\/wp-content\/uploads\/sites\/42\/2021\/09\/Marianne-guedin-scenographe-vegetal-douanier-rousseau-1-300x264.jpg\" srcset=\"https:\/\/www.valeriehenry.com\/marianne-guedin\/wp-content\/uploads\/sites\/42\/2021\/09\/Marianne-guedin-scenographe-vegetal-douanier-rousseau-1-300x264.jpg 300w, https:\/\/www.valeriehenry.com\/marianne-guedin\/wp-content\/uploads\/sites\/42\/2021\/09\/Marianne-guedin-scenographe-vegetal-douanier-rousseau-1-600x529.jpg 600w, https:\/\/www.valeriehenry.com\/marianne-guedin\/wp-content\/uploads\/sites\/42\/2021\/09\/Marianne-guedin-scenographe-vegetal-douanier-rousseau-1-768x676.jpg 768w, https:\/\/www.valeriehenry.com\/marianne-guedin\/wp-content\/uploads\/sites\/42\/2021\/09\/Marianne-guedin-scenographe-vegetal-douanier-rousseau-1-1024x902.jpg 1024w, https:\/\/www.valeriehenry.com\/marianne-guedin\/wp-content\/uploads\/sites\/42\/2021\/09\/Marianne-guedin-scenographe-vegetal-douanier-rousseau-1.jpg 1200w\" sizes=\"100vw, (min-width: 640px) 50vw, (min-width: 960px) 37vw, (min-width: 1200px) 25vw, (min-width: 1280px) 277px\" alt = \"Marianne Guedin, sc\u00e9nographie v\u00e9g\u00e9tale, \u00ab\u00a0Jungle\u00a0\u00bb, septembre 2021, h\u00f4tel particulier, Paris. En jouant les trompes l&rsquo;\u0153il, les palmes et les fleurs emportent le spectateur dans l&rsquo;univers du Douanier Rousseau. \n\n\"><\/figure><\/a><\/div><div class=\"gallery-item uk-margin-bottom uk-width-1-2@s uk-width-1-3@l\"><a href=\"https:\/\/www.valeriehenry.com\/marianne-guedin\/wp-content\/uploads\/sites\/42\/2021\/09\/Marianne-guedin-scenographe-vegetal-douanier-rousseau-4.jpg\" rel=\"gallery-1\"><figure class=\"uk-margin-small-bottom uk-cover-container uk-height-small uk-section-muted\"><img decoding=\"async\" uk-cover=\"\" src=\"https:\/\/www.valeriehenry.com\/marianne-guedin\/wp-content\/uploads\/sites\/42\/2021\/09\/Marianne-guedin-scenographe-vegetal-douanier-rousseau-4-300x264.jpg\" srcset=\"https:\/\/www.valeriehenry.com\/marianne-guedin\/wp-content\/uploads\/sites\/42\/2021\/09\/Marianne-guedin-scenographe-vegetal-douanier-rousseau-4-300x264.jpg 300w, https:\/\/www.valeriehenry.com\/marianne-guedin\/wp-content\/uploads\/sites\/42\/2021\/09\/Marianne-guedin-scenographe-vegetal-douanier-rousseau-4-600x528.jpg 600w, https:\/\/www.valeriehenry.com\/marianne-guedin\/wp-content\/uploads\/sites\/42\/2021\/09\/Marianne-guedin-scenographe-vegetal-douanier-rousseau-4-768x676.jpg 768w, https:\/\/www.valeriehenry.com\/marianne-guedin\/wp-content\/uploads\/sites\/42\/2021\/09\/Marianne-guedin-scenographe-vegetal-douanier-rousseau-4-1024x901.jpg 1024w, https:\/\/www.valeriehenry.com\/marianne-guedin\/wp-content\/uploads\/sites\/42\/2021\/09\/Marianne-guedin-scenographe-vegetal-douanier-rousseau-4.jpg 1200w\" sizes=\"100vw, (min-width: 640px) 50vw, (min-width: 960px) 37vw, (min-width: 1200px) 25vw, (min-width: 1280px) 277px\" alt = \"Marianne Guedin, sc\u00e9nographie v\u00e9g\u00e9tale, \u00ab\u00a0Jungle\u00a0\u00bb, septembre 2021, h\u00f4tel particulier, Paris. En jouant les trompes l&rsquo;\u0153il, les palmes et les fleurs emportent le spectateur dans l&rsquo;univers du Douanier Rousseau. \"><\/figure><\/a><\/div><div class=\"gallery-item uk-margin-bottom uk-width-1-2@s uk-width-1-3@l\"><a href=\"https:\/\/www.valeriehenry.com\/marianne-guedin\/wp-content\/uploads\/sites\/42\/2021\/09\/Marianne-guedin-scenographe-vegetal-douanier-rousseau-3.jpg\" rel=\"gallery-1\"><figure class=\"uk-margin-small-bottom uk-cover-container uk-height-small uk-section-muted\"><img decoding=\"async\" uk-cover=\"\" src=\"https:\/\/www.valeriehenry.com\/marianne-guedin\/wp-content\/uploads\/sites\/42\/2021\/09\/Marianne-guedin-scenographe-vegetal-douanier-rousseau-3-300x199.jpg\" srcset=\"https:\/\/www.valeriehenry.com\/marianne-guedin\/wp-content\/uploads\/sites\/42\/2021\/09\/Marianne-guedin-scenographe-vegetal-douanier-rousseau-3-300x199.jpg 300w, https:\/\/www.valeriehenry.com\/marianne-guedin\/wp-content\/uploads\/sites\/42\/2021\/09\/Marianne-guedin-scenographe-vegetal-douanier-rousseau-3-600x397.jpg 600w, https:\/\/www.valeriehenry.com\/marianne-guedin\/wp-content\/uploads\/sites\/42\/2021\/09\/Marianne-guedin-scenographe-vegetal-douanier-rousseau-3-768x508.jpg 768w, https:\/\/www.valeriehenry.com\/marianne-guedin\/wp-content\/uploads\/sites\/42\/2021\/09\/Marianne-guedin-scenographe-vegetal-douanier-rousseau-3-1024x678.jpg 1024w, https:\/\/www.valeriehenry.com\/marianne-guedin\/wp-content\/uploads\/sites\/42\/2021\/09\/Marianne-guedin-scenographe-vegetal-douanier-rousseau-3.jpg 1200w\" sizes=\"100vw, (min-width: 640px) 50vw, (min-width: 960px) 37vw, (min-width: 1200px) 25vw, (min-width: 1280px) 277px\" alt = \"Marianne Guedin, sc\u00e9nographie v\u00e9g\u00e9tale, \u00ab\u00a0Jungle\u00a0\u00bb, septembre 2021, h\u00f4tel particulier, Paris. En jouant les trompes l&rsquo;\u0153il, les palmes et les fleurs emportent le spectateur dans l&rsquo;univers du Douanier Rousseau. \"><\/figure><\/a><\/div><div class=\"gallery-item uk-margin-bottom uk-width-1-2@s uk-width-1-3@l\"><a href=\"https:\/\/www.valeriehenry.com\/marianne-guedin\/wp-content\/uploads\/sites\/42\/2022\/09\/Marianne-guedin-scenographe-vegetal-louvres-3.jpg\" rel=\"gallery-1\"><figure class=\"uk-margin-small-bottom uk-cover-container uk-height-small uk-section-muted\"><img decoding=\"async\" uk-cover=\"\" src=\"https:\/\/www.valeriehenry.com\/marianne-guedin\/wp-content\/uploads\/sites\/42\/2022\/09\/Marianne-guedin-scenographe-vegetal-louvres-3-300x225.jpg\" srcset=\"https:\/\/www.valeriehenry.com\/marianne-guedin\/wp-content\/uploads\/sites\/42\/2022\/09\/Marianne-guedin-scenographe-vegetal-louvres-3-300x225.jpg 300w, https:\/\/www.valeriehenry.com\/marianne-guedin\/wp-content\/uploads\/sites\/42\/2022\/09\/Marianne-guedin-scenographe-vegetal-louvres-3-600x450.jpg 600w, https:\/\/www.valeriehenry.com\/marianne-guedin\/wp-content\/uploads\/sites\/42\/2022\/09\/Marianne-guedin-scenographe-vegetal-louvres-3-768x576.jpg 768w, https:\/\/www.valeriehenry.com\/marianne-guedin\/wp-content\/uploads\/sites\/42\/2022\/09\/Marianne-guedin-scenographe-vegetal-louvres-3-1024x768.jpg 1024w, https:\/\/www.valeriehenry.com\/marianne-guedin\/wp-content\/uploads\/sites\/42\/2022\/09\/Marianne-guedin-scenographe-vegetal-louvres-3.jpg 1200w\" sizes=\"100vw, (min-width: 640px) 50vw, (min-width: 960px) 37vw, (min-width: 1200px) 25vw, (min-width: 1280px) 277px\" alt = \"Marianne Guedin, cr\u00e9ation v\u00e9g\u00e9tale pour le d\u00eener David Yurman au Louvre, juillet 2022, Paris. Pour f\u00eater l\u2019ouverture de leur premi\u00e8re boutique \u00e0 Paris, David Yurman c\u00e9l\u00e8bre maison de joaillerie New-yorkaise re\u00e7oit ses amis au Louvre qu\u2019elle soutient dans la restauration des sculpture du jardin.\"><\/figure><\/a><\/div><div class=\"gallery-item uk-margin-bottom uk-width-1-2@s uk-width-1-3@l\"><a href=\"https:\/\/www.valeriehenry.com\/marianne-guedin\/wp-content\/uploads\/sites\/42\/2022\/09\/Marianne-guedin-scenographe-vegetal-louvres-1.jpg\" rel=\"gallery-1\"><figure class=\"uk-margin-small-bottom uk-cover-container uk-height-small uk-section-muted\"><img decoding=\"async\" uk-cover=\"\" src=\"https:\/\/www.valeriehenry.com\/marianne-guedin\/wp-content\/uploads\/sites\/42\/2022\/09\/Marianne-guedin-scenographe-vegetal-louvres-1-300x199.jpg\" srcset=\"https:\/\/www.valeriehenry.com\/marianne-guedin\/wp-content\/uploads\/sites\/42\/2022\/09\/Marianne-guedin-scenographe-vegetal-louvres-1-300x199.jpg 300w, https:\/\/www.valeriehenry.com\/marianne-guedin\/wp-content\/uploads\/sites\/42\/2022\/09\/Marianne-guedin-scenographe-vegetal-louvres-1-600x398.jpg 600w, https:\/\/www.valeriehenry.com\/marianne-guedin\/wp-content\/uploads\/sites\/42\/2022\/09\/Marianne-guedin-scenographe-vegetal-louvres-1-768x509.jpg 768w, https:\/\/www.valeriehenry.com\/marianne-guedin\/wp-content\/uploads\/sites\/42\/2022\/09\/Marianne-guedin-scenographe-vegetal-louvres-1-1024x679.jpg 1024w, https:\/\/www.valeriehenry.com\/marianne-guedin\/wp-content\/uploads\/sites\/42\/2022\/09\/Marianne-guedin-scenographe-vegetal-louvres-1.jpg 1200w\" sizes=\"100vw, (min-width: 640px) 50vw, (min-width: 960px) 37vw, (min-width: 1200px) 25vw, (min-width: 1280px) 277px\" alt = \"Marianne Guedin, cr\u00e9ation v\u00e9g\u00e9tale pour le d\u00eener David Yurman au Louvre, juillet 2022, Paris. Marianne Guedin a imagin\u00e9 une cr\u00e9ation florale inspir\u00e9e de la pure tradition fran\u00e7aise. Les fleurs choisies sont sophistiqu\u00e9es et la mise en sc\u00e8ne tr\u00e8s luxuriante, pour faire \u00e9cho au faste des appartements de Louis XV. Les couleurs bleus blanc rouge\/rose sont un clin d\u2019\u0153il \u00e0 aux drapeaux Fran\u00e7ais et Am\u00e9ricain .\"><\/figure><\/a><\/div><div class=\"gallery-item uk-margin-bottom uk-width-1-2@s uk-width-1-3@l\"><a href=\"https:\/\/www.valeriehenry.com\/marianne-guedin\/wp-content\/uploads\/sites\/42\/2022\/09\/Marianne-guedin-scenographe-vegetal-louvres-2.jpg\" rel=\"gallery-1\"><figure class=\"uk-margin-small-bottom uk-cover-container uk-height-small uk-section-muted\"><img decoding=\"async\" uk-cover=\"\" src=\"https:\/\/www.valeriehenry.com\/marianne-guedin\/wp-content\/uploads\/sites\/42\/2022\/09\/Marianne-guedin-scenographe-vegetal-louvres-2-300x199.jpg\" srcset=\"https:\/\/www.valeriehenry.com\/marianne-guedin\/wp-content\/uploads\/sites\/42\/2022\/09\/Marianne-guedin-scenographe-vegetal-louvres-2-300x199.jpg 300w, https:\/\/www.valeriehenry.com\/marianne-guedin\/wp-content\/uploads\/sites\/42\/2022\/09\/Marianne-guedin-scenographe-vegetal-louvres-2-600x398.jpg 600w, https:\/\/www.valeriehenry.com\/marianne-guedin\/wp-content\/uploads\/sites\/42\/2022\/09\/Marianne-guedin-scenographe-vegetal-louvres-2-768x509.jpg 768w, https:\/\/www.valeriehenry.com\/marianne-guedin\/wp-content\/uploads\/sites\/42\/2022\/09\/Marianne-guedin-scenographe-vegetal-louvres-2-1024x679.jpg 1024w, https:\/\/www.valeriehenry.com\/marianne-guedin\/wp-content\/uploads\/sites\/42\/2022\/09\/Marianne-guedin-scenographe-vegetal-louvres-2.jpg 1200w\" sizes=\"100vw, (min-width: 640px) 50vw, (min-width: 960px) 37vw, (min-width: 1200px) 25vw, (min-width: 1280px) 277px\" alt = \"Marianne Guedin, cr\u00e9ation v\u00e9g\u00e9tale pour le d\u00eener David Yurman au Louvre, juillet 2022, Paris. Marianne Guedin a imagin\u00e9 une cr\u00e9ation florale inspir\u00e9e de la pure tradition fran\u00e7aise. Les fleurs choisies sont sophistiqu\u00e9es et la mise en sc\u00e8ne tr\u00e8s luxuriante, pour faire \u00e9cho au faste des appartements de Louis XV. Les couleurs bleus blanc rouge\/rose sont un clin d\u2019\u0153il \u00e0 aux drapeaux Fran\u00e7ais et Am\u00e9ricain .\"><\/figure><\/a><\/div><div class=\"gallery-item uk-margin-bottom uk-width-1-2@s uk-width-1-3@l\"><a href=\"https:\/\/www.valeriehenry.com\/marianne-guedin\/wp-content\/uploads\/sites\/42\/2022\/02\/Marianne-guedin-scenographie-vegetale-diner-dior-cannes-3.jpg\" rel=\"gallery-1\"><figure class=\"uk-margin-small-bottom uk-cover-container uk-height-small uk-section-muted\"><img decoding=\"async\" uk-cover=\"\" src=\"https:\/\/www.valeriehenry.com\/marianne-guedin\/wp-content\/uploads\/sites\/42\/2022\/02\/Marianne-guedin-scenographie-vegetale-diner-dior-cannes-3-e1645019003493-300x276.jpg\" srcset=\"\" sizes=\"100vw, (min-width: 640px) 50vw, (min-width: 960px) 37vw, (min-width: 1200px) 25vw, (min-width: 1280px) 277px\" alt = \"Marianne Guedin, cr\u00e9ation v\u00e9g\u00e9tale pour le d\u00eener Riviera de Dior, mai 2018, Cannes.\"><\/figure><\/a><\/div><div class=\"gallery-item uk-margin-bottom uk-width-1-2@s uk-width-1-3@l\"><a href=\"https:\/\/www.valeriehenry.com\/marianne-guedin\/wp-content\/uploads\/sites\/42\/2022\/02\/Marianne-guedin-scenographie-vegetale-diner-dior-cannes-2.jpg\" rel=\"gallery-1\"><figure class=\"uk-margin-small-bottom uk-cover-container uk-height-small uk-section-muted\"><img decoding=\"async\" uk-cover=\"\" src=\"https:\/\/www.valeriehenry.com\/marianne-guedin\/wp-content\/uploads\/sites\/42\/2022\/02\/Marianne-guedin-scenographie-vegetale-diner-dior-cannes-2-225x300.jpg\" srcset=\"https:\/\/www.valeriehenry.com\/marianne-guedin\/wp-content\/uploads\/sites\/42\/2022\/02\/Marianne-guedin-scenographie-vegetale-diner-dior-cannes-2-225x300.jpg 225w, https:\/\/www.valeriehenry.com\/marianne-guedin\/wp-content\/uploads\/sites\/42\/2022\/02\/Marianne-guedin-scenographie-vegetale-diner-dior-cannes-2-450x600.jpg 450w, https:\/\/www.valeriehenry.com\/marianne-guedin\/wp-content\/uploads\/sites\/42\/2022\/02\/Marianne-guedin-scenographie-vegetale-diner-dior-cannes-2-768x1024.jpg 768w, https:\/\/www.valeriehenry.com\/marianne-guedin\/wp-content\/uploads\/sites\/42\/2022\/02\/Marianne-guedin-scenographie-vegetale-diner-dior-cannes-2.jpg 900w\" sizes=\"100vw, (min-width: 640px) 50vw, (min-width: 960px) 37vw, (min-width: 1200px) 25vw, (min-width: 1280px) 277px\" alt = \"Marianne Guedin, cr\u00e9ation v\u00e9g\u00e9tale pour le d\u00eener Riviera de Dior, mai 2018, Cannes.\"><\/figure><\/a><\/div><div class=\"gallery-item uk-margin-bottom uk-width-1-2@s uk-width-1-3@l\"><a href=\"https:\/\/www.valeriehenry.com\/marianne-guedin\/wp-content\/uploads\/sites\/42\/2022\/02\/Marianne-guedin-scenographie-vegetale-diner-dior-cannes-1.jpg\" rel=\"gallery-1\"><figure class=\"uk-margin-small-bottom uk-cover-container uk-height-small uk-section-muted\"><img decoding=\"async\" uk-cover=\"\" src=\"https:\/\/www.valeriehenry.com\/marianne-guedin\/wp-content\/uploads\/sites\/42\/2022\/02\/Marianne-guedin-scenographie-vegetale-diner-dior-cannes-1-300x300.jpg\" srcset=\"https:\/\/www.valeriehenry.com\/marianne-guedin\/wp-content\/uploads\/sites\/42\/2022\/02\/Marianne-guedin-scenographie-vegetale-diner-dior-cannes-1-300x300.jpg 300w, https:\/\/www.valeriehenry.com\/marianne-guedin\/wp-content\/uploads\/sites\/42\/2022\/02\/Marianne-guedin-scenographie-vegetale-diner-dior-cannes-1-600x600.jpg 600w, https:\/\/www.valeriehenry.com\/marianne-guedin\/wp-content\/uploads\/sites\/42\/2022\/02\/Marianne-guedin-scenographie-vegetale-diner-dior-cannes-1-768x768.jpg 768w, https:\/\/www.valeriehenry.com\/marianne-guedin\/wp-content\/uploads\/sites\/42\/2022\/02\/Marianne-guedin-scenographie-vegetale-diner-dior-cannes-1.jpg 1024w\" sizes=\"100vw, (min-width: 640px) 50vw, (min-width: 960px) 37vw, (min-width: 1200px) 25vw, (min-width: 1280px) 277px\" alt = \"Marianne Guedin, cr\u00e9ation v\u00e9g\u00e9tale pour le d\u00eener Riviera de Dior, mai 2018, Cannes.\"><\/figure><\/a><\/div><div class=\"gallery-item uk-margin-bottom uk-width-1-2@s uk-width-1-3@l\"><a href=\"https:\/\/www.valeriehenry.com\/marianne-guedin\/wp-content\/uploads\/sites\/42\/2022\/02\/Marianne-guedin-scenographie-vegetale-diner-dior-cannes-6.jpg\" rel=\"gallery-1\"><figure class=\"uk-margin-small-bottom uk-cover-container uk-height-small uk-section-muted\"><img decoding=\"async\" uk-cover=\"\" src=\"https:\/\/www.valeriehenry.com\/marianne-guedin\/wp-content\/uploads\/sites\/42\/2022\/02\/Marianne-guedin-scenographie-vegetale-diner-dior-cannes-6-225x300.jpg\" srcset=\"https:\/\/www.valeriehenry.com\/marianne-guedin\/wp-content\/uploads\/sites\/42\/2022\/02\/Marianne-guedin-scenographie-vegetale-diner-dior-cannes-6-225x300.jpg 225w, https:\/\/www.valeriehenry.com\/marianne-guedin\/wp-content\/uploads\/sites\/42\/2022\/02\/Marianne-guedin-scenographie-vegetale-diner-dior-cannes-6-450x600.jpg 450w, https:\/\/www.valeriehenry.com\/marianne-guedin\/wp-content\/uploads\/sites\/42\/2022\/02\/Marianne-guedin-scenographie-vegetale-diner-dior-cannes-6-768x1024.jpg 768w, https:\/\/www.valeriehenry.com\/marianne-guedin\/wp-content\/uploads\/sites\/42\/2022\/02\/Marianne-guedin-scenographie-vegetale-diner-dior-cannes-6.jpg 825w\" sizes=\"100vw, (min-width: 640px) 50vw, (min-width: 960px) 37vw, (min-width: 1200px) 25vw, (min-width: 1280px) 277px\" alt = \"Marianne Guedin, cr\u00e9ation v\u00e9g\u00e9tale pour le d\u00eener Dior, mai 2019, Cannes.\"><\/figure><\/a><\/div><div class=\"gallery-item uk-margin-bottom uk-width-1-2@s uk-width-1-3@l\"><a href=\"https:\/\/www.valeriehenry.com\/marianne-guedin\/wp-content\/uploads\/sites\/42\/2022\/02\/Marianne-guedin-scenographie-vegetale-diner-dior-cannes-4.jpg\" rel=\"gallery-1\"><figure class=\"uk-margin-small-bottom uk-cover-container uk-height-small uk-section-muted\"><img decoding=\"async\" uk-cover=\"\" src=\"https:\/\/www.valeriehenry.com\/marianne-guedin\/wp-content\/uploads\/sites\/42\/2022\/02\/Marianne-guedin-scenographie-vegetale-diner-dior-cannes-4-300x225.jpg\" srcset=\"https:\/\/www.valeriehenry.com\/marianne-guedin\/wp-content\/uploads\/sites\/42\/2022\/02\/Marianne-guedin-scenographie-vegetale-diner-dior-cannes-4-300x225.jpg 300w, https:\/\/www.valeriehenry.com\/marianne-guedin\/wp-content\/uploads\/sites\/42\/2022\/02\/Marianne-guedin-scenographie-vegetale-diner-dior-cannes-4-600x450.jpg 600w, https:\/\/www.valeriehenry.com\/marianne-guedin\/wp-content\/uploads\/sites\/42\/2022\/02\/Marianne-guedin-scenographie-vegetale-diner-dior-cannes-4-768x576.jpg 768w, https:\/\/www.valeriehenry.com\/marianne-guedin\/wp-content\/uploads\/sites\/42\/2022\/02\/Marianne-guedin-scenographie-vegetale-diner-dior-cannes-4.jpg 1024w\" sizes=\"100vw, (min-width: 640px) 50vw, (min-width: 960px) 37vw, (min-width: 1200px) 25vw, (min-width: 1280px) 277px\" alt = \"Marianne Guedin, cr\u00e9ation v\u00e9g\u00e9tale pour le d\u00eener Dior, mai 2019, Cannes.\"><\/figure><\/a><\/div><div class=\"gallery-item uk-margin-bottom uk-width-1-2@s uk-width-1-3@l\"><a href=\"https:\/\/www.valeriehenry.com\/marianne-guedin\/wp-content\/uploads\/sites\/42\/2022\/02\/Marianne-guedin-scenographie-vegetale-diner-dior-cannes-5.jpg\" rel=\"gallery-1\"><figure class=\"uk-margin-small-bottom uk-cover-container uk-height-small uk-section-muted\"><img decoding=\"async\" uk-cover=\"\" src=\"https:\/\/www.valeriehenry.com\/marianne-guedin\/wp-content\/uploads\/sites\/42\/2022\/02\/Marianne-guedin-scenographie-vegetale-diner-dior-cannes-5-225x300.jpg\" srcset=\"https:\/\/www.valeriehenry.com\/marianne-guedin\/wp-content\/uploads\/sites\/42\/2022\/02\/Marianne-guedin-scenographie-vegetale-diner-dior-cannes-5-225x300.jpg 225w, https:\/\/www.valeriehenry.com\/marianne-guedin\/wp-content\/uploads\/sites\/42\/2022\/02\/Marianne-guedin-scenographie-vegetale-diner-dior-cannes-5-450x600.jpg 450w, https:\/\/www.valeriehenry.com\/marianne-guedin\/wp-content\/uploads\/sites\/42\/2022\/02\/Marianne-guedin-scenographie-vegetale-diner-dior-cannes-5-768x1024.jpg 768w, https:\/\/www.valeriehenry.com\/marianne-guedin\/wp-content\/uploads\/sites\/42\/2022\/02\/Marianne-guedin-scenographie-vegetale-diner-dior-cannes-5.jpg 825w\" sizes=\"100vw, (min-width: 640px) 50vw, (min-width: 960px) 37vw, (min-width: 1200px) 25vw, (min-width: 1280px) 277px\" alt = \"Marianne Guedin, cr\u00e9ation v\u00e9g\u00e9tale pour le d\u00eener Dior, mai 2019, Cannes.\"><\/figure><\/a><\/div><div class=\"gallery-item uk-margin-bottom uk-width-1-2@s uk-width-1-3@l\"><a href=\"https:\/\/www.valeriehenry.com\/marianne-guedin\/wp-content\/uploads\/sites\/42\/2021\/09\/Marianne-guedin-scenographie-vegetale-taiping-1.jpg\" rel=\"gallery-1\"><figure class=\"uk-margin-small-bottom uk-cover-container uk-height-small uk-section-muted\"><img decoding=\"async\" uk-cover=\"\" src=\"https:\/\/www.valeriehenry.com\/marianne-guedin\/wp-content\/uploads\/sites\/42\/2021\/09\/Marianne-guedin-scenographie-vegetale-taiping-1-300x225.jpg\" srcset=\"https:\/\/www.valeriehenry.com\/marianne-guedin\/wp-content\/uploads\/sites\/42\/2021\/09\/Marianne-guedin-scenographie-vegetale-taiping-1-300x225.jpg 300w, https:\/\/www.valeriehenry.com\/marianne-guedin\/wp-content\/uploads\/sites\/42\/2021\/09\/Marianne-guedin-scenographie-vegetale-taiping-1-600x450.jpg 600w, https:\/\/www.valeriehenry.com\/marianne-guedin\/wp-content\/uploads\/sites\/42\/2021\/09\/Marianne-guedin-scenographie-vegetale-taiping-1-768x576.jpg 768w, https:\/\/www.valeriehenry.com\/marianne-guedin\/wp-content\/uploads\/sites\/42\/2021\/09\/Marianne-guedin-scenographie-vegetale-taiping-1-1024x768.jpg 1024w, https:\/\/www.valeriehenry.com\/marianne-guedin\/wp-content\/uploads\/sites\/42\/2021\/09\/Marianne-guedin-scenographie-vegetale-taiping-1.jpg 1200w\" sizes=\"100vw, (min-width: 640px) 50vw, (min-width: 960px) 37vw, (min-width: 1200px) 25vw, (min-width: 1280px) 277px\" alt = \"Marianne Guedin, sc\u00e9nographie v\u00e9g\u00e9tale \u00e0 l&rsquo;occasion du Designer&rsquo;s Day, septembre 2021, installation v\u00e9g\u00e9tale boutique Ta\u00ef Ping, Paris. \"><\/figure><\/a><\/div><div class=\"gallery-item uk-margin-bottom uk-width-1-2@s uk-width-1-3@l\"><a href=\"https:\/\/www.valeriehenry.com\/marianne-guedin\/wp-content\/uploads\/sites\/42\/2021\/09\/Marianne-guedin-scenographie-vegetale-taiping-5.jpg\" rel=\"gallery-1\"><figure class=\"uk-margin-small-bottom uk-cover-container uk-height-small uk-section-muted\"><img decoding=\"async\" uk-cover=\"\" src=\"https:\/\/www.valeriehenry.com\/marianne-guedin\/wp-content\/uploads\/sites\/42\/2021\/09\/Marianne-guedin-scenographie-vegetale-taiping-5-300x199.jpg\" srcset=\"https:\/\/www.valeriehenry.com\/marianne-guedin\/wp-content\/uploads\/sites\/42\/2021\/09\/Marianne-guedin-scenographie-vegetale-taiping-5-300x199.jpg 300w, https:\/\/www.valeriehenry.com\/marianne-guedin\/wp-content\/uploads\/sites\/42\/2021\/09\/Marianne-guedin-scenographie-vegetale-taiping-5-600x398.jpg 600w, https:\/\/www.valeriehenry.com\/marianne-guedin\/wp-content\/uploads\/sites\/42\/2021\/09\/Marianne-guedin-scenographie-vegetale-taiping-5-768x509.jpg 768w, https:\/\/www.valeriehenry.com\/marianne-guedin\/wp-content\/uploads\/sites\/42\/2021\/09\/Marianne-guedin-scenographie-vegetale-taiping-5-1024x679.jpg 1024w, https:\/\/www.valeriehenry.com\/marianne-guedin\/wp-content\/uploads\/sites\/42\/2021\/09\/Marianne-guedin-scenographie-vegetale-taiping-5.jpg 1200w\" sizes=\"100vw, (min-width: 640px) 50vw, (min-width: 960px) 37vw, (min-width: 1200px) 25vw, (min-width: 1280px) 277px\" alt = \"Marianne Guedin, sc\u00e9nographie v\u00e9g\u00e9tale \u00e0 l&rsquo;occasion du Designer&rsquo;s Day, septembre 2021, installation v\u00e9g\u00e9tale boutique Ta\u00ef Ping, Paris. \"><\/figure><\/a><\/div><div class=\"gallery-item uk-margin-bottom uk-width-1-2@s uk-width-1-3@l\"><a href=\"https:\/\/www.valeriehenry.com\/marianne-guedin\/wp-content\/uploads\/sites\/42\/2021\/09\/Marianne-guedin-scenographie-vegetale-taiping-4.jpg\" rel=\"gallery-1\"><figure class=\"uk-margin-small-bottom uk-cover-container uk-height-small uk-section-muted\"><img decoding=\"async\" uk-cover=\"\" src=\"https:\/\/www.valeriehenry.com\/marianne-guedin\/wp-content\/uploads\/sites\/42\/2021\/09\/Marianne-guedin-scenographie-vegetale-taiping-4-300x199.jpg\" srcset=\"https:\/\/www.valeriehenry.com\/marianne-guedin\/wp-content\/uploads\/sites\/42\/2021\/09\/Marianne-guedin-scenographie-vegetale-taiping-4-300x199.jpg 300w, https:\/\/www.valeriehenry.com\/marianne-guedin\/wp-content\/uploads\/sites\/42\/2021\/09\/Marianne-guedin-scenographie-vegetale-taiping-4-600x398.jpg 600w, https:\/\/www.valeriehenry.com\/marianne-guedin\/wp-content\/uploads\/sites\/42\/2021\/09\/Marianne-guedin-scenographie-vegetale-taiping-4-768x509.jpg 768w, https:\/\/www.valeriehenry.com\/marianne-guedin\/wp-content\/uploads\/sites\/42\/2021\/09\/Marianne-guedin-scenographie-vegetale-taiping-4-1024x678.jpg 1024w, https:\/\/www.valeriehenry.com\/marianne-guedin\/wp-content\/uploads\/sites\/42\/2021\/09\/Marianne-guedin-scenographie-vegetale-taiping-4.jpg 1200w\" sizes=\"100vw, (min-width: 640px) 50vw, (min-width: 960px) 37vw, (min-width: 1200px) 25vw, (min-width: 1280px) 277px\" alt = \"Marianne Guedin, sc\u00e9nographie v\u00e9g\u00e9tale \u00e0 l&rsquo;occasion du Designer&rsquo;s Day, septembre 2021, installation v\u00e9g\u00e9tale boutique Ta\u00ef Ping, Paris. \"><\/figure><\/a><\/div><div class=\"gallery-item uk-margin-bottom uk-width-1-2@s uk-width-1-3@l\"><a href=\"https:\/\/www.valeriehenry.com\/marianne-guedin\/wp-content\/uploads\/sites\/42\/2021\/07\/double-Marianne-guedin-scenographie-vegetale-cannes-1.jpg\" rel=\"gallery-1\"><figure class=\"uk-margin-small-bottom uk-cover-container uk-height-small uk-section-muted\"><img decoding=\"async\" uk-cover=\"\" src=\"https:\/\/www.valeriehenry.com\/marianne-guedin\/wp-content\/uploads\/sites\/42\/2021\/07\/double-Marianne-guedin-scenographie-vegetale-cannes-1-300x199.jpg\" srcset=\"https:\/\/www.valeriehenry.com\/marianne-guedin\/wp-content\/uploads\/sites\/42\/2021\/07\/double-Marianne-guedin-scenographie-vegetale-cannes-1-300x199.jpg 300w, https:\/\/www.valeriehenry.com\/marianne-guedin\/wp-content\/uploads\/sites\/42\/2021\/07\/double-Marianne-guedin-scenographie-vegetale-cannes-1-600x397.jpg 600w, https:\/\/www.valeriehenry.com\/marianne-guedin\/wp-content\/uploads\/sites\/42\/2021\/07\/double-Marianne-guedin-scenographie-vegetale-cannes-1-768x508.jpg 768w, https:\/\/www.valeriehenry.com\/marianne-guedin\/wp-content\/uploads\/sites\/42\/2021\/07\/double-Marianne-guedin-scenographie-vegetale-cannes-1-1024x678.jpg 1024w, https:\/\/www.valeriehenry.com\/marianne-guedin\/wp-content\/uploads\/sites\/42\/2021\/07\/double-Marianne-guedin-scenographie-vegetale-cannes-1.jpg 1200w\" sizes=\"100vw, (min-width: 640px) 50vw, (min-width: 960px) 37vw, (min-width: 1200px) 25vw, (min-width: 1280px) 277px\" alt = \"Marianne Guedin, sc\u00e9nographie v\u00e9g\u00e9tale, Festival de Cannes 2021.\"><\/figure><\/a><\/div><div class=\"gallery-item uk-margin-bottom uk-width-1-2@s uk-width-1-3@l\"><a href=\"https:\/\/www.valeriehenry.com\/marianne-guedin\/wp-content\/uploads\/sites\/42\/2021\/07\/double-Marianne-guedin-scenographie-vegetale-cannes-5.jpg\" rel=\"gallery-1\"><figure class=\"uk-margin-small-bottom uk-cover-container uk-height-small uk-section-muted\"><img decoding=\"async\" uk-cover=\"\" src=\"https:\/\/www.valeriehenry.com\/marianne-guedin\/wp-content\/uploads\/sites\/42\/2021\/07\/double-Marianne-guedin-scenographie-vegetale-cannes-5-300x199.jpg\" srcset=\"https:\/\/www.valeriehenry.com\/marianne-guedin\/wp-content\/uploads\/sites\/42\/2021\/07\/double-Marianne-guedin-scenographie-vegetale-cannes-5-300x199.jpg 300w, https:\/\/www.valeriehenry.com\/marianne-guedin\/wp-content\/uploads\/sites\/42\/2021\/07\/double-Marianne-guedin-scenographie-vegetale-cannes-5-600x397.jpg 600w, https:\/\/www.valeriehenry.com\/marianne-guedin\/wp-content\/uploads\/sites\/42\/2021\/07\/double-Marianne-guedin-scenographie-vegetale-cannes-5-768x508.jpg 768w, https:\/\/www.valeriehenry.com\/marianne-guedin\/wp-content\/uploads\/sites\/42\/2021\/07\/double-Marianne-guedin-scenographie-vegetale-cannes-5-1024x678.jpg 1024w, https:\/\/www.valeriehenry.com\/marianne-guedin\/wp-content\/uploads\/sites\/42\/2021\/07\/double-Marianne-guedin-scenographie-vegetale-cannes-5.jpg 1200w\" sizes=\"100vw, (min-width: 640px) 50vw, (min-width: 960px) 37vw, (min-width: 1200px) 25vw, (min-width: 1280px) 277px\" alt = \"Marianne Guedin, sc\u00e9nographie v\u00e9g\u00e9tale, Festival de Cannes 2021.\"><\/figure><\/a><\/div><div class=\"gallery-item uk-margin-bottom uk-width-1-2@s uk-width-1-3@l\"><a href=\"https:\/\/www.valeriehenry.com\/marianne-guedin\/wp-content\/uploads\/sites\/42\/2021\/07\/Marianne-guedin-scenographie-vegetale-cannes-3.jpg\" rel=\"gallery-1\"><figure class=\"uk-margin-small-bottom uk-cover-container uk-height-small uk-section-muted\"><img decoding=\"async\" uk-cover=\"\" src=\"https:\/\/www.valeriehenry.com\/marianne-guedin\/wp-content\/uploads\/sites\/42\/2021\/07\/Marianne-guedin-scenographie-vegetale-cannes-3-e1626789501329-300x191.jpg\" srcset=\"\" sizes=\"100vw, (min-width: 640px) 50vw, (min-width: 960px) 37vw, (min-width: 1200px) 25vw, (min-width: 1280px) 277px\" alt = \"Marianne Guedin, sc\u00e9nographie v\u00e9g\u00e9tale, Festival de Cannes 2021.\"><\/figure><\/a><\/div><div class=\"gallery-item uk-margin-bottom uk-width-1-2@s uk-width-1-3@l\"><a href=\"https:\/\/www.valeriehenry.com\/marianne-guedin\/wp-content\/uploads\/sites\/42\/2020\/11\/marianne-guedin-scenographie-vegetale-mariage-valerie-henry-3.jpg\" rel=\"gallery-1\"><figure class=\"uk-margin-small-bottom uk-cover-container uk-height-small uk-section-muted\"><img decoding=\"async\" uk-cover=\"\" src=\"https:\/\/www.valeriehenry.com\/marianne-guedin\/wp-content\/uploads\/sites\/42\/2020\/11\/marianne-guedin-scenographie-vegetale-mariage-valerie-henry-3-e1606746530154-300x190.jpg\" srcset=\"\" sizes=\"100vw, (min-width: 640px) 50vw, (min-width: 960px) 37vw, (min-width: 1200px) 25vw, (min-width: 1280px) 277px\" alt = \"Marianne Guedin, sc\u00e9nographie v\u00e9g\u00e9tale, mars 2018, installation priv\u00e9e \u00e0 Marrakech, Maroc\"><\/figure><\/a><\/div><div class=\"gallery-item uk-margin-bottom uk-width-1-2@s uk-width-1-3@l\"><a href=\"https:\/\/www.valeriehenry.com\/marianne-guedin\/wp-content\/uploads\/sites\/42\/2020\/11\/marianne-guedin-scenographie-vegetale-mariage-valerie-henry-1.jpg\" rel=\"gallery-1\"><figure class=\"uk-margin-small-bottom uk-cover-container uk-height-small uk-section-muted\"><img decoding=\"async\" uk-cover=\"\" src=\"https:\/\/www.valeriehenry.com\/marianne-guedin\/wp-content\/uploads\/sites\/42\/2020\/11\/marianne-guedin-scenographie-vegetale-mariage-valerie-henry-1-e1606746504570-300x189.jpg\" srcset=\"\" sizes=\"100vw, (min-width: 640px) 50vw, (min-width: 960px) 37vw, (min-width: 1200px) 25vw, (min-width: 1280px) 277px\" alt = \"Marianne Guedin, sc\u00e9nographie v\u00e9g\u00e9tale, mars 2018, installation priv\u00e9e \u00e0 Marrakech, Maroc\"><\/figure><\/a><\/div><div class=\"gallery-item uk-margin-bottom uk-width-1-2@s uk-width-1-3@l\"><a href=\"https:\/\/www.valeriehenry.com\/marianne-guedin\/wp-content\/uploads\/sites\/42\/2020\/11\/marianne-guedin-scenographie-vegetale-mariage-valerie-henry-2.jpg\" rel=\"gallery-1\"><figure class=\"uk-margin-small-bottom uk-cover-container uk-height-small uk-section-muted\"><img decoding=\"async\" uk-cover=\"\" src=\"https:\/\/www.valeriehenry.com\/marianne-guedin\/wp-content\/uploads\/sites\/42\/2020\/11\/marianne-guedin-scenographie-vegetale-mariage-valerie-henry-2-300x200.jpg\" srcset=\"https:\/\/www.valeriehenry.com\/marianne-guedin\/wp-content\/uploads\/sites\/42\/2020\/11\/marianne-guedin-scenographie-vegetale-mariage-valerie-henry-2-300x200.jpg 300w, https:\/\/www.valeriehenry.com\/marianne-guedin\/wp-content\/uploads\/sites\/42\/2020\/11\/marianne-guedin-scenographie-vegetale-mariage-valerie-henry-2-600x400.jpg 600w, https:\/\/www.valeriehenry.com\/marianne-guedin\/wp-content\/uploads\/sites\/42\/2020\/11\/marianne-guedin-scenographie-vegetale-mariage-valerie-henry-2-768x512.jpg 768w, https:\/\/www.valeriehenry.com\/marianne-guedin\/wp-content\/uploads\/sites\/42\/2020\/11\/marianne-guedin-scenographie-vegetale-mariage-valerie-henry-2-1024x683.jpg 1024w, https:\/\/www.valeriehenry.com\/marianne-guedin\/wp-content\/uploads\/sites\/42\/2020\/11\/marianne-guedin-scenographie-vegetale-mariage-valerie-henry-2.jpg 1100w\" sizes=\"100vw, (min-width: 640px) 50vw, (min-width: 960px) 37vw, (min-width: 1200px) 25vw, (min-width: 1280px) 277px\" alt = \"Marianne Guedin, sc\u00e9nographie v\u00e9g\u00e9tale, mars 2018, installation priv\u00e9e \u00e0 Marrakech, Maroc\"><\/figure><\/a><\/div><div class=\"gallery-item uk-margin-bottom uk-width-1-2@s uk-width-1-3@l\"><a href=\"https:\/\/www.valeriehenry.com\/marianne-guedin\/wp-content\/uploads\/sites\/42\/2020\/11\/Marianne-Guedin-scenographie-vegetale-valerie-henry-KM-Beaux-Arts-3.jpeg\" rel=\"gallery-1\"><figure class=\"uk-margin-small-bottom uk-cover-container uk-height-small uk-section-muted\"><img decoding=\"async\" uk-cover=\"\" src=\"https:\/\/www.valeriehenry.com\/marianne-guedin\/wp-content\/uploads\/sites\/42\/2020\/11\/Marianne-Guedin-scenographie-vegetale-valerie-henry-KM-Beaux-Arts-3-e1606736138941-300x188.jpeg\" srcset=\"\" sizes=\"100vw, (min-width: 640px) 50vw, (min-width: 960px) 37vw, (min-width: 1200px) 25vw, (min-width: 1280px) 277px\" alt = \"Marianne Guedin, sc\u00e9nographie v\u00e9g\u00e9tale, septembre 2019, Kamel Mennour &#038; Galerie Kr\u00e9o, Beaux-Arts de Paris \"><\/figure><\/a><\/div><div class=\"gallery-item uk-margin-bottom uk-width-1-2@s uk-width-1-3@l\"><a href=\"https:\/\/www.valeriehenry.com\/marianne-guedin\/wp-content\/uploads\/sites\/42\/2020\/11\/Marianne-Guedin-scenographie-vegetale-valerie-henry-KM-Beaux-Arts-2.jpeg\" rel=\"gallery-1\"><figure class=\"uk-margin-small-bottom uk-cover-container uk-height-small uk-section-muted\"><img decoding=\"async\" uk-cover=\"\" src=\"https:\/\/www.valeriehenry.com\/marianne-guedin\/wp-content\/uploads\/sites\/42\/2020\/11\/Marianne-Guedin-scenographie-vegetale-valerie-henry-KM-Beaux-Arts-2-300x225.jpeg\" srcset=\"https:\/\/www.valeriehenry.com\/marianne-guedin\/wp-content\/uploads\/sites\/42\/2020\/11\/Marianne-Guedin-scenographie-vegetale-valerie-henry-KM-Beaux-Arts-2-300x225.jpeg 300w, https:\/\/www.valeriehenry.com\/marianne-guedin\/wp-content\/uploads\/sites\/42\/2020\/11\/Marianne-Guedin-scenographie-vegetale-valerie-henry-KM-Beaux-Arts-2-600x450.jpeg 600w, https:\/\/www.valeriehenry.com\/marianne-guedin\/wp-content\/uploads\/sites\/42\/2020\/11\/Marianne-Guedin-scenographie-vegetale-valerie-henry-KM-Beaux-Arts-2-768x576.jpeg 768w, https:\/\/www.valeriehenry.com\/marianne-guedin\/wp-content\/uploads\/sites\/42\/2020\/11\/Marianne-Guedin-scenographie-vegetale-valerie-henry-KM-Beaux-Arts-2-1024x768.jpeg 1024w, https:\/\/www.valeriehenry.com\/marianne-guedin\/wp-content\/uploads\/sites\/42\/2020\/11\/Marianne-Guedin-scenographie-vegetale-valerie-henry-KM-Beaux-Arts-2.jpeg 1200w\" sizes=\"100vw, (min-width: 640px) 50vw, (min-width: 960px) 37vw, (min-width: 1200px) 25vw, (min-width: 1280px) 277px\" alt = \"Marianne Guedin, sc\u00e9nographie v\u00e9g\u00e9tale, septembre 2019, Kamel Mennour &#038; Galerie Kr\u00e9o, Beaux-Arts de Paris \"><\/figure><\/a><\/div><div class=\"gallery-item uk-margin-bottom uk-width-1-2@s uk-width-1-3@l\"><a href=\"https:\/\/www.valeriehenry.com\/marianne-guedin\/wp-content\/uploads\/sites\/42\/2020\/11\/Marianne-Guedin-scenographie-vegetale-valerie-henry-KM-Beaux-Arts-1.jpeg\" rel=\"gallery-1\"><figure class=\"uk-margin-small-bottom uk-cover-container uk-height-small uk-section-muted\"><img decoding=\"async\" uk-cover=\"\" src=\"https:\/\/www.valeriehenry.com\/marianne-guedin\/wp-content\/uploads\/sites\/42\/2020\/11\/Marianne-Guedin-scenographie-vegetale-valerie-henry-KM-Beaux-Arts-1-300x225.jpeg\" srcset=\"https:\/\/www.valeriehenry.com\/marianne-guedin\/wp-content\/uploads\/sites\/42\/2020\/11\/Marianne-Guedin-scenographie-vegetale-valerie-henry-KM-Beaux-Arts-1-300x225.jpeg 300w, https:\/\/www.valeriehenry.com\/marianne-guedin\/wp-content\/uploads\/sites\/42\/2020\/11\/Marianne-Guedin-scenographie-vegetale-valerie-henry-KM-Beaux-Arts-1-600x450.jpeg 600w, https:\/\/www.valeriehenry.com\/marianne-guedin\/wp-content\/uploads\/sites\/42\/2020\/11\/Marianne-Guedin-scenographie-vegetale-valerie-henry-KM-Beaux-Arts-1-768x576.jpeg 768w, https:\/\/www.valeriehenry.com\/marianne-guedin\/wp-content\/uploads\/sites\/42\/2020\/11\/Marianne-Guedin-scenographie-vegetale-valerie-henry-KM-Beaux-Arts-1-1024x768.jpeg 1024w, https:\/\/www.valeriehenry.com\/marianne-guedin\/wp-content\/uploads\/sites\/42\/2020\/11\/Marianne-Guedin-scenographie-vegetale-valerie-henry-KM-Beaux-Arts-1.jpeg 1200w\" sizes=\"100vw, (min-width: 640px) 50vw, (min-width: 960px) 37vw, (min-width: 1200px) 25vw, (min-width: 1280px) 277px\" alt = \"Marianne Guedin, sc\u00e9nographie v\u00e9g\u00e9tale, septembre 2019, Kamel Mennour &#038; Galerie Kr\u00e9o, Beaux-Arts de Paris \"><\/figure><\/a><\/div><div class=\"gallery-item uk-margin-bottom uk-width-1-2@s uk-width-1-3@l\"><a href=\"https:\/\/www.valeriehenry.com\/marianne-guedin\/wp-content\/uploads\/sites\/42\/2020\/11\/Marianne-Guedin-scenographie-vegetale-vuitton-valerie-henry-3.jpg\" rel=\"gallery-1\"><figure class=\"uk-margin-small-bottom uk-cover-container uk-height-small uk-section-muted\"><img decoding=\"async\" uk-cover=\"\" src=\"https:\/\/www.valeriehenry.com\/marianne-guedin\/wp-content\/uploads\/sites\/42\/2020\/11\/Marianne-Guedin-scenographie-vegetale-vuitton-valerie-henry-3-300x199.jpg\" srcset=\"https:\/\/www.valeriehenry.com\/marianne-guedin\/wp-content\/uploads\/sites\/42\/2020\/11\/Marianne-Guedin-scenographie-vegetale-vuitton-valerie-henry-3-300x199.jpg 300w, https:\/\/www.valeriehenry.com\/marianne-guedin\/wp-content\/uploads\/sites\/42\/2020\/11\/Marianne-Guedin-scenographie-vegetale-vuitton-valerie-henry-3-600x398.jpg 600w, https:\/\/www.valeriehenry.com\/marianne-guedin\/wp-content\/uploads\/sites\/42\/2020\/11\/Marianne-Guedin-scenographie-vegetale-vuitton-valerie-henry-3-768x509.jpg 768w, https:\/\/www.valeriehenry.com\/marianne-guedin\/wp-content\/uploads\/sites\/42\/2020\/11\/Marianne-Guedin-scenographie-vegetale-vuitton-valerie-henry-3-1024x679.jpg 1024w, https:\/\/www.valeriehenry.com\/marianne-guedin\/wp-content\/uploads\/sites\/42\/2020\/11\/Marianne-Guedin-scenographie-vegetale-vuitton-valerie-henry-3.jpg 1200w\" sizes=\"100vw, (min-width: 640px) 50vw, (min-width: 960px) 37vw, (min-width: 1200px) 25vw, (min-width: 1280px) 277px\" alt = \"Marianne Guedin, sc\u00e9nographie v\u00e9g\u00e9tale, janvier 2020, Vuitton Haute Joaillerie, Vend\u00f4me, Paris\"><\/figure><\/a><\/div><div class=\"gallery-item uk-margin-bottom uk-width-1-2@s uk-width-1-3@l\"><a href=\"https:\/\/www.valeriehenry.com\/marianne-guedin\/wp-content\/uploads\/sites\/42\/2020\/11\/Marianne-Guedin-scenographie-vegetale-vuitton-valerie-henry-2.jpg\" rel=\"gallery-1\"><figure class=\"uk-margin-small-bottom uk-cover-container uk-height-small uk-section-muted\"><img decoding=\"async\" uk-cover=\"\" src=\"https:\/\/www.valeriehenry.com\/marianne-guedin\/wp-content\/uploads\/sites\/42\/2020\/11\/Marianne-Guedin-scenographie-vegetale-vuitton-valerie-henry-2-300x225.jpg\" srcset=\"https:\/\/www.valeriehenry.com\/marianne-guedin\/wp-content\/uploads\/sites\/42\/2020\/11\/Marianne-Guedin-scenographie-vegetale-vuitton-valerie-henry-2-300x225.jpg 300w, https:\/\/www.valeriehenry.com\/marianne-guedin\/wp-content\/uploads\/sites\/42\/2020\/11\/Marianne-Guedin-scenographie-vegetale-vuitton-valerie-henry-2-600x450.jpg 600w, https:\/\/www.valeriehenry.com\/marianne-guedin\/wp-content\/uploads\/sites\/42\/2020\/11\/Marianne-Guedin-scenographie-vegetale-vuitton-valerie-henry-2-768x576.jpg 768w, https:\/\/www.valeriehenry.com\/marianne-guedin\/wp-content\/uploads\/sites\/42\/2020\/11\/Marianne-Guedin-scenographie-vegetale-vuitton-valerie-henry-2-1024x768.jpg 1024w, https:\/\/www.valeriehenry.com\/marianne-guedin\/wp-content\/uploads\/sites\/42\/2020\/11\/Marianne-Guedin-scenographie-vegetale-vuitton-valerie-henry-2.jpg 1200w\" sizes=\"100vw, (min-width: 640px) 50vw, (min-width: 960px) 37vw, (min-width: 1200px) 25vw, (min-width: 1280px) 277px\" alt = \"Marianne Guedin, sc\u00e9nographie v\u00e9g\u00e9tale, janvier 2020, Vuitton Haute Joaillerie, Vend\u00f4me, Paris\"><\/figure><\/a><\/div><div class=\"gallery-item uk-margin-bottom uk-width-1-2@s uk-width-1-3@l\"><a href=\"https:\/\/www.valeriehenry.com\/marianne-guedin\/wp-content\/uploads\/sites\/42\/2020\/11\/Marianne-Guedin-scenographie-vegetale-vuitton-valerie-henry-1.jpg\" rel=\"gallery-1\"><figure class=\"uk-margin-small-bottom uk-cover-container uk-height-small uk-section-muted\"><img decoding=\"async\" uk-cover=\"\" src=\"https:\/\/www.valeriehenry.com\/marianne-guedin\/wp-content\/uploads\/sites\/42\/2020\/11\/Marianne-Guedin-scenographie-vegetale-vuitton-valerie-henry-1-300x200.jpg\" srcset=\"https:\/\/www.valeriehenry.com\/marianne-guedin\/wp-content\/uploads\/sites\/42\/2020\/11\/Marianne-Guedin-scenographie-vegetale-vuitton-valerie-henry-1-300x200.jpg 300w, https:\/\/www.valeriehenry.com\/marianne-guedin\/wp-content\/uploads\/sites\/42\/2020\/11\/Marianne-Guedin-scenographie-vegetale-vuitton-valerie-henry-1-600x400.jpg 600w, https:\/\/www.valeriehenry.com\/marianne-guedin\/wp-content\/uploads\/sites\/42\/2020\/11\/Marianne-Guedin-scenographie-vegetale-vuitton-valerie-henry-1-768x511.jpg 768w, https:\/\/www.valeriehenry.com\/marianne-guedin\/wp-content\/uploads\/sites\/42\/2020\/11\/Marianne-Guedin-scenographie-vegetale-vuitton-valerie-henry-1-1024x682.jpg 1024w, https:\/\/www.valeriehenry.com\/marianne-guedin\/wp-content\/uploads\/sites\/42\/2020\/11\/Marianne-Guedin-scenographie-vegetale-vuitton-valerie-henry-1.jpg 1200w\" sizes=\"100vw, (min-width: 640px) 50vw, (min-width: 960px) 37vw, (min-width: 1200px) 25vw, (min-width: 1280px) 277px\" alt = \"Marianne Guedin, sc\u00e9nographie v\u00e9g\u00e9tale, janvier 2020, Vuitton Haute Joaillerie, Vend\u00f4me, Paris\"><\/figure><\/a><\/div><div class=\"gallery-item uk-margin-bottom uk-width-1-2@s uk-width-1-3@l\"><a href=\"https:\/\/www.valeriehenry.com\/marianne-guedin\/wp-content\/uploads\/sites\/42\/2022\/02\/Marianne-guedin-scenographie-vegetale-diner-vuitton-1.jpg\" rel=\"gallery-1\"><figure class=\"uk-margin-small-bottom uk-cover-container uk-height-small uk-section-muted\"><img decoding=\"async\" uk-cover=\"\" src=\"https:\/\/www.valeriehenry.com\/marianne-guedin\/wp-content\/uploads\/sites\/42\/2022\/02\/Marianne-guedin-scenographie-vegetale-diner-vuitton-1-300x300.jpg\" srcset=\"https:\/\/www.valeriehenry.com\/marianne-guedin\/wp-content\/uploads\/sites\/42\/2022\/02\/Marianne-guedin-scenographie-vegetale-diner-vuitton-1-300x300.jpg 300w, https:\/\/www.valeriehenry.com\/marianne-guedin\/wp-content\/uploads\/sites\/42\/2022\/02\/Marianne-guedin-scenographie-vegetale-diner-vuitton-1-600x600.jpg 600w, https:\/\/www.valeriehenry.com\/marianne-guedin\/wp-content\/uploads\/sites\/42\/2022\/02\/Marianne-guedin-scenographie-vegetale-diner-vuitton-1-768x768.jpg 768w, https:\/\/www.valeriehenry.com\/marianne-guedin\/wp-content\/uploads\/sites\/42\/2022\/02\/Marianne-guedin-scenographie-vegetale-diner-vuitton-1-1024x1024.jpg 1024w, https:\/\/www.valeriehenry.com\/marianne-guedin\/wp-content\/uploads\/sites\/42\/2022\/02\/Marianne-guedin-scenographie-vegetale-diner-vuitton-1.jpg 1200w\" sizes=\"100vw, (min-width: 640px) 50vw, (min-width: 960px) 37vw, (min-width: 1200px) 25vw, (min-width: 1280px) 277px\" alt = \"Marianne Guedin, cr\u00e9ation v\u00e9g\u00e9tale pour le d\u00eener Vuitton joaillerie, juin 2019, Prague.\"><\/figure><\/a><\/div><div class=\"gallery-item uk-margin-bottom uk-width-1-2@s uk-width-1-3@l\"><a href=\"https:\/\/www.valeriehenry.com\/marianne-guedin\/wp-content\/uploads\/sites\/42\/2022\/02\/Marianne-guedin-scenographie-vegetale-diner-vuitton-3.jpg\" rel=\"gallery-1\"><figure class=\"uk-margin-small-bottom uk-cover-container uk-height-small uk-section-muted\"><img decoding=\"async\" uk-cover=\"\" src=\"https:\/\/www.valeriehenry.com\/marianne-guedin\/wp-content\/uploads\/sites\/42\/2022\/02\/Marianne-guedin-scenographie-vegetale-diner-vuitton-3-300x198.jpg\" srcset=\"https:\/\/www.valeriehenry.com\/marianne-guedin\/wp-content\/uploads\/sites\/42\/2022\/02\/Marianne-guedin-scenographie-vegetale-diner-vuitton-3-300x198.jpg 300w, https:\/\/www.valeriehenry.com\/marianne-guedin\/wp-content\/uploads\/sites\/42\/2022\/02\/Marianne-guedin-scenographie-vegetale-diner-vuitton-3-600x396.jpg 600w, https:\/\/www.valeriehenry.com\/marianne-guedin\/wp-content\/uploads\/sites\/42\/2022\/02\/Marianne-guedin-scenographie-vegetale-diner-vuitton-3-768x506.jpg 768w, https:\/\/www.valeriehenry.com\/marianne-guedin\/wp-content\/uploads\/sites\/42\/2022\/02\/Marianne-guedin-scenographie-vegetale-diner-vuitton-3-1024x675.jpg 1024w, https:\/\/www.valeriehenry.com\/marianne-guedin\/wp-content\/uploads\/sites\/42\/2022\/02\/Marianne-guedin-scenographie-vegetale-diner-vuitton-3.jpg 1200w\" sizes=\"100vw, (min-width: 640px) 50vw, (min-width: 960px) 37vw, (min-width: 1200px) 25vw, (min-width: 1280px) 277px\" alt = \"Marianne Guedin, cr\u00e9ation v\u00e9g\u00e9tale pour le d\u00eener Vuitton joaillerie, juin 2019, Prague.\"><\/figure><\/a><\/div><div class=\"gallery-item uk-margin-bottom uk-width-1-2@s uk-width-1-3@l\"><a href=\"https:\/\/www.valeriehenry.com\/marianne-guedin\/wp-content\/uploads\/sites\/42\/2022\/02\/Marianne-guedin-scenographie-vegetale-diner-vuitton-2.jpg\" rel=\"gallery-1\"><figure class=\"uk-margin-small-bottom uk-cover-container uk-height-small uk-section-muted\"><img decoding=\"async\" uk-cover=\"\" src=\"https:\/\/www.valeriehenry.com\/marianne-guedin\/wp-content\/uploads\/sites\/42\/2022\/02\/Marianne-guedin-scenographie-vegetale-diner-vuitton-2-300x225.jpg\" srcset=\"https:\/\/www.valeriehenry.com\/marianne-guedin\/wp-content\/uploads\/sites\/42\/2022\/02\/Marianne-guedin-scenographie-vegetale-diner-vuitton-2-300x225.jpg 300w, https:\/\/www.valeriehenry.com\/marianne-guedin\/wp-content\/uploads\/sites\/42\/2022\/02\/Marianne-guedin-scenographie-vegetale-diner-vuitton-2-600x450.jpg 600w, https:\/\/www.valeriehenry.com\/marianne-guedin\/wp-content\/uploads\/sites\/42\/2022\/02\/Marianne-guedin-scenographie-vegetale-diner-vuitton-2-768x576.jpg 768w, https:\/\/www.valeriehenry.com\/marianne-guedin\/wp-content\/uploads\/sites\/42\/2022\/02\/Marianne-guedin-scenographie-vegetale-diner-vuitton-2-1024x768.jpg 1024w, https:\/\/www.valeriehenry.com\/marianne-guedin\/wp-content\/uploads\/sites\/42\/2022\/02\/Marianne-guedin-scenographie-vegetale-diner-vuitton-2.jpg 1200w\" sizes=\"100vw, (min-width: 640px) 50vw, (min-width: 960px) 37vw, (min-width: 1200px) 25vw, (min-width: 1280px) 277px\" alt = \"Marianne Guedin, cr\u00e9ation v\u00e9g\u00e9tale pour le d\u00eener Vuitton joaillerie, juin 2019, Prague.\"><\/figure><\/a><\/div><div class=\"gallery-item uk-margin-bottom uk-width-1-2@s uk-width-1-3@l\"><a href=\"https:\/\/www.valeriehenry.com\/marianne-guedin\/wp-content\/uploads\/sites\/42\/2020\/12\/marianne-guedin-scenographie-vegetale-off-white-fleurs-valerie-henry-1.jpeg\" rel=\"gallery-1\"><figure class=\"uk-margin-small-bottom uk-cover-container uk-height-small uk-section-muted\"><img decoding=\"async\" uk-cover=\"\" src=\"https:\/\/www.valeriehenry.com\/marianne-guedin\/wp-content\/uploads\/sites\/42\/2020\/12\/marianne-guedin-scenographie-vegetale-off-white-fleurs-valerie-henry-1-300x225.jpeg\" srcset=\"https:\/\/www.valeriehenry.com\/marianne-guedin\/wp-content\/uploads\/sites\/42\/2020\/12\/marianne-guedin-scenographie-vegetale-off-white-fleurs-valerie-henry-1-300x225.jpeg 300w, https:\/\/www.valeriehenry.com\/marianne-guedin\/wp-content\/uploads\/sites\/42\/2020\/12\/marianne-guedin-scenographie-vegetale-off-white-fleurs-valerie-henry-1-600x450.jpeg 600w, https:\/\/www.valeriehenry.com\/marianne-guedin\/wp-content\/uploads\/sites\/42\/2020\/12\/marianne-guedin-scenographie-vegetale-off-white-fleurs-valerie-henry-1-768x576.jpeg 768w, https:\/\/www.valeriehenry.com\/marianne-guedin\/wp-content\/uploads\/sites\/42\/2020\/12\/marianne-guedin-scenographie-vegetale-off-white-fleurs-valerie-henry-1-1024x768.jpeg 1024w, https:\/\/www.valeriehenry.com\/marianne-guedin\/wp-content\/uploads\/sites\/42\/2020\/12\/marianne-guedin-scenographie-vegetale-off-white-fleurs-valerie-henry-1.jpeg 1200w\" sizes=\"100vw, (min-width: 640px) 50vw, (min-width: 960px) 37vw, (min-width: 1200px) 25vw, (min-width: 1280px) 277px\" alt = \"Marianne Guedin, sc\u00e9nographie v\u00e9g\u00e9tale, f\u00e9vrier 2020, photoshoot Off-White, Paris. \u00a9 photo Off-White\"><\/figure><\/a><\/div><div class=\"gallery-item uk-margin-bottom uk-width-1-2@s uk-width-1-3@l\"><a href=\"https:\/\/www.valeriehenry.com\/marianne-guedin\/wp-content\/uploads\/sites\/42\/2020\/12\/marianne-guedin-scenographie-vegetale-off-white-fleurs-valerie-henry-2.jpeg\" rel=\"gallery-1\"><figure class=\"uk-margin-small-bottom uk-cover-container uk-height-small uk-section-muted\"><img decoding=\"async\" uk-cover=\"\" src=\"https:\/\/www.valeriehenry.com\/marianne-guedin\/wp-content\/uploads\/sites\/42\/2020\/12\/marianne-guedin-scenographie-vegetale-off-white-fleurs-valerie-henry-2-e1606819068181-300x240.jpeg\" srcset=\"\" sizes=\"100vw, (min-width: 640px) 50vw, (min-width: 960px) 37vw, (min-width: 1200px) 25vw, (min-width: 1280px) 277px\" alt = \"Marianne Guedin, sc\u00e9nographie v\u00e9g\u00e9tale, f\u00e9vrier 2020, photoshoot Off-White, Paris. \u00a9 photo Off-White\"><\/figure><\/a><\/div><div class=\"gallery-item uk-margin-bottom uk-width-1-2@s uk-width-1-3@l\"><a href=\"https:\/\/www.valeriehenry.com\/marianne-guedin\/wp-content\/uploads\/sites\/42\/2020\/12\/marianne-guedin-scenographie-vegetale-off-white-fleurs-valerie-henry-3.jpeg\" rel=\"gallery-1\"><figure class=\"uk-margin-small-bottom uk-cover-container uk-height-small uk-section-muted\"><img decoding=\"async\" uk-cover=\"\" src=\"https:\/\/www.valeriehenry.com\/marianne-guedin\/wp-content\/uploads\/sites\/42\/2020\/12\/marianne-guedin-scenographie-vegetale-off-white-fleurs-valerie-henry-3-e1606819009526-300x240.jpeg\" srcset=\"\" sizes=\"100vw, (min-width: 640px) 50vw, (min-width: 960px) 37vw, (min-width: 1200px) 25vw, (min-width: 1280px) 277px\" alt = \"Marianne Guedin, sc\u00e9nographie v\u00e9g\u00e9tale, f\u00e9vrier 2020, photoshoot Off-White, Paris. \u00a9 photo Off-White\"><\/figure><\/a><\/div><div class=\"gallery-item uk-margin-bottom uk-width-1-2@s uk-width-1-3@l\"><a href=\"https:\/\/www.valeriehenry.com\/marianne-guedin\/wp-content\/uploads\/sites\/42\/2020\/11\/Marianne-Guedin-scenographie-vegetal-valerie-henry-Galia-Lahav-3-1.jpg\" rel=\"gallery-1\"><figure class=\"uk-margin-small-bottom uk-cover-container uk-height-small uk-section-muted\"><img decoding=\"async\" uk-cover=\"\" src=\"https:\/\/www.valeriehenry.com\/marianne-guedin\/wp-content\/uploads\/sites\/42\/2020\/11\/Marianne-Guedin-scenographie-vegetal-valerie-henry-Galia-Lahav-3-1-300x225.jpg\" srcset=\"https:\/\/www.valeriehenry.com\/marianne-guedin\/wp-content\/uploads\/sites\/42\/2020\/11\/Marianne-Guedin-scenographie-vegetal-valerie-henry-Galia-Lahav-3-1-300x225.jpg 300w, https:\/\/www.valeriehenry.com\/marianne-guedin\/wp-content\/uploads\/sites\/42\/2020\/11\/Marianne-Guedin-scenographie-vegetal-valerie-henry-Galia-Lahav-3-1-600x450.jpg 600w, https:\/\/www.valeriehenry.com\/marianne-guedin\/wp-content\/uploads\/sites\/42\/2020\/11\/Marianne-Guedin-scenographie-vegetal-valerie-henry-Galia-Lahav-3-1-768x576.jpg 768w, https:\/\/www.valeriehenry.com\/marianne-guedin\/wp-content\/uploads\/sites\/42\/2020\/11\/Marianne-Guedin-scenographie-vegetal-valerie-henry-Galia-Lahav-3-1-1024x768.jpg 1024w, https:\/\/www.valeriehenry.com\/marianne-guedin\/wp-content\/uploads\/sites\/42\/2020\/11\/Marianne-Guedin-scenographie-vegetal-valerie-henry-Galia-Lahav-3-1.jpg 1200w\" sizes=\"100vw, (min-width: 640px) 50vw, (min-width: 960px) 37vw, (min-width: 1200px) 25vw, (min-width: 1280px) 277px\" alt = \"Marianne Guedin, sc\u00e9nographie v\u00e9g\u00e9tale, juillet 2017, Galia Lahav, Lyc\u00e9e Henri IV, Paris \"><\/figure><\/a><\/div><div class=\"gallery-item uk-margin-bottom uk-width-1-2@s uk-width-1-3@l\"><a href=\"https:\/\/www.valeriehenry.com\/marianne-guedin\/wp-content\/uploads\/sites\/42\/2020\/11\/Marianne-Guedin-scenographie-vegetal-valerie-henry-Galia-Lahav-1.jpg\" rel=\"gallery-1\"><figure class=\"uk-margin-small-bottom uk-cover-container uk-height-small uk-section-muted\"><img decoding=\"async\" uk-cover=\"\" src=\"https:\/\/www.valeriehenry.com\/marianne-guedin\/wp-content\/uploads\/sites\/42\/2020\/11\/Marianne-Guedin-scenographie-vegetal-valerie-henry-Galia-Lahav-1-300x225.jpg\" srcset=\"https:\/\/www.valeriehenry.com\/marianne-guedin\/wp-content\/uploads\/sites\/42\/2020\/11\/Marianne-Guedin-scenographie-vegetal-valerie-henry-Galia-Lahav-1-300x225.jpg 300w, https:\/\/www.valeriehenry.com\/marianne-guedin\/wp-content\/uploads\/sites\/42\/2020\/11\/Marianne-Guedin-scenographie-vegetal-valerie-henry-Galia-Lahav-1-600x450.jpg 600w, https:\/\/www.valeriehenry.com\/marianne-guedin\/wp-content\/uploads\/sites\/42\/2020\/11\/Marianne-Guedin-scenographie-vegetal-valerie-henry-Galia-Lahav-1-768x576.jpg 768w, https:\/\/www.valeriehenry.com\/marianne-guedin\/wp-content\/uploads\/sites\/42\/2020\/11\/Marianne-Guedin-scenographie-vegetal-valerie-henry-Galia-Lahav-1-1024x768.jpg 1024w, https:\/\/www.valeriehenry.com\/marianne-guedin\/wp-content\/uploads\/sites\/42\/2020\/11\/Marianne-Guedin-scenographie-vegetal-valerie-henry-Galia-Lahav-1.jpg 1200w\" sizes=\"100vw, (min-width: 640px) 50vw, (min-width: 960px) 37vw, (min-width: 1200px) 25vw, (min-width: 1280px) 277px\" alt = \"Marianne Guedin, sc\u00e9nographie v\u00e9g\u00e9tale, juillet 2017, Galia Lahav, Lyc\u00e9e Henri IV, Paris \"><\/figure><\/a><\/div><div class=\"gallery-item uk-margin-bottom uk-width-1-2@s uk-width-1-3@l\"><a href=\"https:\/\/www.valeriehenry.com\/marianne-guedin\/wp-content\/uploads\/sites\/42\/2020\/11\/Marianne-Guedin-scenographie-vegetal-valerie-henry-Galia-Lahav-2.jpg\" rel=\"gallery-1\"><figure class=\"uk-margin-small-bottom uk-cover-container uk-height-small uk-section-muted\"><img decoding=\"async\" uk-cover=\"\" src=\"https:\/\/www.valeriehenry.com\/marianne-guedin\/wp-content\/uploads\/sites\/42\/2020\/11\/Marianne-Guedin-scenographie-vegetal-valerie-henry-Galia-Lahav-2-e1606735061673-300x183.jpg\" srcset=\"\" sizes=\"100vw, (min-width: 640px) 50vw, (min-width: 960px) 37vw, (min-width: 1200px) 25vw, (min-width: 1280px) 277px\" alt = \"Marianne Guedin, sc\u00e9nographie v\u00e9g\u00e9tale, juillet 2017, Galia Lahav, Lyc\u00e9e Henri IV, Paris \"><\/figure><\/a><\/div><div class=\"gallery-item uk-margin-bottom uk-width-1-2@s uk-width-1-3@l\"><a href=\"https:\/\/www.valeriehenry.com\/marianne-guedin\/wp-content\/uploads\/sites\/42\/2022\/09\/Marianne-Guedin-scenographe-vegetal-brancusi-nuage-de-beers-1.jpg\" rel=\"gallery-1\"><figure class=\"uk-margin-small-bottom uk-cover-container uk-height-small uk-section-muted\"><img decoding=\"async\" uk-cover=\"\" src=\"https:\/\/www.valeriehenry.com\/marianne-guedin\/wp-content\/uploads\/sites\/42\/2022\/09\/Marianne-Guedin-scenographe-vegetal-brancusi-nuage-de-beers-1-300x199.jpg\" srcset=\"https:\/\/www.valeriehenry.com\/marianne-guedin\/wp-content\/uploads\/sites\/42\/2022\/09\/Marianne-Guedin-scenographe-vegetal-brancusi-nuage-de-beers-1-300x199.jpg 300w, https:\/\/www.valeriehenry.com\/marianne-guedin\/wp-content\/uploads\/sites\/42\/2022\/09\/Marianne-Guedin-scenographe-vegetal-brancusi-nuage-de-beers-1-600x398.jpg 600w, https:\/\/www.valeriehenry.com\/marianne-guedin\/wp-content\/uploads\/sites\/42\/2022\/09\/Marianne-Guedin-scenographe-vegetal-brancusi-nuage-de-beers-1-768x509.jpg 768w, https:\/\/www.valeriehenry.com\/marianne-guedin\/wp-content\/uploads\/sites\/42\/2022\/09\/Marianne-Guedin-scenographe-vegetal-brancusi-nuage-de-beers-1-1024x679.jpg 1024w, https:\/\/www.valeriehenry.com\/marianne-guedin\/wp-content\/uploads\/sites\/42\/2022\/09\/Marianne-Guedin-scenographe-vegetal-brancusi-nuage-de-beers-1.jpg 1200w\" sizes=\"100vw, (min-width: 640px) 50vw, (min-width: 960px) 37vw, (min-width: 1200px) 25vw, (min-width: 1280px) 277px\" alt = \"Marianne Guedin, installation v\u00e9g\u00e9tale pour De Beers, juillet 2022, Atelier Brancusi, Paris. Les  hortensias blancs s\u2019articulent tout au long de la table \u00e0 l\u2019atelier Brancusi, tel un nuage en apesanteur. Quand la nuit arrive, les fleurs s\u2019illuminent.\"><\/figure><\/a><\/div><div class=\"gallery-item uk-margin-bottom uk-width-1-2@s uk-width-1-3@l\"><a href=\"https:\/\/www.valeriehenry.com\/marianne-guedin\/wp-content\/uploads\/sites\/42\/2022\/09\/Marianne-Guedin-scenographe-vegetal-brancusi-nuage-de-beers-2.jpg\" rel=\"gallery-1\"><figure class=\"uk-margin-small-bottom uk-cover-container uk-height-small uk-section-muted\"><img decoding=\"async\" uk-cover=\"\" src=\"https:\/\/www.valeriehenry.com\/marianne-guedin\/wp-content\/uploads\/sites\/42\/2022\/09\/Marianne-Guedin-scenographe-vegetal-brancusi-nuage-de-beers-2-300x199.jpg\" srcset=\"https:\/\/www.valeriehenry.com\/marianne-guedin\/wp-content\/uploads\/sites\/42\/2022\/09\/Marianne-Guedin-scenographe-vegetal-brancusi-nuage-de-beers-2-300x199.jpg 300w, https:\/\/www.valeriehenry.com\/marianne-guedin\/wp-content\/uploads\/sites\/42\/2022\/09\/Marianne-Guedin-scenographe-vegetal-brancusi-nuage-de-beers-2-600x398.jpg 600w, https:\/\/www.valeriehenry.com\/marianne-guedin\/wp-content\/uploads\/sites\/42\/2022\/09\/Marianne-Guedin-scenographe-vegetal-brancusi-nuage-de-beers-2-768x509.jpg 768w, https:\/\/www.valeriehenry.com\/marianne-guedin\/wp-content\/uploads\/sites\/42\/2022\/09\/Marianne-Guedin-scenographe-vegetal-brancusi-nuage-de-beers-2-1024x679.jpg 1024w, https:\/\/www.valeriehenry.com\/marianne-guedin\/wp-content\/uploads\/sites\/42\/2022\/09\/Marianne-Guedin-scenographe-vegetal-brancusi-nuage-de-beers-2.jpg 1200w\" sizes=\"100vw, (min-width: 640px) 50vw, (min-width: 960px) 37vw, (min-width: 1200px) 25vw, (min-width: 1280px) 277px\" alt = \"Marianne Guedin, installation v\u00e9g\u00e9tale pour De Beers, juillet 2022, Atelier Brancusi, Paris.  Les formes tr\u00e8s contemporaines et pures de la derni\u00e8re collection de haute joaillerie  De Beers, inspire \u00e0 Marianne Guedin une mise en sc\u00e8ne organique et monochrome, faisant la part belle \u00e0 la lumi\u00e8re. \"><\/figure><\/a><\/div><div class=\"gallery-item uk-margin-bottom uk-width-1-2@s uk-width-1-3@l\"><a href=\"https:\/\/www.valeriehenry.com\/marianne-guedin\/wp-content\/uploads\/sites\/42\/2022\/09\/Marianne-Guedin-scenographe-vegetal-brancusi-nuage-de-beers-3.jpg\" rel=\"gallery-1\"><figure class=\"uk-margin-small-bottom uk-cover-container uk-height-small uk-section-muted\"><img decoding=\"async\" uk-cover=\"\" src=\"https:\/\/www.valeriehenry.com\/marianne-guedin\/wp-content\/uploads\/sites\/42\/2022\/09\/Marianne-Guedin-scenographe-vegetal-brancusi-nuage-de-beers-3-300x199.jpg\" srcset=\"https:\/\/www.valeriehenry.com\/marianne-guedin\/wp-content\/uploads\/sites\/42\/2022\/09\/Marianne-Guedin-scenographe-vegetal-brancusi-nuage-de-beers-3-300x199.jpg 300w, https:\/\/www.valeriehenry.com\/marianne-guedin\/wp-content\/uploads\/sites\/42\/2022\/09\/Marianne-Guedin-scenographe-vegetal-brancusi-nuage-de-beers-3-600x397.jpg 600w, https:\/\/www.valeriehenry.com\/marianne-guedin\/wp-content\/uploads\/sites\/42\/2022\/09\/Marianne-Guedin-scenographe-vegetal-brancusi-nuage-de-beers-3-768x508.jpg 768w, https:\/\/www.valeriehenry.com\/marianne-guedin\/wp-content\/uploads\/sites\/42\/2022\/09\/Marianne-Guedin-scenographe-vegetal-brancusi-nuage-de-beers-3-1024x678.jpg 1024w, https:\/\/www.valeriehenry.com\/marianne-guedin\/wp-content\/uploads\/sites\/42\/2022\/09\/Marianne-Guedin-scenographe-vegetal-brancusi-nuage-de-beers-3.jpg 1200w\" sizes=\"100vw, (min-width: 640px) 50vw, (min-width: 960px) 37vw, (min-width: 1200px) 25vw, (min-width: 1280px) 277px\" alt = \"Marianne Guedin, installation v\u00e9g\u00e9tale pour De Beers, juillet 2022, Atelier Brancusi, Paris. Les formes tr\u00e8s contemporaines et pures de la derni\u00e8re collection de haute joaillerie  De Beers, inspire \u00e0 Marianne Guedin une mise en sc\u00e8ne organique et monochrome, faisant la part belle \u00e0 la lumi\u00e8re. \"><\/figure><\/a><\/div><div class=\"gallery-item uk-margin-bottom uk-width-1-2@s uk-width-1-3@l\"><a href=\"https:\/\/www.valeriehenry.com\/marianne-guedin\/wp-content\/uploads\/sites\/42\/2021\/02\/cartier-bureau-betak-marianne-guedin4-1024x672.jpg\" rel=\"gallery-1\"><figure class=\"uk-margin-small-bottom uk-cover-container uk-height-small uk-section-muted\"><img decoding=\"async\" uk-cover=\"\" src=\"https:\/\/www.valeriehenry.com\/marianne-guedin\/wp-content\/uploads\/sites\/42\/2021\/02\/cartier-bureau-betak-marianne-guedin4-1024x672-300x197.jpg\" srcset=\"https:\/\/www.valeriehenry.com\/marianne-guedin\/wp-content\/uploads\/sites\/42\/2021\/02\/cartier-bureau-betak-marianne-guedin4-1024x672-300x197.jpg 300w, https:\/\/www.valeriehenry.com\/marianne-guedin\/wp-content\/uploads\/sites\/42\/2021\/02\/cartier-bureau-betak-marianne-guedin4-1024x672-600x394.jpg 600w, https:\/\/www.valeriehenry.com\/marianne-guedin\/wp-content\/uploads\/sites\/42\/2021\/02\/cartier-bureau-betak-marianne-guedin4-1024x672-768x504.jpg 768w, https:\/\/www.valeriehenry.com\/marianne-guedin\/wp-content\/uploads\/sites\/42\/2021\/02\/cartier-bureau-betak-marianne-guedin4-1024x672.jpg 1024w\" sizes=\"100vw, (min-width: 640px) 50vw, (min-width: 960px) 37vw, (min-width: 1200px) 25vw, (min-width: 1280px) 277px\" alt = \"Marianne Guedin, r\u00e9alisation d&rsquo;un d\u00e9cor v\u00e9g\u00e9tal \u00ab\u00a0rococo\u00a0\u00bb pour Cartier Clash, avril 2019, Conciergerie, Paris \n\"><\/figure><\/a><\/div><div class=\"gallery-item uk-margin-bottom uk-width-1-2@s uk-width-1-3@l\"><a href=\"https:\/\/www.valeriehenry.com\/marianne-guedin\/wp-content\/uploads\/sites\/42\/2021\/02\/cartier-bureau-betak-marianne-guedin3.jpg\" rel=\"gallery-1\"><figure class=\"uk-margin-small-bottom uk-cover-container uk-height-small uk-section-muted\"><img decoding=\"async\" uk-cover=\"\" src=\"https:\/\/www.valeriehenry.com\/marianne-guedin\/wp-content\/uploads\/sites\/42\/2021\/02\/cartier-bureau-betak-marianne-guedin3-e1612877668141-300x218.jpg\" srcset=\"\" sizes=\"100vw, (min-width: 640px) 50vw, (min-width: 960px) 37vw, (min-width: 1200px) 25vw, (min-width: 1280px) 277px\" alt = \"Marianne Guedin, r\u00e9alisation d&rsquo;un d\u00e9cor v\u00e9g\u00e9tal \u00ab\u00a0rococo\u00a0\u00bb pour Cartier Clash, avril 2019, Conciergerie, Paris \n\"><\/figure><\/a><\/div><div class=\"gallery-item uk-margin-bottom uk-width-1-2@s uk-width-1-3@l\"><a href=\"https:\/\/www.valeriehenry.com\/marianne-guedin\/wp-content\/uploads\/sites\/42\/2021\/02\/cartier-coupe-chemin-de-table.jpg\" rel=\"gallery-1\"><figure class=\"uk-margin-small-bottom uk-cover-container uk-height-small uk-section-muted\"><img decoding=\"async\" uk-cover=\"\" src=\"https:\/\/www.valeriehenry.com\/marianne-guedin\/wp-content\/uploads\/sites\/42\/2021\/02\/cartier-coupe-chemin-de-table-e1612877707161-300x245.jpg\" srcset=\"\" sizes=\"100vw, (min-width: 640px) 50vw, (min-width: 960px) 37vw, (min-width: 1200px) 25vw, (min-width: 1280px) 277px\" alt = \"Marianne Guedin, r\u00e9alisation d&rsquo;un d\u00e9cor v\u00e9g\u00e9tal \u00ab\u00a0rococo\u00a0\u00bb pour Cartier Clash, avril 2019, Conciergerie, Paris \n\"><\/figure><\/a><\/div><div class=\"gallery-item uk-margin-bottom uk-width-1-2@s uk-width-1-3@l\"><a href=\"https:\/\/www.valeriehenry.com\/marianne-guedin\/wp-content\/uploads\/sites\/42\/2021\/02\/cartier-chemin-fleuri.jpg\" rel=\"gallery-1\"><figure class=\"uk-margin-small-bottom uk-cover-container uk-height-small uk-section-muted\"><img decoding=\"async\" uk-cover=\"\" src=\"https:\/\/www.valeriehenry.com\/marianne-guedin\/wp-content\/uploads\/sites\/42\/2021\/02\/cartier-chemin-fleuri-e1612877842974-300x223.jpg\" srcset=\"\" sizes=\"100vw, (min-width: 640px) 50vw, (min-width: 960px) 37vw, (min-width: 1200px) 25vw, (min-width: 1280px) 277px\" alt = \"Marianne Guedin, r\u00e9alisation d&rsquo;un d\u00e9cor v\u00e9g\u00e9tal \u00ab\u00a0rococo\u00a0\u00bb pour Cartier Clash, avril 2019, Conciergerie, Paris \n\"><\/figure><\/a><\/div><div class=\"gallery-item uk-margin-bottom uk-width-1-2@s uk-width-1-3@l\"><a href=\"https:\/\/www.valeriehenry.com\/marianne-guedin\/wp-content\/uploads\/sites\/42\/2021\/02\/cartier-bureau-betak-marianne-guedin1.jpg\" rel=\"gallery-1\"><figure class=\"uk-margin-small-bottom uk-cover-container uk-height-small uk-section-muted\"><img decoding=\"async\" uk-cover=\"\" src=\"https:\/\/www.valeriehenry.com\/marianne-guedin\/wp-content\/uploads\/sites\/42\/2021\/02\/cartier-bureau-betak-marianne-guedin1-225x300.jpg\" srcset=\"https:\/\/www.valeriehenry.com\/marianne-guedin\/wp-content\/uploads\/sites\/42\/2021\/02\/cartier-bureau-betak-marianne-guedin1-225x300.jpg 225w, https:\/\/www.valeriehenry.com\/marianne-guedin\/wp-content\/uploads\/sites\/42\/2021\/02\/cartier-bureau-betak-marianne-guedin1-450x600.jpg 450w, https:\/\/www.valeriehenry.com\/marianne-guedin\/wp-content\/uploads\/sites\/42\/2021\/02\/cartier-bureau-betak-marianne-guedin1-768x1024.jpg 768w, https:\/\/www.valeriehenry.com\/marianne-guedin\/wp-content\/uploads\/sites\/42\/2021\/02\/cartier-bureau-betak-marianne-guedin1.jpg 825w\" sizes=\"100vw, (min-width: 640px) 50vw, (min-width: 960px) 37vw, (min-width: 1200px) 25vw, (min-width: 1280px) 277px\" alt = \"Marianne Guedin, r\u00e9alisation d&rsquo;un d\u00e9cor v\u00e9g\u00e9tal \u00ab\u00a0rococo\u00a0\u00bb pour Cartier Clash, avril 2019, Conciergerie, Paris \n\"><\/figure><\/a><\/div><div class=\"gallery-item uk-margin-bottom uk-width-1-2@s uk-width-1-3@l\"><a href=\"https:\/\/www.valeriehenry.com\/marianne-guedin\/wp-content\/uploads\/sites\/42\/2021\/02\/cartier-bureau-betak-marianne-guedin.jpg\" rel=\"gallery-1\"><figure class=\"uk-margin-small-bottom uk-cover-container uk-height-small uk-section-muted\"><img decoding=\"async\" uk-cover=\"\" src=\"https:\/\/www.valeriehenry.com\/marianne-guedin\/wp-content\/uploads\/sites\/42\/2021\/02\/cartier-bureau-betak-marianne-guedin-e1612877785636-300x231.jpg\" srcset=\"\" sizes=\"100vw, (min-width: 640px) 50vw, (min-width: 960px) 37vw, (min-width: 1200px) 25vw, (min-width: 1280px) 277px\" alt = \"Marianne Guedin, r\u00e9alisation d&rsquo;un d\u00e9cor v\u00e9g\u00e9tal \u00ab\u00a0rococo\u00a0\u00bb pour Cartier Clash, avril 2019, Conciergerie, Paris \n\"><\/figure><\/a><\/div><div class=\"gallery-item uk-margin-bottom uk-width-1-2@s uk-width-1-3@l\"><a href=\"https:\/\/www.valeriehenry.com\/marianne-guedin\/wp-content\/uploads\/sites\/42\/2020\/11\/Marianne-guedin-scenographie-vegetale-macro-jardin-valerie-henry-2.jpg\" rel=\"gallery-1\"><figure class=\"uk-margin-small-bottom uk-cover-container uk-height-small uk-section-muted\"><img decoding=\"async\" uk-cover=\"\" src=\"https:\/\/www.valeriehenry.com\/marianne-guedin\/wp-content\/uploads\/sites\/42\/2020\/11\/Marianne-guedin-scenographie-vegetale-macro-jardin-valerie-henry-2-e1606736732915-300x187.jpg\" srcset=\"\" sizes=\"100vw, (min-width: 640px) 50vw, (min-width: 960px) 37vw, (min-width: 1200px) 25vw, (min-width: 1280px) 277px\" alt = \"Marianne Guedin, sc\u00e9nographie v\u00e9g\u00e9tale, septembre 2016, Macro Jardins pour Mazarine, Paris\"><\/figure><\/a><\/div><div class=\"gallery-item uk-margin-bottom uk-width-1-2@s uk-width-1-3@l\"><a href=\"https:\/\/www.valeriehenry.com\/marianne-guedin\/wp-content\/uploads\/sites\/42\/2020\/11\/Marianne-guedin-scenographie-vegetale-macro-jardin-valerie-henry-1.jpg\" rel=\"gallery-1\"><figure class=\"uk-margin-small-bottom uk-cover-container uk-height-small uk-section-muted\"><img decoding=\"async\" uk-cover=\"\" src=\"https:\/\/www.valeriehenry.com\/marianne-guedin\/wp-content\/uploads\/sites\/42\/2020\/11\/Marianne-guedin-scenographie-vegetale-macro-jardin-valerie-henry-1-e1606736753282-300x187.jpg\" srcset=\"\" sizes=\"100vw, (min-width: 640px) 50vw, (min-width: 960px) 37vw, (min-width: 1200px) 25vw, (min-width: 1280px) 277px\" alt = \"Marianne Guedin, sc\u00e9nographie v\u00e9g\u00e9tale, septembre 2016, Macro Jardins pour Mazarine, Paris\"><\/figure><\/a><\/div><div class=\"gallery-item uk-margin-bottom uk-width-1-2@s uk-width-1-3@l\"><a href=\"https:\/\/www.valeriehenry.com\/marianne-guedin\/wp-content\/uploads\/sites\/42\/2020\/11\/Marianne-guedin-scenographie-vegetale-macro-jardin-valerie-henry-4.jpg\" rel=\"gallery-1\"><figure class=\"uk-margin-small-bottom uk-cover-container uk-height-small uk-section-muted\"><img decoding=\"async\" uk-cover=\"\" src=\"https:\/\/www.valeriehenry.com\/marianne-guedin\/wp-content\/uploads\/sites\/42\/2020\/11\/Marianne-guedin-scenographie-vegetale-macro-jardin-valerie-henry-4-300x225.jpg\" srcset=\"https:\/\/www.valeriehenry.com\/marianne-guedin\/wp-content\/uploads\/sites\/42\/2020\/11\/Marianne-guedin-scenographie-vegetale-macro-jardin-valerie-henry-4-300x225.jpg 300w, https:\/\/www.valeriehenry.com\/marianne-guedin\/wp-content\/uploads\/sites\/42\/2020\/11\/Marianne-guedin-scenographie-vegetale-macro-jardin-valerie-henry-4-600x450.jpg 600w, https:\/\/www.valeriehenry.com\/marianne-guedin\/wp-content\/uploads\/sites\/42\/2020\/11\/Marianne-guedin-scenographie-vegetale-macro-jardin-valerie-henry-4-768x576.jpg 768w, https:\/\/www.valeriehenry.com\/marianne-guedin\/wp-content\/uploads\/sites\/42\/2020\/11\/Marianne-guedin-scenographie-vegetale-macro-jardin-valerie-henry-4-1024x768.jpg 1024w, https:\/\/www.valeriehenry.com\/marianne-guedin\/wp-content\/uploads\/sites\/42\/2020\/11\/Marianne-guedin-scenographie-vegetale-macro-jardin-valerie-henry-4.jpg 1200w\" sizes=\"100vw, (min-width: 640px) 50vw, (min-width: 960px) 37vw, (min-width: 1200px) 25vw, (min-width: 1280px) 277px\" alt = \"Marianne Guedin, sc\u00e9nographie v\u00e9g\u00e9tale, septembre 2016, Macro Jardins pour Mazarine, Paris\"><\/figure><\/a><\/div><div class=\"gallery-item uk-margin-bottom uk-width-1-2@s uk-width-1-3@l\"><a href=\"https:\/\/www.valeriehenry.com\/marianne-guedin\/wp-content\/uploads\/sites\/42\/2020\/11\/Marianne-guedin-scenographie-vegetale-cartier-shanghai-valerie-henry-4.jpeg\" rel=\"gallery-1\"><figure class=\"uk-margin-small-bottom uk-cover-container uk-height-small uk-section-muted\"><img decoding=\"async\" uk-cover=\"\" src=\"https:\/\/www.valeriehenry.com\/marianne-guedin\/wp-content\/uploads\/sites\/42\/2020\/11\/Marianne-guedin-scenographie-vegetale-cartier-shanghai-valerie-henry-4-e1606745603563-300x198.jpeg\" srcset=\"\" sizes=\"100vw, (min-width: 640px) 50vw, (min-width: 960px) 37vw, (min-width: 1200px) 25vw, (min-width: 1280px) 277px\" alt = \"Marianne Guedin, sc\u00e9nographie v\u00e9g\u00e9tale, octobre 2020, Cartier, Shanghai\"><\/figure><\/a><\/div><div class=\"gallery-item uk-margin-bottom uk-width-1-2@s uk-width-1-3@l\"><a href=\"https:\/\/www.valeriehenry.com\/marianne-guedin\/wp-content\/uploads\/sites\/42\/2020\/12\/Marianne-guedin-scenographie-vegetale-cartier-shanghai-valerie-henry-5.jpeg\" rel=\"gallery-1\"><figure class=\"uk-margin-small-bottom uk-cover-container uk-height-small uk-section-muted\"><img decoding=\"async\" uk-cover=\"\" src=\"https:\/\/www.valeriehenry.com\/marianne-guedin\/wp-content\/uploads\/sites\/42\/2020\/12\/Marianne-guedin-scenographie-vegetale-cartier-shanghai-valerie-henry-5-e1606823716410-300x199.jpeg\" srcset=\"\" sizes=\"100vw, (min-width: 640px) 50vw, (min-width: 960px) 37vw, (min-width: 1200px) 25vw, (min-width: 1280px) 277px\" alt = \"Marianne Guedin, sc\u00e9nographie v\u00e9g\u00e9tale, octobre 2020, Cartier, Shanghai\"><\/figure><\/a><\/div><div class=\"gallery-item uk-margin-bottom uk-width-1-2@s uk-width-1-3@l\"><a href=\"https:\/\/www.valeriehenry.com\/marianne-guedin\/wp-content\/uploads\/sites\/42\/2020\/11\/Marianne-guedin-scenographie-vegetale-cartier-shanghai-valerie-henry-2.jpeg\" rel=\"gallery-1\"><figure class=\"uk-margin-small-bottom uk-cover-container uk-height-small uk-section-muted\"><img decoding=\"async\" uk-cover=\"\" src=\"https:\/\/www.valeriehenry.com\/marianne-guedin\/wp-content\/uploads\/sites\/42\/2020\/11\/Marianne-guedin-scenographie-vegetale-cartier-shanghai-valerie-henry-2-e1606745348917-300x190.jpeg\" srcset=\"\" sizes=\"100vw, (min-width: 640px) 50vw, (min-width: 960px) 37vw, (min-width: 1200px) 25vw, (min-width: 1280px) 277px\" alt = \"Marianne Guedin, sc\u00e9nographie v\u00e9g\u00e9tale, octobre 2020, Cartier, Shanghai\"><\/figure><\/a><\/div><div class=\"gallery-item uk-margin-bottom uk-width-1-2@s uk-width-1-3@l\"><a href=\"https:\/\/www.valeriehenry.com\/marianne-guedin\/wp-content\/uploads\/sites\/42\/2020\/11\/marianne-guedin-scenographie-vegetale-aquazzura-valerie-henry-4.jpg\" rel=\"gallery-1\"><figure class=\"uk-margin-small-bottom uk-cover-container uk-height-small uk-section-muted\"><img decoding=\"async\" uk-cover=\"\" src=\"https:\/\/www.valeriehenry.com\/marianne-guedin\/wp-content\/uploads\/sites\/42\/2020\/11\/marianne-guedin-scenographie-vegetale-aquazzura-valerie-henry-4-300x225.jpg\" srcset=\"https:\/\/www.valeriehenry.com\/marianne-guedin\/wp-content\/uploads\/sites\/42\/2020\/11\/marianne-guedin-scenographie-vegetale-aquazzura-valerie-henry-4-300x225.jpg 300w, https:\/\/www.valeriehenry.com\/marianne-guedin\/wp-content\/uploads\/sites\/42\/2020\/11\/marianne-guedin-scenographie-vegetale-aquazzura-valerie-henry-4-600x450.jpg 600w, https:\/\/www.valeriehenry.com\/marianne-guedin\/wp-content\/uploads\/sites\/42\/2020\/11\/marianne-guedin-scenographie-vegetale-aquazzura-valerie-henry-4-768x576.jpg 768w, https:\/\/www.valeriehenry.com\/marianne-guedin\/wp-content\/uploads\/sites\/42\/2020\/11\/marianne-guedin-scenographie-vegetale-aquazzura-valerie-henry-4-1024x768.jpg 1024w, https:\/\/www.valeriehenry.com\/marianne-guedin\/wp-content\/uploads\/sites\/42\/2020\/11\/marianne-guedin-scenographie-vegetale-aquazzura-valerie-henry-4.jpg 1200w\" sizes=\"100vw, (min-width: 640px) 50vw, (min-width: 960px) 37vw, (min-width: 1200px) 25vw, (min-width: 1280px) 277px\" alt = \"Marianne Guedin, sc\u00e9nographie v\u00e9g\u00e9tale, septembre 2017, Nuage de fleurs pour Aquazzura, Paris\"><\/figure><\/a><\/div><div class=\"gallery-item uk-margin-bottom uk-width-1-2@s uk-width-1-3@l\"><a href=\"https:\/\/www.valeriehenry.com\/marianne-guedin\/wp-content\/uploads\/sites\/42\/2020\/11\/marianne-guedin-scenographie-vegetale-aquazzura-valerie-henry-1.jpg\" rel=\"gallery-1\"><figure class=\"uk-margin-small-bottom uk-cover-container uk-height-small uk-section-muted\"><img decoding=\"async\" uk-cover=\"\" src=\"https:\/\/www.valeriehenry.com\/marianne-guedin\/wp-content\/uploads\/sites\/42\/2020\/11\/marianne-guedin-scenographie-vegetale-aquazzura-valerie-henry-1-300x225.jpg\" srcset=\"https:\/\/www.valeriehenry.com\/marianne-guedin\/wp-content\/uploads\/sites\/42\/2020\/11\/marianne-guedin-scenographie-vegetale-aquazzura-valerie-henry-1-300x225.jpg 300w, https:\/\/www.valeriehenry.com\/marianne-guedin\/wp-content\/uploads\/sites\/42\/2020\/11\/marianne-guedin-scenographie-vegetale-aquazzura-valerie-henry-1-600x450.jpg 600w, https:\/\/www.valeriehenry.com\/marianne-guedin\/wp-content\/uploads\/sites\/42\/2020\/11\/marianne-guedin-scenographie-vegetale-aquazzura-valerie-henry-1-768x576.jpg 768w, https:\/\/www.valeriehenry.com\/marianne-guedin\/wp-content\/uploads\/sites\/42\/2020\/11\/marianne-guedin-scenographie-vegetale-aquazzura-valerie-henry-1-1024x768.jpg 1024w, https:\/\/www.valeriehenry.com\/marianne-guedin\/wp-content\/uploads\/sites\/42\/2020\/11\/marianne-guedin-scenographie-vegetale-aquazzura-valerie-henry-1.jpg 1200w\" sizes=\"100vw, (min-width: 640px) 50vw, (min-width: 960px) 37vw, (min-width: 1200px) 25vw, (min-width: 1280px) 277px\" alt = \"Marianne Guedin, sc\u00e9nographie v\u00e9g\u00e9tale, septembre 2017, Nuage de fleurs pour Aquazzura, Paris\"><\/figure><\/a><\/div><div class=\"gallery-item uk-margin-bottom uk-width-1-2@s uk-width-1-3@l\"><a href=\"https:\/\/www.valeriehenry.com\/marianne-guedin\/wp-content\/uploads\/sites\/42\/2020\/11\/marianne-guedin-scenographie-vegetale-aquazzura-valerie-henry-3.jpg\" rel=\"gallery-1\"><figure class=\"uk-margin-small-bottom uk-cover-container uk-height-small uk-section-muted\"><img decoding=\"async\" uk-cover=\"\" src=\"https:\/\/www.valeriehenry.com\/marianne-guedin\/wp-content\/uploads\/sites\/42\/2020\/11\/marianne-guedin-scenographie-vegetale-aquazzura-valerie-henry-3-300x225.jpg\" srcset=\"https:\/\/www.valeriehenry.com\/marianne-guedin\/wp-content\/uploads\/sites\/42\/2020\/11\/marianne-guedin-scenographie-vegetale-aquazzura-valerie-henry-3-300x225.jpg 300w, https:\/\/www.valeriehenry.com\/marianne-guedin\/wp-content\/uploads\/sites\/42\/2020\/11\/marianne-guedin-scenographie-vegetale-aquazzura-valerie-henry-3-600x450.jpg 600w, https:\/\/www.valeriehenry.com\/marianne-guedin\/wp-content\/uploads\/sites\/42\/2020\/11\/marianne-guedin-scenographie-vegetale-aquazzura-valerie-henry-3-768x576.jpg 768w, https:\/\/www.valeriehenry.com\/marianne-guedin\/wp-content\/uploads\/sites\/42\/2020\/11\/marianne-guedin-scenographie-vegetale-aquazzura-valerie-henry-3-1024x768.jpg 1024w, https:\/\/www.valeriehenry.com\/marianne-guedin\/wp-content\/uploads\/sites\/42\/2020\/11\/marianne-guedin-scenographie-vegetale-aquazzura-valerie-henry-3.jpg 1200w\" sizes=\"100vw, (min-width: 640px) 50vw, (min-width: 960px) 37vw, (min-width: 1200px) 25vw, (min-width: 1280px) 277px\" alt = \"Marianne Guedin, sc\u00e9nographie v\u00e9g\u00e9tale, septembre 2017, Nuage de fleurs pour Aquazzura, Paris\"><\/figure><\/a><\/div><div class=\"gallery-item uk-margin-bottom uk-width-1-2@s uk-width-1-3@l\"><a href=\"https:\/\/www.valeriehenry.com\/marianne-guedin\/wp-content\/uploads\/sites\/42\/2020\/12\/Marianne-guedin-scenographie-vegetale-dior-valerie-henry-2.jpeg\" rel=\"gallery-1\"><figure class=\"uk-margin-small-bottom uk-cover-container uk-height-small uk-section-muted\"><img decoding=\"async\" uk-cover=\"\" src=\"https:\/\/www.valeriehenry.com\/marianne-guedin\/wp-content\/uploads\/sites\/42\/2020\/12\/Marianne-guedin-scenographie-vegetale-dior-valerie-henry-2-300x225.jpeg\" srcset=\"https:\/\/www.valeriehenry.com\/marianne-guedin\/wp-content\/uploads\/sites\/42\/2020\/12\/Marianne-guedin-scenographie-vegetale-dior-valerie-henry-2-300x225.jpeg 300w, https:\/\/www.valeriehenry.com\/marianne-guedin\/wp-content\/uploads\/sites\/42\/2020\/12\/Marianne-guedin-scenographie-vegetale-dior-valerie-henry-2-600x450.jpeg 600w, https:\/\/www.valeriehenry.com\/marianne-guedin\/wp-content\/uploads\/sites\/42\/2020\/12\/Marianne-guedin-scenographie-vegetale-dior-valerie-henry-2-768x576.jpeg 768w, https:\/\/www.valeriehenry.com\/marianne-guedin\/wp-content\/uploads\/sites\/42\/2020\/12\/Marianne-guedin-scenographie-vegetale-dior-valerie-henry-2-1024x768.jpeg 1024w, https:\/\/www.valeriehenry.com\/marianne-guedin\/wp-content\/uploads\/sites\/42\/2020\/12\/Marianne-guedin-scenographie-vegetale-dior-valerie-henry-2.jpeg 1200w\" sizes=\"100vw, (min-width: 640px) 50vw, (min-width: 960px) 37vw, (min-width: 1200px) 25vw, (min-width: 1280px) 277px\" alt = \"Marianne Guedin, sc\u00e9nographie v\u00e9g\u00e9tale, installation pour Dior, Paris\"><\/figure><\/a><\/div><div class=\"gallery-item uk-margin-bottom uk-width-1-2@s uk-width-1-3@l\"><a href=\"https:\/\/www.valeriehenry.com\/marianne-guedin\/wp-content\/uploads\/sites\/42\/2020\/12\/Marianne-guedin-scenographie-vegetale-dior-valerie-henry-4.jpeg\" rel=\"gallery-1\"><figure class=\"uk-margin-small-bottom uk-cover-container uk-height-small uk-section-muted\"><img decoding=\"async\" uk-cover=\"\" src=\"https:\/\/www.valeriehenry.com\/marianne-guedin\/wp-content\/uploads\/sites\/42\/2020\/12\/Marianne-guedin-scenographie-vegetale-dior-valerie-henry-4-300x225.jpeg\" srcset=\"https:\/\/www.valeriehenry.com\/marianne-guedin\/wp-content\/uploads\/sites\/42\/2020\/12\/Marianne-guedin-scenographie-vegetale-dior-valerie-henry-4-300x225.jpeg 300w, https:\/\/www.valeriehenry.com\/marianne-guedin\/wp-content\/uploads\/sites\/42\/2020\/12\/Marianne-guedin-scenographie-vegetale-dior-valerie-henry-4-600x450.jpeg 600w, https:\/\/www.valeriehenry.com\/marianne-guedin\/wp-content\/uploads\/sites\/42\/2020\/12\/Marianne-guedin-scenographie-vegetale-dior-valerie-henry-4-768x576.jpeg 768w, https:\/\/www.valeriehenry.com\/marianne-guedin\/wp-content\/uploads\/sites\/42\/2020\/12\/Marianne-guedin-scenographie-vegetale-dior-valerie-henry-4-1024x768.jpeg 1024w, https:\/\/www.valeriehenry.com\/marianne-guedin\/wp-content\/uploads\/sites\/42\/2020\/12\/Marianne-guedin-scenographie-vegetale-dior-valerie-henry-4.jpeg 1200w\" sizes=\"100vw, (min-width: 640px) 50vw, (min-width: 960px) 37vw, (min-width: 1200px) 25vw, (min-width: 1280px) 277px\" alt = \"Marianne Guedin, sc\u00e9nographie v\u00e9g\u00e9tale, installation pour Dior, Paris\"><\/figure><\/a><\/div><div class=\"gallery-item uk-margin-bottom uk-width-1-2@s uk-width-1-3@l\"><a href=\"https:\/\/www.valeriehenry.com\/marianne-guedin\/wp-content\/uploads\/sites\/42\/2020\/12\/Marianne-guedin-scenographie-vegetale-dior-valerie-henry-1.jpeg\" rel=\"gallery-1\"><figure class=\"uk-margin-small-bottom uk-cover-container uk-height-small uk-section-muted\"><img decoding=\"async\" uk-cover=\"\" src=\"https:\/\/www.valeriehenry.com\/marianne-guedin\/wp-content\/uploads\/sites\/42\/2020\/12\/Marianne-guedin-scenographie-vegetale-dior-valerie-henry-1-300x225.jpeg\" srcset=\"https:\/\/www.valeriehenry.com\/marianne-guedin\/wp-content\/uploads\/sites\/42\/2020\/12\/Marianne-guedin-scenographie-vegetale-dior-valerie-henry-1-300x225.jpeg 300w, https:\/\/www.valeriehenry.com\/marianne-guedin\/wp-content\/uploads\/sites\/42\/2020\/12\/Marianne-guedin-scenographie-vegetale-dior-valerie-henry-1-600x450.jpeg 600w, https:\/\/www.valeriehenry.com\/marianne-guedin\/wp-content\/uploads\/sites\/42\/2020\/12\/Marianne-guedin-scenographie-vegetale-dior-valerie-henry-1-768x576.jpeg 768w, https:\/\/www.valeriehenry.com\/marianne-guedin\/wp-content\/uploads\/sites\/42\/2020\/12\/Marianne-guedin-scenographie-vegetale-dior-valerie-henry-1-1024x768.jpeg 1024w, https:\/\/www.valeriehenry.com\/marianne-guedin\/wp-content\/uploads\/sites\/42\/2020\/12\/Marianne-guedin-scenographie-vegetale-dior-valerie-henry-1.jpeg 1200w\" sizes=\"100vw, (min-width: 640px) 50vw, (min-width: 960px) 37vw, (min-width: 1200px) 25vw, (min-width: 1280px) 277px\" alt = \"Marianne Guedin, sc\u00e9nographie v\u00e9g\u00e9tale, installation pour Dior, Paris\"><\/figure><\/a><\/div><\/div>\n","protected":false},"excerpt":{"rendered":"","protected":false},"author":1,"featured_media":0,"parent":0,"menu_order":2,"comment_status":"closed","ping_status":"closed","template":"","meta":{"_trash_the_other_posts":true,"footnotes":""},"class_list":["post-11","page","type-page","status-publish","hentry"],"yoast_head":"<!-- This site is optimized with the Yoast SEO plugin v23.7 - https:\/\/yoast.com\/wordpress\/plugins\/seo\/ -->\n<title>Marianne Guedin, artiste, sc\u00e9nographie v\u00e9g\u00e9tale, Paris<\/title>\n<meta name=\"description\" content=\"Marianne Guedin, plasticienne du v\u00e9g\u00e9tal, installation artistique florale, sculptures paysag\u00e8res. Art v\u00e9g\u00e9tal, art floral, pour les maisons d\u2019exception a Paris\" \/>\n<meta name=\"robots\" content=\"index, follow, max-snippet:-1, max-image-preview:large, max-video-preview:-1\" \/>\n<link rel=\"canonical\" href=\"https:\/\/www.valeriehenry.com\/marianne-guedin\/\" \/>\n<meta property=\"og:locale\" content=\"fr_FR\" \/>\n<meta property=\"og:type\" content=\"article\" \/>\n<meta property=\"og:title\" content=\"Marianne Guedin, artiste, sc\u00e9nographie v\u00e9g\u00e9tale, Paris\" \/>\n<meta property=\"og:description\" content=\"Marianne Guedin, plasticienne du v\u00e9g\u00e9tal, installation artistique florale, sculptures paysag\u00e8res. Art v\u00e9g\u00e9tal, art floral, pour les maisons d\u2019exception a Paris\" \/>\n<meta property=\"og:url\" content=\"https:\/\/www.valeriehenry.com\/marianne-guedin\/\" \/>\n<meta property=\"og:site_name\" content=\"Marianne Guedin\" \/>\n<meta property=\"article:publisher\" content=\"https:\/\/www.facebook.com\/agencevaleriehenry\/\" \/>\n<meta property=\"article:modified_time\" content=\"2025-03-12T11:07:16+00:00\" \/>\n<meta property=\"og:image\" content=\"https:\/\/www.valeriehenry.com\/marianne-guedin\/wp-content\/uploads\/sites\/42\/2021\/06\/Marianne-Guedin-artiste-ve\u0301ge\u0301tale-installation-florale-2-e1624443386429-300x234.jpg\" \/>\n<meta name=\"twitter:card\" content=\"summary_large_image\" \/>\n<meta name=\"twitter:site\" content=\"@vaalhenry\" \/>\n<meta name=\"twitter:label1\" content=\"Dur\u00e9e de lecture estim\u00e9e\" \/>\n\t<meta name=\"twitter:data1\" content=\"1 minute\" \/>\n<script type=\"application\/ld+json\" class=\"yoast-schema-graph\">{\"@context\":\"https:\/\/schema.org\",\"@graph\":[{\"@type\":\"WebPage\",\"@id\":\"https:\/\/www.valeriehenry.com\/marianne-guedin\/\",\"url\":\"https:\/\/www.valeriehenry.com\/marianne-guedin\/\",\"name\":\"Marianne Guedin, artiste, sc\u00e9nographie v\u00e9g\u00e9tale, Paris\",\"isPartOf\":{\"@id\":\"https:\/\/www.valeriehenry.com\/marianne-guedin\/#website\"},\"datePublished\":\"2017-10-11T09:22:01+00:00\",\"dateModified\":\"2025-03-12T11:07:16+00:00\",\"description\":\"Marianne Guedin, plasticienne du v\u00e9g\u00e9tal, installation artistique florale, sculptures paysag\u00e8res. Art v\u00e9g\u00e9tal, art floral, pour les maisons d\u2019exception a Paris\",\"breadcrumb\":{\"@id\":\"https:\/\/www.valeriehenry.com\/marianne-guedin\/#breadcrumb\"},\"inLanguage\":\"fr-FR\",\"potentialAction\":[{\"@type\":\"ReadAction\",\"target\":[\"https:\/\/www.valeriehenry.com\/marianne-guedin\/\"]}]},{\"@type\":\"BreadcrumbList\",\"@id\":\"https:\/\/www.valeriehenry.com\/marianne-guedin\/#breadcrumb\",\"itemListElement\":[{\"@type\":\"ListItem\",\"position\":1,\"name\":\"Marianne Guedin\",\"item\":\"https:\/\/www.valeriehenry.com\/marianne-guedin\/\"},{\"@type\":\"ListItem\",\"position\":2,\"name\":\"News\"}]},{\"@type\":\"WebSite\",\"@id\":\"https:\/\/www.valeriehenry.com\/marianne-guedin\/#website\",\"url\":\"https:\/\/www.valeriehenry.com\/marianne-guedin\/\",\"name\":\"Marianne Guedin\",\"description\":\"sc\u00e9nographie v\u00e9g\u00e9tale\",\"publisher\":{\"@id\":\"https:\/\/www.valeriehenry.com\/marianne-guedin\/#organization\"},\"potentialAction\":[{\"@type\":\"SearchAction\",\"target\":{\"@type\":\"EntryPoint\",\"urlTemplate\":\"https:\/\/www.valeriehenry.com\/marianne-guedin\/?s={search_term_string}\"},\"query-input\":{\"@type\":\"PropertyValueSpecification\",\"valueRequired\":true,\"valueName\":\"search_term_string\"}}],\"inLanguage\":\"fr-FR\"},{\"@type\":\"Organization\",\"@id\":\"https:\/\/www.valeriehenry.com\/marianne-guedin\/#organization\",\"name\":\"Marianne Guedin\",\"url\":\"https:\/\/www.valeriehenry.com\/marianne-guedin\/\",\"logo\":{\"@type\":\"ImageObject\",\"inLanguage\":\"fr-FR\",\"@id\":\"https:\/\/www.valeriehenry.com\/marianne-guedin\/#\/schema\/logo\/image\/\",\"url\":\"https:\/\/www.valeriehenry.com\/marianne-guedin\/wp-content\/uploads\/sites\/42\/2023\/07\/cropped-valerie_henry_logo.jpg\",\"contentUrl\":\"https:\/\/www.valeriehenry.com\/marianne-guedin\/wp-content\/uploads\/sites\/42\/2023\/07\/cropped-valerie_henry_logo.jpg\",\"width\":165,\"height\":39,\"caption\":\"Marianne Guedin\"},\"image\":{\"@id\":\"https:\/\/www.valeriehenry.com\/marianne-guedin\/#\/schema\/logo\/image\/\"},\"sameAs\":[\"https:\/\/www.facebook.com\/agencevaleriehenry\/\",\"https:\/\/x.com\/vaalhenry\",\"https:\/\/www.instagram.com\/valhenryagent\/\",\"https:\/\/www.linkedin.com\/in\/valerie-henry-b071b032\/\",\"https:\/\/www.pinterest.fr\/henry0061\/\"]}]}<\/script>\n<!-- \/ Yoast SEO plugin. -->","yoast_head_json":{"title":"Marianne Guedin, artiste, sc\u00e9nographie v\u00e9g\u00e9tale, Paris","description":"Marianne Guedin, plasticienne du v\u00e9g\u00e9tal, installation artistique florale, sculptures paysag\u00e8res. Art v\u00e9g\u00e9tal, art floral, pour les maisons d\u2019exception a Paris","robots":{"index":"index","follow":"follow","max-snippet":"max-snippet:-1","max-image-preview":"max-image-preview:large","max-video-preview":"max-video-preview:-1"},"canonical":"https:\/\/www.valeriehenry.com\/marianne-guedin\/","og_locale":"fr_FR","og_type":"article","og_title":"Marianne Guedin, artiste, sc\u00e9nographie v\u00e9g\u00e9tale, Paris","og_description":"Marianne Guedin, plasticienne du v\u00e9g\u00e9tal, installation artistique florale, sculptures paysag\u00e8res. Art v\u00e9g\u00e9tal, art floral, pour les maisons d\u2019exception a Paris","og_url":"https:\/\/www.valeriehenry.com\/marianne-guedin\/","og_site_name":"Marianne Guedin","article_publisher":"https:\/\/www.facebook.com\/agencevaleriehenry\/","article_modified_time":"2025-03-12T11:07:16+00:00","og_image":[{"url":"https:\/\/www.valeriehenry.com\/marianne-guedin\/wp-content\/uploads\/sites\/42\/2021\/06\/Marianne-Guedin-artiste-ve\u0301ge\u0301tale-installation-florale-2-e1624443386429-300x234.jpg"}],"twitter_card":"summary_large_image","twitter_site":"@vaalhenry","twitter_misc":{"Dur\u00e9e de lecture estim\u00e9e":"1 minute"},"schema":{"@context":"https:\/\/schema.org","@graph":[{"@type":"WebPage","@id":"https:\/\/www.valeriehenry.com\/marianne-guedin\/","url":"https:\/\/www.valeriehenry.com\/marianne-guedin\/","name":"Marianne Guedin, artiste, sc\u00e9nographie v\u00e9g\u00e9tale, Paris","isPartOf":{"@id":"https:\/\/www.valeriehenry.com\/marianne-guedin\/#website"},"datePublished":"2017-10-11T09:22:01+00:00","dateModified":"2025-03-12T11:07:16+00:00","description":"Marianne Guedin, plasticienne du v\u00e9g\u00e9tal, installation artistique florale, sculptures paysag\u00e8res. Art v\u00e9g\u00e9tal, art floral, pour les maisons d\u2019exception a Paris","breadcrumb":{"@id":"https:\/\/www.valeriehenry.com\/marianne-guedin\/#breadcrumb"},"inLanguage":"fr-FR","potentialAction":[{"@type":"ReadAction","target":["https:\/\/www.valeriehenry.com\/marianne-guedin\/"]}]},{"@type":"BreadcrumbList","@id":"https:\/\/www.valeriehenry.com\/marianne-guedin\/#breadcrumb","itemListElement":[{"@type":"ListItem","position":1,"name":"Marianne Guedin","item":"https:\/\/www.valeriehenry.com\/marianne-guedin\/"},{"@type":"ListItem","position":2,"name":"News"}]},{"@type":"WebSite","@id":"https:\/\/www.valeriehenry.com\/marianne-guedin\/#website","url":"https:\/\/www.valeriehenry.com\/marianne-guedin\/","name":"Marianne Guedin","description":"sc\u00e9nographie v\u00e9g\u00e9tale","publisher":{"@id":"https:\/\/www.valeriehenry.com\/marianne-guedin\/#organization"},"potentialAction":[{"@type":"SearchAction","target":{"@type":"EntryPoint","urlTemplate":"https:\/\/www.valeriehenry.com\/marianne-guedin\/?s={search_term_string}"},"query-input":{"@type":"PropertyValueSpecification","valueRequired":true,"valueName":"search_term_string"}}],"inLanguage":"fr-FR"},{"@type":"Organization","@id":"https:\/\/www.valeriehenry.com\/marianne-guedin\/#organization","name":"Marianne Guedin","url":"https:\/\/www.valeriehenry.com\/marianne-guedin\/","logo":{"@type":"ImageObject","inLanguage":"fr-FR","@id":"https:\/\/www.valeriehenry.com\/marianne-guedin\/#\/schema\/logo\/image\/","url":"https:\/\/www.valeriehenry.com\/marianne-guedin\/wp-content\/uploads\/sites\/42\/2023\/07\/cropped-valerie_henry_logo.jpg","contentUrl":"https:\/\/www.valeriehenry.com\/marianne-guedin\/wp-content\/uploads\/sites\/42\/2023\/07\/cropped-valerie_henry_logo.jpg","width":165,"height":39,"caption":"Marianne Guedin"},"image":{"@id":"https:\/\/www.valeriehenry.com\/marianne-guedin\/#\/schema\/logo\/image\/"},"sameAs":["https:\/\/www.facebook.com\/agencevaleriehenry\/","https:\/\/x.com\/vaalhenry","https:\/\/www.instagram.com\/valhenryagent\/","https:\/\/www.linkedin.com\/in\/valerie-henry-b071b032\/","https:\/\/www.pinterest.fr\/henry0061\/"]}]}},"_links":{"self":[{"href":"https:\/\/www.valeriehenry.com\/marianne-guedin\/wp-json\/wp\/v2\/pages\/11"}],"collection":[{"href":"https:\/\/www.valeriehenry.com\/marianne-guedin\/wp-json\/wp\/v2\/pages"}],"about":[{"href":"https:\/\/www.valeriehenry.com\/marianne-guedin\/wp-json\/wp\/v2\/types\/page"}],"author":[{"embeddable":true,"href":"https:\/\/www.valeriehenry.com\/marianne-guedin\/wp-json\/wp\/v2\/users\/1"}],"replies":[{"embeddable":true,"href":"https:\/\/www.valeriehenry.com\/marianne-guedin\/wp-json\/wp\/v2\/comments?post=11"}],"version-history":[{"count":191,"href":"https:\/\/www.valeriehenry.com\/marianne-guedin\/wp-json\/wp\/v2\/pages\/11\/revisions"}],"predecessor-version":[{"id":1277,"href":"https:\/\/www.valeriehenry.com\/marianne-guedin\/wp-json\/wp\/v2\/pages\/11\/revisions\/1277"}],"wp:attachment":[{"href":"https:\/\/www.valeriehenry.com\/marianne-guedin\/wp-json\/wp\/v2\/media?parent=11"}],"curies":[{"name":"wp","href":"https:\/\/api.w.org\/{rel}","templated":true}]}}