{"id":128,"date":"2017-10-11T11:15:08","date_gmt":"2017-10-11T09:15:08","guid":{"rendered":"https:\/\/www.valeriehenry.com\/emilie-faif\/expositions\/"},"modified":"2024-03-21T19:08:15","modified_gmt":"2024-03-21T18:08:15","slug":"expositions","status":"publish","type":"page","link":"https:\/\/www.valeriehenry.com\/en-emilie-faif\/expositions\/","title":{"rendered":"exhibitions"},"content":{"rendered":"<div id=\"gallery-1\" class=\"uk-grid-medium uk-child-width-expand@s\" uk-grid uk-height-match=\"target: > article; row: false\"><div class=\"gallery-item uk-margin-bottom uk-width-1-2@s uk-width-1-3@l\"><a href=\"https:\/\/www.valeriehenry.com\/en-emilie-faif\/wp-content\/uploads\/sites\/17\/2017\/10\/visuel-newsletter-emilie.jpg\" rel=\"gallery-1\"><figure class=\"uk-margin-small-bottom uk-cover-container uk-height-small uk-section-muted\"><img decoding=\"async\" uk-cover=\"\" src=\"https:\/\/www.valeriehenry.com\/en-emilie-faif\/wp-content\/uploads\/sites\/17\/2017\/10\/visuel-newsletter-emilie-300x200.jpg\" srcset=\"https:\/\/www.valeriehenry.com\/en-emilie-faif\/wp-content\/uploads\/sites\/17\/2017\/10\/visuel-newsletter-emilie-300x200.jpg 300w, https:\/\/www.valeriehenry.com\/en-emilie-faif\/wp-content\/uploads\/sites\/17\/2017\/10\/visuel-newsletter-emilie-600x400.jpg 600w, https:\/\/www.valeriehenry.com\/en-emilie-faif\/wp-content\/uploads\/sites\/17\/2017\/10\/visuel-newsletter-emilie-768x512.jpg 768w, https:\/\/www.valeriehenry.com\/en-emilie-faif\/wp-content\/uploads\/sites\/17\/2017\/10\/visuel-newsletter-emilie.jpg 880w\" sizes=\"100vw, (min-width: 640px) 50vw, (min-width: 960px) 37vw, (min-width: 1200px) 25vw, (min-width: 1280px) 277px\" alt = \"Emilie Fa\u00eff, visual artist, June &#8211; September 2018, artwork &#8220;Nuage&#8221; at the Fran\u00e7ois Schneider Foundation in Wattwiller. Emilie Fa\u00eff presents her work &#8221; Nuage &#8221; at the new collective exhibition of the Fran\u00e7ois Schneider Foundation in Wattwiller. The artist explores the potential of moving and unstable forms.\"><\/figure><\/a><\/div><div class=\"gallery-item uk-margin-bottom uk-width-1-2@s uk-width-1-3@l\"><a href=\"https:\/\/www.valeriehenry.com\/en-emilie-faif\/wp-content\/uploads\/sites\/17\/2017\/10\/visuel-detail-newsletter-emilie.jpg\" rel=\"gallery-1\"><figure class=\"uk-margin-small-bottom uk-cover-container uk-height-small uk-section-muted\"><img decoding=\"async\" uk-cover=\"\" src=\"https:\/\/www.valeriehenry.com\/en-emilie-faif\/wp-content\/uploads\/sites\/17\/2017\/10\/visuel-detail-newsletter-emilie-300x200.jpg\" srcset=\"https:\/\/www.valeriehenry.com\/en-emilie-faif\/wp-content\/uploads\/sites\/17\/2017\/10\/visuel-detail-newsletter-emilie-300x200.jpg 300w, https:\/\/www.valeriehenry.com\/en-emilie-faif\/wp-content\/uploads\/sites\/17\/2017\/10\/visuel-detail-newsletter-emilie-600x400.jpg 600w, https:\/\/www.valeriehenry.com\/en-emilie-faif\/wp-content\/uploads\/sites\/17\/2017\/10\/visuel-detail-newsletter-emilie-768x512.jpg 768w, https:\/\/www.valeriehenry.com\/en-emilie-faif\/wp-content\/uploads\/sites\/17\/2017\/10\/visuel-detail-newsletter-emilie.jpg 880w\" sizes=\"100vw, (min-width: 640px) 50vw, (min-width: 960px) 37vw, (min-width: 1200px) 25vw, (min-width: 1280px) 277px\" alt = \"Emilie Fa\u00eff, visual artist, June &#8211; September 2018, artwork &#8220;Nuage&#8221; at the Fran\u00e7ois Schneider Foundation in Wattwiller. The softness of Emilie Fa\u00eff&#8217;s &#8220;Cloud&#8221; reacts, adapts, deforms&#8230; it does not freeze, echoing the ambivalence and poetics of the formation of clouds, their changing and enigmatic outlines.\"><\/figure><\/a><\/div><div class=\"gallery-item uk-margin-bottom uk-width-1-2@s uk-width-1-3@l\"><a href=\"https:\/\/www.valeriehenry.com\/en-emilie-faif\/wp-content\/uploads\/sites\/17\/2017\/10\/visuel-detail2-newsletter-emilie.jpg\" rel=\"gallery-1\"><figure class=\"uk-margin-small-bottom uk-cover-container uk-height-small uk-section-muted\"><img decoding=\"async\" uk-cover=\"\" src=\"https:\/\/www.valeriehenry.com\/en-emilie-faif\/wp-content\/uploads\/sites\/17\/2017\/10\/visuel-detail2-newsletter-emilie-300x258.jpg\" srcset=\"https:\/\/www.valeriehenry.com\/en-emilie-faif\/wp-content\/uploads\/sites\/17\/2017\/10\/visuel-detail2-newsletter-emilie-300x258.jpg 300w, https:\/\/www.valeriehenry.com\/en-emilie-faif\/wp-content\/uploads\/sites\/17\/2017\/10\/visuel-detail2-newsletter-emilie-600x517.jpg 600w, https:\/\/www.valeriehenry.com\/en-emilie-faif\/wp-content\/uploads\/sites\/17\/2017\/10\/visuel-detail2-newsletter-emilie-768x662.jpg 768w, https:\/\/www.valeriehenry.com\/en-emilie-faif\/wp-content\/uploads\/sites\/17\/2017\/10\/visuel-detail2-newsletter-emilie.jpg 880w\" sizes=\"100vw, (min-width: 640px) 50vw, (min-width: 960px) 37vw, (min-width: 1200px) 25vw, (min-width: 1280px) 277px\" alt = \"Emilie Fa\u00eff, visual artist, June &#8211; September 2018, artwork &#8220;Nuage&#8221; at the Fran\u00e7ois Schneider Foundation in Wattwiller. Emilie Fa\u00eff creates a light and transparent sculpture, whose polyane surface has been meticulously elaborated and assembled point by point.\"><\/figure><\/a><\/div><div class=\"gallery-item uk-margin-bottom uk-width-1-2@s uk-width-1-3@l\"><a href=\"https:\/\/www.valeriehenry.com\/en-emilie-faif\/wp-content\/uploads\/sites\/17\/2017\/10\/3.jpg\" rel=\"gallery-1\"><figure class=\"uk-margin-small-bottom uk-cover-container uk-height-small uk-section-muted\"><img decoding=\"async\" uk-cover=\"\" src=\"https:\/\/www.valeriehenry.com\/en-emilie-faif\/wp-content\/uploads\/sites\/17\/2017\/10\/3-300x197.jpg\" srcset=\"https:\/\/www.valeriehenry.com\/en-emilie-faif\/wp-content\/uploads\/sites\/17\/2017\/10\/3-300x197.jpg 300w, https:\/\/www.valeriehenry.com\/en-emilie-faif\/wp-content\/uploads\/sites\/17\/2017\/10\/3-600x394.jpg 600w, https:\/\/www.valeriehenry.com\/en-emilie-faif\/wp-content\/uploads\/sites\/17\/2017\/10\/3-768x505.jpg 768w, https:\/\/www.valeriehenry.com\/en-emilie-faif\/wp-content\/uploads\/sites\/17\/2017\/10\/3.jpg 852w\" sizes=\"100vw, (min-width: 640px) 50vw, (min-width: 960px) 37vw, (min-width: 1200px) 25vw, (min-width: 1280px) 277px\" alt = \"Emilie Fa\u00eff, visual artist, 2017, exhibition of the artworks &#8220;Spermatozoids&#8221; and &#8220;Mamelles&#8221;, Watou Art Festival, Belgium. The multidisciplinary programme brings together artists from a variety of backgrounds, who will travel through eleven sites highlighting the symbiosis between poetry and visual art.\"><\/figure><\/a><\/div><div class=\"gallery-item uk-margin-bottom uk-width-1-2@s uk-width-1-3@l\"><a href=\"https:\/\/www.valeriehenry.com\/en-emilie-faif\/wp-content\/uploads\/sites\/17\/2017\/10\/img_2457.jpg\" rel=\"gallery-1\"><figure class=\"uk-margin-small-bottom uk-cover-container uk-height-small uk-section-muted\"><img decoding=\"async\" uk-cover=\"\" src=\"https:\/\/www.valeriehenry.com\/en-emilie-faif\/wp-content\/uploads\/sites\/17\/2017\/10\/img_2457-300x212.jpg\" srcset=\"https:\/\/www.valeriehenry.com\/en-emilie-faif\/wp-content\/uploads\/sites\/17\/2017\/10\/img_2457-300x212.jpg 300w, https:\/\/www.valeriehenry.com\/en-emilie-faif\/wp-content\/uploads\/sites\/17\/2017\/10\/img_2457-600x425.jpg 600w, https:\/\/www.valeriehenry.com\/en-emilie-faif\/wp-content\/uploads\/sites\/17\/2017\/10\/img_2457-768x544.jpg 768w, https:\/\/www.valeriehenry.com\/en-emilie-faif\/wp-content\/uploads\/sites\/17\/2017\/10\/img_2457.jpg 880w\" sizes=\"100vw, (min-width: 640px) 50vw, (min-width: 960px) 37vw, (min-width: 1200px) 25vw, (min-width: 1280px) 277px\" alt = \"Emilie Fa\u00eff, visual artist, 2017, exhibition of the artworks &#8220;Spermatozoids&#8221; and &#8220;Mamelles&#8221;, Watou Art Festival, Belgium. An opportunity to rediscover &#8220;Spermatozo\u00efdes&#8221; and &#8220;Mamelles&#8221;, two singular and organic installations by Emilie Fa\u00eff, presented here in pure and domestic spaces.\"><\/figure><\/a><\/div><div class=\"gallery-item uk-margin-bottom uk-width-1-2@s uk-width-1-3@l\"><a href=\"https:\/\/www.valeriehenry.com\/en-emilie-faif\/wp-content\/uploads\/sites\/17\/2017\/10\/1.jpg\" rel=\"gallery-1\"><figure class=\"uk-margin-small-bottom uk-cover-container uk-height-small uk-section-muted\"><img decoding=\"async\" uk-cover=\"\" src=\"https:\/\/www.valeriehenry.com\/en-emilie-faif\/wp-content\/uploads\/sites\/17\/2017\/10\/1-300x200.jpg\" srcset=\"https:\/\/www.valeriehenry.com\/en-emilie-faif\/wp-content\/uploads\/sites\/17\/2017\/10\/1-300x200.jpg 300w, https:\/\/www.valeriehenry.com\/en-emilie-faif\/wp-content\/uploads\/sites\/17\/2017\/10\/1-600x400.jpg 600w, https:\/\/www.valeriehenry.com\/en-emilie-faif\/wp-content\/uploads\/sites\/17\/2017\/10\/1-768x512.jpg 768w, https:\/\/www.valeriehenry.com\/en-emilie-faif\/wp-content\/uploads\/sites\/17\/2017\/10\/1.jpg 840w\" sizes=\"100vw, (min-width: 640px) 50vw, (min-width: 960px) 37vw, (min-width: 1200px) 25vw, (min-width: 1280px) 277px\" alt = \"Emilie Fa\u00eff, visual artist, 2017, exhibition of the artworks &#8220;Spermatozoids&#8221; and &#8220;Mamelles&#8221;, Watou Art Festival, Belgium. An opportunity to rediscover &#8220;Spermatozo\u00efdes&#8221; and &#8220;Mamelles&#8221;, two singular and organic installations by Emilie Fa\u00eff, presented here in pure and domestic spaces.\"><\/figure><\/a><\/div><div class=\"gallery-item uk-margin-bottom uk-width-1-2@s uk-width-1-3@l\"><a href=\"https:\/\/www.valeriehenry.com\/en-emilie-faif\/wp-content\/uploads\/sites\/17\/2017\/12\/201710camo-2-2.jpg\" rel=\"gallery-1\"><figure class=\"uk-margin-small-bottom uk-cover-container uk-height-small uk-section-muted\"><img decoding=\"async\" uk-cover=\"\" src=\"https:\/\/www.valeriehenry.com\/en-emilie-faif\/wp-content\/uploads\/sites\/17\/2017\/12\/201710camo-2-2-300x200.jpg\" srcset=\"https:\/\/www.valeriehenry.com\/en-emilie-faif\/wp-content\/uploads\/sites\/17\/2017\/12\/201710camo-2-2-300x200.jpg 300w, https:\/\/www.valeriehenry.com\/en-emilie-faif\/wp-content\/uploads\/sites\/17\/2017\/12\/201710camo-2-2-600x400.jpg 600w, https:\/\/www.valeriehenry.com\/en-emilie-faif\/wp-content\/uploads\/sites\/17\/2017\/12\/201710camo-2-2-768x513.jpg 768w, https:\/\/www.valeriehenry.com\/en-emilie-faif\/wp-content\/uploads\/sites\/17\/2017\/12\/201710camo-2-2.jpg 839w\" sizes=\"100vw, (min-width: 640px) 50vw, (min-width: 960px) 37vw, (min-width: 1200px) 25vw, (min-width: 1280px) 277px\" alt = \"Emilie Fa\u00eff, visual artist, 2016, monographic exhibition &#8220;Nuages&#8221;, Centre d&#8217;art de l&#8217;Onde, \u00cele-De-France. On the occasion of the Festival Immersion 2016, Emilie Fa\u00eff is invited by the Centre d&#8217;art de l&#8217;Onde for a monographic exhibition &#8220;Nuages&#8221; and conceives two new in situ installations.\"><\/figure><\/a><\/div><div class=\"gallery-item uk-margin-bottom uk-width-1-2@s uk-width-1-3@l\"><a href=\"https:\/\/www.valeriehenry.com\/en-emilie-faif\/wp-content\/uploads\/sites\/17\/2017\/12\/201710camo-20-1.jpg\" rel=\"gallery-1\"><figure class=\"uk-margin-small-bottom uk-cover-container uk-height-small uk-section-muted\"><img decoding=\"async\" uk-cover=\"\" src=\"https:\/\/www.valeriehenry.com\/en-emilie-faif\/wp-content\/uploads\/sites\/17\/2017\/12\/201710camo-20-1-300x209.jpg\" srcset=\"https:\/\/www.valeriehenry.com\/en-emilie-faif\/wp-content\/uploads\/sites\/17\/2017\/12\/201710camo-20-1-300x209.jpg 300w, https:\/\/www.valeriehenry.com\/en-emilie-faif\/wp-content\/uploads\/sites\/17\/2017\/12\/201710camo-20-1-600x418.jpg 600w, https:\/\/www.valeriehenry.com\/en-emilie-faif\/wp-content\/uploads\/sites\/17\/2017\/12\/201710camo-20-1-768x535.jpg 768w, https:\/\/www.valeriehenry.com\/en-emilie-faif\/wp-content\/uploads\/sites\/17\/2017\/12\/201710camo-20-1.jpg 804w\" sizes=\"100vw, (min-width: 640px) 50vw, (min-width: 960px) 37vw, (min-width: 1200px) 25vw, (min-width: 1280px) 277px\" alt = \"Emilie Fa\u00eff, visual artist, 2016, monographic exhibition &#8220;Nuages&#8221;, Centre d&#8217;art de l&#8217;Onde, \u00cele-De-France.\"><\/figure><\/a><\/div><div class=\"gallery-item uk-margin-bottom uk-width-1-2@s uk-width-1-3@l\"><a href=\"https:\/\/www.valeriehenry.com\/en-emilie-faif\/wp-content\/uploads\/sites\/17\/2017\/12\/201710camo-3.jpg\" rel=\"gallery-1\"><figure class=\"uk-margin-small-bottom uk-cover-container uk-height-small uk-section-muted\"><img decoding=\"async\" uk-cover=\"\" src=\"https:\/\/www.valeriehenry.com\/en-emilie-faif\/wp-content\/uploads\/sites\/17\/2017\/12\/201710camo-3-300x200.jpg\" srcset=\"https:\/\/www.valeriehenry.com\/en-emilie-faif\/wp-content\/uploads\/sites\/17\/2017\/12\/201710camo-3-300x200.jpg 300w, https:\/\/www.valeriehenry.com\/en-emilie-faif\/wp-content\/uploads\/sites\/17\/2017\/12\/201710camo-3-600x400.jpg 600w, https:\/\/www.valeriehenry.com\/en-emilie-faif\/wp-content\/uploads\/sites\/17\/2017\/12\/201710camo-3-768x513.jpg 768w, https:\/\/www.valeriehenry.com\/en-emilie-faif\/wp-content\/uploads\/sites\/17\/2017\/12\/201710camo-3.jpg 839w\" sizes=\"100vw, (min-width: 640px) 50vw, (min-width: 960px) 37vw, (min-width: 1200px) 25vw, (min-width: 1280px) 277px\" alt = \"Emilie Fa\u00eff, visual artist, 2016, monographic exhibition &#8220;Nuages&#8221;, Centre d&#8217;art de l&#8217;Onde, \u00cele-De-France.\"><\/figure><\/a><\/div><div class=\"gallery-item uk-margin-bottom uk-width-1-2@s uk-width-1-3@l\"><a href=\"https:\/\/www.valeriehenry.com\/en-emilie-faif\/wp-content\/uploads\/sites\/17\/2017\/12\/201710oiseaux2-1.jpg\" rel=\"gallery-1\"><figure class=\"uk-margin-small-bottom uk-cover-container uk-height-small uk-section-muted\"><img decoding=\"async\" uk-cover=\"\" src=\"https:\/\/www.valeriehenry.com\/en-emilie-faif\/wp-content\/uploads\/sites\/17\/2017\/12\/201710oiseaux2-1-300x200.jpg\" srcset=\"https:\/\/www.valeriehenry.com\/en-emilie-faif\/wp-content\/uploads\/sites\/17\/2017\/12\/201710oiseaux2-1-300x200.jpg 300w, https:\/\/www.valeriehenry.com\/en-emilie-faif\/wp-content\/uploads\/sites\/17\/2017\/12\/201710oiseaux2-1-600x400.jpg 600w, https:\/\/www.valeriehenry.com\/en-emilie-faif\/wp-content\/uploads\/sites\/17\/2017\/12\/201710oiseaux2-1-768x512.jpg 768w, https:\/\/www.valeriehenry.com\/en-emilie-faif\/wp-content\/uploads\/sites\/17\/2017\/12\/201710oiseaux2-1.jpg 840w\" sizes=\"100vw, (min-width: 640px) 50vw, (min-width: 960px) 37vw, (min-width: 1200px) 25vw, (min-width: 1280px) 277px\" alt = \"Emilie Fa\u00eff, visual artist, 2016, exhibition\/workshop &#8220;Les Oiseaux&#8221;, Cit\u00e9 de la Mode et du Design, Paris. &#8220;Les Oiseaux&#8221; is an exhibition\/workshop to discover sound design for 4-11 year olds. \u00a9 Jakob+MacFarlane, Samuel Lehu\u00e9d\u00e9.\"><\/figure><\/a><\/div><div class=\"gallery-item uk-margin-bottom uk-width-1-2@s uk-width-1-3@l\"><a href=\"https:\/\/www.valeriehenry.com\/en-emilie-faif\/wp-content\/uploads\/sites\/17\/2017\/12\/201710la-mode-et-du-des-1.jpg\" rel=\"gallery-1\"><figure class=\"uk-margin-small-bottom uk-cover-container uk-height-small uk-section-muted\"><img decoding=\"async\" uk-cover=\"\" src=\"https:\/\/www.valeriehenry.com\/en-emilie-faif\/wp-content\/uploads\/sites\/17\/2017\/12\/201710la-mode-et-du-des-1-300x179.jpg\" srcset=\"https:\/\/www.valeriehenry.com\/en-emilie-faif\/wp-content\/uploads\/sites\/17\/2017\/12\/201710la-mode-et-du-des-1-300x179.jpg 300w, https:\/\/www.valeriehenry.com\/en-emilie-faif\/wp-content\/uploads\/sites\/17\/2017\/12\/201710la-mode-et-du-des-1-600x357.jpg 600w, https:\/\/www.valeriehenry.com\/en-emilie-faif\/wp-content\/uploads\/sites\/17\/2017\/12\/201710la-mode-et-du-des-1-768x457.jpg 768w, https:\/\/www.valeriehenry.com\/en-emilie-faif\/wp-content\/uploads\/sites\/17\/2017\/12\/201710la-mode-et-du-des-1.jpg 941w\" sizes=\"100vw, (min-width: 640px) 50vw, (min-width: 960px) 37vw, (min-width: 1200px) 25vw, (min-width: 1280px) 277px\" alt = \"Emilie Fa\u00eff, visual artist, 2016, exhibition\/workshop &#8220;Les Oiseaux&#8221;, Cit\u00e9 de la Mode et du Design, Paris. A sensory experience as much as a real plunge into the world of sound, the exhibition is a 45-minute journey within a device imagined by the artist Emilie Fa\u00eff and Nicolas Andr\u00e9 \u00a9 Jakob+MacFarlane, Samuel Lehu\u00e9d\u00e9.\"><\/figure><\/a><\/div><div class=\"gallery-item uk-margin-bottom uk-width-1-2@s uk-width-1-3@l\"><a href=\"https:\/\/www.valeriehenry.com\/en-emilie-faif\/wp-content\/uploads\/sites\/17\/2017\/12\/201710oiseaux3-1.jpg\" rel=\"gallery-1\"><figure class=\"uk-margin-small-bottom uk-cover-container uk-height-small uk-section-muted\"><img decoding=\"async\" uk-cover=\"\" src=\"https:\/\/www.valeriehenry.com\/en-emilie-faif\/wp-content\/uploads\/sites\/17\/2017\/12\/201710oiseaux3-1-300x200.jpg\" srcset=\"https:\/\/www.valeriehenry.com\/en-emilie-faif\/wp-content\/uploads\/sites\/17\/2017\/12\/201710oiseaux3-1-300x200.jpg 300w, https:\/\/www.valeriehenry.com\/en-emilie-faif\/wp-content\/uploads\/sites\/17\/2017\/12\/201710oiseaux3-1-600x400.jpg 600w, https:\/\/www.valeriehenry.com\/en-emilie-faif\/wp-content\/uploads\/sites\/17\/2017\/12\/201710oiseaux3-1-768x512.jpg 768w, https:\/\/www.valeriehenry.com\/en-emilie-faif\/wp-content\/uploads\/sites\/17\/2017\/12\/201710oiseaux3-1.jpg 840w\" sizes=\"100vw, (min-width: 640px) 50vw, (min-width: 960px) 37vw, (min-width: 1200px) 25vw, (min-width: 1280px) 277px\" alt = \"Emilie Fa\u00eff, visual artist, 2016, exhibition\/workshop &#8220;Les Oiseaux&#8221;, Cit\u00e9 de la Mode et du Design, Paris. Children are invited to take part in workshops on sound effects and the making of objects reminiscent of the imagination created by birds. \u00a9 Jakob+MacFarlane, Samuel Lehu\u00e9d\u00e9.\"><\/figure><\/a><\/div><div class=\"gallery-item uk-margin-bottom uk-width-1-2@s uk-width-1-3@l\"><a href=\"https:\/\/www.valeriehenry.com\/en-emilie-faif\/wp-content\/uploads\/sites\/17\/2017\/11\/201710rm-16-site-4.jpg\" rel=\"gallery-1\"><figure class=\"uk-margin-small-bottom uk-cover-container uk-height-small uk-section-muted\"><img decoding=\"async\" uk-cover=\"\" src=\"https:\/\/www.valeriehenry.com\/en-emilie-faif\/wp-content\/uploads\/sites\/17\/2017\/11\/201710rm-16-site-4-300x215.jpg\" srcset=\"https:\/\/www.valeriehenry.com\/en-emilie-faif\/wp-content\/uploads\/sites\/17\/2017\/11\/201710rm-16-site-4-300x215.jpg 300w, https:\/\/www.valeriehenry.com\/en-emilie-faif\/wp-content\/uploads\/sites\/17\/2017\/11\/201710rm-16-site-4-600x431.jpg 600w, https:\/\/www.valeriehenry.com\/en-emilie-faif\/wp-content\/uploads\/sites\/17\/2017\/11\/201710rm-16-site-4-768x551.jpg 768w, https:\/\/www.valeriehenry.com\/en-emilie-faif\/wp-content\/uploads\/sites\/17\/2017\/11\/201710rm-16-site-4.jpg 780w\" sizes=\"100vw, (min-width: 640px) 50vw, (min-width: 960px) 37vw, (min-width: 1200px) 25vw, (min-width: 1280px) 277px\" alt = \"Emilie Fa\u00eff, visual artist, 2015, installation in the Chapelle des Carm\u00e9lites, Toulouse. Festival &#8221; Les Jardins synth\u00e9tiques &#8221; in partnership with the Fondation Espace \u00c9cureuil.\"><\/figure><\/a><\/div><div class=\"gallery-item uk-margin-bottom uk-width-1-2@s uk-width-1-3@l\"><a href=\"https:\/\/www.valeriehenry.com\/en-emilie-faif\/wp-content\/uploads\/sites\/17\/2017\/11\/201710rm-18-site-4.jpg\" rel=\"gallery-1\"><figure class=\"uk-margin-small-bottom uk-cover-container uk-height-small uk-section-muted\"><img decoding=\"async\" uk-cover=\"\" src=\"https:\/\/www.valeriehenry.com\/en-emilie-faif\/wp-content\/uploads\/sites\/17\/2017\/11\/201710rm-18-site-4-300x200.jpg\" srcset=\"https:\/\/www.valeriehenry.com\/en-emilie-faif\/wp-content\/uploads\/sites\/17\/2017\/11\/201710rm-18-site-4-300x200.jpg 300w, https:\/\/www.valeriehenry.com\/en-emilie-faif\/wp-content\/uploads\/sites\/17\/2017\/11\/201710rm-18-site-4-600x400.jpg 600w, https:\/\/www.valeriehenry.com\/en-emilie-faif\/wp-content\/uploads\/sites\/17\/2017\/11\/201710rm-18-site-4-768x513.jpg 768w, https:\/\/www.valeriehenry.com\/en-emilie-faif\/wp-content\/uploads\/sites\/17\/2017\/11\/201710rm-18-site-4.jpg 839w\" sizes=\"100vw, (min-width: 640px) 50vw, (min-width: 960px) 37vw, (min-width: 1200px) 25vw, (min-width: 1280px) 277px\" alt = \"Emilie Fa\u00eff, visual artist, 2015, installation in the Chapelle des Carm\u00e9lites, Toulouse. Festival &#8221; Les Jardins synth\u00e9tiques &#8221; in partnership with the Fondation Espace \u00c9cureuil.\"><\/figure><\/a><\/div><div class=\"gallery-item uk-margin-bottom uk-width-1-2@s uk-width-1-3@l\"><a href=\"https:\/\/www.valeriehenry.com\/en-emilie-faif\/wp-content\/uploads\/sites\/17\/2017\/11\/201710rm-19-site-4.jpg\" rel=\"gallery-1\"><figure class=\"uk-margin-small-bottom uk-cover-container uk-height-small uk-section-muted\"><img decoding=\"async\" uk-cover=\"\" src=\"https:\/\/www.valeriehenry.com\/en-emilie-faif\/wp-content\/uploads\/sites\/17\/2017\/11\/201710rm-19-site-4-300x201.jpg\" srcset=\"https:\/\/www.valeriehenry.com\/en-emilie-faif\/wp-content\/uploads\/sites\/17\/2017\/11\/201710rm-19-site-4-300x201.jpg 300w, https:\/\/www.valeriehenry.com\/en-emilie-faif\/wp-content\/uploads\/sites\/17\/2017\/11\/201710rm-19-site-4-600x402.jpg 600w, https:\/\/www.valeriehenry.com\/en-emilie-faif\/wp-content\/uploads\/sites\/17\/2017\/11\/201710rm-19-site-4-768x514.jpg 768w, https:\/\/www.valeriehenry.com\/en-emilie-faif\/wp-content\/uploads\/sites\/17\/2017\/11\/201710rm-19-site-4.jpg 836w\" sizes=\"100vw, (min-width: 640px) 50vw, (min-width: 960px) 37vw, (min-width: 1200px) 25vw, (min-width: 1280px) 277px\" alt = \"Emilie Fa\u00eff, visual artist, 2015, installation in the Chapelle des Carm\u00e9lites, Toulouse. Festival &#8221; Les Jardins synth\u00e9tiques &#8221; in partnership with the Fondation Espace \u00c9cureuil.\"><\/figure><\/a><\/div><div class=\"gallery-item uk-margin-bottom uk-width-1-2@s uk-width-1-3@l\"><a href=\"https:\/\/www.valeriehenry.com\/en-emilie-faif\/wp-content\/uploads\/sites\/17\/2017\/11\/201710lavomatic-pour-site-4.jpg\" rel=\"gallery-1\"><figure class=\"uk-margin-small-bottom uk-cover-container uk-height-small uk-section-muted\"><img decoding=\"async\" uk-cover=\"\" src=\"https:\/\/www.valeriehenry.com\/en-emilie-faif\/wp-content\/uploads\/sites\/17\/2017\/11\/201710lavomatic-pour-site-4-300x200.jpg\" srcset=\"https:\/\/www.valeriehenry.com\/en-emilie-faif\/wp-content\/uploads\/sites\/17\/2017\/11\/201710lavomatic-pour-site-4-300x200.jpg 300w, https:\/\/www.valeriehenry.com\/en-emilie-faif\/wp-content\/uploads\/sites\/17\/2017\/11\/201710lavomatic-pour-site-4-600x400.jpg 600w, https:\/\/www.valeriehenry.com\/en-emilie-faif\/wp-content\/uploads\/sites\/17\/2017\/11\/201710lavomatic-pour-site-4-768x512.jpg 768w, https:\/\/www.valeriehenry.com\/en-emilie-faif\/wp-content\/uploads\/sites\/17\/2017\/11\/201710lavomatic-pour-site-4.jpg 840w\" sizes=\"100vw, (min-width: 640px) 50vw, (min-width: 960px) 37vw, (min-width: 1200px) 25vw, (min-width: 1280px) 277px\" alt = \"Emilie Fa\u00eff, visual artist, November 2013, installation as part of the Kunst aan de Schinkel organised by the Soledad senlle Art Foundation, Amsterdam. Nine artists intervene in the Schinkel district of Amsterdam and create new works for the public space.\"><\/figure><\/a><\/div><div class=\"gallery-item uk-margin-bottom uk-width-1-2@s uk-width-1-3@l\"><a href=\"https:\/\/www.valeriehenry.com\/en-emilie-faif\/wp-content\/uploads\/sites\/17\/2017\/11\/201710img_6026-4.jpg\" rel=\"gallery-1\"><figure class=\"uk-margin-small-bottom uk-cover-container uk-height-small uk-section-muted\"><img decoding=\"async\" uk-cover=\"\" src=\"https:\/\/www.valeriehenry.com\/en-emilie-faif\/wp-content\/uploads\/sites\/17\/2017\/11\/201710img_6026-4-300x208.jpg\" srcset=\"https:\/\/www.valeriehenry.com\/en-emilie-faif\/wp-content\/uploads\/sites\/17\/2017\/11\/201710img_6026-4-300x208.jpg 300w, https:\/\/www.valeriehenry.com\/en-emilie-faif\/wp-content\/uploads\/sites\/17\/2017\/11\/201710img_6026-4-600x416.jpg 600w, https:\/\/www.valeriehenry.com\/en-emilie-faif\/wp-content\/uploads\/sites\/17\/2017\/11\/201710img_6026-4-768x532.jpg 768w, https:\/\/www.valeriehenry.com\/en-emilie-faif\/wp-content\/uploads\/sites\/17\/2017\/11\/201710img_6026-4.jpg 808w\" sizes=\"100vw, (min-width: 640px) 50vw, (min-width: 960px) 37vw, (min-width: 1200px) 25vw, (min-width: 1280px) 277px\" alt = \"Emilie Fa\u00eff, visual artist, November 2013, installation as part of the Kunst aan de Schinkel organised by the Soledad senlle Art Foundation, Amsterdam. Nine artists intervene in the Schinkel district of Amsterdam and create new works for the public space.\"><\/figure><\/a><\/div><div class=\"gallery-item uk-margin-bottom uk-width-1-2@s uk-width-1-3@l\"><a href=\"https:\/\/www.valeriehenry.com\/en-emilie-faif\/wp-content\/uploads\/sites\/17\/2017\/12\/201710milk-a-1.jpg\" rel=\"gallery-1\"><figure class=\"uk-margin-small-bottom uk-cover-container uk-height-small uk-section-muted\"><img decoding=\"async\" uk-cover=\"\" src=\"https:\/\/www.valeriehenry.com\/en-emilie-faif\/wp-content\/uploads\/sites\/17\/2017\/12\/201710milk-a-1-300x122.jpg\" srcset=\"https:\/\/www.valeriehenry.com\/en-emilie-faif\/wp-content\/uploads\/sites\/17\/2017\/12\/201710milk-a-1-300x122.jpg 300w, https:\/\/www.valeriehenry.com\/en-emilie-faif\/wp-content\/uploads\/sites\/17\/2017\/12\/201710milk-a-1-600x245.jpg 600w, https:\/\/www.valeriehenry.com\/en-emilie-faif\/wp-content\/uploads\/sites\/17\/2017\/12\/201710milk-a-1-768x313.jpg 768w, https:\/\/www.valeriehenry.com\/en-emilie-faif\/wp-content\/uploads\/sites\/17\/2017\/12\/201710milk-a-1-1024x417.jpg 1024w, https:\/\/www.valeriehenry.com\/en-emilie-faif\/wp-content\/uploads\/sites\/17\/2017\/12\/201710milk-a-1.jpg 1374w\" sizes=\"100vw, (min-width: 640px) 50vw, (min-width: 960px) 37vw, (min-width: 1200px) 25vw, (min-width: 1280px) 277px\" alt = \"Emilie Fa\u00eff, visual artist, 2012, textile installation as part of the collective exhibition &#8220;Lactescences&#8221;, organized by Milk Factory, Paris.\"><\/figure><\/a><\/div><div class=\"gallery-item uk-margin-bottom uk-width-1-2@s uk-width-1-3@l\"><a href=\"https:\/\/www.valeriehenry.com\/en-emilie-faif\/wp-content\/uploads\/sites\/17\/2017\/12\/201710montage-2-md-copie-1.jpg\" rel=\"gallery-1\"><figure class=\"uk-margin-small-bottom uk-cover-container uk-height-small uk-section-muted\"><img decoding=\"async\" uk-cover=\"\" src=\"https:\/\/www.valeriehenry.com\/en-emilie-faif\/wp-content\/uploads\/sites\/17\/2017\/12\/201710montage-2-md-copie-1-283x300.jpg\" srcset=\"https:\/\/www.valeriehenry.com\/en-emilie-faif\/wp-content\/uploads\/sites\/17\/2017\/12\/201710montage-2-md-copie-1-283x300.jpg 283w, https:\/\/www.valeriehenry.com\/en-emilie-faif\/wp-content\/uploads\/sites\/17\/2017\/12\/201710montage-2-md-copie-1.jpg 528w\" sizes=\"100vw, (min-width: 640px) 50vw, (min-width: 960px) 37vw, (min-width: 1200px) 25vw, (min-width: 1280px) 277px\" alt = \"Emilie Fa\u00eff, visual artist, 2012, textile installation as part of the collective exhibition &#8220;Lactescences&#8221;, organized by Milk Factory, Paris.\"><\/figure><\/a><\/div><div class=\"gallery-item uk-margin-bottom uk-width-1-2@s uk-width-1-3@l\"><a href=\"https:\/\/www.valeriehenry.com\/en-emilie-faif\/wp-content\/uploads\/sites\/17\/2017\/12\/201710img_9539-md-1.jpg\" rel=\"gallery-1\"><figure class=\"uk-margin-small-bottom uk-cover-container uk-height-small uk-section-muted\"><img decoding=\"async\" uk-cover=\"\" src=\"https:\/\/www.valeriehenry.com\/en-emilie-faif\/wp-content\/uploads\/sites\/17\/2017\/12\/201710img_9539-md-1-200x300.jpg\" srcset=\"https:\/\/www.valeriehenry.com\/en-emilie-faif\/wp-content\/uploads\/sites\/17\/2017\/12\/201710img_9539-md-1-200x300.jpg 200w, https:\/\/www.valeriehenry.com\/en-emilie-faif\/wp-content\/uploads\/sites\/17\/2017\/12\/201710img_9539-md-1.jpg 374w\" sizes=\"100vw, (min-width: 640px) 50vw, (min-width: 960px) 37vw, (min-width: 1200px) 25vw, (min-width: 1280px) 277px\" alt = \"Emilie Fa\u00eff, visual artist, 2012, textile installation as part of the collective exhibition &#8220;Lactescences&#8221;, organized by Milk Factory, Paris.\"><\/figure><\/a><\/div><div class=\"gallery-item uk-margin-bottom uk-width-1-2@s uk-width-1-3@l\"><a href=\"https:\/\/www.valeriehenry.com\/en-emilie-faif\/wp-content\/uploads\/sites\/17\/2017\/12\/201710img_9556-md-1.jpg\" rel=\"gallery-1\"><figure class=\"uk-margin-small-bottom uk-cover-container uk-height-small uk-section-muted\"><img decoding=\"async\" uk-cover=\"\" src=\"https:\/\/www.valeriehenry.com\/en-emilie-faif\/wp-content\/uploads\/sites\/17\/2017\/12\/201710img_9556-md-1-300x199.jpg\" srcset=\"https:\/\/www.valeriehenry.com\/en-emilie-faif\/wp-content\/uploads\/sites\/17\/2017\/12\/201710img_9556-md-1-300x199.jpg 300w, https:\/\/www.valeriehenry.com\/en-emilie-faif\/wp-content\/uploads\/sites\/17\/2017\/12\/201710img_9556-md-1-600x397.jpg 600w, https:\/\/www.valeriehenry.com\/en-emilie-faif\/wp-content\/uploads\/sites\/17\/2017\/12\/201710img_9556-md-1-768x508.jpg 768w, https:\/\/www.valeriehenry.com\/en-emilie-faif\/wp-content\/uploads\/sites\/17\/2017\/12\/201710img_9556-md-1.jpg 846w\" sizes=\"100vw, (min-width: 640px) 50vw, (min-width: 960px) 37vw, (min-width: 1200px) 25vw, (min-width: 1280px) 277px\" alt = \"Emilie Fa\u00eff, visual artist, 2012, textile installation as part of the collective exhibition &#8220;Lactescences&#8221;, organized by Milk Factory, Paris.\"><\/figure><\/a><\/div><div class=\"gallery-item uk-margin-bottom uk-width-1-2@s uk-width-1-3@l\"><a href=\"https:\/\/www.valeriehenry.com\/en-emilie-faif\/wp-content\/uploads\/sites\/17\/2017\/12\/201710img_9643-md-copie-copie-1.jpg\" rel=\"gallery-1\"><figure class=\"uk-margin-small-bottom uk-cover-container uk-height-small uk-section-muted\"><img decoding=\"async\" uk-cover=\"\" src=\"https:\/\/www.valeriehenry.com\/en-emilie-faif\/wp-content\/uploads\/sites\/17\/2017\/12\/201710img_9643-md-copie-copie-1-191x300.jpg\" srcset=\"https:\/\/www.valeriehenry.com\/en-emilie-faif\/wp-content\/uploads\/sites\/17\/2017\/12\/201710img_9643-md-copie-copie-1-191x300.jpg 191w, https:\/\/www.valeriehenry.com\/en-emilie-faif\/wp-content\/uploads\/sites\/17\/2017\/12\/201710img_9643-md-copie-copie-1.jpg 356w\" sizes=\"100vw, (min-width: 640px) 50vw, (min-width: 960px) 37vw, (min-width: 1200px) 25vw, (min-width: 1280px) 277px\" alt = \"Emilie Fa\u00eff, visual artist, 2012, textile installation as part of the collective exhibition &#8220;Lactescences&#8221;, organized by Milk Factory, Paris.\"><\/figure><\/a><\/div><div class=\"gallery-item uk-margin-bottom uk-width-1-2@s uk-width-1-3@l\"><a href=\"https:\/\/www.valeriehenry.com\/en-emilie-faif\/wp-content\/uploads\/sites\/17\/2017\/12\/201710img_9642-md-copie-copie-1.jpg\" rel=\"gallery-1\"><figure class=\"uk-margin-small-bottom uk-cover-container uk-height-small uk-section-muted\"><img decoding=\"async\" uk-cover=\"\" src=\"https:\/\/www.valeriehenry.com\/en-emilie-faif\/wp-content\/uploads\/sites\/17\/2017\/12\/201710img_9642-md-copie-copie-1-200x300.jpg\" srcset=\"https:\/\/www.valeriehenry.com\/en-emilie-faif\/wp-content\/uploads\/sites\/17\/2017\/12\/201710img_9642-md-copie-copie-1-200x300.jpg 200w, https:\/\/www.valeriehenry.com\/en-emilie-faif\/wp-content\/uploads\/sites\/17\/2017\/12\/201710img_9642-md-copie-copie-1.jpg 374w\" sizes=\"100vw, (min-width: 640px) 50vw, (min-width: 960px) 37vw, (min-width: 1200px) 25vw, (min-width: 1280px) 277px\" alt = \"Emilie Fa\u00eff, visual artist, 2012, textile installation as part of the collective exhibition &#8220;Lactescences&#8221;, organized by Milk Factory, Paris.\"><\/figure><\/a><\/div><\/div>\n","protected":false},"excerpt":{"rendered":"","protected":false},"author":1,"featured_media":0,"parent":0,"menu_order":6,"comment_status":"closed","ping_status":"closed","template":"","meta":{"_trash_the_other_posts":false,"footnotes":""},"class_list":["post-128","page","type-page","status-publish","hentry"],"yoast_head":"<!-- This site is optimized with the Yoast SEO plugin v23.7 - https:\/\/yoast.com\/wordpress\/plugins\/seo\/ -->\n<title>Emilie Fa\u00eff, textile artist, fabric installations, international exhibitions<\/title>\n<meta name=\"description\" content=\"Emilie Fa\u00eff, s\u00e9nographe artist, textile installation for luxury houses, works with textiles as an organic material\" \/>\n<meta name=\"robots\" content=\"index, follow, max-snippet:-1, max-image-preview:large, max-video-preview:-1\" \/>\n<link rel=\"canonical\" href=\"https:\/\/www.valeriehenry.com\/en-emilie-faif\/expositions\/\" \/>\n<meta property=\"og:locale\" content=\"en_US\" \/>\n<meta property=\"og:type\" content=\"article\" \/>\n<meta property=\"og:title\" content=\"Emilie Fa\u00eff, textile artist, fabric installations, international exhibitions\" \/>\n<meta property=\"og:description\" content=\"Emilie Fa\u00eff, s\u00e9nographe artist, textile installation for luxury houses, works with textiles as an organic material\" \/>\n<meta property=\"og:url\" content=\"https:\/\/www.valeriehenry.com\/en-emilie-faif\/expositions\/\" \/>\n<meta property=\"og:site_name\" content=\"\u00c9milie Faif\" \/>\n<meta property=\"article:modified_time\" content=\"2024-03-21T18:08:15+00:00\" \/>\n<meta property=\"og:image\" content=\"https:\/\/www.valeriehenry.com\/en-emilie-faif\/wp-content\/uploads\/sites\/17\/2017\/10\/visuel-newsletter-emilie-300x200.jpg\" \/>\n<meta name=\"twitter:card\" content=\"summary_large_image\" \/>\n<meta name=\"twitter:label1\" content=\"Est. reading time\" \/>\n\t<meta name=\"twitter:data1\" content=\"1 minute\" \/>\n<script type=\"application\/ld+json\" class=\"yoast-schema-graph\">{\"@context\":\"https:\/\/schema.org\",\"@graph\":[{\"@type\":\"WebPage\",\"@id\":\"https:\/\/www.valeriehenry.com\/en-emilie-faif\/expositions\/\",\"url\":\"https:\/\/www.valeriehenry.com\/en-emilie-faif\/expositions\/\",\"name\":\"Emilie Fa\u00eff, textile artist, fabric installations, international exhibitions\",\"isPartOf\":{\"@id\":\"https:\/\/www.valeriehenry.com\/en-emilie-faif\/#website\"},\"datePublished\":\"2017-10-11T09:15:08+00:00\",\"dateModified\":\"2024-03-21T18:08:15+00:00\",\"description\":\"Emilie Fa\u00eff, s\u00e9nographe artist, textile installation for luxury houses, works with textiles as an organic material\",\"breadcrumb\":{\"@id\":\"https:\/\/www.valeriehenry.com\/en-emilie-faif\/expositions\/#breadcrumb\"},\"inLanguage\":\"en-US\",\"potentialAction\":[{\"@type\":\"ReadAction\",\"target\":[\"https:\/\/www.valeriehenry.com\/en-emilie-faif\/expositions\/\"]}]},{\"@type\":\"BreadcrumbList\",\"@id\":\"https:\/\/www.valeriehenry.com\/en-emilie-faif\/expositions\/#breadcrumb\",\"itemListElement\":[{\"@type\":\"ListItem\",\"position\":1,\"name\":\"Emilie Faif\",\"item\":\"https:\/\/www.valeriehenry.com\/en-emilie-faif\/\"},{\"@type\":\"ListItem\",\"position\":2,\"name\":\"exhibitions\"}]},{\"@type\":\"WebSite\",\"@id\":\"https:\/\/www.valeriehenry.com\/en-emilie-faif\/#website\",\"url\":\"https:\/\/www.valeriehenry.com\/en-emilie-faif\/\",\"name\":\"\u00c9milie Faif\",\"description\":\"artist\",\"publisher\":{\"@id\":\"https:\/\/www.valeriehenry.com\/en-emilie-faif\/#organization\"},\"potentialAction\":[{\"@type\":\"SearchAction\",\"target\":{\"@type\":\"EntryPoint\",\"urlTemplate\":\"https:\/\/www.valeriehenry.com\/en-emilie-faif\/?s={search_term_string}\"},\"query-input\":{\"@type\":\"PropertyValueSpecification\",\"valueRequired\":true,\"valueName\":\"search_term_string\"}}],\"inLanguage\":\"en-US\"},{\"@type\":\"Organization\",\"@id\":\"https:\/\/www.valeriehenry.com\/en-emilie-faif\/#organization\",\"name\":\"\u00c9milie Faif\",\"url\":\"https:\/\/www.valeriehenry.com\/en-emilie-faif\/\",\"logo\":{\"@type\":\"ImageObject\",\"inLanguage\":\"en-US\",\"@id\":\"https:\/\/www.valeriehenry.com\/en-emilie-faif\/#\/schema\/logo\/image\/\",\"url\":\"https:\/\/www.valeriehenry.com\/en-emilie-faif\/wp-content\/uploads\/sites\/17\/2017\/10\/valerie_henry_logo.jpg\",\"contentUrl\":\"https:\/\/www.valeriehenry.com\/en-emilie-faif\/wp-content\/uploads\/sites\/17\/2017\/10\/valerie_henry_logo.jpg\",\"width\":165,\"height\":39,\"caption\":\"\u00c9milie Faif\"},\"image\":{\"@id\":\"https:\/\/www.valeriehenry.com\/en-emilie-faif\/#\/schema\/logo\/image\/\"}}]}<\/script>\n<!-- \/ Yoast SEO plugin. -->","yoast_head_json":{"title":"Emilie Fa\u00eff, textile artist, fabric installations, international exhibitions","description":"Emilie Fa\u00eff, s\u00e9nographe artist, textile installation for luxury houses, works with textiles as an organic material","robots":{"index":"index","follow":"follow","max-snippet":"max-snippet:-1","max-image-preview":"max-image-preview:large","max-video-preview":"max-video-preview:-1"},"canonical":"https:\/\/www.valeriehenry.com\/en-emilie-faif\/expositions\/","og_locale":"en_US","og_type":"article","og_title":"Emilie Fa\u00eff, textile artist, fabric installations, international exhibitions","og_description":"Emilie Fa\u00eff, s\u00e9nographe artist, textile installation for luxury houses, works with textiles as an organic material","og_url":"https:\/\/www.valeriehenry.com\/en-emilie-faif\/expositions\/","og_site_name":"\u00c9milie Faif","article_modified_time":"2024-03-21T18:08:15+00:00","og_image":[{"url":"https:\/\/www.valeriehenry.com\/en-emilie-faif\/wp-content\/uploads\/sites\/17\/2017\/10\/visuel-newsletter-emilie-300x200.jpg"}],"twitter_card":"summary_large_image","twitter_misc":{"Est. reading time":"1 minute"},"schema":{"@context":"https:\/\/schema.org","@graph":[{"@type":"WebPage","@id":"https:\/\/www.valeriehenry.com\/en-emilie-faif\/expositions\/","url":"https:\/\/www.valeriehenry.com\/en-emilie-faif\/expositions\/","name":"Emilie Fa\u00eff, textile artist, fabric installations, international exhibitions","isPartOf":{"@id":"https:\/\/www.valeriehenry.com\/en-emilie-faif\/#website"},"datePublished":"2017-10-11T09:15:08+00:00","dateModified":"2024-03-21T18:08:15+00:00","description":"Emilie Fa\u00eff, s\u00e9nographe artist, textile installation for luxury houses, works with textiles as an organic material","breadcrumb":{"@id":"https:\/\/www.valeriehenry.com\/en-emilie-faif\/expositions\/#breadcrumb"},"inLanguage":"en-US","potentialAction":[{"@type":"ReadAction","target":["https:\/\/www.valeriehenry.com\/en-emilie-faif\/expositions\/"]}]},{"@type":"BreadcrumbList","@id":"https:\/\/www.valeriehenry.com\/en-emilie-faif\/expositions\/#breadcrumb","itemListElement":[{"@type":"ListItem","position":1,"name":"Emilie Faif","item":"https:\/\/www.valeriehenry.com\/en-emilie-faif\/"},{"@type":"ListItem","position":2,"name":"exhibitions"}]},{"@type":"WebSite","@id":"https:\/\/www.valeriehenry.com\/en-emilie-faif\/#website","url":"https:\/\/www.valeriehenry.com\/en-emilie-faif\/","name":"\u00c9milie Faif","description":"artist","publisher":{"@id":"https:\/\/www.valeriehenry.com\/en-emilie-faif\/#organization"},"potentialAction":[{"@type":"SearchAction","target":{"@type":"EntryPoint","urlTemplate":"https:\/\/www.valeriehenry.com\/en-emilie-faif\/?s={search_term_string}"},"query-input":{"@type":"PropertyValueSpecification","valueRequired":true,"valueName":"search_term_string"}}],"inLanguage":"en-US"},{"@type":"Organization","@id":"https:\/\/www.valeriehenry.com\/en-emilie-faif\/#organization","name":"\u00c9milie Faif","url":"https:\/\/www.valeriehenry.com\/en-emilie-faif\/","logo":{"@type":"ImageObject","inLanguage":"en-US","@id":"https:\/\/www.valeriehenry.com\/en-emilie-faif\/#\/schema\/logo\/image\/","url":"https:\/\/www.valeriehenry.com\/en-emilie-faif\/wp-content\/uploads\/sites\/17\/2017\/10\/valerie_henry_logo.jpg","contentUrl":"https:\/\/www.valeriehenry.com\/en-emilie-faif\/wp-content\/uploads\/sites\/17\/2017\/10\/valerie_henry_logo.jpg","width":165,"height":39,"caption":"\u00c9milie Faif"},"image":{"@id":"https:\/\/www.valeriehenry.com\/en-emilie-faif\/#\/schema\/logo\/image\/"}}]}},"_links":{"self":[{"href":"https:\/\/www.valeriehenry.com\/en-emilie-faif\/wp-json\/wp\/v2\/pages\/128"}],"collection":[{"href":"https:\/\/www.valeriehenry.com\/en-emilie-faif\/wp-json\/wp\/v2\/pages"}],"about":[{"href":"https:\/\/www.valeriehenry.com\/en-emilie-faif\/wp-json\/wp\/v2\/types\/page"}],"author":[{"embeddable":true,"href":"https:\/\/www.valeriehenry.com\/en-emilie-faif\/wp-json\/wp\/v2\/users\/1"}],"replies":[{"embeddable":true,"href":"https:\/\/www.valeriehenry.com\/en-emilie-faif\/wp-json\/wp\/v2\/comments?post=128"}],"version-history":[{"count":13,"href":"https:\/\/www.valeriehenry.com\/en-emilie-faif\/wp-json\/wp\/v2\/pages\/128\/revisions"}],"predecessor-version":[{"id":534,"href":"https:\/\/www.valeriehenry.com\/en-emilie-faif\/wp-json\/wp\/v2\/pages\/128\/revisions\/534"}],"wp:attachment":[{"href":"https:\/\/www.valeriehenry.com\/en-emilie-faif\/wp-json\/wp\/v2\/media?parent=128"}],"curies":[{"name":"wp","href":"https:\/\/api.w.org\/{rel}","templated":true}]}}