{"id":104,"date":"2017-10-11T11:15:08","date_gmt":"2017-10-11T09:15:08","guid":{"rendered":"https:\/\/www.valeriehenry.com\/emilie-faif\/?page_id=104"},"modified":"2024-03-21T19:06:23","modified_gmt":"2024-03-21T18:06:23","slug":"scenography","status":"publish","type":"page","link":"https:\/\/www.valeriehenry.com\/en-emilie-faif\/scenography\/","title":{"rendered":"scenography"},"content":{"rendered":"<div id=\"gallery-1\" class=\"uk-grid-medium uk-child-width-expand@s\" uk-grid uk-height-match=\"target: > article; row: false\"><div class=\"gallery-item uk-margin-bottom uk-width-1-2@s uk-width-1-3@l\"><a href=\"https:\/\/www.valeriehenry.com\/en-emilie-faif\/wp-content\/uploads\/sites\/17\/2017\/10\/LETS-FOLK_MARION-MUZAC_-RESIDENCE_JUILLET_CDC_2017_-\u00aeedmondcarrere-13-sur-98-1.jpeg\" rel=\"gallery-1\"><figure class=\"uk-margin-small-bottom uk-cover-container uk-height-small uk-section-muted\"><img decoding=\"async\" uk-cover=\"\" src=\"https:\/\/www.valeriehenry.com\/en-emilie-faif\/wp-content\/uploads\/sites\/17\/2017\/10\/LETS-FOLK_MARION-MUZAC_-RESIDENCE_JUILLET_CDC_2017_-\u00aeedmondcarrere-13-sur-98-1-300x200.jpeg\" srcset=\"https:\/\/www.valeriehenry.com\/en-emilie-faif\/wp-content\/uploads\/sites\/17\/2017\/10\/LETS-FOLK_MARION-MUZAC_-RESIDENCE_JUILLET_CDC_2017_-\u00aeedmondcarrere-13-sur-98-1-300x200.jpeg 300w, https:\/\/www.valeriehenry.com\/en-emilie-faif\/wp-content\/uploads\/sites\/17\/2017\/10\/LETS-FOLK_MARION-MUZAC_-RESIDENCE_JUILLET_CDC_2017_-\u00aeedmondcarrere-13-sur-98-1-600x400.jpeg 600w, https:\/\/www.valeriehenry.com\/en-emilie-faif\/wp-content\/uploads\/sites\/17\/2017\/10\/LETS-FOLK_MARION-MUZAC_-RESIDENCE_JUILLET_CDC_2017_-\u00aeedmondcarrere-13-sur-98-1.jpeg 640w\" sizes=\"100vw, (min-width: 640px) 50vw, (min-width: 960px) 37vw, (min-width: 1200px) 25vw, (min-width: 1280px) 277px\" alt = \"October 2017 -SPECTACLE LET&#8217;S FOLK! &#8211; In collaboration with the choreographer Marion Muzac. Thought with the aim to convey multiple choreographies \u2013 fest-noz, berber ahwash, bavarian schuhplattler and midlli-east dabkeh \u2013 Marion Muzak\u2019s new dance creation revisit the notion of folkloric dance. Photography \u00a9 Edmond Carrere.\"><\/figure><\/a><\/div><div class=\"gallery-item uk-margin-bottom uk-width-1-2@s uk-width-1-3@l\"><a href=\"https:\/\/www.valeriehenry.com\/en-emilie-faif\/wp-content\/uploads\/sites\/17\/2017\/10\/LETS-FOLK_MARION-MUZAC_-RESIDENCE_JUILLET_CDC_2017_-\u00aeedmondcarrere-17-sur-98.jpeg\" rel=\"gallery-1\"><figure class=\"uk-margin-small-bottom uk-cover-container uk-height-small uk-section-muted\"><img decoding=\"async\" uk-cover=\"\" src=\"https:\/\/www.valeriehenry.com\/en-emilie-faif\/wp-content\/uploads\/sites\/17\/2017\/10\/LETS-FOLK_MARION-MUZAC_-RESIDENCE_JUILLET_CDC_2017_-\u00aeedmondcarrere-17-sur-98-300x200.jpeg\" srcset=\"https:\/\/www.valeriehenry.com\/en-emilie-faif\/wp-content\/uploads\/sites\/17\/2017\/10\/LETS-FOLK_MARION-MUZAC_-RESIDENCE_JUILLET_CDC_2017_-\u00aeedmondcarrere-17-sur-98-300x200.jpeg 300w, https:\/\/www.valeriehenry.com\/en-emilie-faif\/wp-content\/uploads\/sites\/17\/2017\/10\/LETS-FOLK_MARION-MUZAC_-RESIDENCE_JUILLET_CDC_2017_-\u00aeedmondcarrere-17-sur-98-600x400.jpeg 600w, https:\/\/www.valeriehenry.com\/en-emilie-faif\/wp-content\/uploads\/sites\/17\/2017\/10\/LETS-FOLK_MARION-MUZAC_-RESIDENCE_JUILLET_CDC_2017_-\u00aeedmondcarrere-17-sur-98.jpeg 640w\" sizes=\"100vw, (min-width: 640px) 50vw, (min-width: 960px) 37vw, (min-width: 1200px) 25vw, (min-width: 1280px) 277px\" alt = \"October 2017 -Drawn directly on the dance carpets using white chalk, the artist Emilie Fa\u00eff brought out the idea of territory, roots and cultures that inspired popular dances. Ornemental patterns being brushed away shows the tension between danse and its durability in popular traditions. Photography \u00a9 Edmond Carrere.\"><\/figure><\/a><\/div><div class=\"gallery-item uk-margin-bottom uk-width-1-2@s uk-width-1-3@l\"><a href=\"https:\/\/www.valeriehenry.com\/en-emilie-faif\/wp-content\/uploads\/sites\/17\/2017\/10\/LETS-FOLK_MARION-MUZAC_-RESIDENCE_JUILLET_CDC_2017_-\u00aeedmondcarrere-18-sur-98-1.jpeg\" rel=\"gallery-1\"><figure class=\"uk-margin-small-bottom uk-cover-container uk-height-small uk-section-muted\"><img decoding=\"async\" uk-cover=\"\" src=\"https:\/\/www.valeriehenry.com\/en-emilie-faif\/wp-content\/uploads\/sites\/17\/2017\/10\/LETS-FOLK_MARION-MUZAC_-RESIDENCE_JUILLET_CDC_2017_-\u00aeedmondcarrere-18-sur-98-1-214x300.jpeg\" srcset=\"https:\/\/www.valeriehenry.com\/en-emilie-faif\/wp-content\/uploads\/sites\/17\/2017\/10\/LETS-FOLK_MARION-MUZAC_-RESIDENCE_JUILLET_CDC_2017_-\u00aeedmondcarrere-18-sur-98-1-214x300.jpeg 214w, https:\/\/www.valeriehenry.com\/en-emilie-faif\/wp-content\/uploads\/sites\/17\/2017\/10\/LETS-FOLK_MARION-MUZAC_-RESIDENCE_JUILLET_CDC_2017_-\u00aeedmondcarrere-18-sur-98-1-429x600.jpeg 429w, https:\/\/www.valeriehenry.com\/en-emilie-faif\/wp-content\/uploads\/sites\/17\/2017\/10\/LETS-FOLK_MARION-MUZAC_-RESIDENCE_JUILLET_CDC_2017_-\u00aeedmondcarrere-18-sur-98-1.jpeg 458w\" sizes=\"100vw, (min-width: 640px) 50vw, (min-width: 960px) 37vw, (min-width: 1200px) 25vw, (min-width: 1280px) 277px\" alt = \"October 2017 &#8211; Step by step, following the dancers\u2019 rounds and trajectories, the lines are blurred and patterns fade away to become a new map, records of the strength and beauty of these human and collective encounters. Photography \u00a9 Edmond Carrere.\"><\/figure><\/a><\/div><div class=\"gallery-item uk-margin-bottom uk-width-1-2@s uk-width-1-3@l\"><a href=\"https:\/\/www.valeriehenry.com\/en-emilie-faif\/wp-content\/uploads\/sites\/17\/2017\/10\/P1010140.jpg\" rel=\"gallery-1\"><figure class=\"uk-margin-small-bottom uk-cover-container uk-height-small uk-section-muted\"><img decoding=\"async\" uk-cover=\"\" src=\"https:\/\/www.valeriehenry.com\/en-emilie-faif\/wp-content\/uploads\/sites\/17\/2017\/10\/P1010140-300x200.jpg\" srcset=\"https:\/\/www.valeriehenry.com\/en-emilie-faif\/wp-content\/uploads\/sites\/17\/2017\/10\/P1010140-300x200.jpg 300w, https:\/\/www.valeriehenry.com\/en-emilie-faif\/wp-content\/uploads\/sites\/17\/2017\/10\/P1010140-600x400.jpg 600w, https:\/\/www.valeriehenry.com\/en-emilie-faif\/wp-content\/uploads\/sites\/17\/2017\/10\/P1010140-768x512.jpg 768w, https:\/\/www.valeriehenry.com\/en-emilie-faif\/wp-content\/uploads\/sites\/17\/2017\/10\/P1010140-1024x683.jpg 1024w\" sizes=\"100vw, (min-width: 640px) 50vw, (min-width: 960px) 37vw, (min-width: 1200px) 25vw, (min-width: 1280px) 277px\" alt = \"October 2017 &#8211; Show \u00ab Let\u2019s Folk! \u00bb ; Scenography Emilie Fa\u00eff ; Photography \u00a9 Nicolas Doubre\"><\/figure><\/a><\/div><div class=\"gallery-item uk-margin-bottom uk-width-1-2@s uk-width-1-3@l\"><a href=\"https:\/\/www.valeriehenry.com\/en-emilie-faif\/wp-content\/uploads\/sites\/17\/2017\/10\/Sans-titre-oct.-04-2017000366-1.jpg\" rel=\"gallery-1\"><figure class=\"uk-margin-small-bottom uk-cover-container uk-height-small uk-section-muted\"><img decoding=\"async\" uk-cover=\"\" src=\"https:\/\/www.valeriehenry.com\/en-emilie-faif\/wp-content\/uploads\/sites\/17\/2017\/10\/Sans-titre-oct.-04-2017000366-1-300x211.jpg\" srcset=\"https:\/\/www.valeriehenry.com\/en-emilie-faif\/wp-content\/uploads\/sites\/17\/2017\/10\/Sans-titre-oct.-04-2017000366-1-300x211.jpg 300w, https:\/\/www.valeriehenry.com\/en-emilie-faif\/wp-content\/uploads\/sites\/17\/2017\/10\/Sans-titre-oct.-04-2017000366-1-600x422.jpg 600w, https:\/\/www.valeriehenry.com\/en-emilie-faif\/wp-content\/uploads\/sites\/17\/2017\/10\/Sans-titre-oct.-04-2017000366-1-768x540.jpg 768w, https:\/\/www.valeriehenry.com\/en-emilie-faif\/wp-content\/uploads\/sites\/17\/2017\/10\/Sans-titre-oct.-04-2017000366-1-1024x720.jpg 1024w\" sizes=\"100vw, (min-width: 640px) 50vw, (min-width: 960px) 37vw, (min-width: 1200px) 25vw, (min-width: 1280px) 277px\" alt = \"October 2017 &#8211; Show \u00ab Let\u2019s Folk! \u00bb ; Scenography Emilie Fa\u00eff ; Photography \u00a9 Nicolas Doubre\"><\/figure><\/a><\/div><div class=\"gallery-item uk-margin-bottom uk-width-1-2@s uk-width-1-3@l\"><a href=\"https:\/\/www.valeriehenry.com\/en-emilie-faif\/wp-content\/uploads\/sites\/17\/2017\/11\/2017108s-1.jpg\" rel=\"gallery-1\"><figure class=\"uk-margin-small-bottom uk-cover-container uk-height-small uk-section-muted\"><img decoding=\"async\" uk-cover=\"\" src=\"https:\/\/www.valeriehenry.com\/en-emilie-faif\/wp-content\/uploads\/sites\/17\/2017\/11\/2017108s-1-300x200.jpg\" srcset=\"https:\/\/www.valeriehenry.com\/en-emilie-faif\/wp-content\/uploads\/sites\/17\/2017\/11\/2017108s-1-300x200.jpg 300w, https:\/\/www.valeriehenry.com\/en-emilie-faif\/wp-content\/uploads\/sites\/17\/2017\/11\/2017108s-1-600x400.jpg 600w, https:\/\/www.valeriehenry.com\/en-emilie-faif\/wp-content\/uploads\/sites\/17\/2017\/11\/2017108s-1-768x512.jpg 768w, https:\/\/www.valeriehenry.com\/en-emilie-faif\/wp-content\/uploads\/sites\/17\/2017\/11\/2017108s-1.jpg 840w\" sizes=\"100vw, (min-width: 640px) 50vw, (min-width: 960px) 37vw, (min-width: 1200px) 25vw, (min-width: 1280px) 277px\" alt = \"February 2017 &#8211; Emilie Fa\u00eff cr\u00e9e la sc\u00e9nographie du spectacle de danse contemporaine de Marion Muzac &#8220;Ladies First&#8221;.\"><\/figure><\/a><\/div><div class=\"gallery-item uk-margin-bottom uk-width-1-2@s uk-width-1-3@l\"><a href=\"https:\/\/www.valeriehenry.com\/en-emilie-faif\/wp-content\/uploads\/sites\/17\/2017\/11\/2017109s-1.jpg\" rel=\"gallery-1\"><figure class=\"uk-margin-small-bottom uk-cover-container uk-height-small uk-section-muted\"><img decoding=\"async\" uk-cover=\"\" src=\"https:\/\/www.valeriehenry.com\/en-emilie-faif\/wp-content\/uploads\/sites\/17\/2017\/11\/2017109s-1-300x163.jpg\" srcset=\"https:\/\/www.valeriehenry.com\/en-emilie-faif\/wp-content\/uploads\/sites\/17\/2017\/11\/2017109s-1-300x163.jpg 300w, https:\/\/www.valeriehenry.com\/en-emilie-faif\/wp-content\/uploads\/sites\/17\/2017\/11\/2017109s-1-600x325.jpg 600w, https:\/\/www.valeriehenry.com\/en-emilie-faif\/wp-content\/uploads\/sites\/17\/2017\/11\/2017109s-1-768x416.jpg 768w, https:\/\/www.valeriehenry.com\/en-emilie-faif\/wp-content\/uploads\/sites\/17\/2017\/11\/2017109s-1-1024x555.jpg 1024w, https:\/\/www.valeriehenry.com\/en-emilie-faif\/wp-content\/uploads\/sites\/17\/2017\/11\/2017109s-1.jpg 1033w\" sizes=\"100vw, (min-width: 640px) 50vw, (min-width: 960px) 37vw, (min-width: 1200px) 25vw, (min-width: 1280px) 277px\" alt = \"February 2017 &#8211; Un rideau monumental de cheveux, \u00e0 la fois inqui\u00e9tant et vivant, symbolise la femme tout aussi sauvage qu&#8217;\u00e9mancip\u00e9e.\"><\/figure><\/a><\/div><div class=\"gallery-item uk-margin-bottom uk-width-1-2@s uk-width-1-3@l\"><a href=\"https:\/\/www.valeriehenry.com\/en-emilie-faif\/wp-content\/uploads\/sites\/17\/2017\/11\/201710patkai-faif-1-1.jpg\" rel=\"gallery-1\"><figure class=\"uk-margin-small-bottom uk-cover-container uk-height-small uk-section-muted\"><img decoding=\"async\" uk-cover=\"\" src=\"https:\/\/www.valeriehenry.com\/en-emilie-faif\/wp-content\/uploads\/sites\/17\/2017\/11\/201710patkai-faif-1-1-300x225.jpg\" srcset=\"https:\/\/www.valeriehenry.com\/en-emilie-faif\/wp-content\/uploads\/sites\/17\/2017\/11\/201710patkai-faif-1-1-300x225.jpg 300w, https:\/\/www.valeriehenry.com\/en-emilie-faif\/wp-content\/uploads\/sites\/17\/2017\/11\/201710patkai-faif-1-1-600x450.jpg 600w, https:\/\/www.valeriehenry.com\/en-emilie-faif\/wp-content\/uploads\/sites\/17\/2017\/11\/201710patkai-faif-1-1.jpg 670w\" sizes=\"100vw, (min-width: 640px) 50vw, (min-width: 960px) 37vw, (min-width: 1200px) 25vw, (min-width: 1280px) 277px\" alt = \"Remous est un spectacle pour tout petits co r\u00e9alis\u00e9 avec la chor\u00e9graphe Katalin Patka\u00ef. &lt;p&gt;Des \u00e9l\u00e9ments en mousse de toutes formes s&#8217;amonc\u00e8lent pour construire, jouer, d\u00e9molir et recommencer. &lt;\/p&gt;\"><\/figure><\/a><\/div><div class=\"gallery-item uk-margin-bottom uk-width-1-2@s uk-width-1-3@l\"><a href=\"https:\/\/www.valeriehenry.com\/en-emilie-faif\/wp-content\/uploads\/sites\/17\/2017\/11\/201710patkai-faif-5-1.jpg\" rel=\"gallery-1\"><figure class=\"uk-margin-small-bottom uk-cover-container uk-height-small uk-section-muted\"><img decoding=\"async\" uk-cover=\"\" src=\"https:\/\/www.valeriehenry.com\/en-emilie-faif\/wp-content\/uploads\/sites\/17\/2017\/11\/201710patkai-faif-5-1-300x225.jpg\" srcset=\"https:\/\/www.valeriehenry.com\/en-emilie-faif\/wp-content\/uploads\/sites\/17\/2017\/11\/201710patkai-faif-5-1-300x225.jpg 300w, https:\/\/www.valeriehenry.com\/en-emilie-faif\/wp-content\/uploads\/sites\/17\/2017\/11\/201710patkai-faif-5-1-600x450.jpg 600w, https:\/\/www.valeriehenry.com\/en-emilie-faif\/wp-content\/uploads\/sites\/17\/2017\/11\/201710patkai-faif-5-1.jpg 670w\" sizes=\"100vw, (min-width: 640px) 50vw, (min-width: 960px) 37vw, (min-width: 1200px) 25vw, (min-width: 1280px) 277px\" alt = \"Les formes en mousse o\u00f9 se cache la danseuse se transforme au cours du spectacle en marionnette, en ville ou encore en crocodile accros au chamallow.\"><\/figure><\/a><\/div><div class=\"gallery-item uk-margin-bottom uk-width-1-2@s uk-width-1-3@l\"><a href=\"https:\/\/www.valeriehenry.com\/en-emilie-faif\/wp-content\/uploads\/sites\/17\/2017\/11\/201710arp_111114_040-1.jpg\" rel=\"gallery-1\"><figure class=\"uk-margin-small-bottom uk-cover-container uk-height-small uk-section-muted\"><img decoding=\"async\" uk-cover=\"\" src=\"https:\/\/www.valeriehenry.com\/en-emilie-faif\/wp-content\/uploads\/sites\/17\/2017\/11\/201710arp_111114_040-1-300x200.jpg\" srcset=\"https:\/\/www.valeriehenry.com\/en-emilie-faif\/wp-content\/uploads\/sites\/17\/2017\/11\/201710arp_111114_040-1-300x200.jpg 300w, https:\/\/www.valeriehenry.com\/en-emilie-faif\/wp-content\/uploads\/sites\/17\/2017\/11\/201710arp_111114_040-1-600x400.jpg 600w, https:\/\/www.valeriehenry.com\/en-emilie-faif\/wp-content\/uploads\/sites\/17\/2017\/11\/201710arp_111114_040-1-768x512.jpg 768w, https:\/\/www.valeriehenry.com\/en-emilie-faif\/wp-content\/uploads\/sites\/17\/2017\/11\/201710arp_111114_040-1.jpg 840w\" sizes=\"100vw, (min-width: 640px) 50vw, (min-width: 960px) 37vw, (min-width: 1200px) 25vw, (min-width: 1280px) 277px\" alt = \"\u00ab Les Arpenteurs \u00bb &#8211; compagnie Revue Eclair &#8211; Th\u00e9\u00e2tre de l&#8217;Aquarium &#8211; Photo: P.Grosbois\"><\/figure><\/a><\/div><div class=\"gallery-item uk-margin-bottom uk-width-1-2@s uk-width-1-3@l\"><a href=\"https:\/\/www.valeriehenry.com\/en-emilie-faif\/wp-content\/uploads\/sites\/17\/2017\/11\/201710arp_111114_073-1.jpg\" rel=\"gallery-1\"><figure class=\"uk-margin-small-bottom uk-cover-container uk-height-small uk-section-muted\"><img decoding=\"async\" uk-cover=\"\" src=\"https:\/\/www.valeriehenry.com\/en-emilie-faif\/wp-content\/uploads\/sites\/17\/2017\/11\/201710arp_111114_073-1-300x200.jpg\" srcset=\"https:\/\/www.valeriehenry.com\/en-emilie-faif\/wp-content\/uploads\/sites\/17\/2017\/11\/201710arp_111114_073-1-300x200.jpg 300w, https:\/\/www.valeriehenry.com\/en-emilie-faif\/wp-content\/uploads\/sites\/17\/2017\/11\/201710arp_111114_073-1-600x400.jpg 600w, https:\/\/www.valeriehenry.com\/en-emilie-faif\/wp-content\/uploads\/sites\/17\/2017\/11\/201710arp_111114_073-1-768x512.jpg 768w, https:\/\/www.valeriehenry.com\/en-emilie-faif\/wp-content\/uploads\/sites\/17\/2017\/11\/201710arp_111114_073-1.jpg 840w\" sizes=\"100vw, (min-width: 640px) 50vw, (min-width: 960px) 37vw, (min-width: 1200px) 25vw, (min-width: 1280px) 277px\" alt = \"\u00ab Les Arpenteurs \u00bb &#8211; compagnie Revue Eclair &#8211; Th\u00e9\u00e2tre de l&#8217;Aquarium &#8211; Photo: P.Grosbois\"><\/figure><\/a><\/div><div class=\"gallery-item uk-margin-bottom uk-width-1-2@s uk-width-1-3@l\"><a href=\"https:\/\/www.valeriehenry.com\/en-emilie-faif\/wp-content\/uploads\/sites\/17\/2017\/11\/201710arp_111114_107-1.jpg\" rel=\"gallery-1\"><figure class=\"uk-margin-small-bottom uk-cover-container uk-height-small uk-section-muted\"><img decoding=\"async\" uk-cover=\"\" src=\"https:\/\/www.valeriehenry.com\/en-emilie-faif\/wp-content\/uploads\/sites\/17\/2017\/11\/201710arp_111114_107-1-300x200.jpg\" srcset=\"https:\/\/www.valeriehenry.com\/en-emilie-faif\/wp-content\/uploads\/sites\/17\/2017\/11\/201710arp_111114_107-1-300x200.jpg 300w, https:\/\/www.valeriehenry.com\/en-emilie-faif\/wp-content\/uploads\/sites\/17\/2017\/11\/201710arp_111114_107-1-600x400.jpg 600w, https:\/\/www.valeriehenry.com\/en-emilie-faif\/wp-content\/uploads\/sites\/17\/2017\/11\/201710arp_111114_107-1-768x512.jpg 768w, https:\/\/www.valeriehenry.com\/en-emilie-faif\/wp-content\/uploads\/sites\/17\/2017\/11\/201710arp_111114_107-1.jpg 840w\" sizes=\"100vw, (min-width: 640px) 50vw, (min-width: 960px) 37vw, (min-width: 1200px) 25vw, (min-width: 1280px) 277px\" alt = \"\u00ab Les Arpenteurs \u00bb &#8211; compagnie Revue Eclair &#8211; Th\u00e9\u00e2tre de l&#8217;Aquarium &#8211; Photo: P.Grosbois\"><\/figure><\/a><\/div><div class=\"gallery-item uk-margin-bottom uk-width-1-2@s uk-width-1-3@l\"><a href=\"https:\/\/www.valeriehenry.com\/en-emilie-faif\/wp-content\/uploads\/sites\/17\/2017\/11\/201710arp_111114_128-1.jpg\" rel=\"gallery-1\"><figure class=\"uk-margin-small-bottom uk-cover-container uk-height-small uk-section-muted\"><img decoding=\"async\" uk-cover=\"\" src=\"https:\/\/www.valeriehenry.com\/en-emilie-faif\/wp-content\/uploads\/sites\/17\/2017\/11\/201710arp_111114_128-1-300x133.jpg\" srcset=\"https:\/\/www.valeriehenry.com\/en-emilie-faif\/wp-content\/uploads\/sites\/17\/2017\/11\/201710arp_111114_128-1-300x133.jpg 300w, https:\/\/www.valeriehenry.com\/en-emilie-faif\/wp-content\/uploads\/sites\/17\/2017\/11\/201710arp_111114_128-1-600x267.jpg 600w, https:\/\/www.valeriehenry.com\/en-emilie-faif\/wp-content\/uploads\/sites\/17\/2017\/11\/201710arp_111114_128-1-768x341.jpg 768w, https:\/\/www.valeriehenry.com\/en-emilie-faif\/wp-content\/uploads\/sites\/17\/2017\/11\/201710arp_111114_128-1-1024x455.jpg 1024w, https:\/\/www.valeriehenry.com\/en-emilie-faif\/wp-content\/uploads\/sites\/17\/2017\/11\/201710arp_111114_128-1.jpg 1260w\" sizes=\"100vw, (min-width: 640px) 50vw, (min-width: 960px) 37vw, (min-width: 1200px) 25vw, (min-width: 1280px) 277px\" alt = \"\u00ab Les Arpenteurs \u00bb &#8211; compagnie Revue Eclair &#8211; Th\u00e9\u00e2tre de l&#8217;Aquarium &#8211; Photo: P.Grosbois\"><\/figure><\/a><\/div><div class=\"gallery-item uk-margin-bottom uk-width-1-2@s uk-width-1-3@l\"><a href=\"https:\/\/www.valeriehenry.com\/en-emilie-faif\/wp-content\/uploads\/sites\/17\/2017\/11\/201710les-arpenteurs-photo-1-pierre-grosbois-1.jpg\" rel=\"gallery-1\"><figure class=\"uk-margin-small-bottom uk-cover-container uk-height-small uk-section-muted\"><img decoding=\"async\" uk-cover=\"\" src=\"https:\/\/www.valeriehenry.com\/en-emilie-faif\/wp-content\/uploads\/sites\/17\/2017\/11\/201710les-arpenteurs-photo-1-pierre-grosbois-1-300x172.jpg\" srcset=\"https:\/\/www.valeriehenry.com\/en-emilie-faif\/wp-content\/uploads\/sites\/17\/2017\/11\/201710les-arpenteurs-photo-1-pierre-grosbois-1-300x172.jpg 300w, https:\/\/www.valeriehenry.com\/en-emilie-faif\/wp-content\/uploads\/sites\/17\/2017\/11\/201710les-arpenteurs-photo-1-pierre-grosbois-1-600x344.jpg 600w, https:\/\/www.valeriehenry.com\/en-emilie-faif\/wp-content\/uploads\/sites\/17\/2017\/11\/201710les-arpenteurs-photo-1-pierre-grosbois-1-768x440.jpg 768w, https:\/\/www.valeriehenry.com\/en-emilie-faif\/wp-content\/uploads\/sites\/17\/2017\/11\/201710les-arpenteurs-photo-1-pierre-grosbois-1.jpg 978w\" sizes=\"100vw, (min-width: 640px) 50vw, (min-width: 960px) 37vw, (min-width: 1200px) 25vw, (min-width: 1280px) 277px\" alt = \"\u00ab Les Arpenteurs \u00bb &#8211; compagnie Revue Eclair &#8211; Th\u00e9\u00e2tre de l&#8217;Aquarium &#8211; Photo: P.Grosbois\"><\/figure><\/a><\/div><div class=\"gallery-item uk-margin-bottom uk-width-1-2@s uk-width-1-3@l\"><a href=\"https:\/\/www.valeriehenry.com\/en-emilie-faif\/wp-content\/uploads\/sites\/17\/2017\/11\/201710d_expo_fuv-1.jpg\" rel=\"gallery-1\"><figure class=\"uk-margin-small-bottom uk-cover-container uk-height-small uk-section-muted\"><img decoding=\"async\" uk-cover=\"\" src=\"https:\/\/www.valeriehenry.com\/en-emilie-faif\/wp-content\/uploads\/sites\/17\/2017\/11\/201710d_expo_fuv-1-300x202.jpg\" srcset=\"https:\/\/www.valeriehenry.com\/en-emilie-faif\/wp-content\/uploads\/sites\/17\/2017\/11\/201710d_expo_fuv-1-300x202.jpg 300w, https:\/\/www.valeriehenry.com\/en-emilie-faif\/wp-content\/uploads\/sites\/17\/2017\/11\/201710d_expo_fuv-1-600x405.jpg 600w, https:\/\/www.valeriehenry.com\/en-emilie-faif\/wp-content\/uploads\/sites\/17\/2017\/11\/201710d_expo_fuv-1-768x518.jpg 768w, https:\/\/www.valeriehenry.com\/en-emilie-faif\/wp-content\/uploads\/sites\/17\/2017\/11\/201710d_expo_fuv-1.jpg 830w\" sizes=\"100vw, (min-width: 640px) 50vw, (min-width: 960px) 37vw, (min-width: 1200px) 25vw, (min-width: 1280px) 277px\" alt = \"WISHES personnal exhibition &#8211; Saint Eustache Paris\"><\/figure><\/a><\/div><div class=\"gallery-item uk-margin-bottom uk-width-1-2@s uk-width-1-3@l\"><a href=\"https:\/\/www.valeriehenry.com\/en-emilie-faif\/wp-content\/uploads\/sites\/17\/2017\/11\/201710e_expo_fuv_2-1.jpg\" rel=\"gallery-1\"><figure class=\"uk-margin-small-bottom uk-cover-container uk-height-small uk-section-muted\"><img decoding=\"async\" uk-cover=\"\" src=\"https:\/\/www.valeriehenry.com\/en-emilie-faif\/wp-content\/uploads\/sites\/17\/2017\/11\/201710e_expo_fuv_2-1-300x202.jpg\" srcset=\"https:\/\/www.valeriehenry.com\/en-emilie-faif\/wp-content\/uploads\/sites\/17\/2017\/11\/201710e_expo_fuv_2-1-300x202.jpg 300w, https:\/\/www.valeriehenry.com\/en-emilie-faif\/wp-content\/uploads\/sites\/17\/2017\/11\/201710e_expo_fuv_2-1-600x405.jpg 600w, https:\/\/www.valeriehenry.com\/en-emilie-faif\/wp-content\/uploads\/sites\/17\/2017\/11\/201710e_expo_fuv_2-1-768x518.jpg 768w, https:\/\/www.valeriehenry.com\/en-emilie-faif\/wp-content\/uploads\/sites\/17\/2017\/11\/201710e_expo_fuv_2-1.jpg 830w\" sizes=\"100vw, (min-width: 640px) 50vw, (min-width: 960px) 37vw, (min-width: 1200px) 25vw, (min-width: 1280px) 277px\" alt = \"WISHES personnal exhibition &#8211; Saint Eustache Paris\"><\/figure><\/a><\/div><div class=\"gallery-item uk-margin-bottom uk-width-1-2@s uk-width-1-3@l\"><a href=\"https:\/\/www.valeriehenry.com\/en-emilie-faif\/wp-content\/uploads\/sites\/17\/2017\/11\/201710kenzo-1.jpg\" rel=\"gallery-1\"><figure class=\"uk-margin-small-bottom uk-cover-container uk-height-small uk-section-muted\"><img decoding=\"async\" uk-cover=\"\" src=\"https:\/\/www.valeriehenry.com\/en-emilie-faif\/wp-content\/uploads\/sites\/17\/2017\/11\/201710kenzo-1-300x225.jpg\" srcset=\"https:\/\/www.valeriehenry.com\/en-emilie-faif\/wp-content\/uploads\/sites\/17\/2017\/11\/201710kenzo-1-300x225.jpg 300w, https:\/\/www.valeriehenry.com\/en-emilie-faif\/wp-content\/uploads\/sites\/17\/2017\/11\/201710kenzo-1-600x450.jpg 600w, https:\/\/www.valeriehenry.com\/en-emilie-faif\/wp-content\/uploads\/sites\/17\/2017\/11\/201710kenzo-1.jpg 746w\" sizes=\"100vw, (min-width: 640px) 50vw, (min-width: 960px) 37vw, (min-width: 1200px) 25vw, (min-width: 1280px) 277px\" alt = \"Kenzo Asia Launch for \u201cEau de Fleur\u201c\"><\/figure><\/a><\/div><div class=\"gallery-item uk-margin-bottom uk-width-1-2@s uk-width-1-3@l\"><a href=\"https:\/\/www.valeriehenry.com\/en-emilie-faif\/wp-content\/uploads\/sites\/17\/2017\/11\/201710o_seconde_peau-1.jpg\" rel=\"gallery-1\"><figure class=\"uk-margin-small-bottom uk-cover-container uk-height-small uk-section-muted\"><img decoding=\"async\" uk-cover=\"\" src=\"https:\/\/www.valeriehenry.com\/en-emilie-faif\/wp-content\/uploads\/sites\/17\/2017\/11\/201710o_seconde_peau-1-300x223.jpg\" srcset=\"https:\/\/www.valeriehenry.com\/en-emilie-faif\/wp-content\/uploads\/sites\/17\/2017\/11\/201710o_seconde_peau-1-300x223.jpg 300w, https:\/\/www.valeriehenry.com\/en-emilie-faif\/wp-content\/uploads\/sites\/17\/2017\/11\/201710o_seconde_peau-1-600x445.jpg 600w, https:\/\/www.valeriehenry.com\/en-emilie-faif\/wp-content\/uploads\/sites\/17\/2017\/11\/201710o_seconde_peau-1.jpg 755w\" sizes=\"100vw, (min-width: 640px) 50vw, (min-width: 960px) 37vw, (min-width: 1200px) 25vw, (min-width: 1280px) 277px\" alt = \"Sc\u00e9nographie de l&#8217;exposition SECONDE PEAU exhibition &#8211; Gallery Fraich Attitude Paris\"><\/figure><\/a><\/div><div class=\"gallery-item uk-margin-bottom uk-width-1-2@s uk-width-1-3@l\"><a href=\"https:\/\/www.valeriehenry.com\/en-emilie-faif\/wp-content\/uploads\/sites\/17\/2017\/11\/201710k_amiens_1-1.jpg\" rel=\"gallery-1\"><figure class=\"uk-margin-small-bottom uk-cover-container uk-height-small uk-section-muted\"><img decoding=\"async\" uk-cover=\"\" src=\"https:\/\/www.valeriehenry.com\/en-emilie-faif\/wp-content\/uploads\/sites\/17\/2017\/11\/201710k_amiens_1-1-300x204.jpg\" srcset=\"https:\/\/www.valeriehenry.com\/en-emilie-faif\/wp-content\/uploads\/sites\/17\/2017\/11\/201710k_amiens_1-1-300x204.jpg 300w, https:\/\/www.valeriehenry.com\/en-emilie-faif\/wp-content\/uploads\/sites\/17\/2017\/11\/201710k_amiens_1-1-600x407.jpg 600w, https:\/\/www.valeriehenry.com\/en-emilie-faif\/wp-content\/uploads\/sites\/17\/2017\/11\/201710k_amiens_1-1-768x521.jpg 768w, https:\/\/www.valeriehenry.com\/en-emilie-faif\/wp-content\/uploads\/sites\/17\/2017\/11\/201710k_amiens_1-1.jpg 825w\" sizes=\"100vw, (min-width: 640px) 50vw, (min-width: 960px) 37vw, (min-width: 1200px) 25vw, (min-width: 1280px) 277px\" alt = \"Th\u00e9\u00e2tre design \u2013 Amiens\"><\/figure><\/a><\/div><div class=\"gallery-item uk-margin-bottom uk-width-1-2@s uk-width-1-3@l\"><a href=\"https:\/\/www.valeriehenry.com\/en-emilie-faif\/wp-content\/uploads\/sites\/17\/2017\/11\/201710l_amiens_2-1.jpg\" rel=\"gallery-1\"><figure class=\"uk-margin-small-bottom uk-cover-container uk-height-small uk-section-muted\"><img decoding=\"async\" uk-cover=\"\" src=\"https:\/\/www.valeriehenry.com\/en-emilie-faif\/wp-content\/uploads\/sites\/17\/2017\/11\/201710l_amiens_2-1-300x193.jpg\" srcset=\"https:\/\/www.valeriehenry.com\/en-emilie-faif\/wp-content\/uploads\/sites\/17\/2017\/11\/201710l_amiens_2-1-300x193.jpg 300w, https:\/\/www.valeriehenry.com\/en-emilie-faif\/wp-content\/uploads\/sites\/17\/2017\/11\/201710l_amiens_2-1-600x385.jpg 600w, https:\/\/www.valeriehenry.com\/en-emilie-faif\/wp-content\/uploads\/sites\/17\/2017\/11\/201710l_amiens_2-1-768x493.jpg 768w, https:\/\/www.valeriehenry.com\/en-emilie-faif\/wp-content\/uploads\/sites\/17\/2017\/11\/201710l_amiens_2-1.jpg 872w\" sizes=\"100vw, (min-width: 640px) 50vw, (min-width: 960px) 37vw, (min-width: 1200px) 25vw, (min-width: 1280px) 277px\" alt = \"Th\u00e9\u00e2tre design \u2013 Amiens\"><\/figure><\/a><\/div><div class=\"gallery-item uk-margin-bottom uk-width-1-2@s uk-width-1-3@l\"><a href=\"https:\/\/www.valeriehenry.com\/en-emilie-faif\/wp-content\/uploads\/sites\/17\/2017\/11\/201710z1_mur-3d_1-1.jpg\" rel=\"gallery-1\"><figure class=\"uk-margin-small-bottom uk-cover-container uk-height-small uk-section-muted\"><img decoding=\"async\" uk-cover=\"\" src=\"https:\/\/www.valeriehenry.com\/en-emilie-faif\/wp-content\/uploads\/sites\/17\/2017\/11\/201710z1_mur-3d_1-1-300x225.jpg\" srcset=\"https:\/\/www.valeriehenry.com\/en-emilie-faif\/wp-content\/uploads\/sites\/17\/2017\/11\/201710z1_mur-3d_1-1-300x225.jpg 300w, https:\/\/www.valeriehenry.com\/en-emilie-faif\/wp-content\/uploads\/sites\/17\/2017\/11\/201710z1_mur-3d_1-1-600x450.jpg 600w, https:\/\/www.valeriehenry.com\/en-emilie-faif\/wp-content\/uploads\/sites\/17\/2017\/11\/201710z1_mur-3d_1-1.jpg 746w\" sizes=\"100vw, (min-width: 640px) 50vw, (min-width: 960px) 37vw, (min-width: 1200px) 25vw, (min-width: 1280px) 277px\" alt = \"Installation pour l\u2018exposition \u201cMati\u00e8re \u00e0 retro-projeter\u201c &#8211; Galerie des enfants, Centre Georges Pompidou, Paris &#8211; F\u00e9vrier Mars 2009\"><\/figure><\/a><\/div><div class=\"gallery-item uk-margin-bottom uk-width-1-2@s uk-width-1-3@l\"><a href=\"https:\/\/www.valeriehenry.com\/en-emilie-faif\/wp-content\/uploads\/sites\/17\/2017\/11\/201710z2_mur-3d_2-1.jpg\" rel=\"gallery-1\"><figure class=\"uk-margin-small-bottom uk-cover-container uk-height-small uk-section-muted\"><img decoding=\"async\" uk-cover=\"\" src=\"https:\/\/www.valeriehenry.com\/en-emilie-faif\/wp-content\/uploads\/sites\/17\/2017\/11\/201710z2_mur-3d_2-1-300x225.jpg\" srcset=\"https:\/\/www.valeriehenry.com\/en-emilie-faif\/wp-content\/uploads\/sites\/17\/2017\/11\/201710z2_mur-3d_2-1-300x225.jpg 300w, https:\/\/www.valeriehenry.com\/en-emilie-faif\/wp-content\/uploads\/sites\/17\/2017\/11\/201710z2_mur-3d_2-1-600x450.jpg 600w, https:\/\/www.valeriehenry.com\/en-emilie-faif\/wp-content\/uploads\/sites\/17\/2017\/11\/201710z2_mur-3d_2-1.jpg 746w\" sizes=\"100vw, (min-width: 640px) 50vw, (min-width: 960px) 37vw, (min-width: 1200px) 25vw, (min-width: 1280px) 277px\" alt = \"Installation pour l\u2018exposition \u201cMati\u00e8re \u00e0 retro-projeter\u201c &#8211; Galerie des enfants, Centre Georges Pompidou, Paris &#8211; F\u00e9vrier Mars 2009\"><\/figure><\/a><\/div><\/div>\n","protected":false},"excerpt":{"rendered":"","protected":false},"author":1,"featured_media":0,"parent":0,"menu_order":5,"comment_status":"closed","ping_status":"closed","template":"","meta":{"_trash_the_other_posts":false,"footnotes":""},"class_list":["post-104","page","type-page","status-publish","hentry"],"yoast_head":"<!-- This site is optimized with the Yoast SEO plugin v23.7 - https:\/\/yoast.com\/wordpress\/plugins\/seo\/ -->\n<title>Emilie Fa\u00eff, visual artist, eco-responsible textile scenography, Paris<\/title>\n<meta name=\"description\" content=\"Emilie Fa\u00eff, artist, visual scenographer, eco-responsible textile sculpture, installations for luxury houses, works on forms\" \/>\n<meta name=\"robots\" content=\"index, follow, max-snippet:-1, max-image-preview:large, max-video-preview:-1\" \/>\n<link rel=\"canonical\" href=\"https:\/\/www.valeriehenry.com\/en-emilie-faif\/scenography\/\" \/>\n<meta property=\"og:locale\" content=\"en_US\" \/>\n<meta property=\"og:type\" content=\"article\" \/>\n<meta property=\"og:title\" content=\"Emilie Fa\u00eff, visual artist, eco-responsible textile scenography, Paris\" \/>\n<meta property=\"og:description\" content=\"Emilie Fa\u00eff, artist, visual scenographer, eco-responsible textile sculpture, installations for luxury houses, works on forms\" \/>\n<meta property=\"og:url\" content=\"https:\/\/www.valeriehenry.com\/en-emilie-faif\/scenography\/\" \/>\n<meta property=\"og:site_name\" content=\"\u00c9milie Faif\" \/>\n<meta property=\"article:modified_time\" content=\"2024-03-21T18:06:23+00:00\" \/>\n<meta property=\"og:image\" content=\"https:\/\/www.valeriehenry.com\/en-emilie-faif\/wp-content\/uploads\/sites\/17\/2017\/10\/LETS-FOLK_MARION-MUZAC_-RESIDENCE_JUILLET_CDC_2017_-\u00aeedmondcarrere-13-sur-98-1-300x200.jpeg\" \/>\n<meta name=\"twitter:card\" content=\"summary_large_image\" \/>\n<meta name=\"twitter:label1\" content=\"Est. reading time\" \/>\n\t<meta name=\"twitter:data1\" content=\"1 minute\" \/>\n<script type=\"application\/ld+json\" class=\"yoast-schema-graph\">{\"@context\":\"https:\/\/schema.org\",\"@graph\":[{\"@type\":\"WebPage\",\"@id\":\"https:\/\/www.valeriehenry.com\/en-emilie-faif\/scenography\/\",\"url\":\"https:\/\/www.valeriehenry.com\/en-emilie-faif\/scenography\/\",\"name\":\"Emilie Fa\u00eff, visual artist, eco-responsible textile scenography, Paris\",\"isPartOf\":{\"@id\":\"https:\/\/www.valeriehenry.com\/en-emilie-faif\/#website\"},\"datePublished\":\"2017-10-11T09:15:08+00:00\",\"dateModified\":\"2024-03-21T18:06:23+00:00\",\"description\":\"Emilie Fa\u00eff, artist, visual scenographer, eco-responsible textile sculpture, installations for luxury houses, works on forms\",\"breadcrumb\":{\"@id\":\"https:\/\/www.valeriehenry.com\/en-emilie-faif\/scenography\/#breadcrumb\"},\"inLanguage\":\"en-US\",\"potentialAction\":[{\"@type\":\"ReadAction\",\"target\":[\"https:\/\/www.valeriehenry.com\/en-emilie-faif\/scenography\/\"]}]},{\"@type\":\"BreadcrumbList\",\"@id\":\"https:\/\/www.valeriehenry.com\/en-emilie-faif\/scenography\/#breadcrumb\",\"itemListElement\":[{\"@type\":\"ListItem\",\"position\":1,\"name\":\"Emilie Faif\",\"item\":\"https:\/\/www.valeriehenry.com\/en-emilie-faif\/\"},{\"@type\":\"ListItem\",\"position\":2,\"name\":\"scenography\"}]},{\"@type\":\"WebSite\",\"@id\":\"https:\/\/www.valeriehenry.com\/en-emilie-faif\/#website\",\"url\":\"https:\/\/www.valeriehenry.com\/en-emilie-faif\/\",\"name\":\"\u00c9milie Faif\",\"description\":\"artist\",\"publisher\":{\"@id\":\"https:\/\/www.valeriehenry.com\/en-emilie-faif\/#organization\"},\"potentialAction\":[{\"@type\":\"SearchAction\",\"target\":{\"@type\":\"EntryPoint\",\"urlTemplate\":\"https:\/\/www.valeriehenry.com\/en-emilie-faif\/?s={search_term_string}\"},\"query-input\":{\"@type\":\"PropertyValueSpecification\",\"valueRequired\":true,\"valueName\":\"search_term_string\"}}],\"inLanguage\":\"en-US\"},{\"@type\":\"Organization\",\"@id\":\"https:\/\/www.valeriehenry.com\/en-emilie-faif\/#organization\",\"name\":\"\u00c9milie Faif\",\"url\":\"https:\/\/www.valeriehenry.com\/en-emilie-faif\/\",\"logo\":{\"@type\":\"ImageObject\",\"inLanguage\":\"en-US\",\"@id\":\"https:\/\/www.valeriehenry.com\/en-emilie-faif\/#\/schema\/logo\/image\/\",\"url\":\"https:\/\/www.valeriehenry.com\/en-emilie-faif\/wp-content\/uploads\/sites\/17\/2017\/10\/valerie_henry_logo.jpg\",\"contentUrl\":\"https:\/\/www.valeriehenry.com\/en-emilie-faif\/wp-content\/uploads\/sites\/17\/2017\/10\/valerie_henry_logo.jpg\",\"width\":165,\"height\":39,\"caption\":\"\u00c9milie Faif\"},\"image\":{\"@id\":\"https:\/\/www.valeriehenry.com\/en-emilie-faif\/#\/schema\/logo\/image\/\"}}]}<\/script>\n<!-- \/ Yoast SEO plugin. -->","yoast_head_json":{"title":"Emilie Fa\u00eff, visual artist, eco-responsible textile scenography, Paris","description":"Emilie Fa\u00eff, artist, visual scenographer, eco-responsible textile sculpture, installations for luxury houses, works on forms","robots":{"index":"index","follow":"follow","max-snippet":"max-snippet:-1","max-image-preview":"max-image-preview:large","max-video-preview":"max-video-preview:-1"},"canonical":"https:\/\/www.valeriehenry.com\/en-emilie-faif\/scenography\/","og_locale":"en_US","og_type":"article","og_title":"Emilie Fa\u00eff, visual artist, eco-responsible textile scenography, Paris","og_description":"Emilie Fa\u00eff, artist, visual scenographer, eco-responsible textile sculpture, installations for luxury houses, works on forms","og_url":"https:\/\/www.valeriehenry.com\/en-emilie-faif\/scenography\/","og_site_name":"\u00c9milie Faif","article_modified_time":"2024-03-21T18:06:23+00:00","og_image":[{"url":"https:\/\/www.valeriehenry.com\/en-emilie-faif\/wp-content\/uploads\/sites\/17\/2017\/10\/LETS-FOLK_MARION-MUZAC_-RESIDENCE_JUILLET_CDC_2017_-\u00aeedmondcarrere-13-sur-98-1-300x200.jpeg"}],"twitter_card":"summary_large_image","twitter_misc":{"Est. reading time":"1 minute"},"schema":{"@context":"https:\/\/schema.org","@graph":[{"@type":"WebPage","@id":"https:\/\/www.valeriehenry.com\/en-emilie-faif\/scenography\/","url":"https:\/\/www.valeriehenry.com\/en-emilie-faif\/scenography\/","name":"Emilie Fa\u00eff, visual artist, eco-responsible textile scenography, Paris","isPartOf":{"@id":"https:\/\/www.valeriehenry.com\/en-emilie-faif\/#website"},"datePublished":"2017-10-11T09:15:08+00:00","dateModified":"2024-03-21T18:06:23+00:00","description":"Emilie Fa\u00eff, artist, visual scenographer, eco-responsible textile sculpture, installations for luxury houses, works on forms","breadcrumb":{"@id":"https:\/\/www.valeriehenry.com\/en-emilie-faif\/scenography\/#breadcrumb"},"inLanguage":"en-US","potentialAction":[{"@type":"ReadAction","target":["https:\/\/www.valeriehenry.com\/en-emilie-faif\/scenography\/"]}]},{"@type":"BreadcrumbList","@id":"https:\/\/www.valeriehenry.com\/en-emilie-faif\/scenography\/#breadcrumb","itemListElement":[{"@type":"ListItem","position":1,"name":"Emilie Faif","item":"https:\/\/www.valeriehenry.com\/en-emilie-faif\/"},{"@type":"ListItem","position":2,"name":"scenography"}]},{"@type":"WebSite","@id":"https:\/\/www.valeriehenry.com\/en-emilie-faif\/#website","url":"https:\/\/www.valeriehenry.com\/en-emilie-faif\/","name":"\u00c9milie Faif","description":"artist","publisher":{"@id":"https:\/\/www.valeriehenry.com\/en-emilie-faif\/#organization"},"potentialAction":[{"@type":"SearchAction","target":{"@type":"EntryPoint","urlTemplate":"https:\/\/www.valeriehenry.com\/en-emilie-faif\/?s={search_term_string}"},"query-input":{"@type":"PropertyValueSpecification","valueRequired":true,"valueName":"search_term_string"}}],"inLanguage":"en-US"},{"@type":"Organization","@id":"https:\/\/www.valeriehenry.com\/en-emilie-faif\/#organization","name":"\u00c9milie Faif","url":"https:\/\/www.valeriehenry.com\/en-emilie-faif\/","logo":{"@type":"ImageObject","inLanguage":"en-US","@id":"https:\/\/www.valeriehenry.com\/en-emilie-faif\/#\/schema\/logo\/image\/","url":"https:\/\/www.valeriehenry.com\/en-emilie-faif\/wp-content\/uploads\/sites\/17\/2017\/10\/valerie_henry_logo.jpg","contentUrl":"https:\/\/www.valeriehenry.com\/en-emilie-faif\/wp-content\/uploads\/sites\/17\/2017\/10\/valerie_henry_logo.jpg","width":165,"height":39,"caption":"\u00c9milie Faif"},"image":{"@id":"https:\/\/www.valeriehenry.com\/en-emilie-faif\/#\/schema\/logo\/image\/"}}]}},"_links":{"self":[{"href":"https:\/\/www.valeriehenry.com\/en-emilie-faif\/wp-json\/wp\/v2\/pages\/104"}],"collection":[{"href":"https:\/\/www.valeriehenry.com\/en-emilie-faif\/wp-json\/wp\/v2\/pages"}],"about":[{"href":"https:\/\/www.valeriehenry.com\/en-emilie-faif\/wp-json\/wp\/v2\/types\/page"}],"author":[{"embeddable":true,"href":"https:\/\/www.valeriehenry.com\/en-emilie-faif\/wp-json\/wp\/v2\/users\/1"}],"replies":[{"embeddable":true,"href":"https:\/\/www.valeriehenry.com\/en-emilie-faif\/wp-json\/wp\/v2\/comments?post=104"}],"version-history":[{"count":7,"href":"https:\/\/www.valeriehenry.com\/en-emilie-faif\/wp-json\/wp\/v2\/pages\/104\/revisions"}],"predecessor-version":[{"id":539,"href":"https:\/\/www.valeriehenry.com\/en-emilie-faif\/wp-json\/wp\/v2\/pages\/104\/revisions\/539"}],"wp:attachment":[{"href":"https:\/\/www.valeriehenry.com\/en-emilie-faif\/wp-json\/wp\/v2\/media?parent=104"}],"curies":[{"name":"wp","href":"https:\/\/api.w.org\/{rel}","templated":true}]}}