{"id":27,"date":"2017-10-11T11:15:06","date_gmt":"2017-10-11T09:15:06","guid":{"rendered":"https:\/\/www.valeriehenry.com\/emilie-faif\/?page_id=27"},"modified":"2024-03-21T19:03:31","modified_gmt":"2024-03-21T18:03:31","slug":"vitrines","status":"publish","type":"page","link":"https:\/\/www.valeriehenry.com\/emilie-faif\/vitrines\/","title":{"rendered":"vitrines"},"content":{"rendered":"<div id=\"gallery-1\" class=\"uk-grid-medium uk-child-width-expand@s\" uk-grid uk-height-match=\"target: > article; row: false\"><div class=\"gallery-item uk-margin-bottom uk-width-1-2@s uk-width-1-3@l\"><a href=\"https:\/\/www.valeriehenry.com\/emilie-faif\/wp-content\/uploads\/sites\/6\/2017\/10\/img_4360.jpg\" rel=\"gallery-1\"><figure class=\"uk-margin-small-bottom uk-cover-container uk-height-small uk-section-muted\"><img decoding=\"async\" uk-cover=\"\" src=\"https:\/\/www.valeriehenry.com\/emilie-faif\/wp-content\/uploads\/sites\/6\/2017\/10\/img_4360-300x233.jpg\" srcset=\"https:\/\/www.valeriehenry.com\/emilie-faif\/wp-content\/uploads\/sites\/6\/2017\/10\/img_4360-300x233.jpg 300w, https:\/\/www.valeriehenry.com\/emilie-faif\/wp-content\/uploads\/sites\/6\/2017\/10\/img_4360-600x467.jpg 600w, https:\/\/www.valeriehenry.com\/emilie-faif\/wp-content\/uploads\/sites\/6\/2017\/10\/img_4360.jpg 720w\" sizes=\"100vw, (min-width: 640px) 50vw, (min-width: 960px) 37vw, (min-width: 1200px) 25vw, (min-width: 1280px) 277px\" alt = \"Emilie Fa\u00eff, plasticienne, mars 2015, sculpture textile pour les 150 ans du Printemps Haussmann, Paris.\"><\/figure><\/a><\/div><div class=\"gallery-item uk-margin-bottom uk-width-1-2@s uk-width-1-3@l\"><a href=\"https:\/\/www.valeriehenry.com\/emilie-faif\/wp-content\/uploads\/sites\/6\/2017\/10\/img_4381b.jpg\" rel=\"gallery-1\"><figure class=\"uk-margin-small-bottom uk-cover-container uk-height-small uk-section-muted\"><img decoding=\"async\" uk-cover=\"\" src=\"https:\/\/www.valeriehenry.com\/emilie-faif\/wp-content\/uploads\/sites\/6\/2017\/10\/img_4381b-300x200.jpg\" srcset=\"https:\/\/www.valeriehenry.com\/emilie-faif\/wp-content\/uploads\/sites\/6\/2017\/10\/img_4381b-300x200.jpg 300w, https:\/\/www.valeriehenry.com\/emilie-faif\/wp-content\/uploads\/sites\/6\/2017\/10\/img_4381b-600x400.jpg 600w, https:\/\/www.valeriehenry.com\/emilie-faif\/wp-content\/uploads\/sites\/6\/2017\/10\/img_4381b-768x513.jpg 768w, https:\/\/www.valeriehenry.com\/emilie-faif\/wp-content\/uploads\/sites\/6\/2017\/10\/img_4381b.jpg 839w\" sizes=\"100vw, (min-width: 640px) 50vw, (min-width: 960px) 37vw, (min-width: 1200px) 25vw, (min-width: 1280px) 277px\" alt = \"Emilie Fa\u00eff, plasticienne, mars 2015, sculpture textile pour les 150 ans du Printemps Haussmann, Paris.\"><\/figure><\/a><\/div><div class=\"gallery-item uk-margin-bottom uk-width-1-2@s uk-width-1-3@l\"><a href=\"https:\/\/www.valeriehenry.com\/emilie-faif\/wp-content\/uploads\/sites\/6\/2017\/10\/img_4331b.jpg\" rel=\"gallery-1\"><figure class=\"uk-margin-small-bottom uk-cover-container uk-height-small uk-section-muted\"><img decoding=\"async\" uk-cover=\"\" src=\"https:\/\/www.valeriehenry.com\/emilie-faif\/wp-content\/uploads\/sites\/6\/2017\/10\/img_4331b-300x200.jpg\" srcset=\"https:\/\/www.valeriehenry.com\/emilie-faif\/wp-content\/uploads\/sites\/6\/2017\/10\/img_4331b-300x200.jpg 300w, https:\/\/www.valeriehenry.com\/emilie-faif\/wp-content\/uploads\/sites\/6\/2017\/10\/img_4331b-600x400.jpg 600w, https:\/\/www.valeriehenry.com\/emilie-faif\/wp-content\/uploads\/sites\/6\/2017\/10\/img_4331b-768x512.jpg 768w, https:\/\/www.valeriehenry.com\/emilie-faif\/wp-content\/uploads\/sites\/6\/2017\/10\/img_4331b.jpg 840w\" sizes=\"100vw, (min-width: 640px) 50vw, (min-width: 960px) 37vw, (min-width: 1200px) 25vw, (min-width: 1280px) 277px\" alt = \"Emilie Fa\u00eff, plasticienne, mars 2015, sculpture textile pour les 150 ans du Printemps Haussmann, Paris.\"><\/figure><\/a><\/div><div class=\"gallery-item uk-margin-bottom uk-width-1-2@s uk-width-1-3@l\"><a href=\"https:\/\/www.valeriehenry.com\/emilie-faif\/wp-content\/uploads\/sites\/6\/2017\/10\/img_6184-copie.jpg\" rel=\"gallery-1\"><figure class=\"uk-margin-small-bottom uk-cover-container uk-height-small uk-section-muted\"><img decoding=\"async\" uk-cover=\"\" src=\"https:\/\/www.valeriehenry.com\/emilie-faif\/wp-content\/uploads\/sites\/6\/2017\/10\/img_6184-copie-300x200.jpg\" srcset=\"https:\/\/www.valeriehenry.com\/emilie-faif\/wp-content\/uploads\/sites\/6\/2017\/10\/img_6184-copie-300x200.jpg 300w, https:\/\/www.valeriehenry.com\/emilie-faif\/wp-content\/uploads\/sites\/6\/2017\/10\/img_6184-copie-600x400.jpg 600w, https:\/\/www.valeriehenry.com\/emilie-faif\/wp-content\/uploads\/sites\/6\/2017\/10\/img_6184-copie-768x512.jpg 768w, https:\/\/www.valeriehenry.com\/emilie-faif\/wp-content\/uploads\/sites\/6\/2017\/10\/img_6184-copie.jpg 840w\" sizes=\"100vw, (min-width: 640px) 50vw, (min-width: 960px) 37vw, (min-width: 1200px) 25vw, (min-width: 1280px) 277px\" alt = \"Emilie Fa\u00eff, plasticienne, mars 2015, sculpture textile pour les 150 ans du Printemps Haussmann, Paris.\"><\/figure><\/a><\/div><div class=\"gallery-item uk-margin-bottom uk-width-1-2@s uk-width-1-3@l\"><a href=\"https:\/\/www.valeriehenry.com\/emilie-faif\/wp-content\/uploads\/sites\/6\/2017\/10\/sculpture-rouge.jpg\" rel=\"gallery-1\"><figure class=\"uk-margin-small-bottom uk-cover-container uk-height-small uk-section-muted\"><img decoding=\"async\" uk-cover=\"\" src=\"https:\/\/www.valeriehenry.com\/emilie-faif\/wp-content\/uploads\/sites\/6\/2017\/10\/sculpture-rouge-300x185.jpg\" srcset=\"https:\/\/www.valeriehenry.com\/emilie-faif\/wp-content\/uploads\/sites\/6\/2017\/10\/sculpture-rouge-300x185.jpg 300w, https:\/\/www.valeriehenry.com\/emilie-faif\/wp-content\/uploads\/sites\/6\/2017\/10\/sculpture-rouge-600x370.jpg 600w, https:\/\/www.valeriehenry.com\/emilie-faif\/wp-content\/uploads\/sites\/6\/2017\/10\/sculpture-rouge-768x474.jpg 768w, https:\/\/www.valeriehenry.com\/emilie-faif\/wp-content\/uploads\/sites\/6\/2017\/10\/sculpture-rouge.jpg 907w\" sizes=\"100vw, (min-width: 640px) 50vw, (min-width: 960px) 37vw, (min-width: 1200px) 25vw, (min-width: 1280px) 277px\" alt = \"Emilie Fa\u00eff, plasticienne, 2011, sculpture textile pour le Printemps Haussmann, Paris.\"><\/figure><\/a><\/div><div class=\"gallery-item uk-margin-bottom uk-width-1-2@s uk-width-1-3@l\"><a href=\"https:\/\/www.valeriehenry.com\/emilie-faif\/wp-content\/uploads\/sites\/6\/2017\/10\/detailrouge.jpg\" rel=\"gallery-1\"><figure class=\"uk-margin-small-bottom uk-cover-container uk-height-small uk-section-muted\"><img decoding=\"async\" uk-cover=\"\" src=\"https:\/\/www.valeriehenry.com\/emilie-faif\/wp-content\/uploads\/sites\/6\/2017\/10\/detailrouge-300x226.jpg\" srcset=\"https:\/\/www.valeriehenry.com\/emilie-faif\/wp-content\/uploads\/sites\/6\/2017\/10\/detailrouge-300x226.jpg 300w, https:\/\/www.valeriehenry.com\/emilie-faif\/wp-content\/uploads\/sites\/6\/2017\/10\/detailrouge-600x451.jpg 600w, https:\/\/www.valeriehenry.com\/emilie-faif\/wp-content\/uploads\/sites\/6\/2017\/10\/detailrouge.jpg 745w\" sizes=\"100vw, (min-width: 640px) 50vw, (min-width: 960px) 37vw, (min-width: 1200px) 25vw, (min-width: 1280px) 277px\" alt = \"Emilie Fa\u00eff, plasticienne, 2011, sculpture textile pour le Printemps Haussmann, Paris.\"><\/figure><\/a><\/div><div class=\"gallery-item uk-margin-bottom uk-width-1-2@s uk-width-1-3@l\"><a href=\"https:\/\/www.valeriehenry.com\/emilie-faif\/wp-content\/uploads\/sites\/6\/2017\/10\/9091-09_0.jpg\" rel=\"gallery-1\"><figure class=\"uk-margin-small-bottom uk-cover-container uk-height-small uk-section-muted\"><img decoding=\"async\" uk-cover=\"\" src=\"https:\/\/www.valeriehenry.com\/emilie-faif\/wp-content\/uploads\/sites\/6\/2017\/10\/9091-09_0-300x133.jpg\" srcset=\"https:\/\/www.valeriehenry.com\/emilie-faif\/wp-content\/uploads\/sites\/6\/2017\/10\/9091-09_0-300x133.jpg 300w, https:\/\/www.valeriehenry.com\/emilie-faif\/wp-content\/uploads\/sites\/6\/2017\/10\/9091-09_0-600x266.jpg 600w, https:\/\/www.valeriehenry.com\/emilie-faif\/wp-content\/uploads\/sites\/6\/2017\/10\/9091-09_0-768x341.jpg 768w, https:\/\/www.valeriehenry.com\/emilie-faif\/wp-content\/uploads\/sites\/6\/2017\/10\/9091-09_0-1024x454.jpg 1024w, https:\/\/www.valeriehenry.com\/emilie-faif\/wp-content\/uploads\/sites\/6\/2017\/10\/9091-09_0.jpg 1262w\" sizes=\"100vw, (min-width: 640px) 50vw, (min-width: 960px) 37vw, (min-width: 1200px) 25vw, (min-width: 1280px) 277px\" alt = \"Emilie Fa\u00eff, plasticienne, 2011, sculpture textile pour le Printemps Haussmann, Paris. \u00a9 photo Francis Peyrat\"><\/figure><\/a><\/div><div class=\"gallery-item uk-margin-bottom uk-width-1-2@s uk-width-1-3@l\"><a href=\"https:\/\/www.valeriehenry.com\/emilie-faif\/wp-content\/uploads\/sites\/6\/2017\/10\/9092-03_0.jpg\" rel=\"gallery-1\"><figure class=\"uk-margin-small-bottom uk-cover-container uk-height-small uk-section-muted\"><img decoding=\"async\" uk-cover=\"\" src=\"https:\/\/www.valeriehenry.com\/emilie-faif\/wp-content\/uploads\/sites\/6\/2017\/10\/9092-03_0-300x161.jpg\" srcset=\"https:\/\/www.valeriehenry.com\/emilie-faif\/wp-content\/uploads\/sites\/6\/2017\/10\/9092-03_0-300x161.jpg 300w, https:\/\/www.valeriehenry.com\/emilie-faif\/wp-content\/uploads\/sites\/6\/2017\/10\/9092-03_0-600x322.jpg 600w, https:\/\/www.valeriehenry.com\/emilie-faif\/wp-content\/uploads\/sites\/6\/2017\/10\/9092-03_0-768x412.jpg 768w, https:\/\/www.valeriehenry.com\/emilie-faif\/wp-content\/uploads\/sites\/6\/2017\/10\/9092-03_0-1024x549.jpg 1024w, https:\/\/www.valeriehenry.com\/emilie-faif\/wp-content\/uploads\/sites\/6\/2017\/10\/9092-03_0.jpg 1044w\" sizes=\"100vw, (min-width: 640px) 50vw, (min-width: 960px) 37vw, (min-width: 1200px) 25vw, (min-width: 1280px) 277px\" alt = \"Emilie Fa\u00eff, plasticienne, 2011, sculpture textile pour le Printemps Haussmann, Paris. \u00a9 photo Francis Peyrat\"><\/figure><\/a><\/div><div class=\"gallery-item uk-margin-bottom uk-width-1-2@s uk-width-1-3@l\"><a href=\"https:\/\/www.valeriehenry.com\/emilie-faif\/wp-content\/uploads\/sites\/6\/2017\/10\/double.jpg\" rel=\"gallery-1\"><figure class=\"uk-margin-small-bottom uk-cover-container uk-height-small uk-section-muted\"><img decoding=\"async\" uk-cover=\"\" src=\"https:\/\/www.valeriehenry.com\/emilie-faif\/wp-content\/uploads\/sites\/6\/2017\/10\/double-300x191.jpg\" srcset=\"https:\/\/www.valeriehenry.com\/emilie-faif\/wp-content\/uploads\/sites\/6\/2017\/10\/double-300x191.jpg 300w, https:\/\/www.valeriehenry.com\/emilie-faif\/wp-content\/uploads\/sites\/6\/2017\/10\/double-600x381.jpg 600w, https:\/\/www.valeriehenry.com\/emilie-faif\/wp-content\/uploads\/sites\/6\/2017\/10\/double-768x488.jpg 768w, https:\/\/www.valeriehenry.com\/emilie-faif\/wp-content\/uploads\/sites\/6\/2017\/10\/double-1024x651.jpg 1024w, https:\/\/www.valeriehenry.com\/emilie-faif\/wp-content\/uploads\/sites\/6\/2017\/10\/double.jpg 1144w\" sizes=\"100vw, (min-width: 640px) 50vw, (min-width: 960px) 37vw, (min-width: 1200px) 25vw, (min-width: 1280px) 277px\" alt = \"Printemps Haussmann &#8211; F\u00eate du Printemps 2019. Ce mois d\u2019avril, Emilie Fa\u00eff a \u00e9t\u00e9 invit\u00e9e \u00e0 investir une vitrine du Printemps Haussmann d\u2019une \u0153uvre bas\u00e9e sur le th\u00e8me du recyclage. Du 4 avril au 9 mai 2019. \"><\/figure><\/a><\/div><div class=\"gallery-item uk-margin-bottom uk-width-1-2@s uk-width-1-3@l\"><a href=\"https:\/\/www.valeriehenry.com\/emilie-faif\/wp-content\/uploads\/sites\/6\/2021\/06\/P1120208.jpeg\" rel=\"gallery-1\"><figure class=\"uk-margin-small-bottom uk-cover-container uk-height-small uk-section-muted\"><img decoding=\"async\" uk-cover=\"\" src=\"https:\/\/www.valeriehenry.com\/emilie-faif\/wp-content\/uploads\/sites\/6\/2021\/06\/P1120208-300x300.jpeg\" srcset=\"https:\/\/www.valeriehenry.com\/emilie-faif\/wp-content\/uploads\/sites\/6\/2021\/06\/P1120208-300x300.jpeg 300w, https:\/\/www.valeriehenry.com\/emilie-faif\/wp-content\/uploads\/sites\/6\/2021\/06\/P1120208-600x600.jpeg 600w, https:\/\/www.valeriehenry.com\/emilie-faif\/wp-content\/uploads\/sites\/6\/2021\/06\/P1120208-768x768.jpeg 768w, https:\/\/www.valeriehenry.com\/emilie-faif\/wp-content\/uploads\/sites\/6\/2021\/06\/P1120208.jpeg 960w\" sizes=\"100vw, (min-width: 640px) 50vw, (min-width: 960px) 37vw, (min-width: 1200px) 25vw, (min-width: 1280px) 277px\" alt = \"Printemps Haussmann &#8211; F\u00eate du Printemps 2019. Ce mois d\u2019avril, Emilie Fa\u00eff a \u00e9t\u00e9 invit\u00e9e \u00e0 investir une vitrine du Printemps Haussmann d\u2019une \u0153uvre bas\u00e9e sur le th\u00e8me du recyclage. Du 4 avril au 9 mai 2019. \"><\/figure><\/a><\/div><div class=\"gallery-item uk-margin-bottom uk-width-1-2@s uk-width-1-3@l\"><a href=\"https:\/\/www.valeriehenry.com\/emilie-faif\/wp-content\/uploads\/sites\/6\/2017\/10\/P1060390BD.jpg\" rel=\"gallery-1\"><figure class=\"uk-margin-small-bottom uk-cover-container uk-height-small uk-section-muted\"><img decoding=\"async\" uk-cover=\"\" src=\"https:\/\/www.valeriehenry.com\/emilie-faif\/wp-content\/uploads\/sites\/6\/2017\/10\/P1060390BD-300x200.jpg\" srcset=\"https:\/\/www.valeriehenry.com\/emilie-faif\/wp-content\/uploads\/sites\/6\/2017\/10\/P1060390BD-300x200.jpg 300w, https:\/\/www.valeriehenry.com\/emilie-faif\/wp-content\/uploads\/sites\/6\/2017\/10\/P1060390BD-600x400.jpg 600w, https:\/\/www.valeriehenry.com\/emilie-faif\/wp-content\/uploads\/sites\/6\/2017\/10\/P1060390BD-768x512.jpg 768w, https:\/\/www.valeriehenry.com\/emilie-faif\/wp-content\/uploads\/sites\/6\/2017\/10\/P1060390BD-1024x683.jpg 1024w, https:\/\/www.valeriehenry.com\/emilie-faif\/wp-content\/uploads\/sites\/6\/2017\/10\/P1060390BD.jpg 1200w\" sizes=\"100vw, (min-width: 640px) 50vw, (min-width: 960px) 37vw, (min-width: 1200px) 25vw, (min-width: 1280px) 277px\" alt = \"Printemps Haussmann &#8211; F\u00eate du Printemps 2019. Le travail textile d&rsquo;Emilie Fa\u00eff s\u2019oriente \u00e0 cette occasion sur la r\u00e9utilisation de languettes de tissus qui constituent la mati\u00e8re premi\u00e8re de ces sculptures. Du 4 avril au 9 mai 2019. \"><\/figure><\/a><\/div><div class=\"gallery-item uk-margin-bottom uk-width-1-2@s uk-width-1-3@l\"><a href=\"https:\/\/www.valeriehenry.com\/emilie-faif\/wp-content\/uploads\/sites\/6\/2019\/10\/DSC_6096-BD.jpg\" rel=\"gallery-1\"><figure class=\"uk-margin-small-bottom uk-cover-container uk-height-small uk-section-muted\"><img decoding=\"async\" uk-cover=\"\" src=\"https:\/\/www.valeriehenry.com\/emilie-faif\/wp-content\/uploads\/sites\/6\/2019\/10\/DSC_6096-BD-e1570626502659-300x235.jpg\" srcset=\"\" sizes=\"100vw, (min-width: 640px) 50vw, (min-width: 960px) 37vw, (min-width: 1200px) 25vw, (min-width: 1280px) 277px\" alt = \"Printemps Haussmann \u2013 F\u00eate du Printemps 2019. Nou\u00e9s patiemment un \u00e0 un les uns aux autres, les fragments de tissu dessinent des silhouettes pointillistes et color\u00e9es \u00e0 la fronti\u00e8re du paysage et de l\u2019animal. Du 4 avril au 9 mai 2019. \u00a9 photo Francis Peyrat\"><\/figure><\/a><\/div><div class=\"gallery-item uk-margin-bottom uk-width-1-2@s uk-width-1-3@l\"><a href=\"https:\/\/www.valeriehenry.com\/emilie-faif\/wp-content\/uploads\/sites\/6\/2017\/10\/tsumori-skin2.jpg\" rel=\"gallery-1\"><figure class=\"uk-margin-small-bottom uk-cover-container uk-height-small uk-section-muted\"><img decoding=\"async\" uk-cover=\"\" src=\"https:\/\/www.valeriehenry.com\/emilie-faif\/wp-content\/uploads\/sites\/6\/2017\/10\/tsumori-skin2-300x225.jpg\" srcset=\"https:\/\/www.valeriehenry.com\/emilie-faif\/wp-content\/uploads\/sites\/6\/2017\/10\/tsumori-skin2-300x225.jpg 300w, https:\/\/www.valeriehenry.com\/emilie-faif\/wp-content\/uploads\/sites\/6\/2017\/10\/tsumori-skin2-600x450.jpg 600w, https:\/\/www.valeriehenry.com\/emilie-faif\/wp-content\/uploads\/sites\/6\/2017\/10\/tsumori-skin2.jpg 746w\" sizes=\"100vw, (min-width: 640px) 50vw, (min-width: 960px) 37vw, (min-width: 1200px) 25vw, (min-width: 1280px) 277px\" alt = \"Emilie Fa\u00eff, plasticienne, septembre 2011, installation textile \u00ab\u00a0Under the Skin\u00a0\u00bb pour les vitrines de Tsumori Chisato, Paris.\n\"><\/figure><\/a><\/div><div class=\"gallery-item uk-margin-bottom uk-width-1-2@s uk-width-1-3@l\"><a href=\"https:\/\/www.valeriehenry.com\/emilie-faif\/wp-content\/uploads\/sites\/6\/2017\/10\/img_5569.jpg\" rel=\"gallery-1\"><figure class=\"uk-margin-small-bottom uk-cover-container uk-height-small uk-section-muted\"><img decoding=\"async\" uk-cover=\"\" src=\"https:\/\/www.valeriehenry.com\/emilie-faif\/wp-content\/uploads\/sites\/6\/2017\/10\/img_5569-200x300.jpg\" srcset=\"https:\/\/www.valeriehenry.com\/emilie-faif\/wp-content\/uploads\/sites\/6\/2017\/10\/img_5569-200x300.jpg 200w, https:\/\/www.valeriehenry.com\/emilie-faif\/wp-content\/uploads\/sites\/6\/2017\/10\/img_5569.jpg 373w\" sizes=\"100vw, (min-width: 640px) 50vw, (min-width: 960px) 37vw, (min-width: 1200px) 25vw, (min-width: 1280px) 277px\" alt = \"Emilie Fa\u00eff, plasticienne, septembre 2011, installation textile \u00ab\u00a0Under the Skin\u00a0\u00bb pour les vitrines de Tsumori Chisato, Paris.\n\"><\/figure><\/a><\/div><div class=\"gallery-item uk-margin-bottom uk-width-1-2@s uk-width-1-3@l\"><a href=\"https:\/\/www.valeriehenry.com\/emilie-faif\/wp-content\/uploads\/sites\/6\/2017\/10\/tsumori-chisato.jpg\" rel=\"gallery-1\"><figure class=\"uk-margin-small-bottom uk-cover-container uk-height-small uk-section-muted\"><img decoding=\"async\" uk-cover=\"\" src=\"https:\/\/www.valeriehenry.com\/emilie-faif\/wp-content\/uploads\/sites\/6\/2017\/10\/tsumori-chisato-300x235.jpg\" srcset=\"https:\/\/www.valeriehenry.com\/emilie-faif\/wp-content\/uploads\/sites\/6\/2017\/10\/tsumori-chisato-300x235.jpg 300w, https:\/\/www.valeriehenry.com\/emilie-faif\/wp-content\/uploads\/sites\/6\/2017\/10\/tsumori-chisato-600x469.jpg 600w, https:\/\/www.valeriehenry.com\/emilie-faif\/wp-content\/uploads\/sites\/6\/2017\/10\/tsumori-chisato.jpg 716w\" sizes=\"100vw, (min-width: 640px) 50vw, (min-width: 960px) 37vw, (min-width: 1200px) 25vw, (min-width: 1280px) 277px\" alt = \"Emilie Fa\u00eff, plasticienne, juin 2011, installation textile pour les vitrines de Tsumori Chisato, Paris.\n\"><\/figure><\/a><\/div><div class=\"gallery-item uk-margin-bottom uk-width-1-2@s uk-width-1-3@l\"><a href=\"https:\/\/www.valeriehenry.com\/emilie-faif\/wp-content\/uploads\/sites\/6\/2017\/10\/faifchisato2.jpg\" rel=\"gallery-1\"><figure class=\"uk-margin-small-bottom uk-cover-container uk-height-small uk-section-muted\"><img decoding=\"async\" uk-cover=\"\" src=\"https:\/\/www.valeriehenry.com\/emilie-faif\/wp-content\/uploads\/sites\/6\/2017\/10\/faifchisato2-200x300.jpg\" srcset=\"https:\/\/www.valeriehenry.com\/emilie-faif\/wp-content\/uploads\/sites\/6\/2017\/10\/faifchisato2-200x300.jpg 200w, https:\/\/www.valeriehenry.com\/emilie-faif\/wp-content\/uploads\/sites\/6\/2017\/10\/faifchisato2.jpg 373w\" sizes=\"100vw, (min-width: 640px) 50vw, (min-width: 960px) 37vw, (min-width: 1200px) 25vw, (min-width: 1280px) 277px\" alt = \"Emilie Fa\u00eff, plasticienne, juin 2011, installation textile pour les vitrines de Tsumori Chisato, Paris.\n\"><\/figure><\/a><\/div><div class=\"gallery-item uk-margin-bottom uk-width-1-2@s uk-width-1-3@l\"><a href=\"https:\/\/www.valeriehenry.com\/emilie-faif\/wp-content\/uploads\/sites\/6\/2017\/10\/faifchisato3.jpg\" rel=\"gallery-1\"><figure class=\"uk-margin-small-bottom uk-cover-container uk-height-small uk-section-muted\"><img decoding=\"async\" uk-cover=\"\" src=\"https:\/\/www.valeriehenry.com\/emilie-faif\/wp-content\/uploads\/sites\/6\/2017\/10\/faifchisato3-200x300.jpg\" srcset=\"https:\/\/www.valeriehenry.com\/emilie-faif\/wp-content\/uploads\/sites\/6\/2017\/10\/faifchisato3-200x300.jpg 200w, https:\/\/www.valeriehenry.com\/emilie-faif\/wp-content\/uploads\/sites\/6\/2017\/10\/faifchisato3.jpg 373w\" sizes=\"100vw, (min-width: 640px) 50vw, (min-width: 960px) 37vw, (min-width: 1200px) 25vw, (min-width: 1280px) 277px\" alt = \"Emilie Fa\u00eff, plasticienne, juin 2011, installation textile pour les vitrines de Tsumori Chisato, Paris.\n\"><\/figure><\/a><\/div><div class=\"gallery-item uk-margin-bottom uk-width-1-2@s uk-width-1-3@l\"><a href=\"https:\/\/www.valeriehenry.com\/emilie-faif\/wp-content\/uploads\/sites\/6\/2017\/10\/photo-vitrine-chisato3.jpg\" rel=\"gallery-1\"><figure class=\"uk-margin-small-bottom uk-cover-container uk-height-small uk-section-muted\"><img decoding=\"async\" uk-cover=\"\" src=\"https:\/\/www.valeriehenry.com\/emilie-faif\/wp-content\/uploads\/sites\/6\/2017\/10\/photo-vitrine-chisato3-300x225.jpg\" srcset=\"https:\/\/www.valeriehenry.com\/emilie-faif\/wp-content\/uploads\/sites\/6\/2017\/10\/photo-vitrine-chisato3-300x225.jpg 300w, https:\/\/www.valeriehenry.com\/emilie-faif\/wp-content\/uploads\/sites\/6\/2017\/10\/photo-vitrine-chisato3-600x450.jpg 600w, https:\/\/www.valeriehenry.com\/emilie-faif\/wp-content\/uploads\/sites\/6\/2017\/10\/photo-vitrine-chisato3.jpg 746w\" sizes=\"100vw, (min-width: 640px) 50vw, (min-width: 960px) 37vw, (min-width: 1200px) 25vw, (min-width: 1280px) 277px\" alt = \"Emilie Fa\u00eff, plasticienne, juin 2011, installation textile pour les vitrines de Tsumori Chisato, Paris.\n\"><\/figure><\/a><\/div><div class=\"gallery-item uk-margin-bottom uk-width-1-2@s uk-width-1-3@l\"><a href=\"https:\/\/www.valeriehenry.com\/emilie-faif\/wp-content\/uploads\/sites\/6\/2017\/10\/vitrine-languettesb-site.jpg\" rel=\"gallery-1\"><figure class=\"uk-margin-small-bottom uk-cover-container uk-height-small uk-section-muted\"><img decoding=\"async\" uk-cover=\"\" src=\"https:\/\/www.valeriehenry.com\/emilie-faif\/wp-content\/uploads\/sites\/6\/2017\/10\/vitrine-languettesb-site-250x300.jpg\" srcset=\"https:\/\/www.valeriehenry.com\/emilie-faif\/wp-content\/uploads\/sites\/6\/2017\/10\/vitrine-languettesb-site-250x300.jpg 250w, https:\/\/www.valeriehenry.com\/emilie-faif\/wp-content\/uploads\/sites\/6\/2017\/10\/vitrine-languettesb-site.jpg 467w\" sizes=\"100vw, (min-width: 640px) 50vw, (min-width: 960px) 37vw, (min-width: 1200px) 25vw, (min-width: 1280px) 277px\" alt = \"Emilie Fa\u00eff, plasticienne, f\u00e9vrier 2014, cr\u00e9ations textiles pour les vitrines de Manuel Canovas, Paris.\n\"><\/figure><\/a><\/div><div class=\"gallery-item uk-margin-bottom uk-width-1-2@s uk-width-1-3@l\"><a href=\"https:\/\/www.valeriehenry.com\/emilie-faif\/wp-content\/uploads\/sites\/6\/2017\/10\/canovas-cactus-pano50965-2.jpg\" rel=\"gallery-1\"><figure class=\"uk-margin-small-bottom uk-cover-container uk-height-small uk-section-muted\"><img decoding=\"async\" uk-cover=\"\" src=\"https:\/\/www.valeriehenry.com\/emilie-faif\/wp-content\/uploads\/sites\/6\/2017\/10\/canovas-cactus-pano50965-2-300x183.jpg\" srcset=\"https:\/\/www.valeriehenry.com\/emilie-faif\/wp-content\/uploads\/sites\/6\/2017\/10\/canovas-cactus-pano50965-2-300x183.jpg 300w, https:\/\/www.valeriehenry.com\/emilie-faif\/wp-content\/uploads\/sites\/6\/2017\/10\/canovas-cactus-pano50965-2-600x366.jpg 600w, https:\/\/www.valeriehenry.com\/emilie-faif\/wp-content\/uploads\/sites\/6\/2017\/10\/canovas-cactus-pano50965-2-768x469.jpg 768w, https:\/\/www.valeriehenry.com\/emilie-faif\/wp-content\/uploads\/sites\/6\/2017\/10\/canovas-cactus-pano50965-2.jpg 917w\" sizes=\"100vw, (min-width: 640px) 50vw, (min-width: 960px) 37vw, (min-width: 1200px) 25vw, (min-width: 1280px) 277px\" alt = \"Emilie Fa\u00eff, plasticienne, f\u00e9vrier 2014, cr\u00e9ations textiles pour les vitrines de Manuel Canovas, Paris. \u00a9 photo Fr\u00e9d\u00e9ric Vasseur \"><\/figure><\/a><\/div><div class=\"gallery-item uk-margin-bottom uk-width-1-2@s uk-width-1-3@l\"><a href=\"https:\/\/www.valeriehenry.com\/emilie-faif\/wp-content\/uploads\/sites\/6\/2017\/10\/arcenciel_1.jpg\" rel=\"gallery-1\"><figure class=\"uk-margin-small-bottom uk-cover-container uk-height-small uk-section-muted\"><img decoding=\"async\" uk-cover=\"\" src=\"https:\/\/www.valeriehenry.com\/emilie-faif\/wp-content\/uploads\/sites\/6\/2017\/10\/arcenciel_1-300x225.jpg\" srcset=\"https:\/\/www.valeriehenry.com\/emilie-faif\/wp-content\/uploads\/sites\/6\/2017\/10\/arcenciel_1-300x225.jpg 300w, https:\/\/www.valeriehenry.com\/emilie-faif\/wp-content\/uploads\/sites\/6\/2017\/10\/arcenciel_1-600x450.jpg 600w, https:\/\/www.valeriehenry.com\/emilie-faif\/wp-content\/uploads\/sites\/6\/2017\/10\/arcenciel_1.jpg 746w\" sizes=\"100vw, (min-width: 640px) 50vw, (min-width: 960px) 37vw, (min-width: 1200px) 25vw, (min-width: 1280px) 277px\" alt = \"Emilie Fa\u00eff, plasticienne, 2010, installation \u00ab\u00a0Arc-en-ciel\u00a0\u00bb, Paris. \"><\/figure><\/a><\/div><div class=\"gallery-item uk-margin-bottom uk-width-1-2@s uk-width-1-3@l\"><a href=\"https:\/\/www.valeriehenry.com\/emilie-faif\/wp-content\/uploads\/sites\/6\/2017\/10\/arcenciel_2.jpg\" rel=\"gallery-1\"><figure class=\"uk-margin-small-bottom uk-cover-container uk-height-small uk-section-muted\"><img decoding=\"async\" uk-cover=\"\" src=\"https:\/\/www.valeriehenry.com\/emilie-faif\/wp-content\/uploads\/sites\/6\/2017\/10\/arcenciel_2-300x225.jpg\" srcset=\"https:\/\/www.valeriehenry.com\/emilie-faif\/wp-content\/uploads\/sites\/6\/2017\/10\/arcenciel_2-300x225.jpg 300w, https:\/\/www.valeriehenry.com\/emilie-faif\/wp-content\/uploads\/sites\/6\/2017\/10\/arcenciel_2-600x450.jpg 600w, https:\/\/www.valeriehenry.com\/emilie-faif\/wp-content\/uploads\/sites\/6\/2017\/10\/arcenciel_2.jpg 746w\" sizes=\"100vw, (min-width: 640px) 50vw, (min-width: 960px) 37vw, (min-width: 1200px) 25vw, (min-width: 1280px) 277px\" alt = \"Emilie Fa\u00eff, plasticienne, 2010, installation \u00ab\u00a0Arc-en-ciel\u00a0\u00bb, Paris. \"><\/figure><\/a><\/div><div class=\"gallery-item uk-margin-bottom uk-width-1-2@s uk-width-1-3@l\"><a href=\"https:\/\/www.valeriehenry.com\/emilie-faif\/wp-content\/uploads\/sites\/6\/2017\/10\/f_kenzo.jpg\" rel=\"gallery-1\"><figure class=\"uk-margin-small-bottom uk-cover-container uk-height-small uk-section-muted\"><img decoding=\"async\" uk-cover=\"\" src=\"https:\/\/www.valeriehenry.com\/emilie-faif\/wp-content\/uploads\/sites\/6\/2017\/10\/f_kenzo-300x225.jpg\" srcset=\"https:\/\/www.valeriehenry.com\/emilie-faif\/wp-content\/uploads\/sites\/6\/2017\/10\/f_kenzo-300x225.jpg 300w, https:\/\/www.valeriehenry.com\/emilie-faif\/wp-content\/uploads\/sites\/6\/2017\/10\/f_kenzo-600x450.jpg 600w, https:\/\/www.valeriehenry.com\/emilie-faif\/wp-content\/uploads\/sites\/6\/2017\/10\/f_kenzo.jpg 746w\" sizes=\"100vw, (min-width: 640px) 50vw, (min-width: 960px) 37vw, (min-width: 1200px) 25vw, (min-width: 1280px) 277px\" alt = \"Emilie Fa\u00eff, plasticienne, avril 2006, installation \u00ab\u00a0Lighting Cherry Tree\u00a0\u00bb pour les vitrines La Bulle Kenzo, Kenzo Parfums, Paris.\n\"><\/figure><\/a><\/div><div class=\"gallery-item uk-margin-bottom uk-width-1-2@s uk-width-1-3@l\"><a href=\"https:\/\/www.valeriehenry.com\/emilie-faif\/wp-content\/uploads\/sites\/6\/2017\/10\/g_kenzo_2.jpg\" rel=\"gallery-1\"><figure class=\"uk-margin-small-bottom uk-cover-container uk-height-small uk-section-muted\"><img decoding=\"async\" uk-cover=\"\" src=\"https:\/\/www.valeriehenry.com\/emilie-faif\/wp-content\/uploads\/sites\/6\/2017\/10\/g_kenzo_2-300x225.jpg\" srcset=\"https:\/\/www.valeriehenry.com\/emilie-faif\/wp-content\/uploads\/sites\/6\/2017\/10\/g_kenzo_2-300x225.jpg 300w, https:\/\/www.valeriehenry.com\/emilie-faif\/wp-content\/uploads\/sites\/6\/2017\/10\/g_kenzo_2-600x450.jpg 600w, https:\/\/www.valeriehenry.com\/emilie-faif\/wp-content\/uploads\/sites\/6\/2017\/10\/g_kenzo_2.jpg 746w\" sizes=\"100vw, (min-width: 640px) 50vw, (min-width: 960px) 37vw, (min-width: 1200px) 25vw, (min-width: 1280px) 277px\" alt = \"Emilie Fa\u00eff, plasticienne, avril 2006, installation \u00ab\u00a0Lighting Cherry Tree\u00a0\u00bb pour les vitrines La Bulle Kenzo, Kenzo Parfums, Paris.\n\"><\/figure><\/a><\/div><div class=\"gallery-item uk-margin-bottom uk-width-1-2@s uk-width-1-3@l\"><a href=\"https:\/\/www.valeriehenry.com\/emilie-faif\/wp-content\/uploads\/sites\/6\/2017\/10\/dentelles.jpg\" rel=\"gallery-1\"><figure class=\"uk-margin-small-bottom uk-cover-container uk-height-small uk-section-muted\"><img decoding=\"async\" uk-cover=\"\" src=\"https:\/\/www.valeriehenry.com\/emilie-faif\/wp-content\/uploads\/sites\/6\/2017\/10\/dentelles-300x182.jpg\" srcset=\"https:\/\/www.valeriehenry.com\/emilie-faif\/wp-content\/uploads\/sites\/6\/2017\/10\/dentelles-300x182.jpg 300w, https:\/\/www.valeriehenry.com\/emilie-faif\/wp-content\/uploads\/sites\/6\/2017\/10\/dentelles-600x364.jpg 600w, https:\/\/www.valeriehenry.com\/emilie-faif\/wp-content\/uploads\/sites\/6\/2017\/10\/dentelles-768x466.jpg 768w, https:\/\/www.valeriehenry.com\/emilie-faif\/wp-content\/uploads\/sites\/6\/2017\/10\/dentelles.jpg 922w\" sizes=\"100vw, (min-width: 640px) 50vw, (min-width: 960px) 37vw, (min-width: 1200px) 25vw, (min-width: 1280px) 277px\" alt = \"Emilie Fa\u00eff, plasticienne, 2005, installation \u00ab\u00a0Dentelles\u00a0\u00bb pour les vitrines d&rsquo;Isabel Marant, Paris. Dimensions : 300 x 200 x 150 cm. \"><\/figure><\/a><\/div><div class=\"gallery-item uk-margin-bottom uk-width-1-2@s uk-width-1-3@l\"><a href=\"https:\/\/www.valeriehenry.com\/emilie-faif\/wp-content\/uploads\/sites\/6\/2017\/10\/b_dentelles.jpg\" rel=\"gallery-1\"><figure class=\"uk-margin-small-bottom uk-cover-container uk-height-small uk-section-muted\"><img decoding=\"async\" uk-cover=\"\" src=\"https:\/\/www.valeriehenry.com\/emilie-faif\/wp-content\/uploads\/sites\/6\/2017\/10\/b_dentelles-225x300.jpg\" srcset=\"https:\/\/www.valeriehenry.com\/emilie-faif\/wp-content\/uploads\/sites\/6\/2017\/10\/b_dentelles-225x300.jpg 225w, https:\/\/www.valeriehenry.com\/emilie-faif\/wp-content\/uploads\/sites\/6\/2017\/10\/b_dentelles.jpg 420w\" sizes=\"100vw, (min-width: 640px) 50vw, (min-width: 960px) 37vw, (min-width: 1200px) 25vw, (min-width: 1280px) 277px\" alt = \"Emilie Fa\u00eff, plasticienne, 2005, installation \u00ab\u00a0Dentelles\u00a0\u00bb pour les vitrines d&rsquo;Isabel Marant, Paris. Dimensions : 300 x 200 x 150 cm. \"><\/figure><\/a><\/div><div class=\"gallery-item uk-margin-bottom uk-width-1-2@s uk-width-1-3@l\"><a href=\"https:\/\/www.valeriehenry.com\/emilie-faif\/wp-content\/uploads\/sites\/6\/2017\/10\/a_dentelles.jpg\" rel=\"gallery-1\"><figure class=\"uk-margin-small-bottom uk-cover-container uk-height-small uk-section-muted\"><img decoding=\"async\" uk-cover=\"\" src=\"https:\/\/www.valeriehenry.com\/emilie-faif\/wp-content\/uploads\/sites\/6\/2017\/10\/a_dentelles-300x206.jpg\" srcset=\"https:\/\/www.valeriehenry.com\/emilie-faif\/wp-content\/uploads\/sites\/6\/2017\/10\/a_dentelles-300x206.jpg 300w, https:\/\/www.valeriehenry.com\/emilie-faif\/wp-content\/uploads\/sites\/6\/2017\/10\/a_dentelles-600x412.jpg 600w, https:\/\/www.valeriehenry.com\/emilie-faif\/wp-content\/uploads\/sites\/6\/2017\/10\/a_dentelles-768x528.jpg 768w, https:\/\/www.valeriehenry.com\/emilie-faif\/wp-content\/uploads\/sites\/6\/2017\/10\/a_dentelles.jpg 815w\" sizes=\"100vw, (min-width: 640px) 50vw, (min-width: 960px) 37vw, (min-width: 1200px) 25vw, (min-width: 1280px) 277px\" alt = \"Emilie Fa\u00eff, plasticienne, 2005, installation \u00ab\u00a0Dentelles\u00a0\u00bb pour les vitrines d&rsquo;Isabel Marant, Paris. Dimensions : 300 x 200 x 150 cm. \"><\/figure><\/a><\/div><div class=\"gallery-item uk-margin-bottom uk-width-1-2@s uk-width-1-3@l\"><a href=\"https:\/\/www.valeriehenry.com\/emilie-faif\/wp-content\/uploads\/sites\/6\/2017\/10\/montage-chps-elysees01.jpg\" rel=\"gallery-1\"><figure class=\"uk-margin-small-bottom uk-cover-container uk-height-small uk-section-muted\"><img decoding=\"async\" uk-cover=\"\" src=\"https:\/\/www.valeriehenry.com\/emilie-faif\/wp-content\/uploads\/sites\/6\/2017\/10\/montage-chps-elysees01-300x300.jpg\" srcset=\"https:\/\/www.valeriehenry.com\/emilie-faif\/wp-content\/uploads\/sites\/6\/2017\/10\/montage-chps-elysees01-300x300.jpg 300w, https:\/\/www.valeriehenry.com\/emilie-faif\/wp-content\/uploads\/sites\/6\/2017\/10\/montage-chps-elysees01.jpg 562w\" sizes=\"100vw, (min-width: 640px) 50vw, (min-width: 960px) 37vw, (min-width: 1200px) 25vw, (min-width: 1280px) 277px\" alt = \"Emilie Fa\u00eff, plasticienne, mai 2013, installation \u00ab\u00a0Shalimar\u00a0\u00bb pour vitrines Guerlain, Paris. \u00a9 photo Francis Peyrat\n\"><\/figure><\/a><\/div><div class=\"gallery-item uk-margin-bottom uk-width-1-2@s uk-width-1-3@l\"><a href=\"https:\/\/www.valeriehenry.com\/emilie-faif\/wp-content\/uploads\/sites\/6\/2017\/10\/face-02.jpg\" rel=\"gallery-1\"><figure class=\"uk-margin-small-bottom uk-cover-container uk-height-small uk-section-muted\"><img decoding=\"async\" uk-cover=\"\" src=\"https:\/\/www.valeriehenry.com\/emilie-faif\/wp-content\/uploads\/sites\/6\/2017\/10\/face-02-225x300.jpg\" srcset=\"https:\/\/www.valeriehenry.com\/emilie-faif\/wp-content\/uploads\/sites\/6\/2017\/10\/face-02-225x300.jpg 225w, https:\/\/www.valeriehenry.com\/emilie-faif\/wp-content\/uploads\/sites\/6\/2017\/10\/face-02.jpg 420w\" sizes=\"100vw, (min-width: 640px) 50vw, (min-width: 960px) 37vw, (min-width: 1200px) 25vw, (min-width: 1280px) 277px\" alt = \"Emilie Fa\u00eff, plasticienne, mai 2013, installation \u00ab\u00a0Shalimar\u00a0\u00bb pour vitrines Guerlain, Paris. \u00a9 photo Francis Peyrat\"><\/figure><\/a><\/div><div class=\"gallery-item uk-margin-bottom uk-width-1-2@s uk-width-1-3@l\"><a href=\"https:\/\/www.valeriehenry.com\/emilie-faif\/wp-content\/uploads\/sites\/6\/2017\/10\/face.jpg\" rel=\"gallery-1\"><figure class=\"uk-margin-small-bottom uk-cover-container uk-height-small uk-section-muted\"><img decoding=\"async\" uk-cover=\"\" src=\"https:\/\/www.valeriehenry.com\/emilie-faif\/wp-content\/uploads\/sites\/6\/2017\/10\/face-225x300.jpg\" srcset=\"https:\/\/www.valeriehenry.com\/emilie-faif\/wp-content\/uploads\/sites\/6\/2017\/10\/face-225x300.jpg 225w, https:\/\/www.valeriehenry.com\/emilie-faif\/wp-content\/uploads\/sites\/6\/2017\/10\/face.jpg 420w\" sizes=\"100vw, (min-width: 640px) 50vw, (min-width: 960px) 37vw, (min-width: 1200px) 25vw, (min-width: 1280px) 277px\" alt = \"Emilie Fa\u00eff, plasticienne, mai 2013, installation \u00ab\u00a0Shalimar\u00a0\u00bb pour vitrines Guerlain, Paris. \u00a9 photo Francis Peyrat\"><\/figure><\/a><\/div><div class=\"gallery-item uk-margin-bottom uk-width-1-2@s uk-width-1-3@l\"><a href=\"https:\/\/www.valeriehenry.com\/emilie-faif\/wp-content\/uploads\/sites\/6\/2017\/10\/prairie_3.jpg\" rel=\"gallery-1\"><figure class=\"uk-margin-small-bottom uk-cover-container uk-height-small uk-section-muted\"><img decoding=\"async\" uk-cover=\"\" src=\"https:\/\/www.valeriehenry.com\/emilie-faif\/wp-content\/uploads\/sites\/6\/2017\/10\/prairie_3-300x225.jpg\" srcset=\"https:\/\/www.valeriehenry.com\/emilie-faif\/wp-content\/uploads\/sites\/6\/2017\/10\/prairie_3-300x225.jpg 300w, https:\/\/www.valeriehenry.com\/emilie-faif\/wp-content\/uploads\/sites\/6\/2017\/10\/prairie_3-600x450.jpg 600w, https:\/\/www.valeriehenry.com\/emilie-faif\/wp-content\/uploads\/sites\/6\/2017\/10\/prairie_3.jpg 746w\" sizes=\"100vw, (min-width: 640px) 50vw, (min-width: 960px) 37vw, (min-width: 1200px) 25vw, (min-width: 1280px) 277px\" alt = \"Emilie Fa\u00eff, plasticienne, 2008, installation \u00ab\u00a0Prairie\u00a0\u00bb pour vitrines Isabel Marant. Dimensions : 85 x 55 cm. \"><\/figure><\/a><\/div><div class=\"gallery-item uk-margin-bottom uk-width-1-2@s uk-width-1-3@l\"><a href=\"https:\/\/www.valeriehenry.com\/emilie-faif\/wp-content\/uploads\/sites\/6\/2017\/10\/prairie_1.jpg\" rel=\"gallery-1\"><figure class=\"uk-margin-small-bottom uk-cover-container uk-height-small uk-section-muted\"><img decoding=\"async\" uk-cover=\"\" src=\"https:\/\/www.valeriehenry.com\/emilie-faif\/wp-content\/uploads\/sites\/6\/2017\/10\/prairie_1-300x225.jpg\" srcset=\"https:\/\/www.valeriehenry.com\/emilie-faif\/wp-content\/uploads\/sites\/6\/2017\/10\/prairie_1-300x225.jpg 300w, https:\/\/www.valeriehenry.com\/emilie-faif\/wp-content\/uploads\/sites\/6\/2017\/10\/prairie_1-600x450.jpg 600w, https:\/\/www.valeriehenry.com\/emilie-faif\/wp-content\/uploads\/sites\/6\/2017\/10\/prairie_1.jpg 746w\" sizes=\"100vw, (min-width: 640px) 50vw, (min-width: 960px) 37vw, (min-width: 1200px) 25vw, (min-width: 1280px) 277px\" alt = \"Emilie Fa\u00eff, plasticienne, 2008, installation \u00ab\u00a0Prairie\u00a0\u00bb pour vitrines Isabel Marant. Dimensions : 85 x 55 cm. \"><\/figure><\/a><\/div><div class=\"gallery-item uk-margin-bottom uk-width-1-2@s uk-width-1-3@l\"><a href=\"https:\/\/www.valeriehenry.com\/emilie-faif\/wp-content\/uploads\/sites\/6\/2017\/10\/prairie_4.jpg\" rel=\"gallery-1\"><figure class=\"uk-margin-small-bottom uk-cover-container uk-height-small uk-section-muted\"><img decoding=\"async\" uk-cover=\"\" src=\"https:\/\/www.valeriehenry.com\/emilie-faif\/wp-content\/uploads\/sites\/6\/2017\/10\/prairie_4-300x225.jpg\" srcset=\"https:\/\/www.valeriehenry.com\/emilie-faif\/wp-content\/uploads\/sites\/6\/2017\/10\/prairie_4-300x225.jpg 300w, https:\/\/www.valeriehenry.com\/emilie-faif\/wp-content\/uploads\/sites\/6\/2017\/10\/prairie_4-600x450.jpg 600w, https:\/\/www.valeriehenry.com\/emilie-faif\/wp-content\/uploads\/sites\/6\/2017\/10\/prairie_4.jpg 746w\" sizes=\"100vw, (min-width: 640px) 50vw, (min-width: 960px) 37vw, (min-width: 1200px) 25vw, (min-width: 1280px) 277px\" alt = \"Emilie Fa\u00eff, plasticienne, 2008, installation \u00ab\u00a0Prairie\u00a0\u00bb pour vitrines Isabel Marant. Dimensions : 85 x 55 cm. \"><\/figure><\/a><\/div><div class=\"gallery-item uk-margin-bottom uk-width-1-2@s uk-width-1-3@l\"><a href=\"https:\/\/www.valeriehenry.com\/emilie-faif\/wp-content\/uploads\/sites\/6\/2017\/10\/prairie_6.jpg\" rel=\"gallery-1\"><figure class=\"uk-margin-small-bottom uk-cover-container uk-height-small uk-section-muted\"><img decoding=\"async\" uk-cover=\"\" src=\"https:\/\/www.valeriehenry.com\/emilie-faif\/wp-content\/uploads\/sites\/6\/2017\/10\/prairie_6-300x225.jpg\" srcset=\"https:\/\/www.valeriehenry.com\/emilie-faif\/wp-content\/uploads\/sites\/6\/2017\/10\/prairie_6-300x225.jpg 300w, https:\/\/www.valeriehenry.com\/emilie-faif\/wp-content\/uploads\/sites\/6\/2017\/10\/prairie_6-600x450.jpg 600w, https:\/\/www.valeriehenry.com\/emilie-faif\/wp-content\/uploads\/sites\/6\/2017\/10\/prairie_6.jpg 746w\" sizes=\"100vw, (min-width: 640px) 50vw, (min-width: 960px) 37vw, (min-width: 1200px) 25vw, (min-width: 1280px) 277px\" alt = \"Emilie Fa\u00eff, plasticienne, 2008, installation \u00ab\u00a0Prairie\u00a0\u00bb pour vitrines Isabel Marant. Dimensions : 85 x 55 cm. \"><\/figure><\/a><\/div><div class=\"gallery-item uk-margin-bottom uk-width-1-2@s uk-width-1-3@l\"><a href=\"https:\/\/www.valeriehenry.com\/emilie-faif\/wp-content\/uploads\/sites\/6\/2017\/10\/i_hollywood_1.jpg\" rel=\"gallery-1\"><figure class=\"uk-margin-small-bottom uk-cover-container uk-height-small uk-section-muted\"><img decoding=\"async\" uk-cover=\"\" src=\"https:\/\/www.valeriehenry.com\/emilie-faif\/wp-content\/uploads\/sites\/6\/2017\/10\/i_hollywood_1-223x300.jpg\" srcset=\"https:\/\/www.valeriehenry.com\/emilie-faif\/wp-content\/uploads\/sites\/6\/2017\/10\/i_hollywood_1-223x300.jpg 223w, https:\/\/www.valeriehenry.com\/emilie-faif\/wp-content\/uploads\/sites\/6\/2017\/10\/i_hollywood_1.jpg 416w\" sizes=\"100vw, (min-width: 640px) 50vw, (min-width: 960px) 37vw, (min-width: 1200px) 25vw, (min-width: 1280px) 277px\" alt = \"Emilie Fa\u00eff, plasticienne, 2005, installation \u00ab\u00a0Hollywood Kiss\u00a0\u00bb pour vitrines Isabel Marant, Paris.\"><\/figure><\/a><\/div><div class=\"gallery-item uk-margin-bottom uk-width-1-2@s uk-width-1-3@l\"><a href=\"https:\/\/www.valeriehenry.com\/emilie-faif\/wp-content\/uploads\/sites\/6\/2017\/10\/baiser_hollywood_3.jpg\" rel=\"gallery-1\"><figure class=\"uk-margin-small-bottom uk-cover-container uk-height-small uk-section-muted\"><img decoding=\"async\" uk-cover=\"\" src=\"https:\/\/www.valeriehenry.com\/emilie-faif\/wp-content\/uploads\/sites\/6\/2017\/10\/baiser_hollywood_3-300x219.jpg\" srcset=\"https:\/\/www.valeriehenry.com\/emilie-faif\/wp-content\/uploads\/sites\/6\/2017\/10\/baiser_hollywood_3-300x219.jpg 300w, https:\/\/www.valeriehenry.com\/emilie-faif\/wp-content\/uploads\/sites\/6\/2017\/10\/baiser_hollywood_3-600x438.jpg 600w, https:\/\/www.valeriehenry.com\/emilie-faif\/wp-content\/uploads\/sites\/6\/2017\/10\/baiser_hollywood_3.jpg 768w\" sizes=\"100vw, (min-width: 640px) 50vw, (min-width: 960px) 37vw, (min-width: 1200px) 25vw, (min-width: 1280px) 277px\" alt = \"Emilie Fa\u00eff, plasticienne, 2005, installation \u00ab\u00a0Hollywood Kiss\u00a0\u00bb pour vitrines Isabel Marant, Paris.\"><\/figure><\/a><\/div><div class=\"gallery-item uk-margin-bottom uk-width-1-2@s uk-width-1-3@l\"><a href=\"https:\/\/www.valeriehenry.com\/emilie-faif\/wp-content\/uploads\/sites\/6\/2017\/10\/vinyle_2.jpg\" rel=\"gallery-1\"><figure class=\"uk-margin-small-bottom uk-cover-container uk-height-small uk-section-muted\"><img decoding=\"async\" uk-cover=\"\" src=\"https:\/\/www.valeriehenry.com\/emilie-faif\/wp-content\/uploads\/sites\/6\/2017\/10\/vinyle_2-300x225.jpg\" srcset=\"https:\/\/www.valeriehenry.com\/emilie-faif\/wp-content\/uploads\/sites\/6\/2017\/10\/vinyle_2-300x225.jpg 300w, https:\/\/www.valeriehenry.com\/emilie-faif\/wp-content\/uploads\/sites\/6\/2017\/10\/vinyle_2-600x450.jpg 600w, https:\/\/www.valeriehenry.com\/emilie-faif\/wp-content\/uploads\/sites\/6\/2017\/10\/vinyle_2.jpg 746w\" sizes=\"100vw, (min-width: 640px) 50vw, (min-width: 960px) 37vw, (min-width: 1200px) 25vw, (min-width: 1280px) 277px\" alt = \"Emilie Fa\u00eff, plasticienne, 2009, installation \u00ab\u00a0Vinyle\u00a0\u00bb pour vitrines Isabel Marant, Paris.\"><\/figure><\/a><\/div><div class=\"gallery-item uk-margin-bottom uk-width-1-2@s uk-width-1-3@l\"><a href=\"https:\/\/www.valeriehenry.com\/emilie-faif\/wp-content\/uploads\/sites\/6\/2017\/10\/vinyle_1.jpg\" rel=\"gallery-1\"><figure class=\"uk-margin-small-bottom uk-cover-container uk-height-small uk-section-muted\"><img decoding=\"async\" uk-cover=\"\" src=\"https:\/\/www.valeriehenry.com\/emilie-faif\/wp-content\/uploads\/sites\/6\/2017\/10\/vinyle_1-300x225.jpg\" srcset=\"https:\/\/www.valeriehenry.com\/emilie-faif\/wp-content\/uploads\/sites\/6\/2017\/10\/vinyle_1-300x225.jpg 300w, https:\/\/www.valeriehenry.com\/emilie-faif\/wp-content\/uploads\/sites\/6\/2017\/10\/vinyle_1-600x450.jpg 600w, https:\/\/www.valeriehenry.com\/emilie-faif\/wp-content\/uploads\/sites\/6\/2017\/10\/vinyle_1.jpg 746w\" sizes=\"100vw, (min-width: 640px) 50vw, (min-width: 960px) 37vw, (min-width: 1200px) 25vw, (min-width: 1280px) 277px\" alt = \"Emilie Fa\u00eff, plasticienne, 2009, installation \u00ab\u00a0Vinyle\u00a0\u00bb pour vitrines Isabel Marant, Paris.\"><\/figure><\/a><\/div><div class=\"gallery-item uk-margin-bottom uk-width-1-2@s uk-width-1-3@l\"><a href=\"https:\/\/www.valeriehenry.com\/emilie-faif\/wp-content\/uploads\/sites\/6\/2017\/10\/paris-new-york.jpg\" rel=\"gallery-1\"><figure class=\"uk-margin-small-bottom uk-cover-container uk-height-small uk-section-muted\"><img decoding=\"async\" uk-cover=\"\" src=\"https:\/\/www.valeriehenry.com\/emilie-faif\/wp-content\/uploads\/sites\/6\/2017\/10\/paris-new-york-300x225.jpg\" srcset=\"https:\/\/www.valeriehenry.com\/emilie-faif\/wp-content\/uploads\/sites\/6\/2017\/10\/paris-new-york-300x225.jpg 300w, https:\/\/www.valeriehenry.com\/emilie-faif\/wp-content\/uploads\/sites\/6\/2017\/10\/paris-new-york-600x450.jpg 600w, https:\/\/www.valeriehenry.com\/emilie-faif\/wp-content\/uploads\/sites\/6\/2017\/10\/paris-new-york.jpg 746w\" sizes=\"100vw, (min-width: 640px) 50vw, (min-width: 960px) 37vw, (min-width: 1200px) 25vw, (min-width: 1280px) 277px\" alt = \"Emilie Fa\u00eff, plasticienne, 2010, sculpture textile \u00ab\u00a0Paris-New York\u00a0\u00bb pour vitrines Isabel Marant. Dimensions : 140 x 100 x 140 cm. \"><\/figure><\/a><\/div><div class=\"gallery-item uk-margin-bottom uk-width-1-2@s uk-width-1-3@l\"><a href=\"https:\/\/www.valeriehenry.com\/emilie-faif\/wp-content\/uploads\/sites\/6\/2020\/03\/parisny6.jpg\" rel=\"gallery-1\"><figure class=\"uk-margin-small-bottom uk-cover-container uk-height-small uk-section-muted\"><img decoding=\"async\" uk-cover=\"\" src=\"https:\/\/www.valeriehenry.com\/emilie-faif\/wp-content\/uploads\/sites\/6\/2020\/03\/parisny6-300x225.jpg\" srcset=\"https:\/\/www.valeriehenry.com\/emilie-faif\/wp-content\/uploads\/sites\/6\/2020\/03\/parisny6-300x225.jpg 300w, https:\/\/www.valeriehenry.com\/emilie-faif\/wp-content\/uploads\/sites\/6\/2020\/03\/parisny6-600x450.jpg 600w, https:\/\/www.valeriehenry.com\/emilie-faif\/wp-content\/uploads\/sites\/6\/2020\/03\/parisny6.jpg 746w\" sizes=\"100vw, (min-width: 640px) 50vw, (min-width: 960px) 37vw, (min-width: 1200px) 25vw, (min-width: 1280px) 277px\" alt = \"Emilie Fa\u00eff, plasticienne, 2010, sculpture textile \u00ab\u00a0Paris-New York\u00a0\u00bb pour vitrines Isabel Marant. Dimensions : 140 x 100 x 140 cm. \"><\/figure><\/a><\/div><div class=\"gallery-item uk-margin-bottom uk-width-1-2@s uk-width-1-3@l\"><a href=\"https:\/\/www.valeriehenry.com\/emilie-faif\/wp-content\/uploads\/sites\/6\/2017\/10\/coeur.jpg\" rel=\"gallery-1\"><figure class=\"uk-margin-small-bottom uk-cover-container uk-height-small uk-section-muted\"><img decoding=\"async\" uk-cover=\"\" src=\"https:\/\/www.valeriehenry.com\/emilie-faif\/wp-content\/uploads\/sites\/6\/2017\/10\/coeur-224x300.jpg\" srcset=\"https:\/\/www.valeriehenry.com\/emilie-faif\/wp-content\/uploads\/sites\/6\/2017\/10\/coeur-224x300.jpg 224w, https:\/\/www.valeriehenry.com\/emilie-faif\/wp-content\/uploads\/sites\/6\/2017\/10\/coeur.jpg 419w\" sizes=\"100vw, (min-width: 640px) 50vw, (min-width: 960px) 37vw, (min-width: 1200px) 25vw, (min-width: 1280px) 277px\" alt = \"Emilie Fa\u00eff, plasticienne, 2007, sculpture textile \u00ab\u00a0Coeur\u00a0\u00bb pour vitrines Isabel Marant.\nDimensions :  150 x 100 x 80 cm.\"><\/figure><\/a><\/div><div class=\"gallery-item uk-margin-bottom uk-width-1-2@s uk-width-1-3@l\"><a href=\"https:\/\/www.valeriehenry.com\/emilie-faif\/wp-content\/uploads\/sites\/6\/2017\/10\/f_paysage_2.jpg\" rel=\"gallery-1\"><figure class=\"uk-margin-small-bottom uk-cover-container uk-height-small uk-section-muted\"><img decoding=\"async\" uk-cover=\"\" src=\"https:\/\/www.valeriehenry.com\/emilie-faif\/wp-content\/uploads\/sites\/6\/2017\/10\/f_paysage_2-300x230.jpg\" srcset=\"https:\/\/www.valeriehenry.com\/emilie-faif\/wp-content\/uploads\/sites\/6\/2017\/10\/f_paysage_2-300x230.jpg 300w, https:\/\/www.valeriehenry.com\/emilie-faif\/wp-content\/uploads\/sites\/6\/2017\/10\/f_paysage_2-600x459.jpg 600w, https:\/\/www.valeriehenry.com\/emilie-faif\/wp-content\/uploads\/sites\/6\/2017\/10\/f_paysage_2.jpg 732w\" sizes=\"100vw, (min-width: 640px) 50vw, (min-width: 960px) 37vw, (min-width: 1200px) 25vw, (min-width: 1280px) 277px\" alt = \"Emilie Fa\u00eff, plasticienne, 2006, \u00ab\u00a0V\u00eatements Paysages\u00a0\u00bb, impressions sur v\u00eatements, Isabel Marant.\n\n\"><\/figure><\/a><\/div><div class=\"gallery-item uk-margin-bottom uk-width-1-2@s uk-width-1-3@l\"><a href=\"https:\/\/www.valeriehenry.com\/emilie-faif\/wp-content\/uploads\/sites\/6\/2017\/10\/m_patate_1.jpg\" rel=\"gallery-1\"><figure class=\"uk-margin-small-bottom uk-cover-container uk-height-small uk-section-muted\"><img decoding=\"async\" uk-cover=\"\" src=\"https:\/\/www.valeriehenry.com\/emilie-faif\/wp-content\/uploads\/sites\/6\/2017\/10\/m_patate_1-300x199.jpg\" srcset=\"https:\/\/www.valeriehenry.com\/emilie-faif\/wp-content\/uploads\/sites\/6\/2017\/10\/m_patate_1-300x199.jpg 300w, https:\/\/www.valeriehenry.com\/emilie-faif\/wp-content\/uploads\/sites\/6\/2017\/10\/m_patate_1-600x398.jpg 600w, https:\/\/www.valeriehenry.com\/emilie-faif\/wp-content\/uploads\/sites\/6\/2017\/10\/m_patate_1-768x510.jpg 768w, https:\/\/www.valeriehenry.com\/emilie-faif\/wp-content\/uploads\/sites\/6\/2017\/10\/m_patate_1.jpg 844w\" sizes=\"100vw, (min-width: 640px) 50vw, (min-width: 960px) 37vw, (min-width: 1200px) 25vw, (min-width: 1280px) 277px\" alt = \"GERMINATION &#8211; Isabel Marant Paris\"><\/figure><\/a><\/div><div class=\"gallery-item uk-margin-bottom uk-width-1-2@s uk-width-1-3@l\"><a href=\"https:\/\/www.valeriehenry.com\/emilie-faif\/wp-content\/uploads\/sites\/6\/2017\/10\/n_patate_2.jpg\" rel=\"gallery-1\"><figure class=\"uk-margin-small-bottom uk-cover-container uk-height-small uk-section-muted\"><img decoding=\"async\" uk-cover=\"\" src=\"https:\/\/www.valeriehenry.com\/emilie-faif\/wp-content\/uploads\/sites\/6\/2017\/10\/n_patate_2-300x197.jpg\" srcset=\"https:\/\/www.valeriehenry.com\/emilie-faif\/wp-content\/uploads\/sites\/6\/2017\/10\/n_patate_2-300x197.jpg 300w, https:\/\/www.valeriehenry.com\/emilie-faif\/wp-content\/uploads\/sites\/6\/2017\/10\/n_patate_2-600x394.jpg 600w, https:\/\/www.valeriehenry.com\/emilie-faif\/wp-content\/uploads\/sites\/6\/2017\/10\/n_patate_2-768x505.jpg 768w, https:\/\/www.valeriehenry.com\/emilie-faif\/wp-content\/uploads\/sites\/6\/2017\/10\/n_patate_2.jpg 852w\" sizes=\"100vw, (min-width: 640px) 50vw, (min-width: 960px) 37vw, (min-width: 1200px) 25vw, (min-width: 1280px) 277px\" alt = \"GERMINATION &#8211; Isabel Marant Paris\"><\/figure><\/a><\/div><div class=\"gallery-item uk-margin-bottom uk-width-1-2@s uk-width-1-3@l\"><a href=\"https:\/\/www.valeriehenry.com\/emilie-faif\/wp-content\/uploads\/sites\/6\/2017\/10\/q_spermato_1.jpg\" rel=\"gallery-1\"><figure class=\"uk-margin-small-bottom uk-cover-container uk-height-small uk-section-muted\"><img decoding=\"async\" uk-cover=\"\" src=\"https:\/\/www.valeriehenry.com\/emilie-faif\/wp-content\/uploads\/sites\/6\/2017\/10\/q_spermato_1-300x208.jpg\" srcset=\"https:\/\/www.valeriehenry.com\/emilie-faif\/wp-content\/uploads\/sites\/6\/2017\/10\/q_spermato_1-300x208.jpg 300w, https:\/\/www.valeriehenry.com\/emilie-faif\/wp-content\/uploads\/sites\/6\/2017\/10\/q_spermato_1-600x416.jpg 600w, https:\/\/www.valeriehenry.com\/emilie-faif\/wp-content\/uploads\/sites\/6\/2017\/10\/q_spermato_1-768x532.jpg 768w, https:\/\/www.valeriehenry.com\/emilie-faif\/wp-content\/uploads\/sites\/6\/2017\/10\/q_spermato_1.jpg 808w\" sizes=\"100vw, (min-width: 640px) 50vw, (min-width: 960px) 37vw, (min-width: 1200px) 25vw, (min-width: 1280px) 277px\" alt = \"Emilie Fa\u00eff, plasticienne, 2007, cr\u00e9ation textile \u00ab\u00a0Spermatozo\u00efdes\u00a0\u00bb pour vitrines Isabel Marant, Paris.\n\"><\/figure><\/a><\/div><div class=\"gallery-item uk-margin-bottom uk-width-1-2@s uk-width-1-3@l\"><a href=\"https:\/\/www.valeriehenry.com\/emilie-faif\/wp-content\/uploads\/sites\/6\/2017\/10\/r_spermato_2.jpg\" rel=\"gallery-1\"><figure class=\"uk-margin-small-bottom uk-cover-container uk-height-small uk-section-muted\"><img decoding=\"async\" uk-cover=\"\" src=\"https:\/\/www.valeriehenry.com\/emilie-faif\/wp-content\/uploads\/sites\/6\/2017\/10\/r_spermato_2-300x208.jpg\" srcset=\"https:\/\/www.valeriehenry.com\/emilie-faif\/wp-content\/uploads\/sites\/6\/2017\/10\/r_spermato_2-300x208.jpg 300w, https:\/\/www.valeriehenry.com\/emilie-faif\/wp-content\/uploads\/sites\/6\/2017\/10\/r_spermato_2-600x416.jpg 600w, https:\/\/www.valeriehenry.com\/emilie-faif\/wp-content\/uploads\/sites\/6\/2017\/10\/r_spermato_2-768x532.jpg 768w, https:\/\/www.valeriehenry.com\/emilie-faif\/wp-content\/uploads\/sites\/6\/2017\/10\/r_spermato_2.jpg 808w\" sizes=\"100vw, (min-width: 640px) 50vw, (min-width: 960px) 37vw, (min-width: 1200px) 25vw, (min-width: 1280px) 277px\" alt = \"Emilie Fa\u00eff, plasticienne, 2007, cr\u00e9ation textile \u00ab\u00a0Spermatozo\u00efdes\u00a0\u00bb pour vitrines Isabel Marant, Paris.\n\"><\/figure><\/a><\/div><div class=\"gallery-item uk-margin-bottom uk-width-1-2@s uk-width-1-3@l\"><a href=\"https:\/\/www.valeriehenry.com\/emilie-faif\/wp-content\/uploads\/sites\/6\/2017\/10\/x_printemps_2.jpg\" rel=\"gallery-1\"><figure class=\"uk-margin-small-bottom uk-cover-container uk-height-small uk-section-muted\"><img decoding=\"async\" uk-cover=\"\" src=\"https:\/\/www.valeriehenry.com\/emilie-faif\/wp-content\/uploads\/sites\/6\/2017\/10\/x_printemps_2-300x225.jpg\" srcset=\"https:\/\/www.valeriehenry.com\/emilie-faif\/wp-content\/uploads\/sites\/6\/2017\/10\/x_printemps_2-300x225.jpg 300w, https:\/\/www.valeriehenry.com\/emilie-faif\/wp-content\/uploads\/sites\/6\/2017\/10\/x_printemps_2-600x450.jpg 600w, https:\/\/www.valeriehenry.com\/emilie-faif\/wp-content\/uploads\/sites\/6\/2017\/10\/x_printemps_2.jpg 746w\" sizes=\"100vw, (min-width: 640px) 50vw, (min-width: 960px) 37vw, (min-width: 1200px) 25vw, (min-width: 1280px) 277px\" alt = \"Emilie Fa\u00eff, plasticienne, 2006, cr\u00e9ation textile \u00ab\u00a0Fleurs\u00a0\u00bb pour corner Etoile du Printemps, Paris. \u00a9 Fran\u00e7is Peyrat\"><\/figure><\/a><\/div><div class=\"gallery-item uk-margin-bottom uk-width-1-2@s uk-width-1-3@l\"><a href=\"https:\/\/www.valeriehenry.com\/emilie-faif\/wp-content\/uploads\/sites\/6\/2017\/10\/p_parispremiere_1-1.jpg\" rel=\"gallery-1\"><figure class=\"uk-margin-small-bottom uk-cover-container uk-height-small uk-section-muted\"><img decoding=\"async\" uk-cover=\"\" src=\"https:\/\/www.valeriehenry.com\/emilie-faif\/wp-content\/uploads\/sites\/6\/2017\/10\/p_parispremiere_1-1-300x200.jpg\" srcset=\"https:\/\/www.valeriehenry.com\/emilie-faif\/wp-content\/uploads\/sites\/6\/2017\/10\/p_parispremiere_1-1-300x200.jpg 300w, https:\/\/www.valeriehenry.com\/emilie-faif\/wp-content\/uploads\/sites\/6\/2017\/10\/p_parispremiere_1-1-600x401.jpg 600w, https:\/\/www.valeriehenry.com\/emilie-faif\/wp-content\/uploads\/sites\/6\/2017\/10\/p_parispremiere_1-1-768x513.jpg 768w, https:\/\/www.valeriehenry.com\/emilie-faif\/wp-content\/uploads\/sites\/6\/2017\/10\/p_parispremiere_1-1.jpg 838w\" sizes=\"100vw, (min-width: 640px) 50vw, (min-width: 960px) 37vw, (min-width: 1200px) 25vw, (min-width: 1280px) 277px\" alt = \"Emilie Fa\u00eff, plasticienne, mai 2007, installation \u00ab\u00a0Outgrowth\u00a0\u00bb ; interview d&rsquo;Isabel Marant pour Paris Premi\u00e8re TV, Printemps Haussmann, Paris. \u00a9 Peyrat\n\n\"><\/figure><\/a><\/div><div class=\"gallery-item uk-margin-bottom uk-width-1-2@s uk-width-1-3@l\"><a href=\"https:\/\/www.valeriehenry.com\/emilie-faif\/wp-content\/uploads\/sites\/6\/2017\/10\/o_parispremiere_0-1.jpg\" rel=\"gallery-1\"><figure class=\"uk-margin-small-bottom uk-cover-container uk-height-small uk-section-muted\"><img decoding=\"async\" uk-cover=\"\" src=\"https:\/\/www.valeriehenry.com\/emilie-faif\/wp-content\/uploads\/sites\/6\/2017\/10\/o_parispremiere_0-1-300x157.jpg\" srcset=\"https:\/\/www.valeriehenry.com\/emilie-faif\/wp-content\/uploads\/sites\/6\/2017\/10\/o_parispremiere_0-1-300x157.jpg 300w, https:\/\/www.valeriehenry.com\/emilie-faif\/wp-content\/uploads\/sites\/6\/2017\/10\/o_parispremiere_0-1-600x314.jpg 600w, https:\/\/www.valeriehenry.com\/emilie-faif\/wp-content\/uploads\/sites\/6\/2017\/10\/o_parispremiere_0-1-768x402.jpg 768w, https:\/\/www.valeriehenry.com\/emilie-faif\/wp-content\/uploads\/sites\/6\/2017\/10\/o_parispremiere_0-1-1024x536.jpg 1024w, https:\/\/www.valeriehenry.com\/emilie-faif\/wp-content\/uploads\/sites\/6\/2017\/10\/o_parispremiere_0-1.jpg 1070w\" sizes=\"100vw, (min-width: 640px) 50vw, (min-width: 960px) 37vw, (min-width: 1200px) 25vw, (min-width: 1280px) 277px\" alt = \"Emilie Fa\u00eff, plasticienne, mai 2007, installation \u00ab\u00a0Outgrowth\u00a0\u00bb ; interview d&rsquo;Isabel Marant pour Paris Premi\u00e8re TV, Printemps Haussmann, Paris. \u00a9 Peyrat\"><\/figure><\/a><\/div><\/div>\n","protected":false},"excerpt":{"rendered":"","protected":false},"author":1,"featured_media":0,"parent":0,"menu_order":3,"comment_status":"closed","ping_status":"closed","template":"","meta":{"_trash_the_other_posts":false,"footnotes":""},"class_list":["post-27","page","type-page","status-publish","hentry"],"yoast_head":"<!-- This site is optimized with the Yoast SEO plugin v23.7 - https:\/\/yoast.com\/wordpress\/plugins\/seo\/ -->\n<title>Emilie Fa\u00eff, artiste sc\u00e9nographe textile, vitrines<\/title>\n<meta name=\"description\" content=\"Emilie Fa\u00eff, artiste, sc\u00e9nographe plasticienne, sculpture textile upcycling, tissus recycl\u00e9s RSE, vitrines internationales\" \/>\n<meta name=\"robots\" content=\"index, follow, max-snippet:-1, max-image-preview:large, max-video-preview:-1\" \/>\n<link rel=\"canonical\" href=\"https:\/\/www.valeriehenry.com\/emilie-faif\/vitrines\/\" \/>\n<meta property=\"og:locale\" content=\"fr_FR\" \/>\n<meta property=\"og:type\" content=\"article\" \/>\n<meta property=\"og:title\" content=\"Emilie Fa\u00eff, artiste sc\u00e9nographe textile, vitrines\" \/>\n<meta property=\"og:description\" content=\"Emilie Fa\u00eff, artiste, sc\u00e9nographe plasticienne, sculpture textile upcycling, tissus recycl\u00e9s RSE, vitrines internationales\" \/>\n<meta property=\"og:url\" content=\"https:\/\/www.valeriehenry.com\/emilie-faif\/vitrines\/\" \/>\n<meta property=\"og:site_name\" content=\"\u00c9milie Faif\" \/>\n<meta property=\"article:modified_time\" content=\"2024-03-21T18:03:31+00:00\" \/>\n<meta property=\"og:image\" content=\"https:\/\/www.valeriehenry.com\/emilie-faif\/wp-content\/uploads\/sites\/6\/2017\/10\/img_4360-300x233.jpg\" \/>\n<meta name=\"twitter:card\" content=\"summary_large_image\" \/>\n<meta name=\"twitter:label1\" content=\"Dur\u00e9e de lecture estim\u00e9e\" \/>\n\t<meta name=\"twitter:data1\" content=\"1 minute\" \/>\n<script type=\"application\/ld+json\" class=\"yoast-schema-graph\">{\"@context\":\"https:\/\/schema.org\",\"@graph\":[{\"@type\":\"WebPage\",\"@id\":\"https:\/\/www.valeriehenry.com\/emilie-faif\/vitrines\/\",\"url\":\"https:\/\/www.valeriehenry.com\/emilie-faif\/vitrines\/\",\"name\":\"Emilie Fa\u00eff, artiste sc\u00e9nographe textile, vitrines\",\"isPartOf\":{\"@id\":\"https:\/\/www.valeriehenry.com\/emilie-faif\/#website\"},\"datePublished\":\"2017-10-11T09:15:06+00:00\",\"dateModified\":\"2024-03-21T18:03:31+00:00\",\"description\":\"Emilie Fa\u00eff, artiste, sc\u00e9nographe plasticienne, sculpture textile upcycling, tissus recycl\u00e9s RSE, vitrines internationales\",\"breadcrumb\":{\"@id\":\"https:\/\/www.valeriehenry.com\/emilie-faif\/vitrines\/#breadcrumb\"},\"inLanguage\":\"fr-FR\",\"potentialAction\":[{\"@type\":\"ReadAction\",\"target\":[\"https:\/\/www.valeriehenry.com\/emilie-faif\/vitrines\/\"]}]},{\"@type\":\"BreadcrumbList\",\"@id\":\"https:\/\/www.valeriehenry.com\/emilie-faif\/vitrines\/#breadcrumb\",\"itemListElement\":[{\"@type\":\"ListItem\",\"position\":1,\"name\":\"Emilie Faif\",\"item\":\"https:\/\/www.valeriehenry.com\/emilie-faif\/\"},{\"@type\":\"ListItem\",\"position\":2,\"name\":\"vitrines\"}]},{\"@type\":\"WebSite\",\"@id\":\"https:\/\/www.valeriehenry.com\/emilie-faif\/#website\",\"url\":\"https:\/\/www.valeriehenry.com\/emilie-faif\/\",\"name\":\"\u00c9milie Faif\",\"description\":\"plasticienne\",\"publisher\":{\"@id\":\"https:\/\/www.valeriehenry.com\/emilie-faif\/#organization\"},\"potentialAction\":[{\"@type\":\"SearchAction\",\"target\":{\"@type\":\"EntryPoint\",\"urlTemplate\":\"https:\/\/www.valeriehenry.com\/emilie-faif\/?s={search_term_string}\"},\"query-input\":{\"@type\":\"PropertyValueSpecification\",\"valueRequired\":true,\"valueName\":\"search_term_string\"}}],\"inLanguage\":\"fr-FR\"},{\"@type\":\"Organization\",\"@id\":\"https:\/\/www.valeriehenry.com\/emilie-faif\/#organization\",\"name\":\"\u00c9milie Faif\",\"url\":\"https:\/\/www.valeriehenry.com\/emilie-faif\/\",\"logo\":{\"@type\":\"ImageObject\",\"inLanguage\":\"fr-FR\",\"@id\":\"https:\/\/www.valeriehenry.com\/emilie-faif\/#\/schema\/logo\/image\/\",\"url\":\"https:\/\/www.valeriehenry.com\/emilie-faif\/wp-content\/uploads\/sites\/6\/2017\/10\/valerie_henry_logo.jpg\",\"contentUrl\":\"https:\/\/www.valeriehenry.com\/emilie-faif\/wp-content\/uploads\/sites\/6\/2017\/10\/valerie_henry_logo.jpg\",\"width\":165,\"height\":39,\"caption\":\"\u00c9milie Faif\"},\"image\":{\"@id\":\"https:\/\/www.valeriehenry.com\/emilie-faif\/#\/schema\/logo\/image\/\"}}]}<\/script>\n<!-- \/ Yoast SEO plugin. -->","yoast_head_json":{"title":"Emilie Fa\u00eff, artiste sc\u00e9nographe textile, vitrines","description":"Emilie Fa\u00eff, artiste, sc\u00e9nographe plasticienne, sculpture textile upcycling, tissus recycl\u00e9s RSE, vitrines internationales","robots":{"index":"index","follow":"follow","max-snippet":"max-snippet:-1","max-image-preview":"max-image-preview:large","max-video-preview":"max-video-preview:-1"},"canonical":"https:\/\/www.valeriehenry.com\/emilie-faif\/vitrines\/","og_locale":"fr_FR","og_type":"article","og_title":"Emilie Fa\u00eff, artiste sc\u00e9nographe textile, vitrines","og_description":"Emilie Fa\u00eff, artiste, sc\u00e9nographe plasticienne, sculpture textile upcycling, tissus recycl\u00e9s RSE, vitrines internationales","og_url":"https:\/\/www.valeriehenry.com\/emilie-faif\/vitrines\/","og_site_name":"\u00c9milie Faif","article_modified_time":"2024-03-21T18:03:31+00:00","og_image":[{"url":"https:\/\/www.valeriehenry.com\/emilie-faif\/wp-content\/uploads\/sites\/6\/2017\/10\/img_4360-300x233.jpg"}],"twitter_card":"summary_large_image","twitter_misc":{"Dur\u00e9e de lecture estim\u00e9e":"1 minute"},"schema":{"@context":"https:\/\/schema.org","@graph":[{"@type":"WebPage","@id":"https:\/\/www.valeriehenry.com\/emilie-faif\/vitrines\/","url":"https:\/\/www.valeriehenry.com\/emilie-faif\/vitrines\/","name":"Emilie Fa\u00eff, artiste sc\u00e9nographe textile, vitrines","isPartOf":{"@id":"https:\/\/www.valeriehenry.com\/emilie-faif\/#website"},"datePublished":"2017-10-11T09:15:06+00:00","dateModified":"2024-03-21T18:03:31+00:00","description":"Emilie Fa\u00eff, artiste, sc\u00e9nographe plasticienne, sculpture textile upcycling, tissus recycl\u00e9s RSE, vitrines internationales","breadcrumb":{"@id":"https:\/\/www.valeriehenry.com\/emilie-faif\/vitrines\/#breadcrumb"},"inLanguage":"fr-FR","potentialAction":[{"@type":"ReadAction","target":["https:\/\/www.valeriehenry.com\/emilie-faif\/vitrines\/"]}]},{"@type":"BreadcrumbList","@id":"https:\/\/www.valeriehenry.com\/emilie-faif\/vitrines\/#breadcrumb","itemListElement":[{"@type":"ListItem","position":1,"name":"Emilie Faif","item":"https:\/\/www.valeriehenry.com\/emilie-faif\/"},{"@type":"ListItem","position":2,"name":"vitrines"}]},{"@type":"WebSite","@id":"https:\/\/www.valeriehenry.com\/emilie-faif\/#website","url":"https:\/\/www.valeriehenry.com\/emilie-faif\/","name":"\u00c9milie Faif","description":"plasticienne","publisher":{"@id":"https:\/\/www.valeriehenry.com\/emilie-faif\/#organization"},"potentialAction":[{"@type":"SearchAction","target":{"@type":"EntryPoint","urlTemplate":"https:\/\/www.valeriehenry.com\/emilie-faif\/?s={search_term_string}"},"query-input":{"@type":"PropertyValueSpecification","valueRequired":true,"valueName":"search_term_string"}}],"inLanguage":"fr-FR"},{"@type":"Organization","@id":"https:\/\/www.valeriehenry.com\/emilie-faif\/#organization","name":"\u00c9milie Faif","url":"https:\/\/www.valeriehenry.com\/emilie-faif\/","logo":{"@type":"ImageObject","inLanguage":"fr-FR","@id":"https:\/\/www.valeriehenry.com\/emilie-faif\/#\/schema\/logo\/image\/","url":"https:\/\/www.valeriehenry.com\/emilie-faif\/wp-content\/uploads\/sites\/6\/2017\/10\/valerie_henry_logo.jpg","contentUrl":"https:\/\/www.valeriehenry.com\/emilie-faif\/wp-content\/uploads\/sites\/6\/2017\/10\/valerie_henry_logo.jpg","width":165,"height":39,"caption":"\u00c9milie Faif"},"image":{"@id":"https:\/\/www.valeriehenry.com\/emilie-faif\/#\/schema\/logo\/image\/"}}]}},"_links":{"self":[{"href":"https:\/\/www.valeriehenry.com\/emilie-faif\/wp-json\/wp\/v2\/pages\/27"}],"collection":[{"href":"https:\/\/www.valeriehenry.com\/emilie-faif\/wp-json\/wp\/v2\/pages"}],"about":[{"href":"https:\/\/www.valeriehenry.com\/emilie-faif\/wp-json\/wp\/v2\/types\/page"}],"author":[{"embeddable":true,"href":"https:\/\/www.valeriehenry.com\/emilie-faif\/wp-json\/wp\/v2\/users\/1"}],"replies":[{"embeddable":true,"href":"https:\/\/www.valeriehenry.com\/emilie-faif\/wp-json\/wp\/v2\/comments?post=27"}],"version-history":[{"count":14,"href":"https:\/\/www.valeriehenry.com\/emilie-faif\/wp-json\/wp\/v2\/pages\/27\/revisions"}],"predecessor-version":[{"id":536,"href":"https:\/\/www.valeriehenry.com\/emilie-faif\/wp-json\/wp\/v2\/pages\/27\/revisions\/536"}],"wp:attachment":[{"href":"https:\/\/www.valeriehenry.com\/emilie-faif\/wp-json\/wp\/v2\/media?parent=27"}],"curies":[{"name":"wp","href":"https:\/\/api.w.org\/{rel}","templated":true}]}}