{"id":128,"date":"2017-10-11T11:15:08","date_gmt":"2017-10-11T09:15:08","guid":{"rendered":"https:\/\/www.valeriehenry.com\/emilie-faif\/expositions\/"},"modified":"2024-03-21T19:07:37","modified_gmt":"2024-03-21T18:07:37","slug":"expositions","status":"publish","type":"page","link":"https:\/\/www.valeriehenry.com\/emilie-faif\/expositions\/","title":{"rendered":"expositions"},"content":{"rendered":"<div id=\"gallery-1\" class=\"uk-grid-medium uk-child-width-expand@s\" uk-grid uk-height-match=\"target: > article; row: false\"><div class=\"gallery-item uk-margin-bottom uk-width-1-2@s uk-width-1-3@l\"><a href=\"https:\/\/www.valeriehenry.com\/emilie-faif\/wp-content\/uploads\/sites\/6\/2017\/10\/visuel-newsletter-emilie.jpg\" rel=\"gallery-1\"><figure class=\"uk-margin-small-bottom uk-cover-container uk-height-small uk-section-muted\"><img decoding=\"async\" uk-cover=\"\" src=\"https:\/\/www.valeriehenry.com\/emilie-faif\/wp-content\/uploads\/sites\/6\/2017\/10\/visuel-newsletter-emilie-300x200.jpg\" srcset=\"https:\/\/www.valeriehenry.com\/emilie-faif\/wp-content\/uploads\/sites\/6\/2017\/10\/visuel-newsletter-emilie-300x200.jpg 300w, https:\/\/www.valeriehenry.com\/emilie-faif\/wp-content\/uploads\/sites\/6\/2017\/10\/visuel-newsletter-emilie-600x400.jpg 600w, https:\/\/www.valeriehenry.com\/emilie-faif\/wp-content\/uploads\/sites\/6\/2017\/10\/visuel-newsletter-emilie-768x512.jpg 768w, https:\/\/www.valeriehenry.com\/emilie-faif\/wp-content\/uploads\/sites\/6\/2017\/10\/visuel-newsletter-emilie.jpg 880w\" sizes=\"100vw, (min-width: 640px) 50vw, (min-width: 960px) 37vw, (min-width: 1200px) 25vw, (min-width: 1280px) 277px\" alt = \"Emilie Fa\u00eff, plasticienne, \njuin &#8211; septembre 2018, oeuvre \u00ab\u00a0Nuage\u00a0\u00bb \u00e0 la Fondation Fran\u00e7ois Schneider \u00e0 Wattwiller. Emilie Fa\u00eff pr\u00e9sente son \u0153uvre \u00ab Nuage \u00bb \u00e0 l&rsquo;occasion de l&rsquo;exposition collective de la Fondation Fran\u00e7ois Schneider \u00e0 Wattwiller. L&rsquo;artiste y explore le potentiel de formes mouvantes et instables. \"><\/figure><\/a><\/div><div class=\"gallery-item uk-margin-bottom uk-width-1-2@s uk-width-1-3@l\"><a href=\"https:\/\/www.valeriehenry.com\/emilie-faif\/wp-content\/uploads\/sites\/6\/2017\/10\/visuel-detail-newsletter-emilie.jpg\" rel=\"gallery-1\"><figure class=\"uk-margin-small-bottom uk-cover-container uk-height-small uk-section-muted\"><img decoding=\"async\" uk-cover=\"\" src=\"https:\/\/www.valeriehenry.com\/emilie-faif\/wp-content\/uploads\/sites\/6\/2017\/10\/visuel-detail-newsletter-emilie-300x200.jpg\" srcset=\"https:\/\/www.valeriehenry.com\/emilie-faif\/wp-content\/uploads\/sites\/6\/2017\/10\/visuel-detail-newsletter-emilie-300x200.jpg 300w, https:\/\/www.valeriehenry.com\/emilie-faif\/wp-content\/uploads\/sites\/6\/2017\/10\/visuel-detail-newsletter-emilie-600x400.jpg 600w, https:\/\/www.valeriehenry.com\/emilie-faif\/wp-content\/uploads\/sites\/6\/2017\/10\/visuel-detail-newsletter-emilie-768x512.jpg 768w, https:\/\/www.valeriehenry.com\/emilie-faif\/wp-content\/uploads\/sites\/6\/2017\/10\/visuel-detail-newsletter-emilie.jpg 880w\" sizes=\"100vw, (min-width: 640px) 50vw, (min-width: 960px) 37vw, (min-width: 1200px) 25vw, (min-width: 1280px) 277px\" alt = \"Emilie Fa\u00eff, plasticienne, \njuin &#8211; septembre 2018, oeuvre \u00ab\u00a0Nuage\u00a0\u00bb \u00e0 la Fondation Fran\u00e7ois Schneider \u00e0 Wattwiller. Le mou du \u00ab\u00a0Nuage\u00a0\u00bb d&rsquo;Emilie Fa\u00eff r\u00e9agit, s\u2019adapte, se d\u00e9forme\u2026 il ne se fige pas, faisant ainsi \u00e9cho \u00e0 l\u2019ambivalence et \u00e0 la po\u00e9tique de la formation des nuages, \u00e0 leurs contours changeants et \u00e9nigmatiques.\"><\/figure><\/a><\/div><div class=\"gallery-item uk-margin-bottom uk-width-1-2@s uk-width-1-3@l\"><a href=\"https:\/\/www.valeriehenry.com\/emilie-faif\/wp-content\/uploads\/sites\/6\/2017\/10\/visuel-detail2-newsletter-emilie.jpg\" rel=\"gallery-1\"><figure class=\"uk-margin-small-bottom uk-cover-container uk-height-small uk-section-muted\"><img decoding=\"async\" uk-cover=\"\" src=\"https:\/\/www.valeriehenry.com\/emilie-faif\/wp-content\/uploads\/sites\/6\/2017\/10\/visuel-detail2-newsletter-emilie-300x258.jpg\" srcset=\"https:\/\/www.valeriehenry.com\/emilie-faif\/wp-content\/uploads\/sites\/6\/2017\/10\/visuel-detail2-newsletter-emilie-300x258.jpg 300w, https:\/\/www.valeriehenry.com\/emilie-faif\/wp-content\/uploads\/sites\/6\/2017\/10\/visuel-detail2-newsletter-emilie-600x517.jpg 600w, https:\/\/www.valeriehenry.com\/emilie-faif\/wp-content\/uploads\/sites\/6\/2017\/10\/visuel-detail2-newsletter-emilie-768x662.jpg 768w, https:\/\/www.valeriehenry.com\/emilie-faif\/wp-content\/uploads\/sites\/6\/2017\/10\/visuel-detail2-newsletter-emilie.jpg 880w\" sizes=\"100vw, (min-width: 640px) 50vw, (min-width: 960px) 37vw, (min-width: 1200px) 25vw, (min-width: 1280px) 277px\" alt = \"Emilie Fa\u00eff, plasticienne, \njuin &#8211; septembre 2018, oeuvre \u00ab\u00a0Nuage\u00a0\u00bb \u00e0 la Fondation Fran\u00e7ois Schneider \u00e0 Wattwiller. Emilie Fa\u00eff cr\u00e9e une sculpture l\u00e9g\u00e8re et translucide, dont la surface en polyane a \u00e9t\u00e9 m\u00e9ticuleusement \u00e9labor\u00e9e et assembl\u00e9e point par point.\"><\/figure><\/a><\/div><div class=\"gallery-item uk-margin-bottom uk-width-1-2@s uk-width-1-3@l\"><a href=\"https:\/\/www.valeriehenry.com\/emilie-faif\/wp-content\/uploads\/sites\/6\/2017\/10\/3.jpg\" rel=\"gallery-1\"><figure class=\"uk-margin-small-bottom uk-cover-container uk-height-small uk-section-muted\"><img decoding=\"async\" uk-cover=\"\" src=\"https:\/\/www.valeriehenry.com\/emilie-faif\/wp-content\/uploads\/sites\/6\/2017\/10\/3-300x197.jpg\" srcset=\"https:\/\/www.valeriehenry.com\/emilie-faif\/wp-content\/uploads\/sites\/6\/2017\/10\/3-300x197.jpg 300w, https:\/\/www.valeriehenry.com\/emilie-faif\/wp-content\/uploads\/sites\/6\/2017\/10\/3-600x394.jpg 600w, https:\/\/www.valeriehenry.com\/emilie-faif\/wp-content\/uploads\/sites\/6\/2017\/10\/3-768x505.jpg 768w, https:\/\/www.valeriehenry.com\/emilie-faif\/wp-content\/uploads\/sites\/6\/2017\/10\/3.jpg 852w\" sizes=\"100vw, (min-width: 640px) 50vw, (min-width: 960px) 37vw, (min-width: 1200px) 25vw, (min-width: 1280px) 277px\" alt = \"Emilie Fa\u00eff, plasticienne, 2017, exposition des \u0153uvres \u00ab Spermatozo\u00efdes \u00bb et \u00ab Mamelles \u00bb, Festival d&rsquo;art de Watou, Belgique. Le programme multidisciplinaire r\u00e9unit des artistes d&rsquo;horizons vari\u00e9s, dont le parcours se d\u00e9roule sur onze sites mettant en valeur la symbiose entre la po\u00e9sie et l&rsquo;art visuel. \"><\/figure><\/a><\/div><div class=\"gallery-item uk-margin-bottom uk-width-1-2@s uk-width-1-3@l\"><a href=\"https:\/\/www.valeriehenry.com\/emilie-faif\/wp-content\/uploads\/sites\/6\/2017\/10\/img_2457.jpg\" rel=\"gallery-1\"><figure class=\"uk-margin-small-bottom uk-cover-container uk-height-small uk-section-muted\"><img decoding=\"async\" uk-cover=\"\" src=\"https:\/\/www.valeriehenry.com\/emilie-faif\/wp-content\/uploads\/sites\/6\/2017\/10\/img_2457-300x212.jpg\" srcset=\"https:\/\/www.valeriehenry.com\/emilie-faif\/wp-content\/uploads\/sites\/6\/2017\/10\/img_2457-300x212.jpg 300w, https:\/\/www.valeriehenry.com\/emilie-faif\/wp-content\/uploads\/sites\/6\/2017\/10\/img_2457-600x425.jpg 600w, https:\/\/www.valeriehenry.com\/emilie-faif\/wp-content\/uploads\/sites\/6\/2017\/10\/img_2457-768x544.jpg 768w, https:\/\/www.valeriehenry.com\/emilie-faif\/wp-content\/uploads\/sites\/6\/2017\/10\/img_2457.jpg 880w\" sizes=\"100vw, (min-width: 640px) 50vw, (min-width: 960px) 37vw, (min-width: 1200px) 25vw, (min-width: 1280px) 277px\" alt = \"Emilie Fa\u00eff, plasticienne, 2017, exposition des \u0153uvres \u00ab Spermatozo\u00efdes \u00bb et \u00ab Mamelles \u00bb, Festival d&rsquo;art de Watou, Belgique. L\u2019occasion de red\u00e9couvrir \u00ab Spermatozo\u00efdes \u00bb et \u00ab Mamelles \u00bb, deux installations singuli\u00e8res et organiques d\u2019Emilie Fa\u00eff, pr\u00e9sent\u00e9es ici dans des espaces \u00e9pur\u00e9s et domestiques. \"><\/figure><\/a><\/div><div class=\"gallery-item uk-margin-bottom uk-width-1-2@s uk-width-1-3@l\"><a href=\"https:\/\/www.valeriehenry.com\/emilie-faif\/wp-content\/uploads\/sites\/6\/2017\/10\/1.jpg\" rel=\"gallery-1\"><figure class=\"uk-margin-small-bottom uk-cover-container uk-height-small uk-section-muted\"><img decoding=\"async\" uk-cover=\"\" src=\"https:\/\/www.valeriehenry.com\/emilie-faif\/wp-content\/uploads\/sites\/6\/2017\/10\/1-300x200.jpg\" srcset=\"https:\/\/www.valeriehenry.com\/emilie-faif\/wp-content\/uploads\/sites\/6\/2017\/10\/1-300x200.jpg 300w, https:\/\/www.valeriehenry.com\/emilie-faif\/wp-content\/uploads\/sites\/6\/2017\/10\/1-600x400.jpg 600w, https:\/\/www.valeriehenry.com\/emilie-faif\/wp-content\/uploads\/sites\/6\/2017\/10\/1-768x512.jpg 768w, https:\/\/www.valeriehenry.com\/emilie-faif\/wp-content\/uploads\/sites\/6\/2017\/10\/1.jpg 840w\" sizes=\"100vw, (min-width: 640px) 50vw, (min-width: 960px) 37vw, (min-width: 1200px) 25vw, (min-width: 1280px) 277px\" alt = \"Emilie Fa\u00eff, plasticienne, 2017, exposition des \u0153uvres \u00ab Spermatozo\u00efdes \u00bb et \u00ab Mamelles \u00bb, Festival d&rsquo;art de Watou, Belgique. L\u2019occasion de red\u00e9couvrir \u00ab Spermatozo\u00efdes \u00bb et \u00ab Mamelles \u00bb, deux installations singuli\u00e8res et organiques d\u2019Emilie Fa\u00eff, pr\u00e9sent\u00e9es ici dans des espaces \u00e9pur\u00e9s et domestiques. \"><\/figure><\/a><\/div><div class=\"gallery-item uk-margin-bottom uk-width-1-2@s uk-width-1-3@l\"><a href=\"https:\/\/www.valeriehenry.com\/emilie-faif\/wp-content\/uploads\/sites\/6\/2017\/10\/camo-2-2.jpg\" rel=\"gallery-1\"><figure class=\"uk-margin-small-bottom uk-cover-container uk-height-small uk-section-muted\"><img decoding=\"async\" uk-cover=\"\" src=\"https:\/\/www.valeriehenry.com\/emilie-faif\/wp-content\/uploads\/sites\/6\/2017\/10\/camo-2-2-300x200.jpg\" srcset=\"https:\/\/www.valeriehenry.com\/emilie-faif\/wp-content\/uploads\/sites\/6\/2017\/10\/camo-2-2-300x200.jpg 300w, https:\/\/www.valeriehenry.com\/emilie-faif\/wp-content\/uploads\/sites\/6\/2017\/10\/camo-2-2-600x400.jpg 600w, https:\/\/www.valeriehenry.com\/emilie-faif\/wp-content\/uploads\/sites\/6\/2017\/10\/camo-2-2-768x513.jpg 768w, https:\/\/www.valeriehenry.com\/emilie-faif\/wp-content\/uploads\/sites\/6\/2017\/10\/camo-2-2.jpg 839w\" sizes=\"100vw, (min-width: 640px) 50vw, (min-width: 960px) 37vw, (min-width: 1200px) 25vw, (min-width: 1280px) 277px\" alt = \"Emilie Fa\u00eff, plasticienne, 2016, exposition monographique \u00ab\u00a0Nuages\u00a0\u00bb, Centre d&rsquo;art de l&rsquo;Onde, \u00cele-De-France.  A l&rsquo;occasion du Festival Immersion 2016, Emilie Fa\u00eff est invit\u00e9e par le Centre d&rsquo;art de l&rsquo;Onde pour une exposition monographique \u00ab\u00a0Nuages\u00a0\u00bb et con\u00e7oit deux nouvelles installations in situ. \"><\/figure><\/a><\/div><div class=\"gallery-item uk-margin-bottom uk-width-1-2@s uk-width-1-3@l\"><a href=\"https:\/\/www.valeriehenry.com\/emilie-faif\/wp-content\/uploads\/sites\/6\/2017\/10\/camo-20-1.jpg\" rel=\"gallery-1\"><figure class=\"uk-margin-small-bottom uk-cover-container uk-height-small uk-section-muted\"><img decoding=\"async\" uk-cover=\"\" src=\"https:\/\/www.valeriehenry.com\/emilie-faif\/wp-content\/uploads\/sites\/6\/2017\/10\/camo-20-1-300x209.jpg\" srcset=\"https:\/\/www.valeriehenry.com\/emilie-faif\/wp-content\/uploads\/sites\/6\/2017\/10\/camo-20-1-300x209.jpg 300w, https:\/\/www.valeriehenry.com\/emilie-faif\/wp-content\/uploads\/sites\/6\/2017\/10\/camo-20-1-600x418.jpg 600w, https:\/\/www.valeriehenry.com\/emilie-faif\/wp-content\/uploads\/sites\/6\/2017\/10\/camo-20-1-768x535.jpg 768w, https:\/\/www.valeriehenry.com\/emilie-faif\/wp-content\/uploads\/sites\/6\/2017\/10\/camo-20-1.jpg 804w\" sizes=\"100vw, (min-width: 640px) 50vw, (min-width: 960px) 37vw, (min-width: 1200px) 25vw, (min-width: 1280px) 277px\" alt = \"Emilie Fa\u00eff, plasticienne, 2016, exposition monographique \u00ab\u00a0Nuages\u00a0\u00bb, Centre d&rsquo;art de l&rsquo;Onde, \u00cele-De-France.\"><\/figure><\/a><\/div><div class=\"gallery-item uk-margin-bottom uk-width-1-2@s uk-width-1-3@l\"><a href=\"https:\/\/www.valeriehenry.com\/emilie-faif\/wp-content\/uploads\/sites\/6\/2017\/10\/camo-3.jpg\" rel=\"gallery-1\"><figure class=\"uk-margin-small-bottom uk-cover-container uk-height-small uk-section-muted\"><img decoding=\"async\" uk-cover=\"\" src=\"https:\/\/www.valeriehenry.com\/emilie-faif\/wp-content\/uploads\/sites\/6\/2017\/10\/camo-3-300x200.jpg\" srcset=\"https:\/\/www.valeriehenry.com\/emilie-faif\/wp-content\/uploads\/sites\/6\/2017\/10\/camo-3-300x200.jpg 300w, https:\/\/www.valeriehenry.com\/emilie-faif\/wp-content\/uploads\/sites\/6\/2017\/10\/camo-3-600x400.jpg 600w, https:\/\/www.valeriehenry.com\/emilie-faif\/wp-content\/uploads\/sites\/6\/2017\/10\/camo-3-768x513.jpg 768w, https:\/\/www.valeriehenry.com\/emilie-faif\/wp-content\/uploads\/sites\/6\/2017\/10\/camo-3.jpg 839w\" sizes=\"100vw, (min-width: 640px) 50vw, (min-width: 960px) 37vw, (min-width: 1200px) 25vw, (min-width: 1280px) 277px\" alt = \"Emilie Fa\u00eff, plasticienne, 2016, exposition monographique \u00ab\u00a0Nuages\u00a0\u00bb, Centre d&rsquo;art de l&rsquo;Onde, \u00cele-De-France.\"><\/figure><\/a><\/div><div class=\"gallery-item uk-margin-bottom uk-width-1-2@s uk-width-1-3@l\"><a href=\"https:\/\/www.valeriehenry.com\/emilie-faif\/wp-content\/uploads\/sites\/6\/2017\/10\/oiseaux2-1.jpg\" rel=\"gallery-1\"><figure class=\"uk-margin-small-bottom uk-cover-container uk-height-small uk-section-muted\"><img decoding=\"async\" uk-cover=\"\" src=\"https:\/\/www.valeriehenry.com\/emilie-faif\/wp-content\/uploads\/sites\/6\/2017\/10\/oiseaux2-1-300x200.jpg\" srcset=\"https:\/\/www.valeriehenry.com\/emilie-faif\/wp-content\/uploads\/sites\/6\/2017\/10\/oiseaux2-1-300x200.jpg 300w, https:\/\/www.valeriehenry.com\/emilie-faif\/wp-content\/uploads\/sites\/6\/2017\/10\/oiseaux2-1-600x400.jpg 600w, https:\/\/www.valeriehenry.com\/emilie-faif\/wp-content\/uploads\/sites\/6\/2017\/10\/oiseaux2-1-768x512.jpg 768w, https:\/\/www.valeriehenry.com\/emilie-faif\/wp-content\/uploads\/sites\/6\/2017\/10\/oiseaux2-1.jpg 840w\" sizes=\"100vw, (min-width: 640px) 50vw, (min-width: 960px) 37vw, (min-width: 1200px) 25vw, (min-width: 1280px) 277px\" alt = \"Emilie Fa\u00eff, plasticienne, 2016, exposition\/atelier \u00ab\u00a0Les Oiseaux\u00a0\u00bb,  Cit\u00e9 de la Mode et du Design, Paris. \u00ab\u00a0Les Oiseaux\u00a0\u00bb est une exposition\/atelier de d\u00e9couverte du design sonore pour les 4-11 ans. \u00a9 Jakob+MacFarlane, Samuel Lehu\u00e9d\u00e9.\"><\/figure><\/a><\/div><div class=\"gallery-item uk-margin-bottom uk-width-1-2@s uk-width-1-3@l\"><a href=\"https:\/\/www.valeriehenry.com\/emilie-faif\/wp-content\/uploads\/sites\/6\/2017\/10\/la-mode-et-du-des-1.jpg\" rel=\"gallery-1\"><figure class=\"uk-margin-small-bottom uk-cover-container uk-height-small uk-section-muted\"><img decoding=\"async\" uk-cover=\"\" src=\"https:\/\/www.valeriehenry.com\/emilie-faif\/wp-content\/uploads\/sites\/6\/2017\/10\/la-mode-et-du-des-1-300x179.jpg\" srcset=\"https:\/\/www.valeriehenry.com\/emilie-faif\/wp-content\/uploads\/sites\/6\/2017\/10\/la-mode-et-du-des-1-300x179.jpg 300w, https:\/\/www.valeriehenry.com\/emilie-faif\/wp-content\/uploads\/sites\/6\/2017\/10\/la-mode-et-du-des-1-600x357.jpg 600w, https:\/\/www.valeriehenry.com\/emilie-faif\/wp-content\/uploads\/sites\/6\/2017\/10\/la-mode-et-du-des-1-768x457.jpg 768w, https:\/\/www.valeriehenry.com\/emilie-faif\/wp-content\/uploads\/sites\/6\/2017\/10\/la-mode-et-du-des-1.jpg 941w\" sizes=\"100vw, (min-width: 640px) 50vw, (min-width: 960px) 37vw, (min-width: 1200px) 25vw, (min-width: 1280px) 277px\" alt = \"Emilie Fa\u00eff, plasticienne, 2016, exposition\/atelier \u00ab\u00a0Les Oiseaux\u00a0\u00bb,  Cit\u00e9 de la Mode et du Design, Paris.  Exp\u00e9rience sensorielle autant que v\u00e9ritable plong\u00e9e dans l\u2019univers du son, l\u2019exposition est un parcours de 45 minutes au sein d&rsquo;un dispositif imagin\u00e9 par l&rsquo;artiste Emilie Fa\u00eff et Nicolas Andr\u00e9. \u00a9 Jakob+MacFarlane, Samuel Lehu\u00e9d\u00e9. \"><\/figure><\/a><\/div><div class=\"gallery-item uk-margin-bottom uk-width-1-2@s uk-width-1-3@l\"><a href=\"https:\/\/www.valeriehenry.com\/emilie-faif\/wp-content\/uploads\/sites\/6\/2017\/10\/oiseaux3-1.jpg\" rel=\"gallery-1\"><figure class=\"uk-margin-small-bottom uk-cover-container uk-height-small uk-section-muted\"><img decoding=\"async\" uk-cover=\"\" src=\"https:\/\/www.valeriehenry.com\/emilie-faif\/wp-content\/uploads\/sites\/6\/2017\/10\/oiseaux3-1-300x200.jpg\" srcset=\"https:\/\/www.valeriehenry.com\/emilie-faif\/wp-content\/uploads\/sites\/6\/2017\/10\/oiseaux3-1-300x200.jpg 300w, https:\/\/www.valeriehenry.com\/emilie-faif\/wp-content\/uploads\/sites\/6\/2017\/10\/oiseaux3-1-600x400.jpg 600w, https:\/\/www.valeriehenry.com\/emilie-faif\/wp-content\/uploads\/sites\/6\/2017\/10\/oiseaux3-1-768x512.jpg 768w, https:\/\/www.valeriehenry.com\/emilie-faif\/wp-content\/uploads\/sites\/6\/2017\/10\/oiseaux3-1.jpg 840w\" sizes=\"100vw, (min-width: 640px) 50vw, (min-width: 960px) 37vw, (min-width: 1200px) 25vw, (min-width: 1280px) 277px\" alt = \"Emilie Fa\u00eff, plasticienne, 2016, exposition\/atelier \u00ab\u00a0Les Oiseaux\u00a0\u00bb,  Cit\u00e9 de la Mode et du Design, Paris. Les enfants sont invit\u00e9s \u00e0 participer \u00e0 des ateliers de bruitage et de confection d&rsquo;objets rappelant l&rsquo;imaginaire suscit\u00e9 par les oiseaux. \u00a9 Jakob+MacFarlane, Samuel Lehu\u00e9d\u00e9. \"><\/figure><\/a><\/div><div class=\"gallery-item uk-margin-bottom uk-width-1-2@s uk-width-1-3@l\"><a href=\"https:\/\/www.valeriehenry.com\/emilie-faif\/wp-content\/uploads\/sites\/6\/2017\/10\/rm-16-site-1.jpg\" rel=\"gallery-1\"><figure class=\"uk-margin-small-bottom uk-cover-container uk-height-small uk-section-muted\"><img decoding=\"async\" uk-cover=\"\" src=\"https:\/\/www.valeriehenry.com\/emilie-faif\/wp-content\/uploads\/sites\/6\/2017\/10\/rm-16-site-1-300x215.jpg\" srcset=\"https:\/\/www.valeriehenry.com\/emilie-faif\/wp-content\/uploads\/sites\/6\/2017\/10\/rm-16-site-1-300x215.jpg 300w, https:\/\/www.valeriehenry.com\/emilie-faif\/wp-content\/uploads\/sites\/6\/2017\/10\/rm-16-site-1-600x431.jpg 600w, https:\/\/www.valeriehenry.com\/emilie-faif\/wp-content\/uploads\/sites\/6\/2017\/10\/rm-16-site-1-768x551.jpg 768w, https:\/\/www.valeriehenry.com\/emilie-faif\/wp-content\/uploads\/sites\/6\/2017\/10\/rm-16-site-1.jpg 780w\" sizes=\"100vw, (min-width: 640px) 50vw, (min-width: 960px) 37vw, (min-width: 1200px) 25vw, (min-width: 1280px) 277px\" alt = \"Emilie Fa\u00eff, plasticienne, 2015, installation dans la Chapelle des Carm\u00e9lites, Toulouse.   Festival \u00ab\u00a0Les Jardins synth\u00e9tiques\u00a0\u00bb en partenariat avec la Fondation Espace \u00c9cureuil.\"><\/figure><\/a><\/div><div class=\"gallery-item uk-margin-bottom uk-width-1-2@s uk-width-1-3@l\"><a href=\"https:\/\/www.valeriehenry.com\/emilie-faif\/wp-content\/uploads\/sites\/6\/2017\/10\/rm-18-site-1.jpg\" rel=\"gallery-1\"><figure class=\"uk-margin-small-bottom uk-cover-container uk-height-small uk-section-muted\"><img decoding=\"async\" uk-cover=\"\" src=\"https:\/\/www.valeriehenry.com\/emilie-faif\/wp-content\/uploads\/sites\/6\/2017\/10\/rm-18-site-1-300x200.jpg\" srcset=\"https:\/\/www.valeriehenry.com\/emilie-faif\/wp-content\/uploads\/sites\/6\/2017\/10\/rm-18-site-1-300x200.jpg 300w, https:\/\/www.valeriehenry.com\/emilie-faif\/wp-content\/uploads\/sites\/6\/2017\/10\/rm-18-site-1-600x400.jpg 600w, https:\/\/www.valeriehenry.com\/emilie-faif\/wp-content\/uploads\/sites\/6\/2017\/10\/rm-18-site-1-768x513.jpg 768w, https:\/\/www.valeriehenry.com\/emilie-faif\/wp-content\/uploads\/sites\/6\/2017\/10\/rm-18-site-1.jpg 839w\" sizes=\"100vw, (min-width: 640px) 50vw, (min-width: 960px) 37vw, (min-width: 1200px) 25vw, (min-width: 1280px) 277px\" alt = \"Emilie Fa\u00eff, plasticienne, 2015, installation dans la Chapelle des Carm\u00e9lites, Toulouse.   Festival \u00ab\u00a0Les Jardins synth\u00e9tiques\u00a0\u00bb en partenariat avec la Fondation Espace \u00c9cureuil.\"><\/figure><\/a><\/div><div class=\"gallery-item uk-margin-bottom uk-width-1-2@s uk-width-1-3@l\"><a href=\"https:\/\/www.valeriehenry.com\/emilie-faif\/wp-content\/uploads\/sites\/6\/2017\/10\/rm-19-site-1.jpg\" rel=\"gallery-1\"><figure class=\"uk-margin-small-bottom uk-cover-container uk-height-small uk-section-muted\"><img decoding=\"async\" uk-cover=\"\" src=\"https:\/\/www.valeriehenry.com\/emilie-faif\/wp-content\/uploads\/sites\/6\/2017\/10\/rm-19-site-1-300x201.jpg\" srcset=\"https:\/\/www.valeriehenry.com\/emilie-faif\/wp-content\/uploads\/sites\/6\/2017\/10\/rm-19-site-1-300x201.jpg 300w, https:\/\/www.valeriehenry.com\/emilie-faif\/wp-content\/uploads\/sites\/6\/2017\/10\/rm-19-site-1-600x402.jpg 600w, https:\/\/www.valeriehenry.com\/emilie-faif\/wp-content\/uploads\/sites\/6\/2017\/10\/rm-19-site-1-768x514.jpg 768w, https:\/\/www.valeriehenry.com\/emilie-faif\/wp-content\/uploads\/sites\/6\/2017\/10\/rm-19-site-1.jpg 836w\" sizes=\"100vw, (min-width: 640px) 50vw, (min-width: 960px) 37vw, (min-width: 1200px) 25vw, (min-width: 1280px) 277px\" alt = \"Emilie Fa\u00eff, plasticienne, 2015, installation dans la Chapelle des Carm\u00e9lites, Toulouse.   Festival \u00ab\u00a0Les Jardins synth\u00e9tiques\u00a0\u00bb en partenariat avec la Fondation Espace \u00c9cureuil.\"><\/figure><\/a><\/div><div class=\"gallery-item uk-margin-bottom uk-width-1-2@s uk-width-1-3@l\"><a href=\"https:\/\/www.valeriehenry.com\/emilie-faif\/wp-content\/uploads\/sites\/6\/2017\/10\/lavomatic-pour-site-1.jpg\" rel=\"gallery-1\"><figure class=\"uk-margin-small-bottom uk-cover-container uk-height-small uk-section-muted\"><img decoding=\"async\" uk-cover=\"\" src=\"https:\/\/www.valeriehenry.com\/emilie-faif\/wp-content\/uploads\/sites\/6\/2017\/10\/lavomatic-pour-site-1-300x200.jpg\" srcset=\"https:\/\/www.valeriehenry.com\/emilie-faif\/wp-content\/uploads\/sites\/6\/2017\/10\/lavomatic-pour-site-1-300x200.jpg 300w, https:\/\/www.valeriehenry.com\/emilie-faif\/wp-content\/uploads\/sites\/6\/2017\/10\/lavomatic-pour-site-1-600x400.jpg 600w, https:\/\/www.valeriehenry.com\/emilie-faif\/wp-content\/uploads\/sites\/6\/2017\/10\/lavomatic-pour-site-1-768x512.jpg 768w, https:\/\/www.valeriehenry.com\/emilie-faif\/wp-content\/uploads\/sites\/6\/2017\/10\/lavomatic-pour-site-1.jpg 840w\" sizes=\"100vw, (min-width: 640px) 50vw, (min-width: 960px) 37vw, (min-width: 1200px) 25vw, (min-width: 1280px) 277px\" alt = \"Emilie Fa\u00eff, plasticienne, novembre 2013, installation dans le cadre du Kunst aan de Schinkel organis\u00e9e par la Soledad senlle Art Fondation, Amsterdam. Neuf artistes interviennent dans le quartier de Schinkel \u00e0 Amsterdam et cr\u00e9ent de nouvelles \u0153uvres pour l&rsquo;espace public.\"><\/figure><\/a><\/div><div class=\"gallery-item uk-margin-bottom uk-width-1-2@s uk-width-1-3@l\"><a href=\"https:\/\/www.valeriehenry.com\/emilie-faif\/wp-content\/uploads\/sites\/6\/2017\/10\/img_6026.jpg\" rel=\"gallery-1\"><figure class=\"uk-margin-small-bottom uk-cover-container uk-height-small uk-section-muted\"><img decoding=\"async\" uk-cover=\"\" src=\"https:\/\/www.valeriehenry.com\/emilie-faif\/wp-content\/uploads\/sites\/6\/2017\/10\/img_6026-300x208.jpg\" srcset=\"https:\/\/www.valeriehenry.com\/emilie-faif\/wp-content\/uploads\/sites\/6\/2017\/10\/img_6026-300x208.jpg 300w, https:\/\/www.valeriehenry.com\/emilie-faif\/wp-content\/uploads\/sites\/6\/2017\/10\/img_6026-600x416.jpg 600w, https:\/\/www.valeriehenry.com\/emilie-faif\/wp-content\/uploads\/sites\/6\/2017\/10\/img_6026-768x532.jpg 768w, https:\/\/www.valeriehenry.com\/emilie-faif\/wp-content\/uploads\/sites\/6\/2017\/10\/img_6026.jpg 808w\" sizes=\"100vw, (min-width: 640px) 50vw, (min-width: 960px) 37vw, (min-width: 1200px) 25vw, (min-width: 1280px) 277px\" alt = \"Emilie Fa\u00eff, plasticienne, novembre 2013, installation dans le cadre du Kunst aan de Schinkel organis\u00e9e par la Soledad senlle Art Fondation, Amsterdam. Neuf artistes interviennent dans le quartier de Schinkel \u00e0 Amsterdam et cr\u00e9ent de nouvelles \u0153uvres pour l&rsquo;espace public.\"><\/figure><\/a><\/div><div class=\"gallery-item uk-margin-bottom uk-width-1-2@s uk-width-1-3@l\"><a href=\"https:\/\/www.valeriehenry.com\/emilie-faif\/wp-content\/uploads\/sites\/6\/2017\/10\/milk-a-1.jpg\" rel=\"gallery-1\"><figure class=\"uk-margin-small-bottom uk-cover-container uk-height-small uk-section-muted\"><img decoding=\"async\" uk-cover=\"\" src=\"https:\/\/www.valeriehenry.com\/emilie-faif\/wp-content\/uploads\/sites\/6\/2017\/10\/milk-a-1-300x122.jpg\" srcset=\"https:\/\/www.valeriehenry.com\/emilie-faif\/wp-content\/uploads\/sites\/6\/2017\/10\/milk-a-1-300x122.jpg 300w, https:\/\/www.valeriehenry.com\/emilie-faif\/wp-content\/uploads\/sites\/6\/2017\/10\/milk-a-1-600x245.jpg 600w, https:\/\/www.valeriehenry.com\/emilie-faif\/wp-content\/uploads\/sites\/6\/2017\/10\/milk-a-1-768x313.jpg 768w, https:\/\/www.valeriehenry.com\/emilie-faif\/wp-content\/uploads\/sites\/6\/2017\/10\/milk-a-1-1024x417.jpg 1024w, https:\/\/www.valeriehenry.com\/emilie-faif\/wp-content\/uploads\/sites\/6\/2017\/10\/milk-a-1.jpg 1374w\" sizes=\"100vw, (min-width: 640px) 50vw, (min-width: 960px) 37vw, (min-width: 1200px) 25vw, (min-width: 1280px) 277px\" alt = \"Emilie Fa\u00eff, plasticienne, 2012, installation textile dans le cadre de l&rsquo;exposition collective \u00ab\u00a0Lactescences\u00a0\u00bb, organis\u00e9e par Milk Factory, Paris.\"><\/figure><\/a><\/div><div class=\"gallery-item uk-margin-bottom uk-width-1-2@s uk-width-1-3@l\"><a href=\"https:\/\/www.valeriehenry.com\/emilie-faif\/wp-content\/uploads\/sites\/6\/2017\/10\/montage-2-md-copie-1.jpg\" rel=\"gallery-1\"><figure class=\"uk-margin-small-bottom uk-cover-container uk-height-small uk-section-muted\"><img decoding=\"async\" uk-cover=\"\" src=\"https:\/\/www.valeriehenry.com\/emilie-faif\/wp-content\/uploads\/sites\/6\/2017\/10\/montage-2-md-copie-1-283x300.jpg\" srcset=\"https:\/\/www.valeriehenry.com\/emilie-faif\/wp-content\/uploads\/sites\/6\/2017\/10\/montage-2-md-copie-1-283x300.jpg 283w, https:\/\/www.valeriehenry.com\/emilie-faif\/wp-content\/uploads\/sites\/6\/2017\/10\/montage-2-md-copie-1.jpg 528w\" sizes=\"100vw, (min-width: 640px) 50vw, (min-width: 960px) 37vw, (min-width: 1200px) 25vw, (min-width: 1280px) 277px\" alt = \"Emilie Fa\u00eff, plasticienne, 2012, installation textile dans le cadre de l&rsquo;exposition collective \u00ab\u00a0Lactescences\u00a0\u00bb, organis\u00e9e par Milk Factory, Paris.\"><\/figure><\/a><\/div><div class=\"gallery-item uk-margin-bottom uk-width-1-2@s uk-width-1-3@l\"><a href=\"https:\/\/www.valeriehenry.com\/emilie-faif\/wp-content\/uploads\/sites\/6\/2017\/10\/img_9539-md-1.jpg\" rel=\"gallery-1\"><figure class=\"uk-margin-small-bottom uk-cover-container uk-height-small uk-section-muted\"><img decoding=\"async\" uk-cover=\"\" src=\"https:\/\/www.valeriehenry.com\/emilie-faif\/wp-content\/uploads\/sites\/6\/2017\/10\/img_9539-md-1-200x300.jpg\" srcset=\"https:\/\/www.valeriehenry.com\/emilie-faif\/wp-content\/uploads\/sites\/6\/2017\/10\/img_9539-md-1-200x300.jpg 200w, https:\/\/www.valeriehenry.com\/emilie-faif\/wp-content\/uploads\/sites\/6\/2017\/10\/img_9539-md-1.jpg 374w\" sizes=\"100vw, (min-width: 640px) 50vw, (min-width: 960px) 37vw, (min-width: 1200px) 25vw, (min-width: 1280px) 277px\" alt = \"Emilie Fa\u00eff, plasticienne, 2012, installation textile dans le cadre de l&rsquo;exposition collective \u00ab\u00a0Lactescences\u00a0\u00bb, organis\u00e9e par Milk Factory, Paris.\"><\/figure><\/a><\/div><div class=\"gallery-item uk-margin-bottom uk-width-1-2@s uk-width-1-3@l\"><a href=\"https:\/\/www.valeriehenry.com\/emilie-faif\/wp-content\/uploads\/sites\/6\/2017\/10\/img_9556-md-1.jpg\" rel=\"gallery-1\"><figure class=\"uk-margin-small-bottom uk-cover-container uk-height-small uk-section-muted\"><img decoding=\"async\" uk-cover=\"\" src=\"https:\/\/www.valeriehenry.com\/emilie-faif\/wp-content\/uploads\/sites\/6\/2017\/10\/img_9556-md-1-300x199.jpg\" srcset=\"https:\/\/www.valeriehenry.com\/emilie-faif\/wp-content\/uploads\/sites\/6\/2017\/10\/img_9556-md-1-300x199.jpg 300w, https:\/\/www.valeriehenry.com\/emilie-faif\/wp-content\/uploads\/sites\/6\/2017\/10\/img_9556-md-1-600x397.jpg 600w, https:\/\/www.valeriehenry.com\/emilie-faif\/wp-content\/uploads\/sites\/6\/2017\/10\/img_9556-md-1-768x508.jpg 768w, https:\/\/www.valeriehenry.com\/emilie-faif\/wp-content\/uploads\/sites\/6\/2017\/10\/img_9556-md-1.jpg 846w\" sizes=\"100vw, (min-width: 640px) 50vw, (min-width: 960px) 37vw, (min-width: 1200px) 25vw, (min-width: 1280px) 277px\" alt = \"Emilie Fa\u00eff, plasticienne, 2012, installation textile dans le cadre de l&rsquo;exposition collective \u00ab\u00a0Lactescences\u00a0\u00bb, organis\u00e9e par Milk Factory, Paris.\"><\/figure><\/a><\/div><div class=\"gallery-item uk-margin-bottom uk-width-1-2@s uk-width-1-3@l\"><a href=\"https:\/\/www.valeriehenry.com\/emilie-faif\/wp-content\/uploads\/sites\/6\/2017\/10\/img_9643-md-copie-copie-1.jpg\" rel=\"gallery-1\"><figure class=\"uk-margin-small-bottom uk-cover-container uk-height-small uk-section-muted\"><img decoding=\"async\" uk-cover=\"\" src=\"https:\/\/www.valeriehenry.com\/emilie-faif\/wp-content\/uploads\/sites\/6\/2017\/10\/img_9643-md-copie-copie-1-191x300.jpg\" srcset=\"https:\/\/www.valeriehenry.com\/emilie-faif\/wp-content\/uploads\/sites\/6\/2017\/10\/img_9643-md-copie-copie-1-191x300.jpg 191w, https:\/\/www.valeriehenry.com\/emilie-faif\/wp-content\/uploads\/sites\/6\/2017\/10\/img_9643-md-copie-copie-1.jpg 356w\" sizes=\"100vw, (min-width: 640px) 50vw, (min-width: 960px) 37vw, (min-width: 1200px) 25vw, (min-width: 1280px) 277px\" alt = \"Emilie Fa\u00eff, plasticienne, 2012, installation textile dans le cadre de l&rsquo;exposition collective \u00ab\u00a0Lactescences\u00a0\u00bb, organis\u00e9e par Milk Factory, Paris.\"><\/figure><\/a><\/div><div class=\"gallery-item uk-margin-bottom uk-width-1-2@s uk-width-1-3@l\"><a href=\"https:\/\/www.valeriehenry.com\/emilie-faif\/wp-content\/uploads\/sites\/6\/2017\/10\/img_9642-md-copie-copie-1.jpg\" rel=\"gallery-1\"><figure class=\"uk-margin-small-bottom uk-cover-container uk-height-small uk-section-muted\"><img decoding=\"async\" uk-cover=\"\" src=\"https:\/\/www.valeriehenry.com\/emilie-faif\/wp-content\/uploads\/sites\/6\/2017\/10\/img_9642-md-copie-copie-1-200x300.jpg\" srcset=\"https:\/\/www.valeriehenry.com\/emilie-faif\/wp-content\/uploads\/sites\/6\/2017\/10\/img_9642-md-copie-copie-1-200x300.jpg 200w, https:\/\/www.valeriehenry.com\/emilie-faif\/wp-content\/uploads\/sites\/6\/2017\/10\/img_9642-md-copie-copie-1.jpg 374w\" sizes=\"100vw, (min-width: 640px) 50vw, (min-width: 960px) 37vw, (min-width: 1200px) 25vw, (min-width: 1280px) 277px\" alt = \"Emilie Fa\u00eff, plasticienne, 2012, installation textile dans le cadre de l&rsquo;exposition collective \u00ab\u00a0Lactescences\u00a0\u00bb, organis\u00e9e par Milk Factory, Paris.\"><\/figure><\/a><\/div><\/div>\n","protected":false},"excerpt":{"rendered":"","protected":false},"author":1,"featured_media":0,"parent":0,"menu_order":6,"comment_status":"closed","ping_status":"closed","template":"","meta":{"_trash_the_other_posts":false,"footnotes":""},"class_list":["post-128","page","type-page","status-publish","hentry"],"yoast_head":"<!-- This site is optimized with the Yoast SEO plugin v23.7 - https:\/\/yoast.com\/wordpress\/plugins\/seo\/ -->\n<title>Emilie Fa\u00eff, artiste textile, installations tissus, expositions internationales<\/title>\n<meta name=\"description\" content=\"Emilie Fa\u00eff, artiste s\u00e9nographe, installation textile pour des maisons de luxe, travaille le textile comme une mati\u00e8re organique\" \/>\n<meta name=\"robots\" content=\"index, follow, max-snippet:-1, max-image-preview:large, max-video-preview:-1\" \/>\n<link rel=\"canonical\" href=\"https:\/\/www.valeriehenry.com\/emilie-faif\/expositions\/\" \/>\n<meta property=\"og:locale\" content=\"fr_FR\" \/>\n<meta property=\"og:type\" content=\"article\" \/>\n<meta property=\"og:title\" content=\"Emilie Fa\u00eff, artiste textile, installations tissus, expositions internationales\" \/>\n<meta property=\"og:description\" content=\"Emilie Fa\u00eff, artiste s\u00e9nographe, installation textile pour des maisons de luxe, travaille le textile comme une mati\u00e8re organique\" \/>\n<meta property=\"og:url\" content=\"https:\/\/www.valeriehenry.com\/emilie-faif\/expositions\/\" \/>\n<meta property=\"og:site_name\" content=\"\u00c9milie Faif\" \/>\n<meta property=\"article:modified_time\" content=\"2024-03-21T18:07:37+00:00\" \/>\n<meta property=\"og:image\" content=\"https:\/\/www.valeriehenry.com\/emilie-faif\/wp-content\/uploads\/sites\/6\/2017\/10\/visuel-newsletter-emilie-300x200.jpg\" \/>\n<meta name=\"twitter:card\" content=\"summary_large_image\" \/>\n<meta name=\"twitter:label1\" content=\"Dur\u00e9e de lecture estim\u00e9e\" \/>\n\t<meta name=\"twitter:data1\" content=\"1 minute\" \/>\n<script type=\"application\/ld+json\" class=\"yoast-schema-graph\">{\"@context\":\"https:\/\/schema.org\",\"@graph\":[{\"@type\":\"WebPage\",\"@id\":\"https:\/\/www.valeriehenry.com\/emilie-faif\/expositions\/\",\"url\":\"https:\/\/www.valeriehenry.com\/emilie-faif\/expositions\/\",\"name\":\"Emilie Fa\u00eff, artiste textile, installations tissus, expositions internationales\",\"isPartOf\":{\"@id\":\"https:\/\/www.valeriehenry.com\/emilie-faif\/#website\"},\"datePublished\":\"2017-10-11T09:15:08+00:00\",\"dateModified\":\"2024-03-21T18:07:37+00:00\",\"description\":\"Emilie Fa\u00eff, artiste s\u00e9nographe, installation textile pour des maisons de luxe, travaille le textile comme une mati\u00e8re organique\",\"breadcrumb\":{\"@id\":\"https:\/\/www.valeriehenry.com\/emilie-faif\/expositions\/#breadcrumb\"},\"inLanguage\":\"fr-FR\",\"potentialAction\":[{\"@type\":\"ReadAction\",\"target\":[\"https:\/\/www.valeriehenry.com\/emilie-faif\/expositions\/\"]}]},{\"@type\":\"BreadcrumbList\",\"@id\":\"https:\/\/www.valeriehenry.com\/emilie-faif\/expositions\/#breadcrumb\",\"itemListElement\":[{\"@type\":\"ListItem\",\"position\":1,\"name\":\"Emilie Faif\",\"item\":\"https:\/\/www.valeriehenry.com\/emilie-faif\/\"},{\"@type\":\"ListItem\",\"position\":2,\"name\":\"expositions\"}]},{\"@type\":\"WebSite\",\"@id\":\"https:\/\/www.valeriehenry.com\/emilie-faif\/#website\",\"url\":\"https:\/\/www.valeriehenry.com\/emilie-faif\/\",\"name\":\"\u00c9milie Faif\",\"description\":\"plasticienne\",\"publisher\":{\"@id\":\"https:\/\/www.valeriehenry.com\/emilie-faif\/#organization\"},\"potentialAction\":[{\"@type\":\"SearchAction\",\"target\":{\"@type\":\"EntryPoint\",\"urlTemplate\":\"https:\/\/www.valeriehenry.com\/emilie-faif\/?s={search_term_string}\"},\"query-input\":{\"@type\":\"PropertyValueSpecification\",\"valueRequired\":true,\"valueName\":\"search_term_string\"}}],\"inLanguage\":\"fr-FR\"},{\"@type\":\"Organization\",\"@id\":\"https:\/\/www.valeriehenry.com\/emilie-faif\/#organization\",\"name\":\"\u00c9milie Faif\",\"url\":\"https:\/\/www.valeriehenry.com\/emilie-faif\/\",\"logo\":{\"@type\":\"ImageObject\",\"inLanguage\":\"fr-FR\",\"@id\":\"https:\/\/www.valeriehenry.com\/emilie-faif\/#\/schema\/logo\/image\/\",\"url\":\"https:\/\/www.valeriehenry.com\/emilie-faif\/wp-content\/uploads\/sites\/6\/2017\/10\/valerie_henry_logo.jpg\",\"contentUrl\":\"https:\/\/www.valeriehenry.com\/emilie-faif\/wp-content\/uploads\/sites\/6\/2017\/10\/valerie_henry_logo.jpg\",\"width\":165,\"height\":39,\"caption\":\"\u00c9milie Faif\"},\"image\":{\"@id\":\"https:\/\/www.valeriehenry.com\/emilie-faif\/#\/schema\/logo\/image\/\"}}]}<\/script>\n<!-- \/ Yoast SEO plugin. -->","yoast_head_json":{"title":"Emilie Fa\u00eff, artiste textile, installations tissus, expositions internationales","description":"Emilie Fa\u00eff, artiste s\u00e9nographe, installation textile pour des maisons de luxe, travaille le textile comme une mati\u00e8re organique","robots":{"index":"index","follow":"follow","max-snippet":"max-snippet:-1","max-image-preview":"max-image-preview:large","max-video-preview":"max-video-preview:-1"},"canonical":"https:\/\/www.valeriehenry.com\/emilie-faif\/expositions\/","og_locale":"fr_FR","og_type":"article","og_title":"Emilie Fa\u00eff, artiste textile, installations tissus, expositions internationales","og_description":"Emilie Fa\u00eff, artiste s\u00e9nographe, installation textile pour des maisons de luxe, travaille le textile comme une mati\u00e8re organique","og_url":"https:\/\/www.valeriehenry.com\/emilie-faif\/expositions\/","og_site_name":"\u00c9milie Faif","article_modified_time":"2024-03-21T18:07:37+00:00","og_image":[{"url":"https:\/\/www.valeriehenry.com\/emilie-faif\/wp-content\/uploads\/sites\/6\/2017\/10\/visuel-newsletter-emilie-300x200.jpg"}],"twitter_card":"summary_large_image","twitter_misc":{"Dur\u00e9e de lecture estim\u00e9e":"1 minute"},"schema":{"@context":"https:\/\/schema.org","@graph":[{"@type":"WebPage","@id":"https:\/\/www.valeriehenry.com\/emilie-faif\/expositions\/","url":"https:\/\/www.valeriehenry.com\/emilie-faif\/expositions\/","name":"Emilie Fa\u00eff, artiste textile, installations tissus, expositions internationales","isPartOf":{"@id":"https:\/\/www.valeriehenry.com\/emilie-faif\/#website"},"datePublished":"2017-10-11T09:15:08+00:00","dateModified":"2024-03-21T18:07:37+00:00","description":"Emilie Fa\u00eff, artiste s\u00e9nographe, installation textile pour des maisons de luxe, travaille le textile comme une mati\u00e8re organique","breadcrumb":{"@id":"https:\/\/www.valeriehenry.com\/emilie-faif\/expositions\/#breadcrumb"},"inLanguage":"fr-FR","potentialAction":[{"@type":"ReadAction","target":["https:\/\/www.valeriehenry.com\/emilie-faif\/expositions\/"]}]},{"@type":"BreadcrumbList","@id":"https:\/\/www.valeriehenry.com\/emilie-faif\/expositions\/#breadcrumb","itemListElement":[{"@type":"ListItem","position":1,"name":"Emilie Faif","item":"https:\/\/www.valeriehenry.com\/emilie-faif\/"},{"@type":"ListItem","position":2,"name":"expositions"}]},{"@type":"WebSite","@id":"https:\/\/www.valeriehenry.com\/emilie-faif\/#website","url":"https:\/\/www.valeriehenry.com\/emilie-faif\/","name":"\u00c9milie Faif","description":"plasticienne","publisher":{"@id":"https:\/\/www.valeriehenry.com\/emilie-faif\/#organization"},"potentialAction":[{"@type":"SearchAction","target":{"@type":"EntryPoint","urlTemplate":"https:\/\/www.valeriehenry.com\/emilie-faif\/?s={search_term_string}"},"query-input":{"@type":"PropertyValueSpecification","valueRequired":true,"valueName":"search_term_string"}}],"inLanguage":"fr-FR"},{"@type":"Organization","@id":"https:\/\/www.valeriehenry.com\/emilie-faif\/#organization","name":"\u00c9milie Faif","url":"https:\/\/www.valeriehenry.com\/emilie-faif\/","logo":{"@type":"ImageObject","inLanguage":"fr-FR","@id":"https:\/\/www.valeriehenry.com\/emilie-faif\/#\/schema\/logo\/image\/","url":"https:\/\/www.valeriehenry.com\/emilie-faif\/wp-content\/uploads\/sites\/6\/2017\/10\/valerie_henry_logo.jpg","contentUrl":"https:\/\/www.valeriehenry.com\/emilie-faif\/wp-content\/uploads\/sites\/6\/2017\/10\/valerie_henry_logo.jpg","width":165,"height":39,"caption":"\u00c9milie Faif"},"image":{"@id":"https:\/\/www.valeriehenry.com\/emilie-faif\/#\/schema\/logo\/image\/"}}]}},"_links":{"self":[{"href":"https:\/\/www.valeriehenry.com\/emilie-faif\/wp-json\/wp\/v2\/pages\/128"}],"collection":[{"href":"https:\/\/www.valeriehenry.com\/emilie-faif\/wp-json\/wp\/v2\/pages"}],"about":[{"href":"https:\/\/www.valeriehenry.com\/emilie-faif\/wp-json\/wp\/v2\/types\/page"}],"author":[{"embeddable":true,"href":"https:\/\/www.valeriehenry.com\/emilie-faif\/wp-json\/wp\/v2\/users\/1"}],"replies":[{"embeddable":true,"href":"https:\/\/www.valeriehenry.com\/emilie-faif\/wp-json\/wp\/v2\/comments?post=128"}],"version-history":[{"count":11,"href":"https:\/\/www.valeriehenry.com\/emilie-faif\/wp-json\/wp\/v2\/pages\/128\/revisions"}],"predecessor-version":[{"id":492,"href":"https:\/\/www.valeriehenry.com\/emilie-faif\/wp-json\/wp\/v2\/pages\/128\/revisions\/492"}],"wp:attachment":[{"href":"https:\/\/www.valeriehenry.com\/emilie-faif\/wp-json\/wp\/v2\/media?parent=128"}],"curies":[{"name":"wp","href":"https:\/\/api.w.org\/{rel}","templated":true}]}}