{"id":11,"date":"2017-10-11T11:15:03","date_gmt":"2017-10-11T09:15:03","guid":{"rendered":"https:\/\/www.valeriehenry.com\/emilie-faif\/?page_id=11"},"modified":"2025-11-12T16:12:06","modified_gmt":"2025-11-12T15:12:06","slug":"news","status":"publish","type":"page","link":"https:\/\/www.valeriehenry.com\/emilie-faif\/","title":{"rendered":"news"},"content":{"rendered":"<div id=\"gallery-1\" class=\"uk-grid-medium uk-child-width-expand@s\" uk-grid uk-height-match=\"target: > article; row: false\"><div class=\"gallery-item uk-margin-bottom uk-width-1-2@s uk-width-1-3@l\"><a href=\"https:\/\/www.valeriehenry.com\/emilie-faif\/wp-content\/uploads\/sites\/6\/2025\/11\/Emilie-Faif-artiste-plasticienne-textile-tissu-japon-setouchi-1.jpg\" rel=\"gallery-1\"><figure class=\"uk-margin-small-bottom uk-cover-container uk-height-small uk-section-muted\"><img decoding=\"async\" uk-cover=\"\" src=\"https:\/\/www.valeriehenry.com\/emilie-faif\/wp-content\/uploads\/sites\/6\/2025\/11\/Emilie-Faif-artiste-plasticienne-textile-tissu-japon-setouchi-1-300x229.jpg\" srcset=\"https:\/\/www.valeriehenry.com\/emilie-faif\/wp-content\/uploads\/sites\/6\/2025\/11\/Emilie-Faif-artiste-plasticienne-textile-tissu-japon-setouchi-1-300x229.jpg 300w, https:\/\/www.valeriehenry.com\/emilie-faif\/wp-content\/uploads\/sites\/6\/2025\/11\/Emilie-Faif-artiste-plasticienne-textile-tissu-japon-setouchi-1-600x457.jpg 600w, https:\/\/www.valeriehenry.com\/emilie-faif\/wp-content\/uploads\/sites\/6\/2025\/11\/Emilie-Faif-artiste-plasticienne-textile-tissu-japon-setouchi-1-1024x780.jpg 1024w, https:\/\/www.valeriehenry.com\/emilie-faif\/wp-content\/uploads\/sites\/6\/2025\/11\/Emilie-Faif-artiste-plasticienne-textile-tissu-japon-setouchi-1-768x585.jpg 768w, https:\/\/www.valeriehenry.com\/emilie-faif\/wp-content\/uploads\/sites\/6\/2025\/11\/Emilie-Faif-artiste-plasticienne-textile-tissu-japon-setouchi-1.jpg 1200w\" sizes=\"100vw, (min-width: 640px) 50vw, (min-width: 960px) 37vw, (min-width: 1200px) 25vw, (min-width: 1280px) 277px\" alt = \"Emilie Fa\u00eff, plasticienne, novembre 2025, \u0153uvre \u00ab Our Island \u00bb, Setouchi Triennale 2025, Japon. La Triennale d\u2019art contemporain de Setouchi 2025 invite \u00c9milie Fa\u00eff en r\u00e9sidence d\u2019un mois sur l\u2019\u00eele d\u2019Ogijima pour y cr\u00e9er \u201cOur Island\u201d.\"><\/figure><\/a><\/div><div class=\"gallery-item uk-margin-bottom uk-width-1-2@s uk-width-1-3@l\"><a href=\"https:\/\/www.valeriehenry.com\/emilie-faif\/wp-content\/uploads\/sites\/6\/2025\/11\/Emilie-Faif-artiste-plasticienne-textile-tissu-japon-setouchi-2.jpg\" rel=\"gallery-1\"><figure class=\"uk-margin-small-bottom uk-cover-container uk-height-small uk-section-muted\"><img decoding=\"async\" uk-cover=\"\" src=\"https:\/\/www.valeriehenry.com\/emilie-faif\/wp-content\/uploads\/sites\/6\/2025\/11\/Emilie-Faif-artiste-plasticienne-textile-tissu-japon-setouchi-2-300x213.jpg\" srcset=\"https:\/\/www.valeriehenry.com\/emilie-faif\/wp-content\/uploads\/sites\/6\/2025\/11\/Emilie-Faif-artiste-plasticienne-textile-tissu-japon-setouchi-2-300x213.jpg 300w, https:\/\/www.valeriehenry.com\/emilie-faif\/wp-content\/uploads\/sites\/6\/2025\/11\/Emilie-Faif-artiste-plasticienne-textile-tissu-japon-setouchi-2-600x426.jpg 600w, https:\/\/www.valeriehenry.com\/emilie-faif\/wp-content\/uploads\/sites\/6\/2025\/11\/Emilie-Faif-artiste-plasticienne-textile-tissu-japon-setouchi-2-1024x726.jpg 1024w, https:\/\/www.valeriehenry.com\/emilie-faif\/wp-content\/uploads\/sites\/6\/2025\/11\/Emilie-Faif-artiste-plasticienne-textile-tissu-japon-setouchi-2-768x545.jpg 768w, https:\/\/www.valeriehenry.com\/emilie-faif\/wp-content\/uploads\/sites\/6\/2025\/11\/Emilie-Faif-artiste-plasticienne-textile-tissu-japon-setouchi-2.jpg 1200w\" sizes=\"100vw, (min-width: 640px) 50vw, (min-width: 960px) 37vw, (min-width: 1200px) 25vw, (min-width: 1280px) 277px\" alt = \"Emilie Fa\u00eff, plasticienne, novembre 2025, \u0153uvre \u00ab Our Island \u00bb, Setouchi Triennale 2025, Japon. \u00c9milie Fa\u00eff cr\u00e9e une \u0153uvre miniature en c\u00e9ramique aux nuances de bleu fait \u00e9cho \u00e0 cette pr\u00e9sence monumentale en reprenant les contours d\u2019Ogijima, petite \u00eele de quelques kilom\u00e8tres carr\u00e9s et de deux cents habitants, au c\u0153ur de la mer int\u00e9rieure du Japon.\"><\/figure><\/a><\/div><div class=\"gallery-item uk-margin-bottom uk-width-1-2@s uk-width-1-3@l\"><a href=\"https:\/\/www.valeriehenry.com\/emilie-faif\/wp-content\/uploads\/sites\/6\/2025\/11\/Emilie-Faif-artiste-plasticienne-textile-tissu-japon-setouchi-3.jpg\" rel=\"gallery-1\"><figure class=\"uk-margin-small-bottom uk-cover-container uk-height-small uk-section-muted\"><img decoding=\"async\" uk-cover=\"\" src=\"https:\/\/www.valeriehenry.com\/emilie-faif\/wp-content\/uploads\/sites\/6\/2025\/11\/Emilie-Faif-artiste-plasticienne-textile-tissu-japon-setouchi-3-300x190.jpg\" srcset=\"https:\/\/www.valeriehenry.com\/emilie-faif\/wp-content\/uploads\/sites\/6\/2025\/11\/Emilie-Faif-artiste-plasticienne-textile-tissu-japon-setouchi-3-300x190.jpg 300w, https:\/\/www.valeriehenry.com\/emilie-faif\/wp-content\/uploads\/sites\/6\/2025\/11\/Emilie-Faif-artiste-plasticienne-textile-tissu-japon-setouchi-3-600x380.jpg 600w, https:\/\/www.valeriehenry.com\/emilie-faif\/wp-content\/uploads\/sites\/6\/2025\/11\/Emilie-Faif-artiste-plasticienne-textile-tissu-japon-setouchi-3-1024x648.jpg 1024w, https:\/\/www.valeriehenry.com\/emilie-faif\/wp-content\/uploads\/sites\/6\/2025\/11\/Emilie-Faif-artiste-plasticienne-textile-tissu-japon-setouchi-3-768x486.jpg 768w, https:\/\/www.valeriehenry.com\/emilie-faif\/wp-content\/uploads\/sites\/6\/2025\/11\/Emilie-Faif-artiste-plasticienne-textile-tissu-japon-setouchi-3.jpg 1200w\" sizes=\"100vw, (min-width: 640px) 50vw, (min-width: 960px) 37vw, (min-width: 1200px) 25vw, (min-width: 1280px) 277px\" alt = \"Emilie Fa\u00eff, plasticienne, novembre 2025, \u0153uvre \u00ab Our Island \u00bb, Setouchi Triennale 2025, Japon. L\u2019installation est constitu\u00e9e de milliers de languettes de tissus bleus, collect\u00e9es et nou\u00e9es par les insulaires et des volontaires. \"><\/figure><\/a><\/div><div class=\"gallery-item uk-margin-bottom uk-width-1-2@s uk-width-1-3@l\"><a href=\"https:\/\/www.valeriehenry.com\/emilie-faif\/wp-content\/uploads\/sites\/6\/2025\/11\/Emilie-Faif-artiste-plasticienne-textile-tissu-japon-setouchi-4.jpg\" rel=\"gallery-1\"><figure class=\"uk-margin-small-bottom uk-cover-container uk-height-small uk-section-muted\"><img decoding=\"async\" uk-cover=\"\" src=\"https:\/\/www.valeriehenry.com\/emilie-faif\/wp-content\/uploads\/sites\/6\/2025\/11\/Emilie-Faif-artiste-plasticienne-textile-tissu-japon-setouchi-4-300x189.jpg\" srcset=\"https:\/\/www.valeriehenry.com\/emilie-faif\/wp-content\/uploads\/sites\/6\/2025\/11\/Emilie-Faif-artiste-plasticienne-textile-tissu-japon-setouchi-4-300x189.jpg 300w, https:\/\/www.valeriehenry.com\/emilie-faif\/wp-content\/uploads\/sites\/6\/2025\/11\/Emilie-Faif-artiste-plasticienne-textile-tissu-japon-setouchi-4-600x378.jpg 600w, https:\/\/www.valeriehenry.com\/emilie-faif\/wp-content\/uploads\/sites\/6\/2025\/11\/Emilie-Faif-artiste-plasticienne-textile-tissu-japon-setouchi-4-1024x644.jpg 1024w, https:\/\/www.valeriehenry.com\/emilie-faif\/wp-content\/uploads\/sites\/6\/2025\/11\/Emilie-Faif-artiste-plasticienne-textile-tissu-japon-setouchi-4-768x483.jpg 768w, https:\/\/www.valeriehenry.com\/emilie-faif\/wp-content\/uploads\/sites\/6\/2025\/11\/Emilie-Faif-artiste-plasticienne-textile-tissu-japon-setouchi-4.jpg 1200w\" sizes=\"100vw, (min-width: 640px) 50vw, (min-width: 960px) 37vw, (min-width: 1200px) 25vw, (min-width: 1280px) 277px\" alt = \"Emilie Fa\u00eff, plasticienne, novembre 2025, \u0153uvre \u00ab Our Island \u00bb, Setouchi Triennale 2025, Japon. Les languettes de textile \u2014 anciens v\u00eatements, kimonos et tissus indigo typiques de Shikoku \u2014 ont ainsi \u00e9t\u00e9 confi\u00e9es \u00e0 l\u2019artiste.\"><\/figure><\/a><\/div><div class=\"gallery-item uk-margin-bottom uk-width-1-2@s uk-width-1-3@l\"><a href=\"https:\/\/www.valeriehenry.com\/emilie-faif\/wp-content\/uploads\/sites\/6\/2025\/11\/Emilie-Faif-artiste-plasticienne-textile-tissu-japon-setouchi-5.jpg\" rel=\"gallery-1\"><figure class=\"uk-margin-small-bottom uk-cover-container uk-height-small uk-section-muted\"><img decoding=\"async\" uk-cover=\"\" src=\"https:\/\/www.valeriehenry.com\/emilie-faif\/wp-content\/uploads\/sites\/6\/2025\/11\/Emilie-Faif-artiste-plasticienne-textile-tissu-japon-setouchi-5-300x219.jpg\" srcset=\"https:\/\/www.valeriehenry.com\/emilie-faif\/wp-content\/uploads\/sites\/6\/2025\/11\/Emilie-Faif-artiste-plasticienne-textile-tissu-japon-setouchi-5-300x219.jpg 300w, https:\/\/www.valeriehenry.com\/emilie-faif\/wp-content\/uploads\/sites\/6\/2025\/11\/Emilie-Faif-artiste-plasticienne-textile-tissu-japon-setouchi-5-600x439.jpg 600w, https:\/\/www.valeriehenry.com\/emilie-faif\/wp-content\/uploads\/sites\/6\/2025\/11\/Emilie-Faif-artiste-plasticienne-textile-tissu-japon-setouchi-5-1024x748.jpg 1024w, https:\/\/www.valeriehenry.com\/emilie-faif\/wp-content\/uploads\/sites\/6\/2025\/11\/Emilie-Faif-artiste-plasticienne-textile-tissu-japon-setouchi-5-768x561.jpg 768w, https:\/\/www.valeriehenry.com\/emilie-faif\/wp-content\/uploads\/sites\/6\/2025\/11\/Emilie-Faif-artiste-plasticienne-textile-tissu-japon-setouchi-5.jpg 1200w\" sizes=\"100vw, (min-width: 640px) 50vw, (min-width: 960px) 37vw, (min-width: 1200px) 25vw, (min-width: 1280px) 277px\" alt = \"Emilie Fa\u00eff, plasticienne, novembre 2025, \u0153uvre \u00ab Our Island \u00bb, Setouchi Triennale 2025, Japon. Porteuses d\u2019histoires personnelles, elles composent une \u0153uvre n\u00e9e de gestes partag\u00e9s, d\u2019\u00e9changes et de g\u00e9n\u00e9rosit\u00e9, symbole du lien profond entre la communaut\u00e9 et son territoire.\"><\/figure><\/a><\/div><div class=\"gallery-item uk-margin-bottom uk-width-1-2@s uk-width-1-3@l\"><a href=\"https:\/\/www.valeriehenry.com\/emilie-faif\/wp-content\/uploads\/sites\/6\/2025\/11\/Emilie-Faif-artiste-plasticienne-textile-tissu-japon-setouchi-6.jpg\" rel=\"gallery-1\"><figure class=\"uk-margin-small-bottom uk-cover-container uk-height-small uk-section-muted\"><img decoding=\"async\" uk-cover=\"\" src=\"https:\/\/www.valeriehenry.com\/emilie-faif\/wp-content\/uploads\/sites\/6\/2025\/11\/Emilie-Faif-artiste-plasticienne-textile-tissu-japon-setouchi-6-300x209.jpg\" srcset=\"https:\/\/www.valeriehenry.com\/emilie-faif\/wp-content\/uploads\/sites\/6\/2025\/11\/Emilie-Faif-artiste-plasticienne-textile-tissu-japon-setouchi-6-300x209.jpg 300w, https:\/\/www.valeriehenry.com\/emilie-faif\/wp-content\/uploads\/sites\/6\/2025\/11\/Emilie-Faif-artiste-plasticienne-textile-tissu-japon-setouchi-6-600x418.jpg 600w, https:\/\/www.valeriehenry.com\/emilie-faif\/wp-content\/uploads\/sites\/6\/2025\/11\/Emilie-Faif-artiste-plasticienne-textile-tissu-japon-setouchi-6-1024x713.jpg 1024w, https:\/\/www.valeriehenry.com\/emilie-faif\/wp-content\/uploads\/sites\/6\/2025\/11\/Emilie-Faif-artiste-plasticienne-textile-tissu-japon-setouchi-6-768x534.jpg 768w, https:\/\/www.valeriehenry.com\/emilie-faif\/wp-content\/uploads\/sites\/6\/2025\/11\/Emilie-Faif-artiste-plasticienne-textile-tissu-japon-setouchi-6.jpg 1200w\" sizes=\"100vw, (min-width: 640px) 50vw, (min-width: 960px) 37vw, (min-width: 1200px) 25vw, (min-width: 1280px) 277px\" alt = \"Emilie Fa\u00eff, plasticienne, novembre 2025, \u0153uvre \u00ab Our Island \u00bb, Setouchi Triennale 2025, Japon. \"><\/figure><\/a><\/div><div class=\"gallery-item uk-margin-bottom uk-width-1-2@s uk-width-1-3@l\"><a href=\"https:\/\/www.valeriehenry.com\/emilie-faif\/wp-content\/uploads\/sites\/6\/2024\/11\/Emilie-Faif-artiste-plasticienne-installation-musee-taipei-8.jpg\" rel=\"gallery-1\"><figure class=\"uk-margin-small-bottom uk-cover-container uk-height-small uk-section-muted\"><img decoding=\"async\" uk-cover=\"\" src=\"https:\/\/www.valeriehenry.com\/emilie-faif\/wp-content\/uploads\/sites\/6\/2024\/11\/Emilie-Faif-artiste-plasticienne-installation-musee-taipei-8-300x200.jpg\" srcset=\"https:\/\/www.valeriehenry.com\/emilie-faif\/wp-content\/uploads\/sites\/6\/2024\/11\/Emilie-Faif-artiste-plasticienne-installation-musee-taipei-8-300x200.jpg 300w, https:\/\/www.valeriehenry.com\/emilie-faif\/wp-content\/uploads\/sites\/6\/2024\/11\/Emilie-Faif-artiste-plasticienne-installation-musee-taipei-8-600x400.jpg 600w, https:\/\/www.valeriehenry.com\/emilie-faif\/wp-content\/uploads\/sites\/6\/2024\/11\/Emilie-Faif-artiste-plasticienne-installation-musee-taipei-8-1024x683.jpg 1024w, https:\/\/www.valeriehenry.com\/emilie-faif\/wp-content\/uploads\/sites\/6\/2024\/11\/Emilie-Faif-artiste-plasticienne-installation-musee-taipei-8-768x512.jpg 768w, https:\/\/www.valeriehenry.com\/emilie-faif\/wp-content\/uploads\/sites\/6\/2024\/11\/Emilie-Faif-artiste-plasticienne-installation-musee-taipei-8.jpg 1200w\" sizes=\"100vw, (min-width: 640px) 50vw, (min-width: 960px) 37vw, (min-width: 1200px) 25vw, (min-width: 1280px) 277px\" alt = \"Emilie Fa\u00eff, plasticienne, novembre 2023, installation \u00ab\u00a0Bathing\u00a0\u00bb, Taipei Fine Arts Museum, Ta\u00efwan. Emilie Fa\u00eff propose de jouer avec les perceptions des visiteurs invitant joyeusement les plus jeunes \u00e0 aborder la question de la repr\u00e9sentation du corps, un th\u00e8me fr\u00e9quemment explor\u00e9 dans les \u0153uvres de la plasticienne. \"><\/figure><\/a><\/div><div class=\"gallery-item uk-margin-bottom uk-width-1-2@s uk-width-1-3@l\"><a href=\"https:\/\/www.valeriehenry.com\/emilie-faif\/wp-content\/uploads\/sites\/6\/2024\/11\/Emilie-Faif-artiste-plasticienne-installation-musee-taipei-7.jpg\" rel=\"gallery-1\"><figure class=\"uk-margin-small-bottom uk-cover-container uk-height-small uk-section-muted\"><img decoding=\"async\" uk-cover=\"\" src=\"https:\/\/www.valeriehenry.com\/emilie-faif\/wp-content\/uploads\/sites\/6\/2024\/11\/Emilie-Faif-artiste-plasticienne-installation-musee-taipei-7-300x200.jpg\" srcset=\"https:\/\/www.valeriehenry.com\/emilie-faif\/wp-content\/uploads\/sites\/6\/2024\/11\/Emilie-Faif-artiste-plasticienne-installation-musee-taipei-7-300x200.jpg 300w, https:\/\/www.valeriehenry.com\/emilie-faif\/wp-content\/uploads\/sites\/6\/2024\/11\/Emilie-Faif-artiste-plasticienne-installation-musee-taipei-7-600x400.jpg 600w, https:\/\/www.valeriehenry.com\/emilie-faif\/wp-content\/uploads\/sites\/6\/2024\/11\/Emilie-Faif-artiste-plasticienne-installation-musee-taipei-7-1024x683.jpg 1024w, https:\/\/www.valeriehenry.com\/emilie-faif\/wp-content\/uploads\/sites\/6\/2024\/11\/Emilie-Faif-artiste-plasticienne-installation-musee-taipei-7-768x512.jpg 768w, https:\/\/www.valeriehenry.com\/emilie-faif\/wp-content\/uploads\/sites\/6\/2024\/11\/Emilie-Faif-artiste-plasticienne-installation-musee-taipei-7.jpg 1200w\" sizes=\"100vw, (min-width: 640px) 50vw, (min-width: 960px) 37vw, (min-width: 1200px) 25vw, (min-width: 1280px) 277px\" alt = \"Emilie Fa\u00eff, plasticienne, novembre 2023, installation \u00ab\u00a0Bathing\u00a0\u00bb, Taipei Fine Arts Museum, Ta\u00efwan. \u201cBathing\u201c est une installation s\u2019inspirant du contexte tr\u00e8s singulier du Taipei Fine Arts Museum. Des sculptures \u00e9parses surgissent du sol \u00e0 la mani\u00e8re des membres \u00e9merg\u00e9s d\u2019un corps se baignant.\"><\/figure><\/a><\/div><div class=\"gallery-item uk-margin-bottom uk-width-1-2@s uk-width-1-3@l\"><a href=\"https:\/\/www.valeriehenry.com\/emilie-faif\/wp-content\/uploads\/sites\/6\/2024\/11\/Emilie-Faif-artiste-plasticienne-installation-musee-taipei-6.jpg\" rel=\"gallery-1\"><figure class=\"uk-margin-small-bottom uk-cover-container uk-height-small uk-section-muted\"><img decoding=\"async\" uk-cover=\"\" src=\"https:\/\/www.valeriehenry.com\/emilie-faif\/wp-content\/uploads\/sites\/6\/2024\/11\/Emilie-Faif-artiste-plasticienne-installation-musee-taipei-6-300x207.jpg\" srcset=\"https:\/\/www.valeriehenry.com\/emilie-faif\/wp-content\/uploads\/sites\/6\/2024\/11\/Emilie-Faif-artiste-plasticienne-installation-musee-taipei-6-300x207.jpg 300w, https:\/\/www.valeriehenry.com\/emilie-faif\/wp-content\/uploads\/sites\/6\/2024\/11\/Emilie-Faif-artiste-plasticienne-installation-musee-taipei-6-600x413.jpg 600w, https:\/\/www.valeriehenry.com\/emilie-faif\/wp-content\/uploads\/sites\/6\/2024\/11\/Emilie-Faif-artiste-plasticienne-installation-musee-taipei-6-1024x705.jpg 1024w, https:\/\/www.valeriehenry.com\/emilie-faif\/wp-content\/uploads\/sites\/6\/2024\/11\/Emilie-Faif-artiste-plasticienne-installation-musee-taipei-6-768x529.jpg 768w, https:\/\/www.valeriehenry.com\/emilie-faif\/wp-content\/uploads\/sites\/6\/2024\/11\/Emilie-Faif-artiste-plasticienne-installation-musee-taipei-6.jpg 1200w\" sizes=\"100vw, (min-width: 640px) 50vw, (min-width: 960px) 37vw, (min-width: 1200px) 25vw, (min-width: 1280px) 277px\" alt = \"Emilie Fa\u00eff, plasticienne, novembre 2023, installation \u00ab\u00a0Bathing\u00a0\u00bb, Taipei Fine Arts Museum, Ta\u00efwan. Pour la confection de l\u2019installation, Emilie Fa\u00eff a r\u00e9alis\u00e9 les sculptures en papier m\u00e2ch\u00e9 \u00e0 partir du papier craft des grands sacs de farine des boulangers.\"><\/figure><\/a><\/div><div class=\"gallery-item uk-margin-bottom uk-width-1-2@s uk-width-1-3@l\"><a href=\"https:\/\/www.valeriehenry.com\/emilie-faif\/wp-content\/uploads\/sites\/6\/2023\/09\/emilie-faif-artiste-oeuvre-textile-upcycling-recycle-5.jpg\" rel=\"gallery-1\"><figure class=\"uk-margin-small-bottom uk-cover-container uk-height-small uk-section-muted\"><img decoding=\"async\" uk-cover=\"\" src=\"https:\/\/www.valeriehenry.com\/emilie-faif\/wp-content\/uploads\/sites\/6\/2023\/09\/emilie-faif-artiste-oeuvre-textile-upcycling-recycle-5-300x202.jpg\" srcset=\"https:\/\/www.valeriehenry.com\/emilie-faif\/wp-content\/uploads\/sites\/6\/2023\/09\/emilie-faif-artiste-oeuvre-textile-upcycling-recycle-5-300x202.jpg 300w, https:\/\/www.valeriehenry.com\/emilie-faif\/wp-content\/uploads\/sites\/6\/2023\/09\/emilie-faif-artiste-oeuvre-textile-upcycling-recycle-5-600x403.jpg 600w, https:\/\/www.valeriehenry.com\/emilie-faif\/wp-content\/uploads\/sites\/6\/2023\/09\/emilie-faif-artiste-oeuvre-textile-upcycling-recycle-5-768x516.jpg 768w, https:\/\/www.valeriehenry.com\/emilie-faif\/wp-content\/uploads\/sites\/6\/2023\/09\/emilie-faif-artiste-oeuvre-textile-upcycling-recycle-5-1024x688.jpg 1024w, https:\/\/www.valeriehenry.com\/emilie-faif\/wp-content\/uploads\/sites\/6\/2023\/09\/emilie-faif-artiste-oeuvre-textile-upcycling-recycle-5.jpg 1200w\" sizes=\"100vw, (min-width: 640px) 50vw, (min-width: 960px) 37vw, (min-width: 1200px) 25vw, (min-width: 1280px) 277px\" alt = \"Emilie Fa\u00eff, plasticienne, septembre 2023, installation textile, tissus recycl\u00e9s, Elitis, Paris. Pour les Designer\u2019s Days, Elitis invite la plasticienne Emilie Fa\u00eff \u00e0 investir l\u2019espace de leur Showroom de la rue Saint Benoit.\n\"><\/figure><\/a><\/div><div class=\"gallery-item uk-margin-bottom uk-width-1-2@s uk-width-1-3@l\"><a href=\"https:\/\/www.valeriehenry.com\/emilie-faif\/wp-content\/uploads\/sites\/6\/2023\/09\/emilie-faif-artiste-oeuvre-textile-upcycling-recycle-2.jpg\" rel=\"gallery-1\"><figure class=\"uk-margin-small-bottom uk-cover-container uk-height-small uk-section-muted\"><img decoding=\"async\" uk-cover=\"\" src=\"https:\/\/www.valeriehenry.com\/emilie-faif\/wp-content\/uploads\/sites\/6\/2023\/09\/emilie-faif-artiste-oeuvre-textile-upcycling-recycle-2-300x200.jpg\" srcset=\"https:\/\/www.valeriehenry.com\/emilie-faif\/wp-content\/uploads\/sites\/6\/2023\/09\/emilie-faif-artiste-oeuvre-textile-upcycling-recycle-2-300x200.jpg 300w, https:\/\/www.valeriehenry.com\/emilie-faif\/wp-content\/uploads\/sites\/6\/2023\/09\/emilie-faif-artiste-oeuvre-textile-upcycling-recycle-2-600x400.jpg 600w, https:\/\/www.valeriehenry.com\/emilie-faif\/wp-content\/uploads\/sites\/6\/2023\/09\/emilie-faif-artiste-oeuvre-textile-upcycling-recycle-2-768x512.jpg 768w, https:\/\/www.valeriehenry.com\/emilie-faif\/wp-content\/uploads\/sites\/6\/2023\/09\/emilie-faif-artiste-oeuvre-textile-upcycling-recycle-2-1024x683.jpg 1024w, https:\/\/www.valeriehenry.com\/emilie-faif\/wp-content\/uploads\/sites\/6\/2023\/09\/emilie-faif-artiste-oeuvre-textile-upcycling-recycle-2.jpg 1200w\" sizes=\"100vw, (min-width: 640px) 50vw, (min-width: 960px) 37vw, (min-width: 1200px) 25vw, (min-width: 1280px) 277px\" alt = \"Emilie Fa\u00eff, plasticienne, septembre 2023, installation textile, tissus recycl\u00e9s, Elitis, Paris. Pour les Designer\u2019s Days, Elitis invite la plasticienne Emilie Fa\u00eff \u00e0 investir l\u2019espace de leur Showroom de la rue Saint Benoit.\n\"><\/figure><\/a><\/div><div class=\"gallery-item uk-margin-bottom uk-width-1-2@s uk-width-1-3@l\"><a href=\"https:\/\/www.valeriehenry.com\/emilie-faif\/wp-content\/uploads\/sites\/6\/2023\/09\/emilie-faif-artiste-oeuvre-textile-upcycling-recycle-3.jpg\" rel=\"gallery-1\"><figure class=\"uk-margin-small-bottom uk-cover-container uk-height-small uk-section-muted\"><img decoding=\"async\" uk-cover=\"\" src=\"https:\/\/www.valeriehenry.com\/emilie-faif\/wp-content\/uploads\/sites\/6\/2023\/09\/emilie-faif-artiste-oeuvre-textile-upcycling-recycle-3-300x223.jpg\" srcset=\"https:\/\/www.valeriehenry.com\/emilie-faif\/wp-content\/uploads\/sites\/6\/2023\/09\/emilie-faif-artiste-oeuvre-textile-upcycling-recycle-3-300x223.jpg 300w, https:\/\/www.valeriehenry.com\/emilie-faif\/wp-content\/uploads\/sites\/6\/2023\/09\/emilie-faif-artiste-oeuvre-textile-upcycling-recycle-3-600x447.jpg 600w, https:\/\/www.valeriehenry.com\/emilie-faif\/wp-content\/uploads\/sites\/6\/2023\/09\/emilie-faif-artiste-oeuvre-textile-upcycling-recycle-3-768x572.jpg 768w, https:\/\/www.valeriehenry.com\/emilie-faif\/wp-content\/uploads\/sites\/6\/2023\/09\/emilie-faif-artiste-oeuvre-textile-upcycling-recycle-3-1024x762.jpg 1024w, https:\/\/www.valeriehenry.com\/emilie-faif\/wp-content\/uploads\/sites\/6\/2023\/09\/emilie-faif-artiste-oeuvre-textile-upcycling-recycle-3.jpg 1200w\" sizes=\"100vw, (min-width: 640px) 50vw, (min-width: 960px) 37vw, (min-width: 1200px) 25vw, (min-width: 1280px) 277px\" alt = \"Emilie Fa\u00eff, plasticienne, septembre 2023, installation textile, tissus recycl\u00e9s, Elitis, Paris. Pour cette occasion Emilie Fa\u00eff cr\u00e9e une nouvelle installation textile constitu\u00e9e d\u2019une accumulation g\u00e9n\u00e9reuse et joyeuse de formes organiques. \n\"><\/figure><\/a><\/div><div class=\"gallery-item uk-margin-bottom uk-width-1-2@s uk-width-1-3@l\"><a href=\"https:\/\/www.valeriehenry.com\/emilie-faif\/wp-content\/uploads\/sites\/6\/2023\/09\/emilie-faif-artiste-oeuvre-textile-upcycling-recycle-8.jpg\" rel=\"gallery-1\"><figure class=\"uk-margin-small-bottom uk-cover-container uk-height-small uk-section-muted\"><img decoding=\"async\" uk-cover=\"\" src=\"https:\/\/www.valeriehenry.com\/emilie-faif\/wp-content\/uploads\/sites\/6\/2023\/09\/emilie-faif-artiste-oeuvre-textile-upcycling-recycle-8-300x260.jpg\" srcset=\"https:\/\/www.valeriehenry.com\/emilie-faif\/wp-content\/uploads\/sites\/6\/2023\/09\/emilie-faif-artiste-oeuvre-textile-upcycling-recycle-8-300x260.jpg 300w, https:\/\/www.valeriehenry.com\/emilie-faif\/wp-content\/uploads\/sites\/6\/2023\/09\/emilie-faif-artiste-oeuvre-textile-upcycling-recycle-8-600x520.jpg 600w, https:\/\/www.valeriehenry.com\/emilie-faif\/wp-content\/uploads\/sites\/6\/2023\/09\/emilie-faif-artiste-oeuvre-textile-upcycling-recycle-8-768x666.jpg 768w, https:\/\/www.valeriehenry.com\/emilie-faif\/wp-content\/uploads\/sites\/6\/2023\/09\/emilie-faif-artiste-oeuvre-textile-upcycling-recycle-8-1024x887.jpg 1024w, https:\/\/www.valeriehenry.com\/emilie-faif\/wp-content\/uploads\/sites\/6\/2023\/09\/emilie-faif-artiste-oeuvre-textile-upcycling-recycle-8.jpg 1200w\" sizes=\"100vw, (min-width: 640px) 50vw, (min-width: 960px) 37vw, (min-width: 1200px) 25vw, (min-width: 1280px) 277px\" alt = \"Emilie Fa\u00eff, plasticienne, septembre 2023, installation textile, tissus recycl\u00e9s, Elitis, Paris. Pour cette occasion Emilie Fa\u00eff cr\u00e9e une nouvelle installation textile constitu\u00e9e d\u2019une accumulation g\u00e9n\u00e9reuse et joyeuse de formes organiques. \"><\/figure><\/a><\/div><div class=\"gallery-item uk-margin-bottom uk-width-1-2@s uk-width-1-3@l\"><a href=\"https:\/\/www.valeriehenry.com\/emilie-faif\/wp-content\/uploads\/sites\/6\/2023\/09\/emilie-faif-artiste-oeuvre-textile-upcycling-recycle-6.jpg\" rel=\"gallery-1\"><figure class=\"uk-margin-small-bottom uk-cover-container uk-height-small uk-section-muted\"><img decoding=\"async\" uk-cover=\"\" src=\"https:\/\/www.valeriehenry.com\/emilie-faif\/wp-content\/uploads\/sites\/6\/2023\/09\/emilie-faif-artiste-oeuvre-textile-upcycling-recycle-6-300x225.jpg\" srcset=\"https:\/\/www.valeriehenry.com\/emilie-faif\/wp-content\/uploads\/sites\/6\/2023\/09\/emilie-faif-artiste-oeuvre-textile-upcycling-recycle-6-300x225.jpg 300w, https:\/\/www.valeriehenry.com\/emilie-faif\/wp-content\/uploads\/sites\/6\/2023\/09\/emilie-faif-artiste-oeuvre-textile-upcycling-recycle-6-600x450.jpg 600w, https:\/\/www.valeriehenry.com\/emilie-faif\/wp-content\/uploads\/sites\/6\/2023\/09\/emilie-faif-artiste-oeuvre-textile-upcycling-recycle-6-768x576.jpg 768w, https:\/\/www.valeriehenry.com\/emilie-faif\/wp-content\/uploads\/sites\/6\/2023\/09\/emilie-faif-artiste-oeuvre-textile-upcycling-recycle-6-1024x768.jpg 1024w, https:\/\/www.valeriehenry.com\/emilie-faif\/wp-content\/uploads\/sites\/6\/2023\/09\/emilie-faif-artiste-oeuvre-textile-upcycling-recycle-6.jpg 1200w\" sizes=\"100vw, (min-width: 640px) 50vw, (min-width: 960px) 37vw, (min-width: 1200px) 25vw, (min-width: 1280px) 277px\" alt = \"Emilie Fa\u00eff, plasticienne, septembre 2023, installation textile, tissus recycl\u00e9s, Elitis, Paris. Confectionn\u00e9e en recyclant des tissus en lin issus des anciennes collections et reteints, cette corne d\u2019abondance, ode \u00e0 la couleur, semble s\u2019\u00e9tendre hors du cadre de la vitrine et invite les passants \u00e0 s\u2019immerger dans l\u2019univers textile de la maison d\u2019\u00e9dition Elitis. \n\"><\/figure><\/a><\/div><div class=\"gallery-item uk-margin-bottom uk-width-1-2@s uk-width-1-3@l\"><a href=\"https:\/\/www.valeriehenry.com\/emilie-faif\/wp-content\/uploads\/sites\/6\/2023\/09\/emilie-faif-artiste-oeuvre-textile-upcycling-recycle-7.jpg\" rel=\"gallery-1\"><figure class=\"uk-margin-small-bottom uk-cover-container uk-height-small uk-section-muted\"><img decoding=\"async\" uk-cover=\"\" src=\"https:\/\/www.valeriehenry.com\/emilie-faif\/wp-content\/uploads\/sites\/6\/2023\/09\/emilie-faif-artiste-oeuvre-textile-upcycling-recycle-7-300x225.jpg\" srcset=\"https:\/\/www.valeriehenry.com\/emilie-faif\/wp-content\/uploads\/sites\/6\/2023\/09\/emilie-faif-artiste-oeuvre-textile-upcycling-recycle-7-300x225.jpg 300w, https:\/\/www.valeriehenry.com\/emilie-faif\/wp-content\/uploads\/sites\/6\/2023\/09\/emilie-faif-artiste-oeuvre-textile-upcycling-recycle-7-600x450.jpg 600w, https:\/\/www.valeriehenry.com\/emilie-faif\/wp-content\/uploads\/sites\/6\/2023\/09\/emilie-faif-artiste-oeuvre-textile-upcycling-recycle-7-768x576.jpg 768w, https:\/\/www.valeriehenry.com\/emilie-faif\/wp-content\/uploads\/sites\/6\/2023\/09\/emilie-faif-artiste-oeuvre-textile-upcycling-recycle-7-1024x768.jpg 1024w, https:\/\/www.valeriehenry.com\/emilie-faif\/wp-content\/uploads\/sites\/6\/2023\/09\/emilie-faif-artiste-oeuvre-textile-upcycling-recycle-7.jpg 1200w\" sizes=\"100vw, (min-width: 640px) 50vw, (min-width: 960px) 37vw, (min-width: 1200px) 25vw, (min-width: 1280px) 277px\" alt = \"Emilie Fa\u00eff, plasticienne, septembre 2023, installation textile, tissus recycl\u00e9s, Elitis, Paris. Confectionn\u00e9e en recyclant des tissus en lin issus des anciennes collections et reteints, cette corne d\u2019abondance, ode \u00e0 la couleur, semble s\u2019\u00e9tendre hors du cadre de la vitrine et invite les passants \u00e0 s\u2019immerger dans l\u2019univers textile de la maison d\u2019\u00e9dition Elitis. \n\"><\/figure><\/a><\/div><div class=\"gallery-item uk-margin-bottom uk-width-1-2@s uk-width-1-3@l\"><a href=\"https:\/\/www.valeriehenry.com\/emilie-faif\/wp-content\/uploads\/sites\/6\/2022\/10\/Emilie-faif-artiste-textile-petit-B-choregraphe-Muzac-1.jpg\" rel=\"gallery-1\"><figure class=\"uk-margin-small-bottom uk-cover-container uk-height-small uk-section-muted\"><img decoding=\"async\" uk-cover=\"\" src=\"https:\/\/www.valeriehenry.com\/emilie-faif\/wp-content\/uploads\/sites\/6\/2022\/10\/Emilie-faif-artiste-textile-petit-B-choregraphe-Muzac-1-300x300.jpg\" srcset=\"https:\/\/www.valeriehenry.com\/emilie-faif\/wp-content\/uploads\/sites\/6\/2022\/10\/Emilie-faif-artiste-textile-petit-B-choregraphe-Muzac-1-300x300.jpg 300w, https:\/\/www.valeriehenry.com\/emilie-faif\/wp-content\/uploads\/sites\/6\/2022\/10\/Emilie-faif-artiste-textile-petit-B-choregraphe-Muzac-1-600x600.jpg 600w, https:\/\/www.valeriehenry.com\/emilie-faif\/wp-content\/uploads\/sites\/6\/2022\/10\/Emilie-faif-artiste-textile-petit-B-choregraphe-Muzac-1-768x768.jpg 768w, https:\/\/www.valeriehenry.com\/emilie-faif\/wp-content\/uploads\/sites\/6\/2022\/10\/Emilie-faif-artiste-textile-petit-B-choregraphe-Muzac-1-1024x1024.jpg 1024w, https:\/\/www.valeriehenry.com\/emilie-faif\/wp-content\/uploads\/sites\/6\/2022\/10\/Emilie-faif-artiste-textile-petit-B-choregraphe-Muzac-1.jpg 1200w\" sizes=\"100vw, (min-width: 640px) 50vw, (min-width: 960px) 37vw, (min-width: 1200px) 25vw, (min-width: 1280px) 277px\" alt = \"Emilie Fa\u00eff, plasticienne, octobre-novembre 2022, cr\u00e9ation de sculptures textiles pour le spectacle \u00ab Le Petit B \u00bb de la chor\u00e9graphe Marion Muzac. Emilie Fa\u00eff cr\u00e9e une sce\u0301nographie est presque monochrome afin de permettre a\u0300 l\u2019installation de ressortir dans les espaces. Une surface d\u2019environ 6X6 me\u0300tres se de\u0301ploie au sol. Les danseur.se.s y sont immerge\u0301.e.s, leurs corps confondus avec elle.\"><\/figure><\/a><\/div><div class=\"gallery-item uk-margin-bottom uk-width-1-2@s uk-width-1-3@l\"><a href=\"https:\/\/www.valeriehenry.com\/emilie-faif\/wp-content\/uploads\/sites\/6\/2022\/10\/Emilie-faif-artiste-textile-petit-B-choregraphe-Muzac-2.jpg\" rel=\"gallery-1\"><figure class=\"uk-margin-small-bottom uk-cover-container uk-height-small uk-section-muted\"><img decoding=\"async\" uk-cover=\"\" src=\"https:\/\/www.valeriehenry.com\/emilie-faif\/wp-content\/uploads\/sites\/6\/2022\/10\/Emilie-faif-artiste-textile-petit-B-choregraphe-Muzac-2-300x300.jpg\" srcset=\"https:\/\/www.valeriehenry.com\/emilie-faif\/wp-content\/uploads\/sites\/6\/2022\/10\/Emilie-faif-artiste-textile-petit-B-choregraphe-Muzac-2-300x300.jpg 300w, https:\/\/www.valeriehenry.com\/emilie-faif\/wp-content\/uploads\/sites\/6\/2022\/10\/Emilie-faif-artiste-textile-petit-B-choregraphe-Muzac-2-600x600.jpg 600w, https:\/\/www.valeriehenry.com\/emilie-faif\/wp-content\/uploads\/sites\/6\/2022\/10\/Emilie-faif-artiste-textile-petit-B-choregraphe-Muzac-2-768x768.jpg 768w, https:\/\/www.valeriehenry.com\/emilie-faif\/wp-content\/uploads\/sites\/6\/2022\/10\/Emilie-faif-artiste-textile-petit-B-choregraphe-Muzac-2-1024x1024.jpg 1024w, https:\/\/www.valeriehenry.com\/emilie-faif\/wp-content\/uploads\/sites\/6\/2022\/10\/Emilie-faif-artiste-textile-petit-B-choregraphe-Muzac-2.jpg 1200w\" sizes=\"100vw, (min-width: 640px) 50vw, (min-width: 960px) 37vw, (min-width: 1200px) 25vw, (min-width: 1280px) 277px\" alt = \"Emilie Fa\u00eff, plasticienne, octobre-novembre 2022, cr\u00e9ation de sculptures textiles pour le spectacle \u00ab Le Petit B \u00bb de la chor\u00e9graphe Marion Muzac. La sce\u0301nographie d&rsquo;Emilie Fa\u00eff est manipulable : on peut pousser, tirer, faire rouler, caresser ces modules&#8230; Faire corps avec&#8230; E\u0302tre soi\u2010me\u0302me souleve\u0301, transporte\u0301, de\u0301place\u0301 par les danseur.se.s.\"><\/figure><\/a><\/div><div class=\"gallery-item uk-margin-bottom uk-width-1-2@s uk-width-1-3@l\"><a href=\"https:\/\/www.valeriehenry.com\/emilie-faif\/wp-content\/uploads\/sites\/6\/2022\/10\/Emilie-faif-artiste-textile-petit-B-choregraphe-Muzac-3.jpg\" rel=\"gallery-1\"><figure class=\"uk-margin-small-bottom uk-cover-container uk-height-small uk-section-muted\"><img decoding=\"async\" uk-cover=\"\" src=\"https:\/\/www.valeriehenry.com\/emilie-faif\/wp-content\/uploads\/sites\/6\/2022\/10\/Emilie-faif-artiste-textile-petit-B-choregraphe-Muzac-3-e1666778587133-300x259.jpg\" srcset=\"\" sizes=\"100vw, (min-width: 640px) 50vw, (min-width: 960px) 37vw, (min-width: 1200px) 25vw, (min-width: 1280px) 277px\" alt = \"Emilie Fa\u00eff, plasticienne, octobre-novembre 2022, cr\u00e9ation de sculptures textiles pour le spectacle \u00ab Le Petit B \u00bb de la chor\u00e9graphe Marion Muzac. Une ondulation re\u0301active :\nsous l\u2019impulsion des gestes, les textures de cette installation sont transforme\u0301es : mou, le\u0301ger, lourd, souple&#8230; des e\u0301tats de corps en perpe\u0301tuelle e\u0301volution.\"><\/figure><\/a><\/div><div class=\"gallery-item uk-margin-bottom uk-width-1-2@s uk-width-1-3@l\"><a href=\"https:\/\/www.valeriehenry.com\/emilie-faif\/wp-content\/uploads\/sites\/6\/2021\/06\/MU-emilie-Fai\u0308f-1.jpg\" rel=\"gallery-1\"><figure class=\"uk-margin-small-bottom uk-cover-container uk-height-small uk-section-muted\"><img decoding=\"async\" uk-cover=\"\" src=\"https:\/\/www.valeriehenry.com\/emilie-faif\/wp-content\/uploads\/sites\/6\/2021\/06\/MU-emilie-Fai\u0308f-1-e1624370134266-300x212.jpg\" srcset=\"\" sizes=\"100vw, (min-width: 640px) 50vw, (min-width: 960px) 37vw, (min-width: 1200px) 25vw, (min-width: 1280px) 277px\" alt = \"Emilie Fa\u00eff, plasticienne, juin 2021, cr\u00e9ation de sculptures textiles pour le spectacle \u00ab\u00a0MU\u00a0\u00bb de la chor\u00e9graphe Marion Muzac. Pour le spectacle MU de la chor\u00e9graphe Marion Muzac, Emilie Fa\u00eff cr\u00e9\u00e9 des sculptures , telles des figures tot\u00e9miques intemporelles rappelant des paysages fantasmagoriques. \u00a9 photo Edmon Carr\u00e8re\"><\/figure><\/a><\/div><div class=\"gallery-item uk-margin-bottom uk-width-1-2@s uk-width-1-3@l\"><a href=\"https:\/\/www.valeriehenry.com\/emilie-faif\/wp-content\/uploads\/sites\/6\/2021\/06\/MU-emilie-Fai\u0308f-4.jpg\" rel=\"gallery-1\"><figure class=\"uk-margin-small-bottom uk-cover-container uk-height-small uk-section-muted\"><img decoding=\"async\" uk-cover=\"\" src=\"https:\/\/www.valeriehenry.com\/emilie-faif\/wp-content\/uploads\/sites\/6\/2021\/06\/MU-emilie-Fai\u0308f-4-e1624370155640-300x209.jpg\" srcset=\"\" sizes=\"100vw, (min-width: 640px) 50vw, (min-width: 960px) 37vw, (min-width: 1200px) 25vw, (min-width: 1280px) 277px\" alt = \"Emilie Fa\u00eff, plasticienne, juin 2021, cr\u00e9ation de sculptures textiles pour le spectacle \u00ab\u00a0MU\u00a0\u00bb de la chor\u00e9graphe Marion Muzac. La danseuse Aim\u00e9e-Rose Rich \u00e9volue avec douceur et humour dans un univers \u00e9nigmatique peupl\u00e9 de r\u00e9f\u00e9rences virtuelles, sportives, parfois ancestrales. \u00a9 photo Edmon Carr\u00e8re\"><\/figure><\/a><\/div><div class=\"gallery-item uk-margin-bottom uk-width-1-2@s uk-width-1-3@l\"><a href=\"https:\/\/www.valeriehenry.com\/emilie-faif\/wp-content\/uploads\/sites\/6\/2021\/06\/MU-emilie-Fai\u0308f-2.jpg\" rel=\"gallery-1\"><figure class=\"uk-margin-small-bottom uk-cover-container uk-height-small uk-section-muted\"><img decoding=\"async\" uk-cover=\"\" src=\"https:\/\/www.valeriehenry.com\/emilie-faif\/wp-content\/uploads\/sites\/6\/2021\/06\/MU-emilie-Fai\u0308f-2-e1624370175986-300x217.jpg\" srcset=\"\" sizes=\"100vw, (min-width: 640px) 50vw, (min-width: 960px) 37vw, (min-width: 1200px) 25vw, (min-width: 1280px) 277px\" alt = \"Emilie Fa\u00eff, plasticienne, juin 2021, cr\u00e9ation de sculptures textiles pour le spectacle \u00ab\u00a0MU\u00a0\u00bb de la chor\u00e9graphe Marion Muzac. MU est aussi une c\u00e9l\u00e9bration de l\u2019absurdit\u00e9 de ces corps glorieux qui alimentent le fantasme de puissance et de grandeur. \u00a9 photo Edmon Carr\u00e8re\"><\/figure><\/a><\/div><div class=\"gallery-item uk-margin-bottom uk-width-1-2@s uk-width-1-3@l\"><a href=\"https:\/\/www.valeriehenry.com\/emilie-faif\/wp-content\/uploads\/sites\/6\/2021\/06\/Emilie-Fai\u0308f-sculpture-textile-danse-2.jpg\" rel=\"gallery-1\"><figure class=\"uk-margin-small-bottom uk-cover-container uk-height-small uk-section-muted\"><img decoding=\"async\" uk-cover=\"\" src=\"https:\/\/www.valeriehenry.com\/emilie-faif\/wp-content\/uploads\/sites\/6\/2021\/06\/Emilie-Fai\u0308f-sculpture-textile-danse-2-300x200.jpg\" srcset=\"https:\/\/www.valeriehenry.com\/emilie-faif\/wp-content\/uploads\/sites\/6\/2021\/06\/Emilie-Fai\u0308f-sculpture-textile-danse-2-300x200.jpg 300w, https:\/\/www.valeriehenry.com\/emilie-faif\/wp-content\/uploads\/sites\/6\/2021\/06\/Emilie-Fai\u0308f-sculpture-textile-danse-2-600x400.jpg 600w, https:\/\/www.valeriehenry.com\/emilie-faif\/wp-content\/uploads\/sites\/6\/2021\/06\/Emilie-Fai\u0308f-sculpture-textile-danse-2-768x512.jpg 768w, https:\/\/www.valeriehenry.com\/emilie-faif\/wp-content\/uploads\/sites\/6\/2021\/06\/Emilie-Fai\u0308f-sculpture-textile-danse-2-1024x683.jpg 1024w, https:\/\/www.valeriehenry.com\/emilie-faif\/wp-content\/uploads\/sites\/6\/2021\/06\/Emilie-Fai\u0308f-sculpture-textile-danse-2.jpg 1200w\" sizes=\"100vw, (min-width: 640px) 50vw, (min-width: 960px) 37vw, (min-width: 1200px) 25vw, (min-width: 1280px) 277px\" alt = \"Emilie Fa\u00eff, plasticienne, juin 2021, cr\u00e9ation de sculptures textiles pour le spectacle \u00ab\u00a0MU\u00a0\u00bb de la chor\u00e9graphe Marion Muzac. Le travail textile de Emilie Fa\u00eff est orient\u00e9 sur la r\u00e9utilisation de languettes de tissus qui constituent la mati\u00e8re premi\u00e8re de ces sculptures.\"><\/figure><\/a><\/div><div class=\"gallery-item uk-margin-bottom uk-width-1-2@s uk-width-1-3@l\"><a href=\"https:\/\/www.valeriehenry.com\/emilie-faif\/wp-content\/uploads\/sites\/6\/2021\/06\/Emilie-Fai\u0308f-sculpture-textile-danse-1.jpg\" rel=\"gallery-1\"><figure class=\"uk-margin-small-bottom uk-cover-container uk-height-small uk-section-muted\"><img decoding=\"async\" uk-cover=\"\" src=\"https:\/\/www.valeriehenry.com\/emilie-faif\/wp-content\/uploads\/sites\/6\/2021\/06\/Emilie-Fai\u0308f-sculpture-textile-danse-1-e1624441500877-300x175.jpg\" srcset=\"\" sizes=\"100vw, (min-width: 640px) 50vw, (min-width: 960px) 37vw, (min-width: 1200px) 25vw, (min-width: 1280px) 277px\" alt = \"Emilie Fa\u00eff, plasticienne, juin 2021, cr\u00e9ation de sculptures textiles pour le spectacle \u00ab\u00a0MU\u00a0\u00bb de la chor\u00e9graphe Marion Muzac. Nou\u00e9s un \u00e0 un les uns aux autres, ces fragments de tissus dessinent des silhouettes pointillistes et hypnotiques navigant entre pass\u00e9 et futur.\"><\/figure><\/a><\/div><div class=\"gallery-item uk-margin-bottom uk-width-1-2@s uk-width-1-3@l\"><a href=\"https:\/\/www.valeriehenry.com\/emilie-faif\/wp-content\/uploads\/sites\/6\/2021\/06\/Emilie-Fai\u0308f-sculpture-textile-danse-3.jpg\" rel=\"gallery-1\"><figure class=\"uk-margin-small-bottom uk-cover-container uk-height-small uk-section-muted\"><img decoding=\"async\" uk-cover=\"\" src=\"https:\/\/www.valeriehenry.com\/emilie-faif\/wp-content\/uploads\/sites\/6\/2021\/06\/Emilie-Fai\u0308f-sculpture-textile-danse-3-e1624441533893-300x171.jpg\" srcset=\"\" sizes=\"100vw, (min-width: 640px) 50vw, (min-width: 960px) 37vw, (min-width: 1200px) 25vw, (min-width: 1280px) 277px\" alt = \"Emilie Fa\u00eff, plasticienne, juin 2021, cr\u00e9ation de sculptures textiles pour le spectacle \u00ab\u00a0MU\u00a0\u00bb de la chor\u00e9graphe Marion Muzac. Nou\u00e9s un \u00e0 un les uns aux autres, ces fragments de tissus dessinent des silhouettes pointillistes et hypnotiques navigant entre pass\u00e9 et futur.\"><\/figure><\/a><\/div><div class=\"gallery-item uk-margin-bottom uk-width-1-2@s uk-width-1-3@l\"><a href=\"https:\/\/www.valeriehenry.com\/emilie-faif\/wp-content\/uploads\/sites\/6\/2021\/04\/Emilie-faif-retouches-pas-de-calais-3.jpg\" rel=\"gallery-1\"><figure class=\"uk-margin-small-bottom uk-cover-container uk-height-small uk-section-muted\"><img decoding=\"async\" uk-cover=\"\" src=\"https:\/\/www.valeriehenry.com\/emilie-faif\/wp-content\/uploads\/sites\/6\/2021\/04\/Emilie-faif-retouches-pas-de-calais-3-300x200.jpg\" srcset=\"https:\/\/www.valeriehenry.com\/emilie-faif\/wp-content\/uploads\/sites\/6\/2021\/04\/Emilie-faif-retouches-pas-de-calais-3-300x200.jpg 300w, https:\/\/www.valeriehenry.com\/emilie-faif\/wp-content\/uploads\/sites\/6\/2021\/04\/Emilie-faif-retouches-pas-de-calais-3-600x400.jpg 600w, https:\/\/www.valeriehenry.com\/emilie-faif\/wp-content\/uploads\/sites\/6\/2021\/04\/Emilie-faif-retouches-pas-de-calais-3-768x512.jpg 768w, https:\/\/www.valeriehenry.com\/emilie-faif\/wp-content\/uploads\/sites\/6\/2021\/04\/Emilie-faif-retouches-pas-de-calais-3-1024x683.jpg 1024w, https:\/\/www.valeriehenry.com\/emilie-faif\/wp-content\/uploads\/sites\/6\/2021\/04\/Emilie-faif-retouches-pas-de-calais-3.jpg 1200w\" sizes=\"100vw, (min-width: 640px) 50vw, (min-width: 960px) 37vw, (min-width: 1200px) 25vw, (min-width: 1280px) 277px\" alt = \"Emilie Fa\u00eff, plasticienne, avril 2021, Installation textile itin\u00e9rante \u00ab On n\u2019est jamais trop petit pour lire \u00bb, Pas-de-Calais. Le d\u00e9partement du Pas-de-Calais invite \u00c9milie Fa\u00eff \u00e0 concevoir et r\u00e9aliser un espace de lecture modulable \u00e0 destination des tout-petits et de leurs accompagnants. Cette installation textile est compos\u00e9e d\u2019une s\u00e9rie de formes organiques, rembourr\u00e9es et souples, permettant de cr\u00e9er un espace accueillant et protecteur.\n\n\"><\/figure><\/a><\/div><div class=\"gallery-item uk-margin-bottom uk-width-1-2@s uk-width-1-3@l\"><a href=\"https:\/\/www.valeriehenry.com\/emilie-faif\/wp-content\/uploads\/sites\/6\/2021\/04\/Emilie-Faif-artiste-plasticienne-installation-tissu-art-4.jpg\" rel=\"gallery-1\"><figure class=\"uk-margin-small-bottom uk-cover-container uk-height-small uk-section-muted\"><img decoding=\"async\" uk-cover=\"\" src=\"https:\/\/www.valeriehenry.com\/emilie-faif\/wp-content\/uploads\/sites\/6\/2021\/04\/Emilie-Faif-artiste-plasticienne-installation-tissu-art-4-e1619516294338-300x216.jpg\" srcset=\"\" sizes=\"100vw, (min-width: 640px) 50vw, (min-width: 960px) 37vw, (min-width: 1200px) 25vw, (min-width: 1280px) 277px\" alt = \"Emilie Fa\u00eff, plasticienne, avril 2021, Installation textile itin\u00e9rante \u00ab On n\u2019est jamais trop petit pour lire \u00bb, Pas-de-Calais. Ces gros coussins arrondis sont vou\u00e9s \u00e0 \u00eatre manipul\u00e9s au gr\u00e9 des accueils pour \u00e9voluer autant que n\u00e9cessitent les besoins de lectures collectives ou en petits groupes. Les formes color\u00e9es et toutes uniques, cr\u00e9ent un appel joyeux pour les tout-petits.\"><\/figure><\/a><\/div><div class=\"gallery-item uk-margin-bottom uk-width-1-2@s uk-width-1-3@l\"><a href=\"https:\/\/www.valeriehenry.com\/emilie-faif\/wp-content\/uploads\/sites\/6\/2021\/04\/Emilie-faif-retouches-pas-de-calais-2.jpg\" rel=\"gallery-1\"><figure class=\"uk-margin-small-bottom uk-cover-container uk-height-small uk-section-muted\"><img decoding=\"async\" uk-cover=\"\" src=\"https:\/\/www.valeriehenry.com\/emilie-faif\/wp-content\/uploads\/sites\/6\/2021\/04\/Emilie-faif-retouches-pas-de-calais-2-300x200.jpg\" srcset=\"https:\/\/www.valeriehenry.com\/emilie-faif\/wp-content\/uploads\/sites\/6\/2021\/04\/Emilie-faif-retouches-pas-de-calais-2-300x200.jpg 300w, https:\/\/www.valeriehenry.com\/emilie-faif\/wp-content\/uploads\/sites\/6\/2021\/04\/Emilie-faif-retouches-pas-de-calais-2-600x400.jpg 600w, https:\/\/www.valeriehenry.com\/emilie-faif\/wp-content\/uploads\/sites\/6\/2021\/04\/Emilie-faif-retouches-pas-de-calais-2-768x512.jpg 768w, https:\/\/www.valeriehenry.com\/emilie-faif\/wp-content\/uploads\/sites\/6\/2021\/04\/Emilie-faif-retouches-pas-de-calais-2-1024x683.jpg 1024w, https:\/\/www.valeriehenry.com\/emilie-faif\/wp-content\/uploads\/sites\/6\/2021\/04\/Emilie-faif-retouches-pas-de-calais-2.jpg 1200w\" sizes=\"100vw, (min-width: 640px) 50vw, (min-width: 960px) 37vw, (min-width: 1200px) 25vw, (min-width: 1280px) 277px\" alt = \"Emilie Fa\u00eff, plasticienne, avril 2021, \nInstallation textile itin\u00e9rante \u00ab On n\u2019est jamais trop petit pour lire \u00bb, Pas-de-Calais. Elles \u00e9voquent l\u2019univers onirique des lectures enfantines et pourront \u00eatre manipul\u00e9es par les enfants comme par les m\u00e9diateurs pour devenir tour \u00e0 tour marionnette, cabane, animal fantastique ou encore personnage imaginaire.\"><\/figure><\/a><\/div><div class=\"gallery-item uk-margin-bottom uk-width-1-2@s uk-width-1-3@l\"><a href=\"https:\/\/www.valeriehenry.com\/emilie-faif\/wp-content\/uploads\/sites\/6\/2020\/03\/emilie-fait-textile-artiste-station-bebe-mobile-pompidou-1.jpg\" rel=\"gallery-1\"><figure class=\"uk-margin-small-bottom uk-cover-container uk-height-small uk-section-muted\"><img decoding=\"async\" uk-cover=\"\" src=\"https:\/\/www.valeriehenry.com\/emilie-faif\/wp-content\/uploads\/sites\/6\/2020\/03\/emilie-fait-textile-artiste-station-bebe-mobile-pompidou-1-e1584112962457-300x200.jpg\" srcset=\"\" sizes=\"100vw, (min-width: 640px) 50vw, (min-width: 960px) 37vw, (min-width: 1200px) 25vw, (min-width: 1280px) 277px\" alt = \"Emilie Fa\u00eff, plasticienne, mars 2020, Projet Mille Formes, Centre d&rsquo;initiation \u00e0 l&rsquo;art pour les 0-6 ans, Clermont-Ferrand, Centre Pompidou. Emilie Fa\u00eff, plasticienne et sc\u00e9nographe, a imagin\u00e9 et cr\u00e9\u00e9 une s\u00e9rie de sculptures textiles autour du motif du corps humain. Ces \u0153uvres sont expos\u00e9es \u00e0 \u00ab Milles  Formes \u00bb, premier centre d\u2019initiation \u00e0 l\u2019art pour les 0-6 ans, imagin\u00e9e par la ville de Clermont-Ferrand en partenariat avec le Centre Pompidou.\"><\/figure><\/a><\/div><div class=\"gallery-item uk-margin-bottom uk-width-1-2@s uk-width-1-3@l\"><a href=\"https:\/\/www.valeriehenry.com\/emilie-faif\/wp-content\/uploads\/sites\/6\/2020\/03\/emilie-fait-textile-artiste-station-bebe-mobile-pompidou-4.jpg\" rel=\"gallery-1\"><figure class=\"uk-margin-small-bottom uk-cover-container uk-height-small uk-section-muted\"><img decoding=\"async\" uk-cover=\"\" src=\"https:\/\/www.valeriehenry.com\/emilie-faif\/wp-content\/uploads\/sites\/6\/2020\/03\/emilie-fait-textile-artiste-station-bebe-mobile-pompidou-4-300x242.jpg\" srcset=\"https:\/\/www.valeriehenry.com\/emilie-faif\/wp-content\/uploads\/sites\/6\/2020\/03\/emilie-fait-textile-artiste-station-bebe-mobile-pompidou-4-300x242.jpg 300w, https:\/\/www.valeriehenry.com\/emilie-faif\/wp-content\/uploads\/sites\/6\/2020\/03\/emilie-fait-textile-artiste-station-bebe-mobile-pompidou-4-600x484.jpg 600w, https:\/\/www.valeriehenry.com\/emilie-faif\/wp-content\/uploads\/sites\/6\/2020\/03\/emilie-fait-textile-artiste-station-bebe-mobile-pompidou-4-768x619.jpg 768w, https:\/\/www.valeriehenry.com\/emilie-faif\/wp-content\/uploads\/sites\/6\/2020\/03\/emilie-fait-textile-artiste-station-bebe-mobile-pompidou-4-1024x825.jpg 1024w, https:\/\/www.valeriehenry.com\/emilie-faif\/wp-content\/uploads\/sites\/6\/2020\/03\/emilie-fait-textile-artiste-station-bebe-mobile-pompidou-4.jpg 1200w\" sizes=\"100vw, (min-width: 640px) 50vw, (min-width: 960px) 37vw, (min-width: 1200px) 25vw, (min-width: 1280px) 277px\" alt = \"Emilie Fa\u00eff, plasticienne, mars 2020, Projet Mille Formes, Centre d&rsquo;initiation \u00e0 l&rsquo;art pour les 0-6 ans, Clermont-Ferrand, Centre Pompidou. En concevant cette installation, Emilie Fa\u00eff met en avant la relation intense et essentielle des b\u00e9b\u00e9s avec le corps, celui de leur maman mais \u00e9galement le leur, avec la prise de conscience fragment\u00e9e et progressive d\u2019\u00eatre un tout.\"><\/figure><\/a><\/div><div class=\"gallery-item uk-margin-bottom uk-width-1-2@s uk-width-1-3@l\"><a href=\"https:\/\/www.valeriehenry.com\/emilie-faif\/wp-content\/uploads\/sites\/6\/2020\/03\/emilie-fait-textile-artiste-station-bebe-mobile-pompidou-2.jpg\" rel=\"gallery-1\"><figure class=\"uk-margin-small-bottom uk-cover-container uk-height-small uk-section-muted\"><img decoding=\"async\" uk-cover=\"\" src=\"https:\/\/www.valeriehenry.com\/emilie-faif\/wp-content\/uploads\/sites\/6\/2020\/03\/emilie-fait-textile-artiste-station-bebe-mobile-pompidou-2-300x200.jpg\" srcset=\"https:\/\/www.valeriehenry.com\/emilie-faif\/wp-content\/uploads\/sites\/6\/2020\/03\/emilie-fait-textile-artiste-station-bebe-mobile-pompidou-2-300x200.jpg 300w, https:\/\/www.valeriehenry.com\/emilie-faif\/wp-content\/uploads\/sites\/6\/2020\/03\/emilie-fait-textile-artiste-station-bebe-mobile-pompidou-2-600x400.jpg 600w, https:\/\/www.valeriehenry.com\/emilie-faif\/wp-content\/uploads\/sites\/6\/2020\/03\/emilie-fait-textile-artiste-station-bebe-mobile-pompidou-2-768x512.jpg 768w, https:\/\/www.valeriehenry.com\/emilie-faif\/wp-content\/uploads\/sites\/6\/2020\/03\/emilie-fait-textile-artiste-station-bebe-mobile-pompidou-2-1024x683.jpg 1024w, https:\/\/www.valeriehenry.com\/emilie-faif\/wp-content\/uploads\/sites\/6\/2020\/03\/emilie-fait-textile-artiste-station-bebe-mobile-pompidou-2.jpg 1200w\" sizes=\"100vw, (min-width: 640px) 50vw, (min-width: 960px) 37vw, (min-width: 1200px) 25vw, (min-width: 1280px) 277px\" alt = \"Emilie Fa\u00eff, plasticienne, mars 2020, Projet Mille Formes, Centre d&rsquo;initiation \u00e0 l&rsquo;art pour les 0-6 ans, Clermont-Ferrand, Centre Pompidou. Ces diff\u00e9rentes sculptures textiles s\u2019inspirent de ce morcellement dans une installation compos\u00e9e d\u2019une s\u00e9rie de formes qui constituent avec humour un vocabulaire du corps humain. Les tailles surdimensionn\u00e9es, les formes rembourr\u00e9es et accueillantes seront autant de zones \u00e0 explorer pour les b\u00e9b\u00e9s et leurs parents. \"><\/figure><\/a><\/div><div class=\"gallery-item uk-margin-bottom uk-width-1-2@s uk-width-1-3@l\"><a href=\"https:\/\/www.valeriehenry.com\/emilie-faif\/wp-content\/uploads\/sites\/6\/2017\/10\/P1050514b.jpg\" rel=\"gallery-1\"><figure class=\"uk-margin-small-bottom uk-cover-container uk-height-small uk-section-muted\"><img decoding=\"async\" uk-cover=\"\" src=\"https:\/\/www.valeriehenry.com\/emilie-faif\/wp-content\/uploads\/sites\/6\/2017\/10\/P1050514b-300x193.jpg\" srcset=\"https:\/\/www.valeriehenry.com\/emilie-faif\/wp-content\/uploads\/sites\/6\/2017\/10\/P1050514b-300x193.jpg 300w, https:\/\/www.valeriehenry.com\/emilie-faif\/wp-content\/uploads\/sites\/6\/2017\/10\/P1050514b-600x386.jpg 600w, https:\/\/www.valeriehenry.com\/emilie-faif\/wp-content\/uploads\/sites\/6\/2017\/10\/P1050514b-768x493.jpg 768w, https:\/\/www.valeriehenry.com\/emilie-faif\/wp-content\/uploads\/sites\/6\/2017\/10\/P1050514b.jpg 800w\" sizes=\"100vw, (min-width: 640px) 50vw, (min-width: 960px) 37vw, (min-width: 1200px) 25vw, (min-width: 1280px) 277px\" alt = \"En septembre dernier, Emilie Fa\u00eff a poursuivi son exploration du souffle et a ainsi d\u00e9velopp\u00e9 une s\u00e9rie de sculptures gonflables aux dimensions g\u00e9n\u00e9reuses \u00e0 la demande de la styliste Chlo\u00e9 Stora pour ses vitrines de Saint Sulpice. \"><\/figure><\/a><\/div><div class=\"gallery-item uk-margin-bottom uk-width-1-2@s uk-width-1-3@l\"><a href=\"https:\/\/www.valeriehenry.com\/emilie-faif\/wp-content\/uploads\/sites\/6\/2017\/10\/P1050139.jpg\" rel=\"gallery-1\"><figure class=\"uk-margin-small-bottom uk-cover-container uk-height-small uk-section-muted\"><img decoding=\"async\" uk-cover=\"\" src=\"https:\/\/www.valeriehenry.com\/emilie-faif\/wp-content\/uploads\/sites\/6\/2017\/10\/P1050139-300x200.jpg\" srcset=\"https:\/\/www.valeriehenry.com\/emilie-faif\/wp-content\/uploads\/sites\/6\/2017\/10\/P1050139-300x200.jpg 300w, https:\/\/www.valeriehenry.com\/emilie-faif\/wp-content\/uploads\/sites\/6\/2017\/10\/P1050139-600x400.jpg 600w, https:\/\/www.valeriehenry.com\/emilie-faif\/wp-content\/uploads\/sites\/6\/2017\/10\/P1050139-768x512.jpg 768w, https:\/\/www.valeriehenry.com\/emilie-faif\/wp-content\/uploads\/sites\/6\/2017\/10\/P1050139.jpg 800w\" sizes=\"100vw, (min-width: 640px) 50vw, (min-width: 960px) 37vw, (min-width: 1200px) 25vw, (min-width: 1280px) 277px\" alt = \"Les sculptures souffl\u00e9es d&rsquo;Emilie Fa\u00eff nous projettent dans un monde l\u00e9ger, mouvant et organique.\"><\/figure><\/a><\/div><div class=\"gallery-item uk-margin-bottom uk-width-1-2@s uk-width-1-3@l\"><a href=\"https:\/\/www.valeriehenry.com\/emilie-faif\/wp-content\/uploads\/sites\/6\/2017\/10\/P1050203.jpg\" rel=\"gallery-1\"><figure class=\"uk-margin-small-bottom uk-cover-container uk-height-small uk-section-muted\"><img decoding=\"async\" uk-cover=\"\" src=\"https:\/\/www.valeriehenry.com\/emilie-faif\/wp-content\/uploads\/sites\/6\/2017\/10\/P1050203-300x200.jpg\" srcset=\"https:\/\/www.valeriehenry.com\/emilie-faif\/wp-content\/uploads\/sites\/6\/2017\/10\/P1050203-300x200.jpg 300w, https:\/\/www.valeriehenry.com\/emilie-faif\/wp-content\/uploads\/sites\/6\/2017\/10\/P1050203-600x400.jpg 600w, https:\/\/www.valeriehenry.com\/emilie-faif\/wp-content\/uploads\/sites\/6\/2017\/10\/P1050203-768x512.jpg 768w, https:\/\/www.valeriehenry.com\/emilie-faif\/wp-content\/uploads\/sites\/6\/2017\/10\/P1050203.jpg 800w\" sizes=\"100vw, (min-width: 640px) 50vw, (min-width: 960px) 37vw, (min-width: 1200px) 25vw, (min-width: 1280px) 277px\" alt = \"A mi chemin d\u2019un univers v\u00e9g\u00e9tal et aquatique, les formes vivantes imagin\u00e9es par Emilie Fa\u00eff sont faites de polyane cousu et peintes aux douces couleurs ros\u00e9es. \"><\/figure><\/a><\/div><div class=\"gallery-item uk-margin-bottom uk-width-1-2@s uk-width-1-3@l\"><a href=\"https:\/\/www.valeriehenry.com\/emilie-faif\/wp-content\/uploads\/sites\/6\/2017\/10\/\u00a9CaitlindBrownBD.jpg\" rel=\"gallery-1\"><figure class=\"uk-margin-small-bottom uk-cover-container uk-height-small uk-section-muted\"><img decoding=\"async\" uk-cover=\"\" src=\"https:\/\/www.valeriehenry.com\/emilie-faif\/wp-content\/uploads\/sites\/6\/2017\/10\/\u00a9CaitlindBrownBD-300x200.jpg\" srcset=\"https:\/\/www.valeriehenry.com\/emilie-faif\/wp-content\/uploads\/sites\/6\/2017\/10\/\u00a9CaitlindBrownBD-300x200.jpg 300w, https:\/\/www.valeriehenry.com\/emilie-faif\/wp-content\/uploads\/sites\/6\/2017\/10\/\u00a9CaitlindBrownBD-600x400.jpg 600w, https:\/\/www.valeriehenry.com\/emilie-faif\/wp-content\/uploads\/sites\/6\/2017\/10\/\u00a9CaitlindBrownBD-768x512.jpg 768w, https:\/\/www.valeriehenry.com\/emilie-faif\/wp-content\/uploads\/sites\/6\/2017\/10\/\u00a9CaitlindBrownBD.jpg 800w\" sizes=\"100vw, (min-width: 640px) 50vw, (min-width: 960px) 37vw, (min-width: 1200px) 25vw, (min-width: 1280px) 277px\" alt = \"L&rsquo;installation \u00ab\u00a0Nuage\u00a0\u00bb d&rsquo;Emilie Fa\u00eff est pr\u00e9sent\u00e9e \u00e0 la Fondation Fran\u00e7ois Schneider \u00e0 Wattwiller jusqu&rsquo;au 30 septembre. \"><\/figure><\/a><\/div><div class=\"gallery-item uk-margin-bottom uk-width-1-2@s uk-width-1-3@l\"><a href=\"https:\/\/www.valeriehenry.com\/emilie-faif\/wp-content\/uploads\/sites\/6\/2017\/10\/IMG_7760-1.jpeg\" rel=\"gallery-1\"><figure class=\"uk-margin-small-bottom uk-cover-container uk-height-small uk-section-muted\"><img decoding=\"async\" uk-cover=\"\" src=\"https:\/\/www.valeriehenry.com\/emilie-faif\/wp-content\/uploads\/sites\/6\/2017\/10\/IMG_7760-1-300x200.jpeg\" srcset=\"https:\/\/www.valeriehenry.com\/emilie-faif\/wp-content\/uploads\/sites\/6\/2017\/10\/IMG_7760-1-300x200.jpeg 300w, https:\/\/www.valeriehenry.com\/emilie-faif\/wp-content\/uploads\/sites\/6\/2017\/10\/IMG_7760-1-600x400.jpeg 600w, https:\/\/www.valeriehenry.com\/emilie-faif\/wp-content\/uploads\/sites\/6\/2017\/10\/IMG_7760-1.jpeg 640w\" sizes=\"100vw, (min-width: 640px) 50vw, (min-width: 960px) 37vw, (min-width: 1200px) 25vw, (min-width: 1280px) 277px\" alt = \"D\u00e9tail de la structure alv\u00e9olaire l\u00e9g\u00e8re et translucide.\"><\/figure><\/a><\/div><div class=\"gallery-item uk-margin-bottom uk-width-1-2@s uk-width-1-3@l\"><a href=\"https:\/\/www.valeriehenry.com\/emilie-faif\/wp-content\/uploads\/sites\/6\/2017\/10\/nuage-seul.jpg\" rel=\"gallery-1\"><figure class=\"uk-margin-small-bottom uk-cover-container uk-height-small uk-section-muted\"><img decoding=\"async\" uk-cover=\"\" src=\"https:\/\/www.valeriehenry.com\/emilie-faif\/wp-content\/uploads\/sites\/6\/2017\/10\/nuage-seul-300x200.jpg\" srcset=\"https:\/\/www.valeriehenry.com\/emilie-faif\/wp-content\/uploads\/sites\/6\/2017\/10\/nuage-seul-300x200.jpg 300w, https:\/\/www.valeriehenry.com\/emilie-faif\/wp-content\/uploads\/sites\/6\/2017\/10\/nuage-seul-600x400.jpg 600w, https:\/\/www.valeriehenry.com\/emilie-faif\/wp-content\/uploads\/sites\/6\/2017\/10\/nuage-seul-768x512.jpg 768w, https:\/\/www.valeriehenry.com\/emilie-faif\/wp-content\/uploads\/sites\/6\/2017\/10\/nuage-seul.jpg 800w\" sizes=\"100vw, (min-width: 640px) 50vw, (min-width: 960px) 37vw, (min-width: 1200px) 25vw, (min-width: 1280px) 277px\" alt = \"Le \u00ab\u00a0Nuage\u00a0\u00bb d&rsquo;Emilie Fa\u00eff. \"><\/figure><\/a><\/div><div class=\"gallery-item uk-margin-bottom uk-width-1-2@s uk-width-1-3@l\"><a href=\"https:\/\/www.valeriehenry.com\/emilie-faif\/wp-content\/uploads\/sites\/6\/2017\/10\/visuel-detail-newsletter-emilie.jpg\" rel=\"gallery-1\"><figure class=\"uk-margin-small-bottom uk-cover-container uk-height-small uk-section-muted\"><img decoding=\"async\" uk-cover=\"\" src=\"https:\/\/www.valeriehenry.com\/emilie-faif\/wp-content\/uploads\/sites\/6\/2017\/10\/visuel-detail-newsletter-emilie-300x200.jpg\" srcset=\"https:\/\/www.valeriehenry.com\/emilie-faif\/wp-content\/uploads\/sites\/6\/2017\/10\/visuel-detail-newsletter-emilie-300x200.jpg 300w, https:\/\/www.valeriehenry.com\/emilie-faif\/wp-content\/uploads\/sites\/6\/2017\/10\/visuel-detail-newsletter-emilie-600x400.jpg 600w, https:\/\/www.valeriehenry.com\/emilie-faif\/wp-content\/uploads\/sites\/6\/2017\/10\/visuel-detail-newsletter-emilie-768x512.jpg 768w, https:\/\/www.valeriehenry.com\/emilie-faif\/wp-content\/uploads\/sites\/6\/2017\/10\/visuel-detail-newsletter-emilie.jpg 880w\" sizes=\"100vw, (min-width: 640px) 50vw, (min-width: 960px) 37vw, (min-width: 1200px) 25vw, (min-width: 1280px) 277px\" alt = \"Emilie Fa\u00eff, plasticienne, \njuin &#8211; septembre 2018, oeuvre \u00ab\u00a0Nuage\u00a0\u00bb \u00e0 la Fondation Fran\u00e7ois Schneider \u00e0 Wattwiller. Le mou du \u00ab\u00a0Nuage\u00a0\u00bb d&rsquo;Emilie Fa\u00eff r\u00e9agit, s\u2019adapte, se d\u00e9forme\u2026 il ne se fige pas, faisant ainsi \u00e9cho \u00e0 l\u2019ambivalence et \u00e0 la po\u00e9tique de la formation des nuages, \u00e0 leurs contours changeants et \u00e9nigmatiques.\"><\/figure><\/a><\/div><div class=\"gallery-item uk-margin-bottom uk-width-1-2@s uk-width-1-3@l\"><a href=\"https:\/\/www.valeriehenry.com\/emilie-faif\/wp-content\/uploads\/sites\/6\/2017\/10\/visuel-newsletter-emilie.jpg\" rel=\"gallery-1\"><figure class=\"uk-margin-small-bottom uk-cover-container uk-height-small uk-section-muted\"><img decoding=\"async\" uk-cover=\"\" src=\"https:\/\/www.valeriehenry.com\/emilie-faif\/wp-content\/uploads\/sites\/6\/2017\/10\/visuel-newsletter-emilie-300x200.jpg\" srcset=\"https:\/\/www.valeriehenry.com\/emilie-faif\/wp-content\/uploads\/sites\/6\/2017\/10\/visuel-newsletter-emilie-300x200.jpg 300w, https:\/\/www.valeriehenry.com\/emilie-faif\/wp-content\/uploads\/sites\/6\/2017\/10\/visuel-newsletter-emilie-600x400.jpg 600w, https:\/\/www.valeriehenry.com\/emilie-faif\/wp-content\/uploads\/sites\/6\/2017\/10\/visuel-newsletter-emilie-768x512.jpg 768w, https:\/\/www.valeriehenry.com\/emilie-faif\/wp-content\/uploads\/sites\/6\/2017\/10\/visuel-newsletter-emilie.jpg 880w\" sizes=\"100vw, (min-width: 640px) 50vw, (min-width: 960px) 37vw, (min-width: 1200px) 25vw, (min-width: 1280px) 277px\" alt = \"Emilie Fa\u00eff, plasticienne, \njuin &#8211; septembre 2018, oeuvre \u00ab\u00a0Nuage\u00a0\u00bb \u00e0 la Fondation Fran\u00e7ois Schneider \u00e0 Wattwiller. Emilie Fa\u00eff pr\u00e9sente son \u0153uvre \u00ab Nuage \u00bb \u00e0 l&rsquo;occasion de l&rsquo;exposition collective de la Fondation Fran\u00e7ois Schneider \u00e0 Wattwiller. L&rsquo;artiste y explore le potentiel de formes mouvantes et instables. \"><\/figure><\/a><\/div><div class=\"gallery-item uk-margin-bottom uk-width-1-2@s uk-width-1-3@l\"><a href=\"https:\/\/www.valeriehenry.com\/emilie-faif\/wp-content\/uploads\/sites\/6\/2017\/10\/visuel-detail2-newsletter-emilie.jpg\" rel=\"gallery-1\"><figure class=\"uk-margin-small-bottom uk-cover-container uk-height-small uk-section-muted\"><img decoding=\"async\" uk-cover=\"\" src=\"https:\/\/www.valeriehenry.com\/emilie-faif\/wp-content\/uploads\/sites\/6\/2017\/10\/visuel-detail2-newsletter-emilie-300x258.jpg\" srcset=\"https:\/\/www.valeriehenry.com\/emilie-faif\/wp-content\/uploads\/sites\/6\/2017\/10\/visuel-detail2-newsletter-emilie-300x258.jpg 300w, https:\/\/www.valeriehenry.com\/emilie-faif\/wp-content\/uploads\/sites\/6\/2017\/10\/visuel-detail2-newsletter-emilie-600x517.jpg 600w, https:\/\/www.valeriehenry.com\/emilie-faif\/wp-content\/uploads\/sites\/6\/2017\/10\/visuel-detail2-newsletter-emilie-768x662.jpg 768w, https:\/\/www.valeriehenry.com\/emilie-faif\/wp-content\/uploads\/sites\/6\/2017\/10\/visuel-detail2-newsletter-emilie.jpg 880w\" sizes=\"100vw, (min-width: 640px) 50vw, (min-width: 960px) 37vw, (min-width: 1200px) 25vw, (min-width: 1280px) 277px\" alt = \"Emilie Fa\u00eff, plasticienne, \njuin &#8211; septembre 2018, oeuvre \u00ab\u00a0Nuage\u00a0\u00bb \u00e0 la Fondation Fran\u00e7ois Schneider \u00e0 Wattwiller. Emilie Fa\u00eff cr\u00e9e une sculpture l\u00e9g\u00e8re et translucide, dont la surface en polyane a \u00e9t\u00e9 m\u00e9ticuleusement \u00e9labor\u00e9e et assembl\u00e9e point par point.\"><\/figure><\/a><\/div><div class=\"gallery-item uk-margin-bottom uk-width-1-2@s uk-width-1-3@l\"><a href=\"https:\/\/www.valeriehenry.com\/emilie-faif\/wp-content\/uploads\/sites\/6\/2017\/10\/404988fb-58ee-4dd4-8da9-57ccd8e27bad.jpg\" rel=\"gallery-1\"><figure class=\"uk-margin-small-bottom uk-cover-container uk-height-small uk-section-muted\"><img decoding=\"async\" uk-cover=\"\" src=\"https:\/\/www.valeriehenry.com\/emilie-faif\/wp-content\/uploads\/sites\/6\/2017\/10\/404988fb-58ee-4dd4-8da9-57ccd8e27bad-300x200.jpg\" srcset=\"https:\/\/www.valeriehenry.com\/emilie-faif\/wp-content\/uploads\/sites\/6\/2017\/10\/404988fb-58ee-4dd4-8da9-57ccd8e27bad-300x200.jpg 300w, https:\/\/www.valeriehenry.com\/emilie-faif\/wp-content\/uploads\/sites\/6\/2017\/10\/404988fb-58ee-4dd4-8da9-57ccd8e27bad-600x400.jpg 600w, https:\/\/www.valeriehenry.com\/emilie-faif\/wp-content\/uploads\/sites\/6\/2017\/10\/404988fb-58ee-4dd4-8da9-57ccd8e27bad-768x512.jpg 768w, https:\/\/www.valeriehenry.com\/emilie-faif\/wp-content\/uploads\/sites\/6\/2017\/10\/404988fb-58ee-4dd4-8da9-57ccd8e27bad.jpg 880w\" sizes=\"100vw, (min-width: 640px) 50vw, (min-width: 960px) 37vw, (min-width: 1200px) 25vw, (min-width: 1280px) 277px\" alt = \"Octobre 2017 \uff0d SPECTACLE LET&rsquo;S FOLK! &#8211; En collaboration avec la chor\u00e9graphe Marion Muzac. Emilie Fa\u00eff collabore de nouveau avec la chor\u00e9graphe Marion Muzac pour sa nouvelle production. Construite au croisement de multiples chor\u00e9graphies &#8211; entre fest-noz breton, ahwash berb\u00e8re etc &#8211; cette nouvelle cr\u00e9ation baptis\u00e9e \u00ab\u00a0Let&rsquo;s Folk!\u00a0\u00bb revisite la notion de danse folklorique. \"><\/figure><\/a><\/div><div class=\"gallery-item uk-margin-bottom uk-width-1-2@s uk-width-1-3@l\"><a href=\"https:\/\/www.valeriehenry.com\/emilie-faif\/wp-content\/uploads\/sites\/6\/2017\/10\/e73196bb-9b7f-4930-b29e-a6adf9343f67.jpg\" rel=\"gallery-1\"><figure class=\"uk-margin-small-bottom uk-cover-container uk-height-small uk-section-muted\"><img decoding=\"async\" uk-cover=\"\" src=\"https:\/\/www.valeriehenry.com\/emilie-faif\/wp-content\/uploads\/sites\/6\/2017\/10\/e73196bb-9b7f-4930-b29e-a6adf9343f67-300x200.jpg\" srcset=\"https:\/\/www.valeriehenry.com\/emilie-faif\/wp-content\/uploads\/sites\/6\/2017\/10\/e73196bb-9b7f-4930-b29e-a6adf9343f67-300x200.jpg 300w, https:\/\/www.valeriehenry.com\/emilie-faif\/wp-content\/uploads\/sites\/6\/2017\/10\/e73196bb-9b7f-4930-b29e-a6adf9343f67-600x400.jpg 600w, https:\/\/www.valeriehenry.com\/emilie-faif\/wp-content\/uploads\/sites\/6\/2017\/10\/e73196bb-9b7f-4930-b29e-a6adf9343f67-768x512.jpg 768w, https:\/\/www.valeriehenry.com\/emilie-faif\/wp-content\/uploads\/sites\/6\/2017\/10\/e73196bb-9b7f-4930-b29e-a6adf9343f67.jpg 880w\" sizes=\"100vw, (min-width: 640px) 50vw, (min-width: 960px) 37vw, (min-width: 1200px) 25vw, (min-width: 1280px) 277px\" alt = \"Octobre 2017 \uff0d SPECTACLE LET&rsquo;S FOLK! &#8211; En collaboration avec la chor\u00e9graphe Marion Muzac. En dessinant \u00e0 m\u00eame les tapis de danse, la plasticienne Emilie Fa\u00eff met en valeur la notion de territoire et d&rsquo;encrage dont s&rsquo;inspirent les danses populaires. \"><\/figure><\/a><\/div><div class=\"gallery-item uk-margin-bottom uk-width-1-2@s uk-width-1-3@l\"><a href=\"https:\/\/www.valeriehenry.com\/emilie-faif\/wp-content\/uploads\/sites\/6\/2017\/10\/927c76bc-748d-4019-bb3e-9ae37e6395c2.jpg\" rel=\"gallery-1\"><figure class=\"uk-margin-small-bottom uk-cover-container uk-height-small uk-section-muted\"><img decoding=\"async\" uk-cover=\"\" src=\"https:\/\/www.valeriehenry.com\/emilie-faif\/wp-content\/uploads\/sites\/6\/2017\/10\/927c76bc-748d-4019-bb3e-9ae37e6395c2-300x200.jpg\" srcset=\"https:\/\/www.valeriehenry.com\/emilie-faif\/wp-content\/uploads\/sites\/6\/2017\/10\/927c76bc-748d-4019-bb3e-9ae37e6395c2-300x200.jpg 300w, https:\/\/www.valeriehenry.com\/emilie-faif\/wp-content\/uploads\/sites\/6\/2017\/10\/927c76bc-748d-4019-bb3e-9ae37e6395c2-600x400.jpg 600w, https:\/\/www.valeriehenry.com\/emilie-faif\/wp-content\/uploads\/sites\/6\/2017\/10\/927c76bc-748d-4019-bb3e-9ae37e6395c2-768x512.jpg 768w, https:\/\/www.valeriehenry.com\/emilie-faif\/wp-content\/uploads\/sites\/6\/2017\/10\/927c76bc-748d-4019-bb3e-9ae37e6395c2.jpg 880w\" sizes=\"100vw, (min-width: 640px) 50vw, (min-width: 960px) 37vw, (min-width: 1200px) 25vw, (min-width: 1280px) 277px\" alt = \"Octobre 2017 \uff0d SPECTACLE LET&rsquo;S FOLK! &#8211; En collaboration avec la chor\u00e9graphe Marion Muzac. Les motifs ornementaux, dessin\u00e9s au blanc de Meudon traditionnel, permettent de mettre en tension la danse dans sa dur\u00e9e. Au fil des pas, les dessins s&rsquo;estompent pour cr\u00e9er une nouvelle g\u00e9ographie, t\u00e9moignage de la force et de la beaut\u00e9 de ces rencontres collectives et humaines.\"><\/figure><\/a><\/div><div class=\"gallery-item uk-margin-bottom uk-width-1-2@s uk-width-1-3@l\"><a href=\"https:\/\/www.valeriehenry.com\/emilie-faif\/wp-content\/uploads\/sites\/6\/2017\/10\/vitr1.jpg\" rel=\"gallery-1\"><figure class=\"uk-margin-small-bottom uk-cover-container uk-height-small uk-section-muted\"><img decoding=\"async\" uk-cover=\"\" src=\"https:\/\/www.valeriehenry.com\/emilie-faif\/wp-content\/uploads\/sites\/6\/2017\/10\/vitr1-300x174.jpg\" srcset=\"https:\/\/www.valeriehenry.com\/emilie-faif\/wp-content\/uploads\/sites\/6\/2017\/10\/vitr1-300x174.jpg 300w, https:\/\/www.valeriehenry.com\/emilie-faif\/wp-content\/uploads\/sites\/6\/2017\/10\/vitr1-600x349.jpg 600w, https:\/\/www.valeriehenry.com\/emilie-faif\/wp-content\/uploads\/sites\/6\/2017\/10\/vitr1-768x447.jpg 768w, https:\/\/www.valeriehenry.com\/emilie-faif\/wp-content\/uploads\/sites\/6\/2017\/10\/vitr1.jpg 963w\" sizes=\"100vw, (min-width: 640px) 50vw, (min-width: 960px) 37vw, (min-width: 1200px) 25vw, (min-width: 1280px) 277px\" alt = \"Automne 2016 &#8211; Emilie Fa\u00eff r\u00e9alise les vitrines d\u2019Automne de la Maison Herm\u00e8s France sur le th\u00e8me de \u00abLa Nature au galop\u00bb. &lt;br&gt;Herm\u00e8s Avenue Georges V Paris.\"><\/figure><\/a><\/div><div class=\"gallery-item uk-margin-bottom uk-width-1-2@s uk-width-1-3@l\"><a href=\"https:\/\/www.valeriehenry.com\/emilie-faif\/wp-content\/uploads\/sites\/6\/2017\/10\/vitr3.jpg\" rel=\"gallery-1\"><figure class=\"uk-margin-small-bottom uk-cover-container uk-height-small uk-section-muted\"><img decoding=\"async\" uk-cover=\"\" src=\"https:\/\/www.valeriehenry.com\/emilie-faif\/wp-content\/uploads\/sites\/6\/2017\/10\/vitr3-300x165.jpg\" srcset=\"https:\/\/www.valeriehenry.com\/emilie-faif\/wp-content\/uploads\/sites\/6\/2017\/10\/vitr3-300x165.jpg 300w, https:\/\/www.valeriehenry.com\/emilie-faif\/wp-content\/uploads\/sites\/6\/2017\/10\/vitr3-600x329.jpg 600w, https:\/\/www.valeriehenry.com\/emilie-faif\/wp-content\/uploads\/sites\/6\/2017\/10\/vitr3-768x422.jpg 768w, https:\/\/www.valeriehenry.com\/emilie-faif\/wp-content\/uploads\/sites\/6\/2017\/10\/vitr3.jpg 1020w\" sizes=\"100vw, (min-width: 640px) 50vw, (min-width: 960px) 37vw, (min-width: 1200px) 25vw, (min-width: 1280px) 277px\" alt = \"Automne 2016 &#8211; Chaque tableau met en abyme la faune et la flore d\u2019une nature terrestre et maritime enchant\u00e9e. &lt;br&gt;Herm\u00e8s Avenue Georges V Paris.\"><\/figure><\/a><\/div><div class=\"gallery-item uk-margin-bottom uk-width-1-2@s uk-width-1-3@l\"><a href=\"https:\/\/www.valeriehenry.com\/emilie-faif\/wp-content\/uploads\/sites\/6\/2017\/10\/vitr8.jpg\" rel=\"gallery-1\"><figure class=\"uk-margin-small-bottom uk-cover-container uk-height-small uk-section-muted\"><img decoding=\"async\" uk-cover=\"\" src=\"https:\/\/www.valeriehenry.com\/emilie-faif\/wp-content\/uploads\/sites\/6\/2017\/10\/vitr8-300x213.jpg\" srcset=\"https:\/\/www.valeriehenry.com\/emilie-faif\/wp-content\/uploads\/sites\/6\/2017\/10\/vitr8-300x213.jpg 300w, https:\/\/www.valeriehenry.com\/emilie-faif\/wp-content\/uploads\/sites\/6\/2017\/10\/vitr8-600x426.jpg 600w, https:\/\/www.valeriehenry.com\/emilie-faif\/wp-content\/uploads\/sites\/6\/2017\/10\/vitr8-768x545.jpg 768w, https:\/\/www.valeriehenry.com\/emilie-faif\/wp-content\/uploads\/sites\/6\/2017\/10\/vitr8.jpg 789w\" sizes=\"100vw, (min-width: 640px) 50vw, (min-width: 960px) 37vw, (min-width: 1200px) 25vw, (min-width: 1280px) 277px\" alt = \"Automne 2016 &#8211; Vitrines d&rsquo;Automne Herm\u00e8s France 2016, Avenue Georges V Paris.\"><\/figure><\/a><\/div><div class=\"gallery-item uk-margin-bottom uk-width-1-2@s uk-width-1-3@l\"><a href=\"https:\/\/www.valeriehenry.com\/emilie-faif\/wp-content\/uploads\/sites\/6\/2017\/10\/vitr10.jpg\" rel=\"gallery-1\"><figure class=\"uk-margin-small-bottom uk-cover-container uk-height-small uk-section-muted\"><img decoding=\"async\" uk-cover=\"\" src=\"https:\/\/www.valeriehenry.com\/emilie-faif\/wp-content\/uploads\/sites\/6\/2017\/10\/vitr10-300x208.jpg\" srcset=\"https:\/\/www.valeriehenry.com\/emilie-faif\/wp-content\/uploads\/sites\/6\/2017\/10\/vitr10-300x208.jpg 300w, https:\/\/www.valeriehenry.com\/emilie-faif\/wp-content\/uploads\/sites\/6\/2017\/10\/vitr10-600x415.jpg 600w, https:\/\/www.valeriehenry.com\/emilie-faif\/wp-content\/uploads\/sites\/6\/2017\/10\/vitr10-768x532.jpg 768w, https:\/\/www.valeriehenry.com\/emilie-faif\/wp-content\/uploads\/sites\/6\/2017\/10\/vitr10.jpg 809w\" sizes=\"100vw, (min-width: 640px) 50vw, (min-width: 960px) 37vw, (min-width: 1200px) 25vw, (min-width: 1280px) 277px\" alt = \"Automne 2016 &#8211; Vitrines d&rsquo;Automne Herm\u00e8s France 2016, Avenue Georges V Paris.\"><\/figure><\/a><\/div><div class=\"gallery-item uk-margin-bottom uk-width-1-2@s uk-width-1-3@l\"><a href=\"https:\/\/www.valeriehenry.com\/emilie-faif\/wp-content\/uploads\/sites\/6\/2017\/10\/vitr7.jpg\" rel=\"gallery-1\"><figure class=\"uk-margin-small-bottom uk-cover-container uk-height-small uk-section-muted\"><img decoding=\"async\" uk-cover=\"\" src=\"https:\/\/www.valeriehenry.com\/emilie-faif\/wp-content\/uploads\/sites\/6\/2017\/10\/vitr7-300x188.jpg\" srcset=\"https:\/\/www.valeriehenry.com\/emilie-faif\/wp-content\/uploads\/sites\/6\/2017\/10\/vitr7-300x188.jpg 300w, https:\/\/www.valeriehenry.com\/emilie-faif\/wp-content\/uploads\/sites\/6\/2017\/10\/vitr7-600x376.jpg 600w, https:\/\/www.valeriehenry.com\/emilie-faif\/wp-content\/uploads\/sites\/6\/2017\/10\/vitr7-768x481.jpg 768w, https:\/\/www.valeriehenry.com\/emilie-faif\/wp-content\/uploads\/sites\/6\/2017\/10\/vitr7.jpg 894w\" sizes=\"100vw, (min-width: 640px) 50vw, (min-width: 960px) 37vw, (min-width: 1200px) 25vw, (min-width: 1280px) 277px\" alt = \"Automne 2016 &#8211; Vitrines d&rsquo;Automne Herm\u00e8s France 2016, Avenue Georges V Paris.\"><\/figure><\/a><\/div><div class=\"gallery-item uk-margin-bottom uk-width-1-2@s uk-width-1-3@l\"><a href=\"https:\/\/www.valeriehenry.com\/emilie-faif\/wp-content\/uploads\/sites\/6\/2017\/10\/vitr9.jpg\" rel=\"gallery-1\"><figure class=\"uk-margin-small-bottom uk-cover-container uk-height-small uk-section-muted\"><img decoding=\"async\" uk-cover=\"\" src=\"https:\/\/www.valeriehenry.com\/emilie-faif\/wp-content\/uploads\/sites\/6\/2017\/10\/vitr9-249x300.jpg\" srcset=\"https:\/\/www.valeriehenry.com\/emilie-faif\/wp-content\/uploads\/sites\/6\/2017\/10\/vitr9-249x300.jpg 249w, https:\/\/www.valeriehenry.com\/emilie-faif\/wp-content\/uploads\/sites\/6\/2017\/10\/vitr9.jpg 465w\" sizes=\"100vw, (min-width: 640px) 50vw, (min-width: 960px) 37vw, (min-width: 1200px) 25vw, (min-width: 1280px) 277px\" alt = \"Automne 2016 &#8211; Vitrines d&rsquo;Automne Herm\u00e8s France 2016, Avenue Georges V Paris.\"><\/figure><\/a><\/div><div class=\"gallery-item uk-margin-bottom uk-width-1-2@s uk-width-1-3@l\"><a href=\"https:\/\/www.valeriehenry.com\/emilie-faif\/wp-content\/uploads\/sites\/6\/2017\/10\/PHOTO-VITRINE-EMILIE-atelier-e1531998080370.jpg\" rel=\"gallery-1\"><figure class=\"uk-margin-small-bottom uk-cover-container uk-height-small uk-section-muted\"><img decoding=\"async\" uk-cover=\"\" src=\"https:\/\/www.valeriehenry.com\/emilie-faif\/wp-content\/uploads\/sites\/6\/2017\/10\/PHOTO-VITRINE-EMILIE-atelier-300x211.jpg\" srcset=\"https:\/\/www.valeriehenry.com\/emilie-faif\/wp-content\/uploads\/sites\/6\/2017\/10\/PHOTO-VITRINE-EMILIE-atelier-300x211.jpg 300w, https:\/\/www.valeriehenry.com\/emilie-faif\/wp-content\/uploads\/sites\/6\/2017\/10\/PHOTO-VITRINE-EMILIE-atelier-600x422.jpg 600w, https:\/\/www.valeriehenry.com\/emilie-faif\/wp-content\/uploads\/sites\/6\/2017\/10\/PHOTO-VITRINE-EMILIE-atelier-768x541.jpg 768w, https:\/\/www.valeriehenry.com\/emilie-faif\/wp-content\/uploads\/sites\/6\/2017\/10\/PHOTO-VITRINE-EMILIE-atelier-1024x721.jpg 1024w, https:\/\/www.valeriehenry.com\/emilie-faif\/wp-content\/uploads\/sites\/6\/2017\/10\/PHOTO-VITRINE-EMILIE-atelier-e1531998080370.jpg 880w\" sizes=\"100vw, (min-width: 640px) 50vw, (min-width: 960px) 37vw, (min-width: 1200px) 25vw, (min-width: 1280px) 277px\" alt = \"La vitrine Chloe Stora dans l&rsquo;atelier d&rsquo;Emilie Fa\u00eff. Pour l&rsquo;inauguration de cette nouvelle adresse, Emilie Fa\u00eff s\u2019est inspir\u00e9e des signal\u00e9tiques am\u00e9ricaines des ann\u00e9e 50\u2019 surcharg\u00e9es et de l\u2019univers du Pop Art. En m\u00e9langeant \u00e0 outrance les couleurs, les formes et les tissus \u00e0 paillettes, cette installation en plein c\u0153ur de Saint Germain des Pr\u00e8s exprime avec humour l\u2019arriv\u00e9e de cette nouvelle boutique. \"><\/figure><\/a><\/div><div class=\"gallery-item uk-margin-bottom uk-width-1-2@s uk-width-1-3@l\"><a href=\"https:\/\/www.valeriehenry.com\/emilie-faif\/wp-content\/uploads\/sites\/6\/2017\/10\/3-2.jpg\" rel=\"gallery-1\"><figure class=\"uk-margin-small-bottom uk-cover-container uk-height-small uk-section-muted\"><img decoding=\"async\" uk-cover=\"\" src=\"https:\/\/www.valeriehenry.com\/emilie-faif\/wp-content\/uploads\/sites\/6\/2017\/10\/3-2-300x200.jpg\" srcset=\"https:\/\/www.valeriehenry.com\/emilie-faif\/wp-content\/uploads\/sites\/6\/2017\/10\/3-2-300x200.jpg 300w, https:\/\/www.valeriehenry.com\/emilie-faif\/wp-content\/uploads\/sites\/6\/2017\/10\/3-2-600x400.jpg 600w, https:\/\/www.valeriehenry.com\/emilie-faif\/wp-content\/uploads\/sites\/6\/2017\/10\/3-2-768x512.jpg 768w, https:\/\/www.valeriehenry.com\/emilie-faif\/wp-content\/uploads\/sites\/6\/2017\/10\/3-2.jpg 880w\" sizes=\"100vw, (min-width: 640px) 50vw, (min-width: 960px) 37vw, (min-width: 1200px) 25vw, (min-width: 1280px) 277px\" alt = \"Mars 2017 &#8211; Boutique \u00a0\u00bb CHLO\u00c9 STORA \u00a0\u00bb . \"><\/figure><\/a><\/div><div class=\"gallery-item uk-margin-bottom uk-width-1-2@s uk-width-1-3@l\"><a href=\"https:\/\/www.valeriehenry.com\/emilie-faif\/wp-content\/uploads\/sites\/6\/2017\/10\/4-1.jpg\" rel=\"gallery-1\"><figure class=\"uk-margin-small-bottom uk-cover-container uk-height-small uk-section-muted\"><img decoding=\"async\" uk-cover=\"\" src=\"https:\/\/www.valeriehenry.com\/emilie-faif\/wp-content\/uploads\/sites\/6\/2017\/10\/4-1-300x211.jpg\" srcset=\"https:\/\/www.valeriehenry.com\/emilie-faif\/wp-content\/uploads\/sites\/6\/2017\/10\/4-1-300x211.jpg 300w, https:\/\/www.valeriehenry.com\/emilie-faif\/wp-content\/uploads\/sites\/6\/2017\/10\/4-1-600x421.jpg 600w, https:\/\/www.valeriehenry.com\/emilie-faif\/wp-content\/uploads\/sites\/6\/2017\/10\/4-1-768x539.jpg 768w, https:\/\/www.valeriehenry.com\/emilie-faif\/wp-content\/uploads\/sites\/6\/2017\/10\/4-1.jpg 880w\" sizes=\"100vw, (min-width: 640px) 50vw, (min-width: 960px) 37vw, (min-width: 1200px) 25vw, (min-width: 1280px) 277px\" alt = \"Mars 2017 &#8211; Boutique \u00a0\u00bb CHLO\u00c9 STORA \u00a0\u00bb . \"><\/figure><\/a><\/div><div class=\"gallery-item uk-margin-bottom uk-width-1-2@s uk-width-1-3@l\"><a href=\"https:\/\/www.valeriehenry.com\/emilie-faif\/wp-content\/uploads\/sites\/6\/2017\/10\/2-1.jpg\" rel=\"gallery-1\"><figure class=\"uk-margin-small-bottom uk-cover-container uk-height-small uk-section-muted\"><img decoding=\"async\" uk-cover=\"\" src=\"https:\/\/www.valeriehenry.com\/emilie-faif\/wp-content\/uploads\/sites\/6\/2017\/10\/2-1-300x220.jpg\" srcset=\"https:\/\/www.valeriehenry.com\/emilie-faif\/wp-content\/uploads\/sites\/6\/2017\/10\/2-1-300x220.jpg 300w, https:\/\/www.valeriehenry.com\/emilie-faif\/wp-content\/uploads\/sites\/6\/2017\/10\/2-1-600x440.jpg 600w, https:\/\/www.valeriehenry.com\/emilie-faif\/wp-content\/uploads\/sites\/6\/2017\/10\/2-1-768x563.jpg 768w, https:\/\/www.valeriehenry.com\/emilie-faif\/wp-content\/uploads\/sites\/6\/2017\/10\/2-1.jpg 840w\" sizes=\"100vw, (min-width: 640px) 50vw, (min-width: 960px) 37vw, (min-width: 1200px) 25vw, (min-width: 1280px) 277px\" alt = \"Mars 2017 &#8211; Boutique \u00a0\u00bb CHLO\u00c9 STORA \u00a0\u00bb . \"><\/figure><\/a><\/div><div class=\"gallery-item uk-margin-bottom uk-width-1-2@s uk-width-1-3@l\"><a href=\"https:\/\/www.valeriehenry.com\/emilie-faif\/wp-content\/uploads\/sites\/6\/2017\/10\/vitrine-2c.jpg\" rel=\"gallery-1\"><figure class=\"uk-margin-small-bottom uk-cover-container uk-height-small uk-section-muted\"><img decoding=\"async\" uk-cover=\"\" src=\"https:\/\/www.valeriehenry.com\/emilie-faif\/wp-content\/uploads\/sites\/6\/2017\/10\/vitrine-2c-300x197.jpg\" srcset=\"https:\/\/www.valeriehenry.com\/emilie-faif\/wp-content\/uploads\/sites\/6\/2017\/10\/vitrine-2c-300x197.jpg 300w, https:\/\/www.valeriehenry.com\/emilie-faif\/wp-content\/uploads\/sites\/6\/2017\/10\/vitrine-2c-600x395.jpg 600w, https:\/\/www.valeriehenry.com\/emilie-faif\/wp-content\/uploads\/sites\/6\/2017\/10\/vitrine-2c-768x505.jpg 768w, https:\/\/www.valeriehenry.com\/emilie-faif\/wp-content\/uploads\/sites\/6\/2017\/10\/vitrine-2c-1024x673.jpg 1024w\" sizes=\"100vw, (min-width: 640px) 50vw, (min-width: 960px) 37vw, (min-width: 1200px) 25vw, (min-width: 1280px) 277px\" alt = \"Mars 2017 &#8211; Boutique \u00a0\u00bb CHLO\u00c9 STORA \u00a0\u00bb . Les structures en bois brut qui soutiennent l\u2019ensemble de ces pancartes textiles accentuent l\u2019effet de profusion et de d\u00e9calage de la composition face \u00e0 un environnement parisien tr\u00e8s \u00ab \u00e9l\u00e9gant \u00bb et normatif.\"><\/figure><\/a><\/div><div class=\"gallery-item uk-margin-bottom uk-width-1-2@s uk-width-1-3@l\"><a href=\"https:\/\/www.valeriehenry.com\/emilie-faif\/wp-content\/uploads\/sites\/6\/2017\/10\/1-5.jpg\" rel=\"gallery-1\"><figure class=\"uk-margin-small-bottom uk-cover-container uk-height-small uk-section-muted\"><img decoding=\"async\" uk-cover=\"\" src=\"https:\/\/www.valeriehenry.com\/emilie-faif\/wp-content\/uploads\/sites\/6\/2017\/10\/1-5-300x208.jpg\" srcset=\"https:\/\/www.valeriehenry.com\/emilie-faif\/wp-content\/uploads\/sites\/6\/2017\/10\/1-5-300x208.jpg 300w, https:\/\/www.valeriehenry.com\/emilie-faif\/wp-content\/uploads\/sites\/6\/2017\/10\/1-5-600x417.jpg 600w, https:\/\/www.valeriehenry.com\/emilie-faif\/wp-content\/uploads\/sites\/6\/2017\/10\/1-5-768x534.jpg 768w, https:\/\/www.valeriehenry.com\/emilie-faif\/wp-content\/uploads\/sites\/6\/2017\/10\/1-5.jpg 845w\" sizes=\"100vw, (min-width: 640px) 50vw, (min-width: 960px) 37vw, (min-width: 1200px) 25vw, (min-width: 1280px) 277px\" alt = \"Mars 2017 &#8211; Boutique \u00a0\u00bb CHLO\u00c9 STORA \u00a0\u00bb . \"><\/figure><\/a><\/div><div class=\"gallery-item uk-margin-bottom uk-width-1-2@s uk-width-1-3@l\"><a href=\"https:\/\/www.valeriehenry.com\/emilie-faif\/wp-content\/uploads\/sites\/6\/2017\/10\/7.jpg\" rel=\"gallery-1\"><figure class=\"uk-margin-small-bottom uk-cover-container uk-height-small uk-section-muted\"><img decoding=\"async\" uk-cover=\"\" src=\"https:\/\/www.valeriehenry.com\/emilie-faif\/wp-content\/uploads\/sites\/6\/2017\/10\/7-300x201.jpg\" srcset=\"https:\/\/www.valeriehenry.com\/emilie-faif\/wp-content\/uploads\/sites\/6\/2017\/10\/7-300x201.jpg 300w, https:\/\/www.valeriehenry.com\/emilie-faif\/wp-content\/uploads\/sites\/6\/2017\/10\/7-600x403.jpg 600w, https:\/\/www.valeriehenry.com\/emilie-faif\/wp-content\/uploads\/sites\/6\/2017\/10\/7-768x516.jpg 768w, https:\/\/www.valeriehenry.com\/emilie-faif\/wp-content\/uploads\/sites\/6\/2017\/10\/7.jpg 834w\" sizes=\"100vw, (min-width: 640px) 50vw, (min-width: 960px) 37vw, (min-width: 1200px) 25vw, (min-width: 1280px) 277px\" alt = \"No\u00ebl 2017- L&rsquo;installation \u00ab\u00a0Lucky charms forest\u00a0\u00bb pr\u00e9sente des sculptures en textiles sur une structure rouge chrom\u00e9e figurant un arbre de No\u00ebl moderne. Les animaux fabuleux se m\u00ealent aux porte-bonheurs europ\u00e9ens et chinois pour attirer la chance et le bonheur dans L&rsquo;AVENUE.\"><\/figure><\/a><\/div><div class=\"gallery-item uk-margin-bottom uk-width-1-2@s uk-width-1-3@l\"><a href=\"https:\/\/www.valeriehenry.com\/emilie-faif\/wp-content\/uploads\/sites\/6\/2017\/10\/6.jpg\" rel=\"gallery-1\"><figure class=\"uk-margin-small-bottom uk-cover-container uk-height-small uk-section-muted\"><img decoding=\"async\" uk-cover=\"\" src=\"https:\/\/www.valeriehenry.com\/emilie-faif\/wp-content\/uploads\/sites\/6\/2017\/10\/6-300x201.jpg\" srcset=\"https:\/\/www.valeriehenry.com\/emilie-faif\/wp-content\/uploads\/sites\/6\/2017\/10\/6-300x201.jpg 300w, https:\/\/www.valeriehenry.com\/emilie-faif\/wp-content\/uploads\/sites\/6\/2017\/10\/6-600x403.jpg 600w, https:\/\/www.valeriehenry.com\/emilie-faif\/wp-content\/uploads\/sites\/6\/2017\/10\/6-768x516.jpg 768w, https:\/\/www.valeriehenry.com\/emilie-faif\/wp-content\/uploads\/sites\/6\/2017\/10\/6.jpg 834w\" sizes=\"100vw, (min-width: 640px) 50vw, (min-width: 960px) 37vw, (min-width: 1200px) 25vw, (min-width: 1280px) 277px\" alt = \"No\u00ebl 2017- \u00ab\u00a0Lucky charms\u00a0\u00bb &#8211; scultpures textiles d&rsquo;Emilie Fa\u00eff.\"><\/figure><\/a><\/div><div class=\"gallery-item uk-margin-bottom uk-width-1-2@s uk-width-1-3@l\"><a href=\"https:\/\/www.valeriehenry.com\/emilie-faif\/wp-content\/uploads\/sites\/6\/2017\/10\/montage.jpg\" rel=\"gallery-1\"><figure class=\"uk-margin-small-bottom uk-cover-container uk-height-small uk-section-muted\"><img decoding=\"async\" uk-cover=\"\" src=\"https:\/\/www.valeriehenry.com\/emilie-faif\/wp-content\/uploads\/sites\/6\/2017\/10\/montage-300x224.jpg\" srcset=\"https:\/\/www.valeriehenry.com\/emilie-faif\/wp-content\/uploads\/sites\/6\/2017\/10\/montage-300x224.jpg 300w, https:\/\/www.valeriehenry.com\/emilie-faif\/wp-content\/uploads\/sites\/6\/2017\/10\/montage-600x447.jpg 600w, https:\/\/www.valeriehenry.com\/emilie-faif\/wp-content\/uploads\/sites\/6\/2017\/10\/montage.jpg 751w\" sizes=\"100vw, (min-width: 640px) 50vw, (min-width: 960px) 37vw, (min-width: 1200px) 25vw, (min-width: 1280px) 277px\" alt = \"No\u00ebl 2017- \u00ab\u00a0Lucky charms\u00a0\u00bb &#8211; scultpures textiles d&rsquo;Emilie Fa\u00eff.\"><\/figure><\/a><\/div><div class=\"gallery-item uk-margin-bottom uk-width-1-2@s uk-width-1-3@l\"><a href=\"https:\/\/www.valeriehenry.com\/emilie-faif\/wp-content\/uploads\/sites\/6\/2017\/10\/5.jpg\" rel=\"gallery-1\"><figure class=\"uk-margin-small-bottom uk-cover-container uk-height-small uk-section-muted\"><img decoding=\"async\" uk-cover=\"\" src=\"https:\/\/www.valeriehenry.com\/emilie-faif\/wp-content\/uploads\/sites\/6\/2017\/10\/5-300x201.jpg\" srcset=\"https:\/\/www.valeriehenry.com\/emilie-faif\/wp-content\/uploads\/sites\/6\/2017\/10\/5-300x201.jpg 300w, https:\/\/www.valeriehenry.com\/emilie-faif\/wp-content\/uploads\/sites\/6\/2017\/10\/5-600x403.jpg 600w, https:\/\/www.valeriehenry.com\/emilie-faif\/wp-content\/uploads\/sites\/6\/2017\/10\/5-768x516.jpg 768w, https:\/\/www.valeriehenry.com\/emilie-faif\/wp-content\/uploads\/sites\/6\/2017\/10\/5.jpg 834w\" sizes=\"100vw, (min-width: 640px) 50vw, (min-width: 960px) 37vw, (min-width: 1200px) 25vw, (min-width: 1280px) 277px\" alt = \"No\u00ebl 2017- \u00ab\u00a0Lucky charms\u00a0\u00bb &#8211; scultpures textiles d&rsquo;Emilie Fa\u00eff.\"><\/figure><\/a><\/div><div class=\"gallery-item uk-margin-bottom uk-width-1-2@s uk-width-1-3@l\"><a href=\"https:\/\/www.valeriehenry.com\/emilie-faif\/wp-content\/uploads\/sites\/6\/2017\/10\/4.jpg\" rel=\"gallery-1\"><figure class=\"uk-margin-small-bottom uk-cover-container uk-height-small uk-section-muted\"><img decoding=\"async\" uk-cover=\"\" src=\"https:\/\/www.valeriehenry.com\/emilie-faif\/wp-content\/uploads\/sites\/6\/2017\/10\/4-300x201.jpg\" srcset=\"https:\/\/www.valeriehenry.com\/emilie-faif\/wp-content\/uploads\/sites\/6\/2017\/10\/4-300x201.jpg 300w, https:\/\/www.valeriehenry.com\/emilie-faif\/wp-content\/uploads\/sites\/6\/2017\/10\/4-600x403.jpg 600w, https:\/\/www.valeriehenry.com\/emilie-faif\/wp-content\/uploads\/sites\/6\/2017\/10\/4-768x516.jpg 768w, https:\/\/www.valeriehenry.com\/emilie-faif\/wp-content\/uploads\/sites\/6\/2017\/10\/4.jpg 834w\" sizes=\"100vw, (min-width: 640px) 50vw, (min-width: 960px) 37vw, (min-width: 1200px) 25vw, (min-width: 1280px) 277px\" alt = \"No\u00ebl 2017- Les visiteurs se meuvent parmi ses sculptures plus grandes que nature, pour le bonheur des plus petits !\"><\/figure><\/a><\/div><div class=\"gallery-item uk-margin-bottom uk-width-1-2@s uk-width-1-3@l\"><a href=\"https:\/\/www.valeriehenry.com\/emilie-faif\/wp-content\/uploads\/sites\/6\/2017\/10\/1-3.jpg\" rel=\"gallery-1\"><figure class=\"uk-margin-small-bottom uk-cover-container uk-height-small uk-section-muted\"><img decoding=\"async\" uk-cover=\"\" src=\"https:\/\/www.valeriehenry.com\/emilie-faif\/wp-content\/uploads\/sites\/6\/2017\/10\/1-3-e1517407712988-300x205.jpg\" srcset=\"https:\/\/www.valeriehenry.com\/emilie-faif\/wp-content\/uploads\/sites\/6\/2017\/10\/1-3-e1517407712988-300x205.jpg 300w, https:\/\/www.valeriehenry.com\/emilie-faif\/wp-content\/uploads\/sites\/6\/2017\/10\/1-3-e1517407712988-600x409.jpg 600w\" sizes=\"100vw, (min-width: 640px) 50vw, (min-width: 960px) 37vw, (min-width: 1200px) 25vw, (min-width: 1280px) 277px\" alt = \"No\u00ebl 2017- \u00ab\u00a0Lucky charms tree\u00a0\u00bb &#8211; sculptures textiles sur structure verte chrom\u00e9e.\"><\/figure><\/a><\/div><div class=\"gallery-item uk-margin-bottom uk-width-1-2@s uk-width-1-3@l\"><a href=\"https:\/\/www.valeriehenry.com\/emilie-faif\/wp-content\/uploads\/sites\/6\/2017\/10\/8.jpg\" rel=\"gallery-1\"><figure class=\"uk-margin-small-bottom uk-cover-container uk-height-small uk-section-muted\"><img decoding=\"async\" uk-cover=\"\" src=\"https:\/\/www.valeriehenry.com\/emilie-faif\/wp-content\/uploads\/sites\/6\/2017\/10\/8-300x198.jpg\" srcset=\"https:\/\/www.valeriehenry.com\/emilie-faif\/wp-content\/uploads\/sites\/6\/2017\/10\/8-300x198.jpg 300w, https:\/\/www.valeriehenry.com\/emilie-faif\/wp-content\/uploads\/sites\/6\/2017\/10\/8-600x397.jpg 600w, https:\/\/www.valeriehenry.com\/emilie-faif\/wp-content\/uploads\/sites\/6\/2017\/10\/8-768x508.jpg 768w, https:\/\/www.valeriehenry.com\/emilie-faif\/wp-content\/uploads\/sites\/6\/2017\/10\/8.jpg 847w\" sizes=\"100vw, (min-width: 640px) 50vw, (min-width: 960px) 37vw, (min-width: 1200px) 25vw, (min-width: 1280px) 277px\" alt = \"No\u00ebl 2017- Les cr\u00e9ations d&rsquo;Emilie Fa\u00eff combinent la tradition de la couture et de la recherche du tissu parfait, au design modernis\u00e9 de formes et repr\u00e9sentations communes. \u00ab\u00a0Lucky charms tree\u00a0\u00bb &#8211; sculptures textiles sur structure verte chrom\u00e9e.\"><\/figure><\/a><\/div><div class=\"gallery-item uk-margin-bottom uk-width-1-2@s uk-width-1-3@l\"><a href=\"https:\/\/www.valeriehenry.com\/emilie-faif\/wp-content\/uploads\/sites\/6\/2017\/10\/3-1.jpg\" rel=\"gallery-1\"><figure class=\"uk-margin-small-bottom uk-cover-container uk-height-small uk-section-muted\"><img decoding=\"async\" uk-cover=\"\" src=\"https:\/\/www.valeriehenry.com\/emilie-faif\/wp-content\/uploads\/sites\/6\/2017\/10\/3-1-300x200.jpg\" srcset=\"https:\/\/www.valeriehenry.com\/emilie-faif\/wp-content\/uploads\/sites\/6\/2017\/10\/3-1-300x200.jpg 300w, https:\/\/www.valeriehenry.com\/emilie-faif\/wp-content\/uploads\/sites\/6\/2017\/10\/3-1-600x400.jpg 600w, https:\/\/www.valeriehenry.com\/emilie-faif\/wp-content\/uploads\/sites\/6\/2017\/10\/3-1-768x512.jpg 768w, https:\/\/www.valeriehenry.com\/emilie-faif\/wp-content\/uploads\/sites\/6\/2017\/10\/3-1.jpg 840w\" sizes=\"100vw, (min-width: 640px) 50vw, (min-width: 960px) 37vw, (min-width: 1200px) 25vw, (min-width: 1280px) 277px\" alt = \"No\u00ebl 2017- A l\u2019occasion des f\u00eates de No\u00ebl 2017, L\u2019AVENUE Shanghai a fait appel \u00e0 l\u2019agence Val\u00e9rie Henry pour imaginer un No\u00ebl Europ\u00e9en. L\u2019agence a propos\u00e9 la collaboration de trois artistes Emilie Fa\u00eff, Cerise Douc\u00e8de et Moyoshi pour c\u00e9l\u00e9brer un No\u00ebl moderne et contemporain dans la ville chinoise. Emilie Fa\u00eff a cr\u00e9\u00e9 trois installations dispos\u00e9es sur trois \u00e9tages.\"><\/figure><\/a><\/div><div class=\"gallery-item uk-margin-bottom uk-width-1-2@s uk-width-1-3@l\"><a href=\"https:\/\/www.valeriehenry.com\/emilie-faif\/wp-content\/uploads\/sites\/6\/2017\/10\/2.jpg\" rel=\"gallery-1\"><figure class=\"uk-margin-small-bottom uk-cover-container uk-height-small uk-section-muted\"><img decoding=\"async\" uk-cover=\"\" src=\"https:\/\/www.valeriehenry.com\/emilie-faif\/wp-content\/uploads\/sites\/6\/2017\/10\/2-300x200.jpg\" srcset=\"https:\/\/www.valeriehenry.com\/emilie-faif\/wp-content\/uploads\/sites\/6\/2017\/10\/2-300x200.jpg 300w, https:\/\/www.valeriehenry.com\/emilie-faif\/wp-content\/uploads\/sites\/6\/2017\/10\/2-600x400.jpg 600w, https:\/\/www.valeriehenry.com\/emilie-faif\/wp-content\/uploads\/sites\/6\/2017\/10\/2-768x512.jpg 768w, https:\/\/www.valeriehenry.com\/emilie-faif\/wp-content\/uploads\/sites\/6\/2017\/10\/2.jpg 840w\" sizes=\"100vw, (min-width: 640px) 50vw, (min-width: 960px) 37vw, (min-width: 1200px) 25vw, (min-width: 1280px) 277px\" alt = \"No\u00ebl 2017- L&rsquo;installation \u00ab\u00a0Lucky charms\u00a0\u00bb repr\u00e9sentant des formes textiles scintillantes et color\u00e9es, envahit l&rsquo;espace de l&rsquo;atrium.\"><\/figure><\/a><\/div><\/div>\n","protected":false},"excerpt":{"rendered":"","protected":false},"author":1,"featured_media":0,"parent":0,"menu_order":2,"comment_status":"closed","ping_status":"closed","template":"","meta":{"_trash_the_other_posts":false,"footnotes":""},"class_list":["post-11","page","type-page","status-publish","hentry"],"yoast_head":"<!-- This site is optimized with the Yoast SEO plugin v23.7 - https:\/\/yoast.com\/wordpress\/plugins\/seo\/ -->\n<title>Emilie Fa\u00eff, sc\u00e9nographe plasticienne, sculpture textile \u00e9co-responsable, Paris<\/title>\n<meta name=\"description\" content=\"Emilie Fa\u00eff, artiste sc\u00e9nographe, installation textile pour des maisons de luxe, vitrines d\u2019isabelle Marant, travaille pour la mode, la danse contemporaine\" \/>\n<meta name=\"robots\" content=\"index, follow, max-snippet:-1, max-image-preview:large, max-video-preview:-1\" \/>\n<link rel=\"canonical\" href=\"https:\/\/www.valeriehenry.com\/emilie-faif\/\" \/>\n<meta property=\"og:locale\" content=\"fr_FR\" \/>\n<meta property=\"og:type\" content=\"article\" \/>\n<meta property=\"og:title\" content=\"Emilie Fa\u00eff, sc\u00e9nographe plasticienne, sculpture textile \u00e9co-responsable, Paris\" \/>\n<meta property=\"og:description\" content=\"Emilie Fa\u00eff, artiste sc\u00e9nographe, installation textile pour des maisons de luxe, vitrines d\u2019isabelle Marant, travaille pour la mode, la danse contemporaine\" \/>\n<meta property=\"og:url\" content=\"https:\/\/www.valeriehenry.com\/emilie-faif\/\" \/>\n<meta property=\"og:site_name\" content=\"\u00c9milie Faif\" \/>\n<meta property=\"article:modified_time\" content=\"2025-11-12T15:12:06+00:00\" \/>\n<meta property=\"og:image\" content=\"https:\/\/www.valeriehenry.com\/emilie-faif\/wp-content\/uploads\/sites\/6\/2025\/11\/Emilie-Faif-artiste-plasticienne-textile-tissu-japon-setouchi-1-300x229.jpg\" \/>\n<meta name=\"twitter:card\" content=\"summary_large_image\" \/>\n<meta name=\"twitter:label1\" content=\"Dur\u00e9e de lecture estim\u00e9e\" \/>\n\t<meta name=\"twitter:data1\" content=\"1 minute\" \/>\n<script type=\"application\/ld+json\" class=\"yoast-schema-graph\">{\"@context\":\"https:\/\/schema.org\",\"@graph\":[{\"@type\":\"WebPage\",\"@id\":\"https:\/\/www.valeriehenry.com\/emilie-faif\/\",\"url\":\"https:\/\/www.valeriehenry.com\/emilie-faif\/\",\"name\":\"Emilie Fa\u00eff, sc\u00e9nographe plasticienne, sculpture textile \u00e9co-responsable, Paris\",\"isPartOf\":{\"@id\":\"https:\/\/www.valeriehenry.com\/emilie-faif\/#website\"},\"datePublished\":\"2017-10-11T09:15:03+00:00\",\"dateModified\":\"2025-11-12T15:12:06+00:00\",\"description\":\"Emilie Fa\u00eff, artiste sc\u00e9nographe, installation textile pour des maisons de luxe, vitrines d\u2019isabelle Marant, travaille pour la mode, la danse contemporaine\",\"breadcrumb\":{\"@id\":\"https:\/\/www.valeriehenry.com\/emilie-faif\/#breadcrumb\"},\"inLanguage\":\"fr-FR\",\"potentialAction\":[{\"@type\":\"ReadAction\",\"target\":[\"https:\/\/www.valeriehenry.com\/emilie-faif\/\"]}]},{\"@type\":\"BreadcrumbList\",\"@id\":\"https:\/\/www.valeriehenry.com\/emilie-faif\/#breadcrumb\",\"itemListElement\":[{\"@type\":\"ListItem\",\"position\":1,\"name\":\"Emilie Faif\",\"item\":\"https:\/\/www.valeriehenry.com\/emilie-faif\/\"},{\"@type\":\"ListItem\",\"position\":2,\"name\":\"news\"}]},{\"@type\":\"WebSite\",\"@id\":\"https:\/\/www.valeriehenry.com\/emilie-faif\/#website\",\"url\":\"https:\/\/www.valeriehenry.com\/emilie-faif\/\",\"name\":\"\u00c9milie Faif\",\"description\":\"plasticienne\",\"publisher\":{\"@id\":\"https:\/\/www.valeriehenry.com\/emilie-faif\/#organization\"},\"potentialAction\":[{\"@type\":\"SearchAction\",\"target\":{\"@type\":\"EntryPoint\",\"urlTemplate\":\"https:\/\/www.valeriehenry.com\/emilie-faif\/?s={search_term_string}\"},\"query-input\":{\"@type\":\"PropertyValueSpecification\",\"valueRequired\":true,\"valueName\":\"search_term_string\"}}],\"inLanguage\":\"fr-FR\"},{\"@type\":\"Organization\",\"@id\":\"https:\/\/www.valeriehenry.com\/emilie-faif\/#organization\",\"name\":\"\u00c9milie Faif\",\"url\":\"https:\/\/www.valeriehenry.com\/emilie-faif\/\",\"logo\":{\"@type\":\"ImageObject\",\"inLanguage\":\"fr-FR\",\"@id\":\"https:\/\/www.valeriehenry.com\/emilie-faif\/#\/schema\/logo\/image\/\",\"url\":\"https:\/\/www.valeriehenry.com\/emilie-faif\/wp-content\/uploads\/sites\/6\/2017\/10\/valerie_henry_logo.jpg\",\"contentUrl\":\"https:\/\/www.valeriehenry.com\/emilie-faif\/wp-content\/uploads\/sites\/6\/2017\/10\/valerie_henry_logo.jpg\",\"width\":165,\"height\":39,\"caption\":\"\u00c9milie Faif\"},\"image\":{\"@id\":\"https:\/\/www.valeriehenry.com\/emilie-faif\/#\/schema\/logo\/image\/\"}}]}<\/script>\n<!-- \/ Yoast SEO plugin. -->","yoast_head_json":{"title":"Emilie Fa\u00eff, sc\u00e9nographe plasticienne, sculpture textile \u00e9co-responsable, Paris","description":"Emilie Fa\u00eff, artiste sc\u00e9nographe, installation textile pour des maisons de luxe, vitrines d\u2019isabelle Marant, travaille pour la mode, la danse contemporaine","robots":{"index":"index","follow":"follow","max-snippet":"max-snippet:-1","max-image-preview":"max-image-preview:large","max-video-preview":"max-video-preview:-1"},"canonical":"https:\/\/www.valeriehenry.com\/emilie-faif\/","og_locale":"fr_FR","og_type":"article","og_title":"Emilie Fa\u00eff, sc\u00e9nographe plasticienne, sculpture textile \u00e9co-responsable, Paris","og_description":"Emilie Fa\u00eff, artiste sc\u00e9nographe, installation textile pour des maisons de luxe, vitrines d\u2019isabelle Marant, travaille pour la mode, la danse contemporaine","og_url":"https:\/\/www.valeriehenry.com\/emilie-faif\/","og_site_name":"\u00c9milie Faif","article_modified_time":"2025-11-12T15:12:06+00:00","og_image":[{"url":"https:\/\/www.valeriehenry.com\/emilie-faif\/wp-content\/uploads\/sites\/6\/2025\/11\/Emilie-Faif-artiste-plasticienne-textile-tissu-japon-setouchi-1-300x229.jpg"}],"twitter_card":"summary_large_image","twitter_misc":{"Dur\u00e9e de lecture estim\u00e9e":"1 minute"},"schema":{"@context":"https:\/\/schema.org","@graph":[{"@type":"WebPage","@id":"https:\/\/www.valeriehenry.com\/emilie-faif\/","url":"https:\/\/www.valeriehenry.com\/emilie-faif\/","name":"Emilie Fa\u00eff, sc\u00e9nographe plasticienne, sculpture textile \u00e9co-responsable, Paris","isPartOf":{"@id":"https:\/\/www.valeriehenry.com\/emilie-faif\/#website"},"datePublished":"2017-10-11T09:15:03+00:00","dateModified":"2025-11-12T15:12:06+00:00","description":"Emilie Fa\u00eff, artiste sc\u00e9nographe, installation textile pour des maisons de luxe, vitrines d\u2019isabelle Marant, travaille pour la mode, la danse contemporaine","breadcrumb":{"@id":"https:\/\/www.valeriehenry.com\/emilie-faif\/#breadcrumb"},"inLanguage":"fr-FR","potentialAction":[{"@type":"ReadAction","target":["https:\/\/www.valeriehenry.com\/emilie-faif\/"]}]},{"@type":"BreadcrumbList","@id":"https:\/\/www.valeriehenry.com\/emilie-faif\/#breadcrumb","itemListElement":[{"@type":"ListItem","position":1,"name":"Emilie Faif","item":"https:\/\/www.valeriehenry.com\/emilie-faif\/"},{"@type":"ListItem","position":2,"name":"news"}]},{"@type":"WebSite","@id":"https:\/\/www.valeriehenry.com\/emilie-faif\/#website","url":"https:\/\/www.valeriehenry.com\/emilie-faif\/","name":"\u00c9milie Faif","description":"plasticienne","publisher":{"@id":"https:\/\/www.valeriehenry.com\/emilie-faif\/#organization"},"potentialAction":[{"@type":"SearchAction","target":{"@type":"EntryPoint","urlTemplate":"https:\/\/www.valeriehenry.com\/emilie-faif\/?s={search_term_string}"},"query-input":{"@type":"PropertyValueSpecification","valueRequired":true,"valueName":"search_term_string"}}],"inLanguage":"fr-FR"},{"@type":"Organization","@id":"https:\/\/www.valeriehenry.com\/emilie-faif\/#organization","name":"\u00c9milie Faif","url":"https:\/\/www.valeriehenry.com\/emilie-faif\/","logo":{"@type":"ImageObject","inLanguage":"fr-FR","@id":"https:\/\/www.valeriehenry.com\/emilie-faif\/#\/schema\/logo\/image\/","url":"https:\/\/www.valeriehenry.com\/emilie-faif\/wp-content\/uploads\/sites\/6\/2017\/10\/valerie_henry_logo.jpg","contentUrl":"https:\/\/www.valeriehenry.com\/emilie-faif\/wp-content\/uploads\/sites\/6\/2017\/10\/valerie_henry_logo.jpg","width":165,"height":39,"caption":"\u00c9milie Faif"},"image":{"@id":"https:\/\/www.valeriehenry.com\/emilie-faif\/#\/schema\/logo\/image\/"}}]}},"_links":{"self":[{"href":"https:\/\/www.valeriehenry.com\/emilie-faif\/wp-json\/wp\/v2\/pages\/11"}],"collection":[{"href":"https:\/\/www.valeriehenry.com\/emilie-faif\/wp-json\/wp\/v2\/pages"}],"about":[{"href":"https:\/\/www.valeriehenry.com\/emilie-faif\/wp-json\/wp\/v2\/types\/page"}],"author":[{"embeddable":true,"href":"https:\/\/www.valeriehenry.com\/emilie-faif\/wp-json\/wp\/v2\/users\/1"}],"replies":[{"embeddable":true,"href":"https:\/\/www.valeriehenry.com\/emilie-faif\/wp-json\/wp\/v2\/comments?post=11"}],"version-history":[{"count":41,"href":"https:\/\/www.valeriehenry.com\/emilie-faif\/wp-json\/wp\/v2\/pages\/11\/revisions"}],"predecessor-version":[{"id":567,"href":"https:\/\/www.valeriehenry.com\/emilie-faif\/wp-json\/wp\/v2\/pages\/11\/revisions\/567"}],"wp:attachment":[{"href":"https:\/\/www.valeriehenry.com\/emilie-faif\/wp-json\/wp\/v2\/media?parent=11"}],"curies":[{"name":"wp","href":"https:\/\/api.w.org\/{rel}","templated":true}]}}