{"id":104,"date":"2017-10-11T11:15:08","date_gmt":"2017-10-11T09:15:08","guid":{"rendered":"https:\/\/www.valeriehenry.com\/emilie-faif\/?page_id=104"},"modified":"2024-03-21T19:05:36","modified_gmt":"2024-03-21T18:05:36","slug":"scenographie","status":"publish","type":"page","link":"https:\/\/www.valeriehenry.com\/emilie-faif\/scenographie\/","title":{"rendered":"sc\u00e9nographie"},"content":{"rendered":"<div id=\"gallery-1\" class=\"uk-grid-medium uk-child-width-expand@s\" uk-grid uk-height-match=\"target: > article; row: false\"><div class=\"gallery-item uk-margin-bottom uk-width-1-2@s uk-width-1-3@l\"><a href=\"https:\/\/www.valeriehenry.com\/emilie-faif\/wp-content\/uploads\/sites\/6\/2017\/10\/LETS-FOLK_MARION-MUZAC_-RESIDENCE_JUILLET_CDC_2017_-\u00aeedmondcarrere-13-sur-98-1.jpeg\" rel=\"gallery-1\"><figure class=\"uk-margin-small-bottom uk-cover-container uk-height-small uk-section-muted\"><img decoding=\"async\" uk-cover=\"\" src=\"https:\/\/www.valeriehenry.com\/emilie-faif\/wp-content\/uploads\/sites\/6\/2017\/10\/LETS-FOLK_MARION-MUZAC_-RESIDENCE_JUILLET_CDC_2017_-\u00aeedmondcarrere-13-sur-98-1-300x200.jpeg\" srcset=\"https:\/\/www.valeriehenry.com\/emilie-faif\/wp-content\/uploads\/sites\/6\/2017\/10\/LETS-FOLK_MARION-MUZAC_-RESIDENCE_JUILLET_CDC_2017_-\u00aeedmondcarrere-13-sur-98-1-300x200.jpeg 300w, https:\/\/www.valeriehenry.com\/emilie-faif\/wp-content\/uploads\/sites\/6\/2017\/10\/LETS-FOLK_MARION-MUZAC_-RESIDENCE_JUILLET_CDC_2017_-\u00aeedmondcarrere-13-sur-98-1-600x400.jpeg 600w, https:\/\/www.valeriehenry.com\/emilie-faif\/wp-content\/uploads\/sites\/6\/2017\/10\/LETS-FOLK_MARION-MUZAC_-RESIDENCE_JUILLET_CDC_2017_-\u00aeedmondcarrere-13-sur-98-1.jpeg 640w\" sizes=\"100vw, (min-width: 640px) 50vw, (min-width: 960px) 37vw, (min-width: 1200px) 25vw, (min-width: 1280px) 277px\" alt = \"Octobre 2017 -SPECTACLE LET&rsquo;S FOLK! &#8211; En collaboration avec la chor\u00e9graphe Marion Muzac. Construit au croisement de multiples chor\u00e9graphies \u2013 entre fest-noz breton, ahwash berb\u00e8re, schuhplattler bavarois et dabkeh du Proche-Orient \u2013 la nouvelle cr\u00e9ation de la chor\u00e9graphe Marion Muzac revisite la notion de danse folklorique. Photographie \u00a9 Edmond Carrere.\"><\/figure><\/a><\/div><div class=\"gallery-item uk-margin-bottom uk-width-1-2@s uk-width-1-3@l\"><a href=\"https:\/\/www.valeriehenry.com\/emilie-faif\/wp-content\/uploads\/sites\/6\/2017\/10\/LETS-FOLK_MARION-MUZAC_-RESIDENCE_JUILLET_CDC_2017_-\u00aeedmondcarrere-17-sur-98-1.jpeg\" rel=\"gallery-1\"><figure class=\"uk-margin-small-bottom uk-cover-container uk-height-small uk-section-muted\"><img decoding=\"async\" uk-cover=\"\" src=\"https:\/\/www.valeriehenry.com\/emilie-faif\/wp-content\/uploads\/sites\/6\/2017\/10\/LETS-FOLK_MARION-MUZAC_-RESIDENCE_JUILLET_CDC_2017_-\u00aeedmondcarrere-17-sur-98-1-300x200.jpeg\" srcset=\"https:\/\/www.valeriehenry.com\/emilie-faif\/wp-content\/uploads\/sites\/6\/2017\/10\/LETS-FOLK_MARION-MUZAC_-RESIDENCE_JUILLET_CDC_2017_-\u00aeedmondcarrere-17-sur-98-1-300x200.jpeg 300w, https:\/\/www.valeriehenry.com\/emilie-faif\/wp-content\/uploads\/sites\/6\/2017\/10\/LETS-FOLK_MARION-MUZAC_-RESIDENCE_JUILLET_CDC_2017_-\u00aeedmondcarrere-17-sur-98-1-600x400.jpeg 600w, https:\/\/www.valeriehenry.com\/emilie-faif\/wp-content\/uploads\/sites\/6\/2017\/10\/LETS-FOLK_MARION-MUZAC_-RESIDENCE_JUILLET_CDC_2017_-\u00aeedmondcarrere-17-sur-98-1.jpeg 640w\" sizes=\"100vw, (min-width: 640px) 50vw, (min-width: 960px) 37vw, (min-width: 1200px) 25vw, (min-width: 1280px) 277px\" alt = \"Octobre 2017 &#8211; En dessinant \u00e0 m\u00eame les tapis de danse, la plasticienne Emilie Fa\u00eff met en valeur la notion de territoire, d\u2019encrage au sol et aux cultures dont s\u2019inspirent les danses populaires. Les motifs ornementaux, dessin\u00e9s au blanc de Meudon, m\u00e9thode simple et traditionnelle, permettent de mettre en tension la danse dans sa dur\u00e9e. Photographie \u00a9 Edmond Carrere.\"><\/figure><\/a><\/div><div class=\"gallery-item uk-margin-bottom uk-width-1-2@s uk-width-1-3@l\"><a href=\"https:\/\/www.valeriehenry.com\/emilie-faif\/wp-content\/uploads\/sites\/6\/2017\/10\/LETS-FOLK_MARION-MUZAC_-RESIDENCE_JUILLET_CDC_2017_-\u00aeedmondcarrere-18-sur-98-1.jpeg\" rel=\"gallery-1\"><figure class=\"uk-margin-small-bottom uk-cover-container uk-height-small uk-section-muted\"><img decoding=\"async\" uk-cover=\"\" src=\"https:\/\/www.valeriehenry.com\/emilie-faif\/wp-content\/uploads\/sites\/6\/2017\/10\/LETS-FOLK_MARION-MUZAC_-RESIDENCE_JUILLET_CDC_2017_-\u00aeedmondcarrere-18-sur-98-1-214x300.jpeg\" srcset=\"https:\/\/www.valeriehenry.com\/emilie-faif\/wp-content\/uploads\/sites\/6\/2017\/10\/LETS-FOLK_MARION-MUZAC_-RESIDENCE_JUILLET_CDC_2017_-\u00aeedmondcarrere-18-sur-98-1-214x300.jpeg 214w, https:\/\/www.valeriehenry.com\/emilie-faif\/wp-content\/uploads\/sites\/6\/2017\/10\/LETS-FOLK_MARION-MUZAC_-RESIDENCE_JUILLET_CDC_2017_-\u00aeedmondcarrere-18-sur-98-1-429x600.jpeg 429w, https:\/\/www.valeriehenry.com\/emilie-faif\/wp-content\/uploads\/sites\/6\/2017\/10\/LETS-FOLK_MARION-MUZAC_-RESIDENCE_JUILLET_CDC_2017_-\u00aeedmondcarrere-18-sur-98-1.jpeg 458w\" sizes=\"100vw, (min-width: 640px) 50vw, (min-width: 960px) 37vw, (min-width: 1200px) 25vw, (min-width: 1280px) 277px\" alt = \"Octobre 2017 &#8211; Au fil des pas, des rondes et des trajectoires des danseurs, les lignes vont se brouiller et les dessins s\u2019estomper pour cr\u00e9er une nouvelle g\u00e9ographie, t\u00e9moignage de la force et de la beaut\u00e9 de ces rencontres collectives et humaines. Photographie \u00a9 Edmond Carrere.\"><\/figure><\/a><\/div><div class=\"gallery-item uk-margin-bottom uk-width-1-2@s uk-width-1-3@l\"><a href=\"https:\/\/www.valeriehenry.com\/emilie-faif\/wp-content\/uploads\/sites\/6\/2017\/10\/P1010140-1.jpg\" rel=\"gallery-1\"><figure class=\"uk-margin-small-bottom uk-cover-container uk-height-small uk-section-muted\"><img decoding=\"async\" uk-cover=\"\" src=\"https:\/\/www.valeriehenry.com\/emilie-faif\/wp-content\/uploads\/sites\/6\/2017\/10\/P1010140-1-300x200.jpg\" srcset=\"https:\/\/www.valeriehenry.com\/emilie-faif\/wp-content\/uploads\/sites\/6\/2017\/10\/P1010140-1-300x200.jpg 300w, https:\/\/www.valeriehenry.com\/emilie-faif\/wp-content\/uploads\/sites\/6\/2017\/10\/P1010140-1-600x400.jpg 600w, https:\/\/www.valeriehenry.com\/emilie-faif\/wp-content\/uploads\/sites\/6\/2017\/10\/P1010140-1-768x512.jpg 768w, https:\/\/www.valeriehenry.com\/emilie-faif\/wp-content\/uploads\/sites\/6\/2017\/10\/P1010140-1-1024x683.jpg 1024w\" sizes=\"100vw, (min-width: 640px) 50vw, (min-width: 960px) 37vw, (min-width: 1200px) 25vw, (min-width: 1280px) 277px\" alt = \"Octobre 2017 &#8211; Spectacle \u00ab Let\u2019s Folk! \u00bb ; Sc\u00e9nographie Emilie Fa\u00eff ; Photographie \u00a9 Nicolas Doubre\"><\/figure><\/a><\/div><div class=\"gallery-item uk-margin-bottom uk-width-1-2@s uk-width-1-3@l\"><a href=\"https:\/\/www.valeriehenry.com\/emilie-faif\/wp-content\/uploads\/sites\/6\/2017\/10\/Sans-titre-oct.-04-2017000366-1.jpg\" rel=\"gallery-1\"><figure class=\"uk-margin-small-bottom uk-cover-container uk-height-small uk-section-muted\"><img decoding=\"async\" uk-cover=\"\" src=\"https:\/\/www.valeriehenry.com\/emilie-faif\/wp-content\/uploads\/sites\/6\/2017\/10\/Sans-titre-oct.-04-2017000366-1-300x211.jpg\" srcset=\"https:\/\/www.valeriehenry.com\/emilie-faif\/wp-content\/uploads\/sites\/6\/2017\/10\/Sans-titre-oct.-04-2017000366-1-300x211.jpg 300w, https:\/\/www.valeriehenry.com\/emilie-faif\/wp-content\/uploads\/sites\/6\/2017\/10\/Sans-titre-oct.-04-2017000366-1-600x422.jpg 600w, https:\/\/www.valeriehenry.com\/emilie-faif\/wp-content\/uploads\/sites\/6\/2017\/10\/Sans-titre-oct.-04-2017000366-1-768x540.jpg 768w, https:\/\/www.valeriehenry.com\/emilie-faif\/wp-content\/uploads\/sites\/6\/2017\/10\/Sans-titre-oct.-04-2017000366-1-1024x720.jpg 1024w\" sizes=\"100vw, (min-width: 640px) 50vw, (min-width: 960px) 37vw, (min-width: 1200px) 25vw, (min-width: 1280px) 277px\" alt = \"Octobre 2017 &#8211; Spectacle \u00ab Let\u2019s Folk! \u00bb ; Sc\u00e9nographie Emilie Fa\u00eff ; Photographie \u00a9 Nicolas Doubre\"><\/figure><\/a><\/div><div class=\"gallery-item uk-margin-bottom uk-width-1-2@s uk-width-1-3@l\"><a href=\"https:\/\/www.valeriehenry.com\/emilie-faif\/wp-content\/uploads\/sites\/6\/2017\/10\/8s.jpg\" rel=\"gallery-1\"><figure class=\"uk-margin-small-bottom uk-cover-container uk-height-small uk-section-muted\"><img decoding=\"async\" uk-cover=\"\" src=\"https:\/\/www.valeriehenry.com\/emilie-faif\/wp-content\/uploads\/sites\/6\/2017\/10\/8s-300x200.jpg\" srcset=\"https:\/\/www.valeriehenry.com\/emilie-faif\/wp-content\/uploads\/sites\/6\/2017\/10\/8s-300x200.jpg 300w, https:\/\/www.valeriehenry.com\/emilie-faif\/wp-content\/uploads\/sites\/6\/2017\/10\/8s-600x400.jpg 600w, https:\/\/www.valeriehenry.com\/emilie-faif\/wp-content\/uploads\/sites\/6\/2017\/10\/8s-768x512.jpg 768w, https:\/\/www.valeriehenry.com\/emilie-faif\/wp-content\/uploads\/sites\/6\/2017\/10\/8s.jpg 840w\" sizes=\"100vw, (min-width: 640px) 50vw, (min-width: 960px) 37vw, (min-width: 1200px) 25vw, (min-width: 1280px) 277px\" alt = \"F\u00e9vrier 2017 &#8211; Emilie Fa\u00eff cr\u00e9e la sc\u00e9nographie du spectacle de danse contemporaine de Marion Muzac \u00ab\u00a0Ladies First\u00a0\u00bb.\"><\/figure><\/a><\/div><div class=\"gallery-item uk-margin-bottom uk-width-1-2@s uk-width-1-3@l\"><a href=\"https:\/\/www.valeriehenry.com\/emilie-faif\/wp-content\/uploads\/sites\/6\/2017\/10\/9s.jpg\" rel=\"gallery-1\"><figure class=\"uk-margin-small-bottom uk-cover-container uk-height-small uk-section-muted\"><img decoding=\"async\" uk-cover=\"\" src=\"https:\/\/www.valeriehenry.com\/emilie-faif\/wp-content\/uploads\/sites\/6\/2017\/10\/9s-300x163.jpg\" srcset=\"https:\/\/www.valeriehenry.com\/emilie-faif\/wp-content\/uploads\/sites\/6\/2017\/10\/9s-300x163.jpg 300w, https:\/\/www.valeriehenry.com\/emilie-faif\/wp-content\/uploads\/sites\/6\/2017\/10\/9s-600x325.jpg 600w, https:\/\/www.valeriehenry.com\/emilie-faif\/wp-content\/uploads\/sites\/6\/2017\/10\/9s-768x416.jpg 768w, https:\/\/www.valeriehenry.com\/emilie-faif\/wp-content\/uploads\/sites\/6\/2017\/10\/9s-1024x555.jpg 1024w, https:\/\/www.valeriehenry.com\/emilie-faif\/wp-content\/uploads\/sites\/6\/2017\/10\/9s.jpg 1033w\" sizes=\"100vw, (min-width: 640px) 50vw, (min-width: 960px) 37vw, (min-width: 1200px) 25vw, (min-width: 1280px) 277px\" alt = \"F\u00e9vrier 2017 &#8211; Un rideau monumental de cheveux, \u00e0 la fois inqui\u00e9tant et vivant, symbolise la femme tout aussi sauvage qu&rsquo;\u00e9mancip\u00e9e.\"><\/figure><\/a><\/div><div class=\"gallery-item uk-margin-bottom uk-width-1-2@s uk-width-1-3@l\"><a href=\"https:\/\/www.valeriehenry.com\/emilie-faif\/wp-content\/uploads\/sites\/6\/2017\/10\/patkai-faif-1.jpg\" rel=\"gallery-1\"><figure class=\"uk-margin-small-bottom uk-cover-container uk-height-small uk-section-muted\"><img decoding=\"async\" uk-cover=\"\" src=\"https:\/\/www.valeriehenry.com\/emilie-faif\/wp-content\/uploads\/sites\/6\/2017\/10\/patkai-faif-1-300x225.jpg\" srcset=\"https:\/\/www.valeriehenry.com\/emilie-faif\/wp-content\/uploads\/sites\/6\/2017\/10\/patkai-faif-1-300x225.jpg 300w, https:\/\/www.valeriehenry.com\/emilie-faif\/wp-content\/uploads\/sites\/6\/2017\/10\/patkai-faif-1-600x450.jpg 600w, https:\/\/www.valeriehenry.com\/emilie-faif\/wp-content\/uploads\/sites\/6\/2017\/10\/patkai-faif-1.jpg 670w\" sizes=\"100vw, (min-width: 640px) 50vw, (min-width: 960px) 37vw, (min-width: 1200px) 25vw, (min-width: 1280px) 277px\" alt = \"Remous est un spectacle pour tout petits co r\u00e9alis\u00e9 avec la chor\u00e9graphe Katalin Patka\u00ef. &lt;p&gt;Des \u00e9l\u00e9ments en mousse de toutes formes s&rsquo;amonc\u00e8lent pour construire, jouer, d\u00e9molir et recommencer. &lt;\/p&gt;\"><\/figure><\/a><\/div><div class=\"gallery-item uk-margin-bottom uk-width-1-2@s uk-width-1-3@l\"><a href=\"https:\/\/www.valeriehenry.com\/emilie-faif\/wp-content\/uploads\/sites\/6\/2017\/10\/patkai-faif-5.jpg\" rel=\"gallery-1\"><figure class=\"uk-margin-small-bottom uk-cover-container uk-height-small uk-section-muted\"><img decoding=\"async\" uk-cover=\"\" src=\"https:\/\/www.valeriehenry.com\/emilie-faif\/wp-content\/uploads\/sites\/6\/2017\/10\/patkai-faif-5-300x225.jpg\" srcset=\"https:\/\/www.valeriehenry.com\/emilie-faif\/wp-content\/uploads\/sites\/6\/2017\/10\/patkai-faif-5-300x225.jpg 300w, https:\/\/www.valeriehenry.com\/emilie-faif\/wp-content\/uploads\/sites\/6\/2017\/10\/patkai-faif-5-600x450.jpg 600w, https:\/\/www.valeriehenry.com\/emilie-faif\/wp-content\/uploads\/sites\/6\/2017\/10\/patkai-faif-5.jpg 670w\" sizes=\"100vw, (min-width: 640px) 50vw, (min-width: 960px) 37vw, (min-width: 1200px) 25vw, (min-width: 1280px) 277px\" alt = \"Les formes en mousse o\u00f9 se cache la danseuse se transforme au cours du spectacle en marionnette, en ville ou encore en crocodile accros au chamallow.\"><\/figure><\/a><\/div><div class=\"gallery-item uk-margin-bottom uk-width-1-2@s uk-width-1-3@l\"><a href=\"https:\/\/www.valeriehenry.com\/emilie-faif\/wp-content\/uploads\/sites\/6\/2017\/10\/arp_111114_040.jpg\" rel=\"gallery-1\"><figure class=\"uk-margin-small-bottom uk-cover-container uk-height-small uk-section-muted\"><img decoding=\"async\" uk-cover=\"\" src=\"https:\/\/www.valeriehenry.com\/emilie-faif\/wp-content\/uploads\/sites\/6\/2017\/10\/arp_111114_040-300x200.jpg\" srcset=\"https:\/\/www.valeriehenry.com\/emilie-faif\/wp-content\/uploads\/sites\/6\/2017\/10\/arp_111114_040-300x200.jpg 300w, https:\/\/www.valeriehenry.com\/emilie-faif\/wp-content\/uploads\/sites\/6\/2017\/10\/arp_111114_040-600x400.jpg 600w, https:\/\/www.valeriehenry.com\/emilie-faif\/wp-content\/uploads\/sites\/6\/2017\/10\/arp_111114_040-768x512.jpg 768w, https:\/\/www.valeriehenry.com\/emilie-faif\/wp-content\/uploads\/sites\/6\/2017\/10\/arp_111114_040.jpg 840w\" sizes=\"100vw, (min-width: 640px) 50vw, (min-width: 960px) 37vw, (min-width: 1200px) 25vw, (min-width: 1280px) 277px\" alt = \"\u00ab Les Arpenteurs \u00bb &#8211; compagnie Revue Eclair &#8211; Th\u00e9\u00e2tre de l&rsquo;Aquarium &#8211; Photo: P.Grosbois\"><\/figure><\/a><\/div><div class=\"gallery-item uk-margin-bottom uk-width-1-2@s uk-width-1-3@l\"><a href=\"https:\/\/www.valeriehenry.com\/emilie-faif\/wp-content\/uploads\/sites\/6\/2017\/10\/arp_111114_073.jpg\" rel=\"gallery-1\"><figure class=\"uk-margin-small-bottom uk-cover-container uk-height-small uk-section-muted\"><img decoding=\"async\" uk-cover=\"\" src=\"https:\/\/www.valeriehenry.com\/emilie-faif\/wp-content\/uploads\/sites\/6\/2017\/10\/arp_111114_073-300x200.jpg\" srcset=\"https:\/\/www.valeriehenry.com\/emilie-faif\/wp-content\/uploads\/sites\/6\/2017\/10\/arp_111114_073-300x200.jpg 300w, https:\/\/www.valeriehenry.com\/emilie-faif\/wp-content\/uploads\/sites\/6\/2017\/10\/arp_111114_073-600x400.jpg 600w, https:\/\/www.valeriehenry.com\/emilie-faif\/wp-content\/uploads\/sites\/6\/2017\/10\/arp_111114_073-768x512.jpg 768w, https:\/\/www.valeriehenry.com\/emilie-faif\/wp-content\/uploads\/sites\/6\/2017\/10\/arp_111114_073.jpg 840w\" sizes=\"100vw, (min-width: 640px) 50vw, (min-width: 960px) 37vw, (min-width: 1200px) 25vw, (min-width: 1280px) 277px\" alt = \"\u00ab Les Arpenteurs \u00bb &#8211; compagnie Revue Eclair &#8211; Th\u00e9\u00e2tre de l&rsquo;Aquarium &#8211; Photo: P.Grosbois\"><\/figure><\/a><\/div><div class=\"gallery-item uk-margin-bottom uk-width-1-2@s uk-width-1-3@l\"><a href=\"https:\/\/www.valeriehenry.com\/emilie-faif\/wp-content\/uploads\/sites\/6\/2017\/10\/arp_111114_107.jpg\" rel=\"gallery-1\"><figure class=\"uk-margin-small-bottom uk-cover-container uk-height-small uk-section-muted\"><img decoding=\"async\" uk-cover=\"\" src=\"https:\/\/www.valeriehenry.com\/emilie-faif\/wp-content\/uploads\/sites\/6\/2017\/10\/arp_111114_107-300x200.jpg\" srcset=\"https:\/\/www.valeriehenry.com\/emilie-faif\/wp-content\/uploads\/sites\/6\/2017\/10\/arp_111114_107-300x200.jpg 300w, https:\/\/www.valeriehenry.com\/emilie-faif\/wp-content\/uploads\/sites\/6\/2017\/10\/arp_111114_107-600x400.jpg 600w, https:\/\/www.valeriehenry.com\/emilie-faif\/wp-content\/uploads\/sites\/6\/2017\/10\/arp_111114_107-768x512.jpg 768w, https:\/\/www.valeriehenry.com\/emilie-faif\/wp-content\/uploads\/sites\/6\/2017\/10\/arp_111114_107.jpg 840w\" sizes=\"100vw, (min-width: 640px) 50vw, (min-width: 960px) 37vw, (min-width: 1200px) 25vw, (min-width: 1280px) 277px\" alt = \"\u00ab Les Arpenteurs \u00bb &#8211; compagnie Revue Eclair &#8211; Th\u00e9\u00e2tre de l&rsquo;Aquarium &#8211; Photo: P.Grosbois\"><\/figure><\/a><\/div><div class=\"gallery-item uk-margin-bottom uk-width-1-2@s uk-width-1-3@l\"><a href=\"https:\/\/www.valeriehenry.com\/emilie-faif\/wp-content\/uploads\/sites\/6\/2017\/10\/arp_111114_128.jpg\" rel=\"gallery-1\"><figure class=\"uk-margin-small-bottom uk-cover-container uk-height-small uk-section-muted\"><img decoding=\"async\" uk-cover=\"\" src=\"https:\/\/www.valeriehenry.com\/emilie-faif\/wp-content\/uploads\/sites\/6\/2017\/10\/arp_111114_128-300x133.jpg\" srcset=\"https:\/\/www.valeriehenry.com\/emilie-faif\/wp-content\/uploads\/sites\/6\/2017\/10\/arp_111114_128-300x133.jpg 300w, https:\/\/www.valeriehenry.com\/emilie-faif\/wp-content\/uploads\/sites\/6\/2017\/10\/arp_111114_128-600x267.jpg 600w, https:\/\/www.valeriehenry.com\/emilie-faif\/wp-content\/uploads\/sites\/6\/2017\/10\/arp_111114_128-768x341.jpg 768w, https:\/\/www.valeriehenry.com\/emilie-faif\/wp-content\/uploads\/sites\/6\/2017\/10\/arp_111114_128-1024x455.jpg 1024w, https:\/\/www.valeriehenry.com\/emilie-faif\/wp-content\/uploads\/sites\/6\/2017\/10\/arp_111114_128.jpg 1260w\" sizes=\"100vw, (min-width: 640px) 50vw, (min-width: 960px) 37vw, (min-width: 1200px) 25vw, (min-width: 1280px) 277px\" alt = \"\u00ab Les Arpenteurs \u00bb &#8211; compagnie Revue Eclair &#8211; Th\u00e9\u00e2tre de l&rsquo;Aquarium &#8211; Photo: P.Grosbois\"><\/figure><\/a><\/div><div class=\"gallery-item uk-margin-bottom uk-width-1-2@s uk-width-1-3@l\"><a href=\"https:\/\/www.valeriehenry.com\/emilie-faif\/wp-content\/uploads\/sites\/6\/2017\/10\/les-arpenteurs-photo-1-pierre-grosbois.jpg\" rel=\"gallery-1\"><figure class=\"uk-margin-small-bottom uk-cover-container uk-height-small uk-section-muted\"><img decoding=\"async\" uk-cover=\"\" src=\"https:\/\/www.valeriehenry.com\/emilie-faif\/wp-content\/uploads\/sites\/6\/2017\/10\/les-arpenteurs-photo-1-pierre-grosbois-300x172.jpg\" srcset=\"https:\/\/www.valeriehenry.com\/emilie-faif\/wp-content\/uploads\/sites\/6\/2017\/10\/les-arpenteurs-photo-1-pierre-grosbois-300x172.jpg 300w, https:\/\/www.valeriehenry.com\/emilie-faif\/wp-content\/uploads\/sites\/6\/2017\/10\/les-arpenteurs-photo-1-pierre-grosbois-600x344.jpg 600w, https:\/\/www.valeriehenry.com\/emilie-faif\/wp-content\/uploads\/sites\/6\/2017\/10\/les-arpenteurs-photo-1-pierre-grosbois-768x440.jpg 768w, https:\/\/www.valeriehenry.com\/emilie-faif\/wp-content\/uploads\/sites\/6\/2017\/10\/les-arpenteurs-photo-1-pierre-grosbois.jpg 978w\" sizes=\"100vw, (min-width: 640px) 50vw, (min-width: 960px) 37vw, (min-width: 1200px) 25vw, (min-width: 1280px) 277px\" alt = \"\u00ab Les Arpenteurs \u00bb &#8211; compagnie Revue Eclair &#8211; Th\u00e9\u00e2tre de l&rsquo;Aquarium &#8211; Photo: P.Grosbois\"><\/figure><\/a><\/div><div class=\"gallery-item uk-margin-bottom uk-width-1-2@s uk-width-1-3@l\"><a href=\"https:\/\/www.valeriehenry.com\/emilie-faif\/wp-content\/uploads\/sites\/6\/2017\/10\/d_expo_fuv.jpg\" rel=\"gallery-1\"><figure class=\"uk-margin-small-bottom uk-cover-container uk-height-small uk-section-muted\"><img decoding=\"async\" uk-cover=\"\" src=\"https:\/\/www.valeriehenry.com\/emilie-faif\/wp-content\/uploads\/sites\/6\/2017\/10\/d_expo_fuv-300x202.jpg\" srcset=\"https:\/\/www.valeriehenry.com\/emilie-faif\/wp-content\/uploads\/sites\/6\/2017\/10\/d_expo_fuv-300x202.jpg 300w, https:\/\/www.valeriehenry.com\/emilie-faif\/wp-content\/uploads\/sites\/6\/2017\/10\/d_expo_fuv-600x405.jpg 600w, https:\/\/www.valeriehenry.com\/emilie-faif\/wp-content\/uploads\/sites\/6\/2017\/10\/d_expo_fuv-768x518.jpg 768w, https:\/\/www.valeriehenry.com\/emilie-faif\/wp-content\/uploads\/sites\/6\/2017\/10\/d_expo_fuv.jpg 830w\" sizes=\"100vw, (min-width: 640px) 50vw, (min-width: 960px) 37vw, (min-width: 1200px) 25vw, (min-width: 1280px) 277px\" alt = \"WISHES personnal exhibition &#8211; Saint Eustache Paris\"><\/figure><\/a><\/div><div class=\"gallery-item uk-margin-bottom uk-width-1-2@s uk-width-1-3@l\"><a href=\"https:\/\/www.valeriehenry.com\/emilie-faif\/wp-content\/uploads\/sites\/6\/2017\/10\/e_expo_fuv_2.jpg\" rel=\"gallery-1\"><figure class=\"uk-margin-small-bottom uk-cover-container uk-height-small uk-section-muted\"><img decoding=\"async\" uk-cover=\"\" src=\"https:\/\/www.valeriehenry.com\/emilie-faif\/wp-content\/uploads\/sites\/6\/2017\/10\/e_expo_fuv_2-300x202.jpg\" srcset=\"https:\/\/www.valeriehenry.com\/emilie-faif\/wp-content\/uploads\/sites\/6\/2017\/10\/e_expo_fuv_2-300x202.jpg 300w, https:\/\/www.valeriehenry.com\/emilie-faif\/wp-content\/uploads\/sites\/6\/2017\/10\/e_expo_fuv_2-600x405.jpg 600w, https:\/\/www.valeriehenry.com\/emilie-faif\/wp-content\/uploads\/sites\/6\/2017\/10\/e_expo_fuv_2-768x518.jpg 768w, https:\/\/www.valeriehenry.com\/emilie-faif\/wp-content\/uploads\/sites\/6\/2017\/10\/e_expo_fuv_2.jpg 830w\" sizes=\"100vw, (min-width: 640px) 50vw, (min-width: 960px) 37vw, (min-width: 1200px) 25vw, (min-width: 1280px) 277px\" alt = \"WISHES personnal exhibition &#8211; Saint Eustache Paris\"><\/figure><\/a><\/div><div class=\"gallery-item uk-margin-bottom uk-width-1-2@s uk-width-1-3@l\"><a href=\"https:\/\/www.valeriehenry.com\/emilie-faif\/wp-content\/uploads\/sites\/6\/2017\/10\/kenzo.jpg\" rel=\"gallery-1\"><figure class=\"uk-margin-small-bottom uk-cover-container uk-height-small uk-section-muted\"><img decoding=\"async\" uk-cover=\"\" src=\"https:\/\/www.valeriehenry.com\/emilie-faif\/wp-content\/uploads\/sites\/6\/2017\/10\/kenzo-300x225.jpg\" srcset=\"https:\/\/www.valeriehenry.com\/emilie-faif\/wp-content\/uploads\/sites\/6\/2017\/10\/kenzo-300x225.jpg 300w, https:\/\/www.valeriehenry.com\/emilie-faif\/wp-content\/uploads\/sites\/6\/2017\/10\/kenzo-600x450.jpg 600w, https:\/\/www.valeriehenry.com\/emilie-faif\/wp-content\/uploads\/sites\/6\/2017\/10\/kenzo.jpg 746w\" sizes=\"100vw, (min-width: 640px) 50vw, (min-width: 960px) 37vw, (min-width: 1200px) 25vw, (min-width: 1280px) 277px\" alt = \"Kenzo Asia Launch for \u201cEau de Fleur\u201c\"><\/figure><\/a><\/div><div class=\"gallery-item uk-margin-bottom uk-width-1-2@s uk-width-1-3@l\"><a href=\"https:\/\/www.valeriehenry.com\/emilie-faif\/wp-content\/uploads\/sites\/6\/2017\/10\/o_seconde_peau.jpg\" rel=\"gallery-1\"><figure class=\"uk-margin-small-bottom uk-cover-container uk-height-small uk-section-muted\"><img decoding=\"async\" uk-cover=\"\" src=\"https:\/\/www.valeriehenry.com\/emilie-faif\/wp-content\/uploads\/sites\/6\/2017\/10\/o_seconde_peau-300x223.jpg\" srcset=\"https:\/\/www.valeriehenry.com\/emilie-faif\/wp-content\/uploads\/sites\/6\/2017\/10\/o_seconde_peau-300x223.jpg 300w, https:\/\/www.valeriehenry.com\/emilie-faif\/wp-content\/uploads\/sites\/6\/2017\/10\/o_seconde_peau-600x445.jpg 600w, https:\/\/www.valeriehenry.com\/emilie-faif\/wp-content\/uploads\/sites\/6\/2017\/10\/o_seconde_peau.jpg 755w\" sizes=\"100vw, (min-width: 640px) 50vw, (min-width: 960px) 37vw, (min-width: 1200px) 25vw, (min-width: 1280px) 277px\" alt = \"Sc\u00e9nographie de l&rsquo;exposition SECONDE PEAU exhibition &#8211; Gallery Fraich Attitude Paris\"><\/figure><\/a><\/div><div class=\"gallery-item uk-margin-bottom uk-width-1-2@s uk-width-1-3@l\"><a href=\"https:\/\/www.valeriehenry.com\/emilie-faif\/wp-content\/uploads\/sites\/6\/2017\/10\/k_amiens_1.jpg\" rel=\"gallery-1\"><figure class=\"uk-margin-small-bottom uk-cover-container uk-height-small uk-section-muted\"><img decoding=\"async\" uk-cover=\"\" src=\"https:\/\/www.valeriehenry.com\/emilie-faif\/wp-content\/uploads\/sites\/6\/2017\/10\/k_amiens_1-300x204.jpg\" srcset=\"https:\/\/www.valeriehenry.com\/emilie-faif\/wp-content\/uploads\/sites\/6\/2017\/10\/k_amiens_1-300x204.jpg 300w, https:\/\/www.valeriehenry.com\/emilie-faif\/wp-content\/uploads\/sites\/6\/2017\/10\/k_amiens_1-600x407.jpg 600w, https:\/\/www.valeriehenry.com\/emilie-faif\/wp-content\/uploads\/sites\/6\/2017\/10\/k_amiens_1-768x521.jpg 768w, https:\/\/www.valeriehenry.com\/emilie-faif\/wp-content\/uploads\/sites\/6\/2017\/10\/k_amiens_1.jpg 825w\" sizes=\"100vw, (min-width: 640px) 50vw, (min-width: 960px) 37vw, (min-width: 1200px) 25vw, (min-width: 1280px) 277px\" alt = \"Th\u00e9\u00e2tre design \u2013 Amiens\"><\/figure><\/a><\/div><div class=\"gallery-item uk-margin-bottom uk-width-1-2@s uk-width-1-3@l\"><a href=\"https:\/\/www.valeriehenry.com\/emilie-faif\/wp-content\/uploads\/sites\/6\/2017\/10\/l_amiens_2.jpg\" rel=\"gallery-1\"><figure class=\"uk-margin-small-bottom uk-cover-container uk-height-small uk-section-muted\"><img decoding=\"async\" uk-cover=\"\" src=\"https:\/\/www.valeriehenry.com\/emilie-faif\/wp-content\/uploads\/sites\/6\/2017\/10\/l_amiens_2-300x193.jpg\" srcset=\"https:\/\/www.valeriehenry.com\/emilie-faif\/wp-content\/uploads\/sites\/6\/2017\/10\/l_amiens_2-300x193.jpg 300w, https:\/\/www.valeriehenry.com\/emilie-faif\/wp-content\/uploads\/sites\/6\/2017\/10\/l_amiens_2-600x385.jpg 600w, https:\/\/www.valeriehenry.com\/emilie-faif\/wp-content\/uploads\/sites\/6\/2017\/10\/l_amiens_2-768x493.jpg 768w, https:\/\/www.valeriehenry.com\/emilie-faif\/wp-content\/uploads\/sites\/6\/2017\/10\/l_amiens_2.jpg 872w\" sizes=\"100vw, (min-width: 640px) 50vw, (min-width: 960px) 37vw, (min-width: 1200px) 25vw, (min-width: 1280px) 277px\" alt = \"Th\u00e9\u00e2tre design \u2013 Amiens\"><\/figure><\/a><\/div><div class=\"gallery-item uk-margin-bottom uk-width-1-2@s uk-width-1-3@l\"><a href=\"https:\/\/www.valeriehenry.com\/emilie-faif\/wp-content\/uploads\/sites\/6\/2017\/10\/z1_mur-3d_1.jpg\" rel=\"gallery-1\"><figure class=\"uk-margin-small-bottom uk-cover-container uk-height-small uk-section-muted\"><img decoding=\"async\" uk-cover=\"\" src=\"https:\/\/www.valeriehenry.com\/emilie-faif\/wp-content\/uploads\/sites\/6\/2017\/10\/z1_mur-3d_1-300x225.jpg\" srcset=\"https:\/\/www.valeriehenry.com\/emilie-faif\/wp-content\/uploads\/sites\/6\/2017\/10\/z1_mur-3d_1-300x225.jpg 300w, https:\/\/www.valeriehenry.com\/emilie-faif\/wp-content\/uploads\/sites\/6\/2017\/10\/z1_mur-3d_1-600x450.jpg 600w, https:\/\/www.valeriehenry.com\/emilie-faif\/wp-content\/uploads\/sites\/6\/2017\/10\/z1_mur-3d_1.jpg 746w\" sizes=\"100vw, (min-width: 640px) 50vw, (min-width: 960px) 37vw, (min-width: 1200px) 25vw, (min-width: 1280px) 277px\" alt = \"Installation pour l\u2018exposition \u201cMati\u00e8re \u00e0 retro-projeter\u201c &#8211; Galerie des enfants, Centre Georges Pompidou, Paris &#8211; F\u00e9vrier Mars 2009\"><\/figure><\/a><\/div><div class=\"gallery-item uk-margin-bottom uk-width-1-2@s uk-width-1-3@l\"><a href=\"https:\/\/www.valeriehenry.com\/emilie-faif\/wp-content\/uploads\/sites\/6\/2017\/10\/z2_mur-3d_2.jpg\" rel=\"gallery-1\"><figure class=\"uk-margin-small-bottom uk-cover-container uk-height-small uk-section-muted\"><img decoding=\"async\" uk-cover=\"\" src=\"https:\/\/www.valeriehenry.com\/emilie-faif\/wp-content\/uploads\/sites\/6\/2017\/10\/z2_mur-3d_2-300x225.jpg\" srcset=\"https:\/\/www.valeriehenry.com\/emilie-faif\/wp-content\/uploads\/sites\/6\/2017\/10\/z2_mur-3d_2-300x225.jpg 300w, https:\/\/www.valeriehenry.com\/emilie-faif\/wp-content\/uploads\/sites\/6\/2017\/10\/z2_mur-3d_2-600x450.jpg 600w, https:\/\/www.valeriehenry.com\/emilie-faif\/wp-content\/uploads\/sites\/6\/2017\/10\/z2_mur-3d_2.jpg 746w\" sizes=\"100vw, (min-width: 640px) 50vw, (min-width: 960px) 37vw, (min-width: 1200px) 25vw, (min-width: 1280px) 277px\" alt = \"Installation pour l\u2018exposition \u201cMati\u00e8re \u00e0 retro-projeter\u201c &#8211; Galerie des enfants, Centre Georges Pompidou, Paris &#8211; F\u00e9vrier Mars 2009\"><\/figure><\/a><\/div><\/div>\n","protected":false},"excerpt":{"rendered":"","protected":false},"author":1,"featured_media":0,"parent":0,"menu_order":5,"comment_status":"closed","ping_status":"closed","template":"","meta":{"_trash_the_other_posts":false,"footnotes":""},"class_list":["post-104","page","type-page","status-publish","hentry"],"yoast_head":"<!-- This site is optimized with the Yoast SEO plugin v23.7 - https:\/\/yoast.com\/wordpress\/plugins\/seo\/ -->\n<title>Emilie Fa\u00eff, artiste plasticienne, sc\u00e9nographie textile \u00e9co-responsable, Paris<\/title>\n<meta name=\"description\" content=\"Emilie Fa\u00eff, artiste, sc\u00e9nographe plasticienne, sculpture textile \u00e9co-responsable, installations pour des maisons de luxe, travaille sur les formes\" \/>\n<meta name=\"robots\" content=\"index, follow, max-snippet:-1, max-image-preview:large, max-video-preview:-1\" \/>\n<link rel=\"canonical\" href=\"https:\/\/www.valeriehenry.com\/emilie-faif\/scenographie\/\" \/>\n<meta property=\"og:locale\" content=\"fr_FR\" \/>\n<meta property=\"og:type\" content=\"article\" \/>\n<meta property=\"og:title\" content=\"Emilie Fa\u00eff, artiste plasticienne, sc\u00e9nographie textile \u00e9co-responsable, Paris\" \/>\n<meta property=\"og:description\" content=\"Emilie Fa\u00eff, artiste, sc\u00e9nographe plasticienne, sculpture textile \u00e9co-responsable, installations pour des maisons de luxe, travaille sur les formes\" \/>\n<meta property=\"og:url\" content=\"https:\/\/www.valeriehenry.com\/emilie-faif\/scenographie\/\" \/>\n<meta property=\"og:site_name\" content=\"\u00c9milie Faif\" \/>\n<meta property=\"article:modified_time\" content=\"2024-03-21T18:05:36+00:00\" \/>\n<meta property=\"og:image\" content=\"https:\/\/www.valeriehenry.com\/emilie-faif\/wp-content\/uploads\/sites\/6\/2017\/10\/LETS-FOLK_MARION-MUZAC_-RESIDENCE_JUILLET_CDC_2017_-\u00aeedmondcarrere-13-sur-98-1-300x200.jpeg\" \/>\n<meta name=\"twitter:card\" content=\"summary_large_image\" \/>\n<meta name=\"twitter:label1\" content=\"Dur\u00e9e de lecture estim\u00e9e\" \/>\n\t<meta name=\"twitter:data1\" content=\"1 minute\" \/>\n<script type=\"application\/ld+json\" class=\"yoast-schema-graph\">{\"@context\":\"https:\/\/schema.org\",\"@graph\":[{\"@type\":\"WebPage\",\"@id\":\"https:\/\/www.valeriehenry.com\/emilie-faif\/scenographie\/\",\"url\":\"https:\/\/www.valeriehenry.com\/emilie-faif\/scenographie\/\",\"name\":\"Emilie Fa\u00eff, artiste plasticienne, sc\u00e9nographie textile \u00e9co-responsable, Paris\",\"isPartOf\":{\"@id\":\"https:\/\/www.valeriehenry.com\/emilie-faif\/#website\"},\"datePublished\":\"2017-10-11T09:15:08+00:00\",\"dateModified\":\"2024-03-21T18:05:36+00:00\",\"description\":\"Emilie Fa\u00eff, artiste, sc\u00e9nographe plasticienne, sculpture textile \u00e9co-responsable, installations pour des maisons de luxe, travaille sur les formes\",\"breadcrumb\":{\"@id\":\"https:\/\/www.valeriehenry.com\/emilie-faif\/scenographie\/#breadcrumb\"},\"inLanguage\":\"fr-FR\",\"potentialAction\":[{\"@type\":\"ReadAction\",\"target\":[\"https:\/\/www.valeriehenry.com\/emilie-faif\/scenographie\/\"]}]},{\"@type\":\"BreadcrumbList\",\"@id\":\"https:\/\/www.valeriehenry.com\/emilie-faif\/scenographie\/#breadcrumb\",\"itemListElement\":[{\"@type\":\"ListItem\",\"position\":1,\"name\":\"Emilie Faif\",\"item\":\"https:\/\/www.valeriehenry.com\/emilie-faif\/\"},{\"@type\":\"ListItem\",\"position\":2,\"name\":\"sc\u00e9nographie\"}]},{\"@type\":\"WebSite\",\"@id\":\"https:\/\/www.valeriehenry.com\/emilie-faif\/#website\",\"url\":\"https:\/\/www.valeriehenry.com\/emilie-faif\/\",\"name\":\"\u00c9milie Faif\",\"description\":\"plasticienne\",\"publisher\":{\"@id\":\"https:\/\/www.valeriehenry.com\/emilie-faif\/#organization\"},\"potentialAction\":[{\"@type\":\"SearchAction\",\"target\":{\"@type\":\"EntryPoint\",\"urlTemplate\":\"https:\/\/www.valeriehenry.com\/emilie-faif\/?s={search_term_string}\"},\"query-input\":{\"@type\":\"PropertyValueSpecification\",\"valueRequired\":true,\"valueName\":\"search_term_string\"}}],\"inLanguage\":\"fr-FR\"},{\"@type\":\"Organization\",\"@id\":\"https:\/\/www.valeriehenry.com\/emilie-faif\/#organization\",\"name\":\"\u00c9milie Faif\",\"url\":\"https:\/\/www.valeriehenry.com\/emilie-faif\/\",\"logo\":{\"@type\":\"ImageObject\",\"inLanguage\":\"fr-FR\",\"@id\":\"https:\/\/www.valeriehenry.com\/emilie-faif\/#\/schema\/logo\/image\/\",\"url\":\"https:\/\/www.valeriehenry.com\/emilie-faif\/wp-content\/uploads\/sites\/6\/2017\/10\/valerie_henry_logo.jpg\",\"contentUrl\":\"https:\/\/www.valeriehenry.com\/emilie-faif\/wp-content\/uploads\/sites\/6\/2017\/10\/valerie_henry_logo.jpg\",\"width\":165,\"height\":39,\"caption\":\"\u00c9milie Faif\"},\"image\":{\"@id\":\"https:\/\/www.valeriehenry.com\/emilie-faif\/#\/schema\/logo\/image\/\"}}]}<\/script>\n<!-- \/ Yoast SEO plugin. -->","yoast_head_json":{"title":"Emilie Fa\u00eff, artiste plasticienne, sc\u00e9nographie textile \u00e9co-responsable, Paris","description":"Emilie Fa\u00eff, artiste, sc\u00e9nographe plasticienne, sculpture textile \u00e9co-responsable, installations pour des maisons de luxe, travaille sur les formes","robots":{"index":"index","follow":"follow","max-snippet":"max-snippet:-1","max-image-preview":"max-image-preview:large","max-video-preview":"max-video-preview:-1"},"canonical":"https:\/\/www.valeriehenry.com\/emilie-faif\/scenographie\/","og_locale":"fr_FR","og_type":"article","og_title":"Emilie Fa\u00eff, artiste plasticienne, sc\u00e9nographie textile \u00e9co-responsable, Paris","og_description":"Emilie Fa\u00eff, artiste, sc\u00e9nographe plasticienne, sculpture textile \u00e9co-responsable, installations pour des maisons de luxe, travaille sur les formes","og_url":"https:\/\/www.valeriehenry.com\/emilie-faif\/scenographie\/","og_site_name":"\u00c9milie Faif","article_modified_time":"2024-03-21T18:05:36+00:00","og_image":[{"url":"https:\/\/www.valeriehenry.com\/emilie-faif\/wp-content\/uploads\/sites\/6\/2017\/10\/LETS-FOLK_MARION-MUZAC_-RESIDENCE_JUILLET_CDC_2017_-\u00aeedmondcarrere-13-sur-98-1-300x200.jpeg"}],"twitter_card":"summary_large_image","twitter_misc":{"Dur\u00e9e de lecture estim\u00e9e":"1 minute"},"schema":{"@context":"https:\/\/schema.org","@graph":[{"@type":"WebPage","@id":"https:\/\/www.valeriehenry.com\/emilie-faif\/scenographie\/","url":"https:\/\/www.valeriehenry.com\/emilie-faif\/scenographie\/","name":"Emilie Fa\u00eff, artiste plasticienne, sc\u00e9nographie textile \u00e9co-responsable, Paris","isPartOf":{"@id":"https:\/\/www.valeriehenry.com\/emilie-faif\/#website"},"datePublished":"2017-10-11T09:15:08+00:00","dateModified":"2024-03-21T18:05:36+00:00","description":"Emilie Fa\u00eff, artiste, sc\u00e9nographe plasticienne, sculpture textile \u00e9co-responsable, installations pour des maisons de luxe, travaille sur les formes","breadcrumb":{"@id":"https:\/\/www.valeriehenry.com\/emilie-faif\/scenographie\/#breadcrumb"},"inLanguage":"fr-FR","potentialAction":[{"@type":"ReadAction","target":["https:\/\/www.valeriehenry.com\/emilie-faif\/scenographie\/"]}]},{"@type":"BreadcrumbList","@id":"https:\/\/www.valeriehenry.com\/emilie-faif\/scenographie\/#breadcrumb","itemListElement":[{"@type":"ListItem","position":1,"name":"Emilie Faif","item":"https:\/\/www.valeriehenry.com\/emilie-faif\/"},{"@type":"ListItem","position":2,"name":"sc\u00e9nographie"}]},{"@type":"WebSite","@id":"https:\/\/www.valeriehenry.com\/emilie-faif\/#website","url":"https:\/\/www.valeriehenry.com\/emilie-faif\/","name":"\u00c9milie Faif","description":"plasticienne","publisher":{"@id":"https:\/\/www.valeriehenry.com\/emilie-faif\/#organization"},"potentialAction":[{"@type":"SearchAction","target":{"@type":"EntryPoint","urlTemplate":"https:\/\/www.valeriehenry.com\/emilie-faif\/?s={search_term_string}"},"query-input":{"@type":"PropertyValueSpecification","valueRequired":true,"valueName":"search_term_string"}}],"inLanguage":"fr-FR"},{"@type":"Organization","@id":"https:\/\/www.valeriehenry.com\/emilie-faif\/#organization","name":"\u00c9milie Faif","url":"https:\/\/www.valeriehenry.com\/emilie-faif\/","logo":{"@type":"ImageObject","inLanguage":"fr-FR","@id":"https:\/\/www.valeriehenry.com\/emilie-faif\/#\/schema\/logo\/image\/","url":"https:\/\/www.valeriehenry.com\/emilie-faif\/wp-content\/uploads\/sites\/6\/2017\/10\/valerie_henry_logo.jpg","contentUrl":"https:\/\/www.valeriehenry.com\/emilie-faif\/wp-content\/uploads\/sites\/6\/2017\/10\/valerie_henry_logo.jpg","width":165,"height":39,"caption":"\u00c9milie Faif"},"image":{"@id":"https:\/\/www.valeriehenry.com\/emilie-faif\/#\/schema\/logo\/image\/"}}]}},"_links":{"self":[{"href":"https:\/\/www.valeriehenry.com\/emilie-faif\/wp-json\/wp\/v2\/pages\/104"}],"collection":[{"href":"https:\/\/www.valeriehenry.com\/emilie-faif\/wp-json\/wp\/v2\/pages"}],"about":[{"href":"https:\/\/www.valeriehenry.com\/emilie-faif\/wp-json\/wp\/v2\/types\/page"}],"author":[{"embeddable":true,"href":"https:\/\/www.valeriehenry.com\/emilie-faif\/wp-json\/wp\/v2\/users\/1"}],"replies":[{"embeddable":true,"href":"https:\/\/www.valeriehenry.com\/emilie-faif\/wp-json\/wp\/v2\/comments?post=104"}],"version-history":[{"count":9,"href":"https:\/\/www.valeriehenry.com\/emilie-faif\/wp-json\/wp\/v2\/pages\/104\/revisions"}],"predecessor-version":[{"id":537,"href":"https:\/\/www.valeriehenry.com\/emilie-faif\/wp-json\/wp\/v2\/pages\/104\/revisions\/537"}],"wp:attachment":[{"href":"https:\/\/www.valeriehenry.com\/emilie-faif\/wp-json\/wp\/v2\/media?parent=104"}],"curies":[{"name":"wp","href":"https:\/\/api.w.org\/{rel}","templated":true}]}}