{"id":11,"date":"2017-10-11T11:22:01","date_gmt":"2017-10-11T09:22:01","guid":{"rendered":"https:\/\/www.valeriehenry.com\/undo-redo\/?page_id=11"},"modified":"2026-02-23T15:52:50","modified_gmt":"2026-02-23T14:52:50","slug":"accueil","status":"publish","type":"page","link":"https:\/\/www.valeriehenry.com\/angele-guerre\/","title":{"rendered":"News"},"content":{"rendered":"<div id=\"gallery-1\" class=\"uk-grid-medium uk-child-width-expand@s\" uk-grid uk-height-match=\"target: > article; row: false\"><div class=\"gallery-item uk-margin-bottom uk-width-1-2@s uk-width-1-3@l\"><a href=\"https:\/\/www.valeriehenry.com\/angele-guerre\/wp-content\/uploads\/sites\/39\/2026\/02\/Angele-Guerre-Vertiges-un-soir-X-et-XI.jpg\" rel=\"gallery-1\"><figure class=\"uk-margin-small-bottom uk-cover-container uk-height-small uk-section-muted\"><img decoding=\"async\" uk-cover=\"\" src=\"https:\/\/www.valeriehenry.com\/angele-guerre\/wp-content\/uploads\/sites\/39\/2026\/02\/Angele-Guerre-Vertiges-un-soir-X-et-XI-300x199.jpg\" srcset=\"https:\/\/www.valeriehenry.com\/angele-guerre\/wp-content\/uploads\/sites\/39\/2026\/02\/Angele-Guerre-Vertiges-un-soir-X-et-XI-300x199.jpg 300w, https:\/\/www.valeriehenry.com\/angele-guerre\/wp-content\/uploads\/sites\/39\/2026\/02\/Angele-Guerre-Vertiges-un-soir-X-et-XI-600x398.jpg 600w, https:\/\/www.valeriehenry.com\/angele-guerre\/wp-content\/uploads\/sites\/39\/2026\/02\/Angele-Guerre-Vertiges-un-soir-X-et-XI-1024x679.jpg 1024w, https:\/\/www.valeriehenry.com\/angele-guerre\/wp-content\/uploads\/sites\/39\/2026\/02\/Angele-Guerre-Vertiges-un-soir-X-et-XI-768x509.jpg 768w, https:\/\/www.valeriehenry.com\/angele-guerre\/wp-content\/uploads\/sites\/39\/2026\/02\/Angele-Guerre-Vertiges-un-soir-X-et-XI.jpg 1500w\" sizes=\"100vw, (min-width: 640px) 50vw, (min-width: 960px) 37vw, (min-width: 1200px) 25vw, (min-width: 1280px) 277px\" alt = \"Ang\u00e8le Guerre, plasticienne, exposition Conscious \u00ab Ce que l&rsquo;on entend de la fin du jour \u00bb, Paris, janvier 2026. \u00abVertiges, un soir XI\u00bb dimensions 80 x 60 cm, \u00abVertiges, un soir X\u00bb dimensions 80 x 60 cm, pastel et incisions sur papier, mine de plomb\"><\/figure><\/a><\/div><div class=\"gallery-item uk-margin-bottom uk-width-1-2@s uk-width-1-3@l\"><a href=\"https:\/\/www.valeriehenry.com\/angele-guerre\/wp-content\/uploads\/sites\/39\/2026\/02\/Angele-Guerre-Vertiges-un-soir-VI-et-VII.jpg\" rel=\"gallery-1\"><figure class=\"uk-margin-small-bottom uk-cover-container uk-height-small uk-section-muted\"><img decoding=\"async\" uk-cover=\"\" src=\"https:\/\/www.valeriehenry.com\/angele-guerre\/wp-content\/uploads\/sites\/39\/2026\/02\/Angele-Guerre-Vertiges-un-soir-VI-et-VII-300x199.jpg\" srcset=\"https:\/\/www.valeriehenry.com\/angele-guerre\/wp-content\/uploads\/sites\/39\/2026\/02\/Angele-Guerre-Vertiges-un-soir-VI-et-VII-300x199.jpg 300w, https:\/\/www.valeriehenry.com\/angele-guerre\/wp-content\/uploads\/sites\/39\/2026\/02\/Angele-Guerre-Vertiges-un-soir-VI-et-VII-600x397.jpg 600w, https:\/\/www.valeriehenry.com\/angele-guerre\/wp-content\/uploads\/sites\/39\/2026\/02\/Angele-Guerre-Vertiges-un-soir-VI-et-VII-1024x678.jpg 1024w, https:\/\/www.valeriehenry.com\/angele-guerre\/wp-content\/uploads\/sites\/39\/2026\/02\/Angele-Guerre-Vertiges-un-soir-VI-et-VII-768x509.jpg 768w, https:\/\/www.valeriehenry.com\/angele-guerre\/wp-content\/uploads\/sites\/39\/2026\/02\/Angele-Guerre-Vertiges-un-soir-VI-et-VII.jpg 1400w\" sizes=\"100vw, (min-width: 640px) 50vw, (min-width: 960px) 37vw, (min-width: 1200px) 25vw, (min-width: 1280px) 277px\" alt = \"Ang\u00e8le Guerre, plasticienne, exposition Conscious \u00ab Ce que l\u2019on entend de la fin du jour \u00bb, Paris, janvier 2026. \u00abVertiges, un soir VI\u00bb dimensions 30 x 40 cm, \u00abVertiges, un soir VII\u00bb dimensions 30 x 40 cm, pastel et incisions sur papier, mine de plomb\"><\/figure><\/a><\/div><div class=\"gallery-item uk-margin-bottom uk-width-1-2@s uk-width-1-3@l\"><a href=\"https:\/\/www.valeriehenry.com\/angele-guerre\/wp-content\/uploads\/sites\/39\/2026\/02\/Angele-Guerre-Vertiges-un-soir-IV-v2.jpg\" rel=\"gallery-1\"><figure class=\"uk-margin-small-bottom uk-cover-container uk-height-small uk-section-muted\"><img decoding=\"async\" uk-cover=\"\" src=\"https:\/\/www.valeriehenry.com\/angele-guerre\/wp-content\/uploads\/sites\/39\/2026\/02\/Angele-Guerre-Vertiges-un-soir-IV-v2-300x203.jpg\" srcset=\"https:\/\/www.valeriehenry.com\/angele-guerre\/wp-content\/uploads\/sites\/39\/2026\/02\/Angele-Guerre-Vertiges-un-soir-IV-v2-300x203.jpg 300w, https:\/\/www.valeriehenry.com\/angele-guerre\/wp-content\/uploads\/sites\/39\/2026\/02\/Angele-Guerre-Vertiges-un-soir-IV-v2-600x405.jpg 600w, https:\/\/www.valeriehenry.com\/angele-guerre\/wp-content\/uploads\/sites\/39\/2026\/02\/Angele-Guerre-Vertiges-un-soir-IV-v2-1024x692.jpg 1024w, https:\/\/www.valeriehenry.com\/angele-guerre\/wp-content\/uploads\/sites\/39\/2026\/02\/Angele-Guerre-Vertiges-un-soir-IV-v2-768x519.jpg 768w, https:\/\/www.valeriehenry.com\/angele-guerre\/wp-content\/uploads\/sites\/39\/2026\/02\/Angele-Guerre-Vertiges-un-soir-IV-v2.jpg 1400w\" sizes=\"100vw, (min-width: 640px) 50vw, (min-width: 960px) 37vw, (min-width: 1200px) 25vw, (min-width: 1280px) 277px\" alt = \"Ang\u00e8le Guerre, plasticienne, exposition Conscious \u00ab Ce que l\u2019on entend de la fin du jour \u00bb, Paris, janvier 2026. \u00abVertiges, un soir IV\u00bb dimensions 150 x 107 cm, pastel et incisions sur papier, mine de plomb\"><\/figure><\/a><\/div><div class=\"gallery-item uk-margin-bottom uk-width-1-2@s uk-width-1-3@l\"><a href=\"https:\/\/www.valeriehenry.com\/angele-guerre\/wp-content\/uploads\/sites\/39\/2024\/04\/Angele-Guerre-artiste-plasticienne-tendre-texte-papier-oeuvre-3.jpg\" rel=\"gallery-1\"><figure class=\"uk-margin-small-bottom uk-cover-container uk-height-small uk-section-muted\"><img decoding=\"async\" uk-cover=\"\" src=\"https:\/\/www.valeriehenry.com\/angele-guerre\/wp-content\/uploads\/sites\/39\/2024\/04\/Angele-Guerre-artiste-plasticienne-tendre-texte-papier-oeuvre-3-300x213.jpg\" srcset=\"https:\/\/www.valeriehenry.com\/angele-guerre\/wp-content\/uploads\/sites\/39\/2024\/04\/Angele-Guerre-artiste-plasticienne-tendre-texte-papier-oeuvre-3-300x213.jpg 300w, https:\/\/www.valeriehenry.com\/angele-guerre\/wp-content\/uploads\/sites\/39\/2024\/04\/Angele-Guerre-artiste-plasticienne-tendre-texte-papier-oeuvre-3-600x427.jpg 600w, https:\/\/www.valeriehenry.com\/angele-guerre\/wp-content\/uploads\/sites\/39\/2024\/04\/Angele-Guerre-artiste-plasticienne-tendre-texte-papier-oeuvre-3-1024x728.jpg 1024w, https:\/\/www.valeriehenry.com\/angele-guerre\/wp-content\/uploads\/sites\/39\/2024\/04\/Angele-Guerre-artiste-plasticienne-tendre-texte-papier-oeuvre-3-768x546.jpg 768w, https:\/\/www.valeriehenry.com\/angele-guerre\/wp-content\/uploads\/sites\/39\/2024\/04\/Angele-Guerre-artiste-plasticienne-tendre-texte-papier-oeuvre-3.jpg 1200w\" sizes=\"100vw, (min-width: 640px) 50vw, (min-width: 960px) 37vw, (min-width: 1200px) 25vw, (min-width: 1280px) 277px\" alt = \"Ang\u00e8le Guerre, plasticienne, 2019, \u00ab\u00a0Tendres Textes\u00a0\u00bb, dimensions 1m35 x 2m50. Papiers incis\u00e9s au scalpel \"><\/figure><\/a><\/div><div class=\"gallery-item uk-margin-bottom uk-width-1-2@s uk-width-1-3@l\"><a href=\"https:\/\/www.valeriehenry.com\/angele-guerre\/wp-content\/uploads\/sites\/39\/2022\/06\/Angele-guerre-artiste-plasticienne-tendre-texte-4.jpg\" rel=\"gallery-1\"><figure class=\"uk-margin-small-bottom uk-cover-container uk-height-small uk-section-muted\"><img decoding=\"async\" uk-cover=\"\" src=\"https:\/\/www.valeriehenry.com\/angele-guerre\/wp-content\/uploads\/sites\/39\/2022\/06\/Angele-guerre-artiste-plasticienne-tendre-texte-4-300x211.jpg\" srcset=\"https:\/\/www.valeriehenry.com\/angele-guerre\/wp-content\/uploads\/sites\/39\/2022\/06\/Angele-guerre-artiste-plasticienne-tendre-texte-4-300x211.jpg 300w, https:\/\/www.valeriehenry.com\/angele-guerre\/wp-content\/uploads\/sites\/39\/2022\/06\/Angele-guerre-artiste-plasticienne-tendre-texte-4-600x422.jpg 600w, https:\/\/www.valeriehenry.com\/angele-guerre\/wp-content\/uploads\/sites\/39\/2022\/06\/Angele-guerre-artiste-plasticienne-tendre-texte-4-768x540.jpg 768w, https:\/\/www.valeriehenry.com\/angele-guerre\/wp-content\/uploads\/sites\/39\/2022\/06\/Angele-guerre-artiste-plasticienne-tendre-texte-4-1024x720.jpg 1024w, https:\/\/www.valeriehenry.com\/angele-guerre\/wp-content\/uploads\/sites\/39\/2022\/06\/Angele-guerre-artiste-plasticienne-tendre-texte-4.jpg 1200w\" sizes=\"100vw, (min-width: 640px) 50vw, (min-width: 960px) 37vw, (min-width: 1200px) 25vw, (min-width: 1280px) 277px\" alt = \"Ang\u00e8le Guerre, artiste plasticienne, septembre 2021, \u00ab Tendre texte #9\u00bb, dimensions 110 cm x 150 cm, Art Paris \u2013 Art Fair, Grand Palais \u00c9ph\u00e9m\u00e8re\"><\/figure><\/a><\/div><div class=\"gallery-item uk-margin-bottom uk-width-1-2@s uk-width-1-3@l\"><a href=\"https:\/\/www.valeriehenry.com\/angele-guerre\/wp-content\/uploads\/sites\/39\/2025\/03\/Angele-guerre-VCA.jpg\" rel=\"gallery-1\"><figure class=\"uk-margin-small-bottom uk-cover-container uk-height-small uk-section-muted\"><img decoding=\"async\" uk-cover=\"\" src=\"https:\/\/www.valeriehenry.com\/angele-guerre\/wp-content\/uploads\/sites\/39\/2025\/03\/Angele-guerre-VCA-300x216.jpg\" srcset=\"https:\/\/www.valeriehenry.com\/angele-guerre\/wp-content\/uploads\/sites\/39\/2025\/03\/Angele-guerre-VCA-300x216.jpg 300w, https:\/\/www.valeriehenry.com\/angele-guerre\/wp-content\/uploads\/sites\/39\/2025\/03\/Angele-guerre-VCA-600x433.jpg 600w, https:\/\/www.valeriehenry.com\/angele-guerre\/wp-content\/uploads\/sites\/39\/2025\/03\/Angele-guerre-VCA-1024x738.jpg 1024w, https:\/\/www.valeriehenry.com\/angele-guerre\/wp-content\/uploads\/sites\/39\/2025\/03\/Angele-guerre-VCA-768x554.jpg 768w, https:\/\/www.valeriehenry.com\/angele-guerre\/wp-content\/uploads\/sites\/39\/2025\/03\/Angele-guerre-VCA.jpg 1200w\" sizes=\"100vw, (min-width: 640px) 50vw, (min-width: 960px) 37vw, (min-width: 1200px) 25vw, (min-width: 1280px) 277px\" alt = \"Ang\u00e8le Guerre, plasticienne, avril 2024,  incisions sur papier et pigments \niridescent &#038; or jaune\"><\/figure><\/a><\/div><div class=\"gallery-item uk-margin-bottom uk-width-1-2@s uk-width-1-3@l\"><a href=\"https:\/\/www.valeriehenry.com\/angele-guerre\/wp-content\/uploads\/sites\/39\/2020\/03\/collage1-angele-guerre-nu-orne.jpg\" rel=\"gallery-1\"><figure class=\"uk-margin-small-bottom uk-cover-container uk-height-small uk-section-muted\"><img decoding=\"async\" uk-cover=\"\" src=\"https:\/\/www.valeriehenry.com\/angele-guerre\/wp-content\/uploads\/sites\/39\/2020\/03\/collage1-angele-guerre-nu-orne-270x300.jpg\" srcset=\"https:\/\/www.valeriehenry.com\/angele-guerre\/wp-content\/uploads\/sites\/39\/2020\/03\/collage1-angele-guerre-nu-orne-270x300.jpg 270w, https:\/\/www.valeriehenry.com\/angele-guerre\/wp-content\/uploads\/sites\/39\/2020\/03\/collage1-angele-guerre-nu-orne-540x600.jpg 540w, https:\/\/www.valeriehenry.com\/angele-guerre\/wp-content\/uploads\/sites\/39\/2020\/03\/collage1-angele-guerre-nu-orne-768x853.jpg 768w, https:\/\/www.valeriehenry.com\/angele-guerre\/wp-content\/uploads\/sites\/39\/2020\/03\/collage1-angele-guerre-nu-orne-922x1024.jpg 922w, https:\/\/www.valeriehenry.com\/angele-guerre\/wp-content\/uploads\/sites\/39\/2020\/03\/collage1-angele-guerre-nu-orne.jpg 1080w\" sizes=\"100vw, (min-width: 640px) 50vw, (min-width: 960px) 37vw, (min-width: 1200px) 25vw, (min-width: 1280px) 277px\" alt = \"Ang\u00e8le Guerre, plasticienne, 2018, \u00ab\u00a0Nu Orn\u00e9\u00a0\u00bb, dimensions 34 x 74 cm. Incisions au scalpel sur papier et feuilles d&rsquo;or. Ces papiers sculpt\u00e9s au scalpel, r\u00e9alis\u00e9s pour l\u2019H\u00f4tel Parklane \u00e0 Chypre ont \u00e9t\u00e9 r\u00e9hauss\u00e9s de feuilles\nd\u2019or, points de lumi\u00e8re et de reliefs.\"><\/figure><\/a><\/div><div class=\"gallery-item uk-margin-bottom uk-width-1-2@s uk-width-1-3@l\"><a href=\"https:\/\/www.valeriehenry.com\/angele-guerre\/wp-content\/uploads\/sites\/39\/2020\/03\/collage3-angele-guerre-nu-orne.jpg\" rel=\"gallery-1\"><figure class=\"uk-margin-small-bottom uk-cover-container uk-height-small uk-section-muted\"><img decoding=\"async\" uk-cover=\"\" src=\"https:\/\/www.valeriehenry.com\/angele-guerre\/wp-content\/uploads\/sites\/39\/2020\/03\/collage3-angele-guerre-nu-orne-300x191.jpg\" srcset=\"https:\/\/www.valeriehenry.com\/angele-guerre\/wp-content\/uploads\/sites\/39\/2020\/03\/collage3-angele-guerre-nu-orne-300x191.jpg 300w, https:\/\/www.valeriehenry.com\/angele-guerre\/wp-content\/uploads\/sites\/39\/2020\/03\/collage3-angele-guerre-nu-orne-600x381.jpg 600w, https:\/\/www.valeriehenry.com\/angele-guerre\/wp-content\/uploads\/sites\/39\/2020\/03\/collage3-angele-guerre-nu-orne-768x488.jpg 768w, https:\/\/www.valeriehenry.com\/angele-guerre\/wp-content\/uploads\/sites\/39\/2020\/03\/collage3-angele-guerre-nu-orne-1024x651.jpg 1024w\" sizes=\"100vw, (min-width: 640px) 50vw, (min-width: 960px) 37vw, (min-width: 1200px) 25vw, (min-width: 1280px) 277px\" alt = \"Ang\u00e8le Guerre, plasticienne, 2018, \u00ab\u00a0Nu Orn\u00e9\u00a0\u00bb, dimensions 48 x 38 cm. Incisions au scalpel sur papier et feuilles d&rsquo;or. Ces papiers sculpt\u00e9s au\nscalpel, r\u00e9alis\u00e9s pour l\u2019H\u00f4tel Parklane \u00e0 Chypre ont \u00e9t\u00e9 r\u00e9hauss\u00e9s de feuilles\nd\u2019or, points de lumi\u00e8re et de reliefs.\"><\/figure><\/a><\/div><div class=\"gallery-item uk-margin-bottom uk-width-1-2@s uk-width-1-3@l\"><a href=\"https:\/\/www.valeriehenry.com\/angele-guerre\/wp-content\/uploads\/sites\/39\/2022\/04\/Angele-guerre-artiste-plasticienne-nues-ornes-cuir-art-3.jpg\" rel=\"gallery-1\"><figure class=\"uk-margin-small-bottom uk-cover-container uk-height-small uk-section-muted\"><img decoding=\"async\" uk-cover=\"\" src=\"https:\/\/www.valeriehenry.com\/angele-guerre\/wp-content\/uploads\/sites\/39\/2022\/04\/Angele-guerre-artiste-plasticienne-nues-ornes-cuir-art-3-300x241.jpg\" srcset=\"https:\/\/www.valeriehenry.com\/angele-guerre\/wp-content\/uploads\/sites\/39\/2022\/04\/Angele-guerre-artiste-plasticienne-nues-ornes-cuir-art-3-300x241.jpg 300w, https:\/\/www.valeriehenry.com\/angele-guerre\/wp-content\/uploads\/sites\/39\/2022\/04\/Angele-guerre-artiste-plasticienne-nues-ornes-cuir-art-3-600x483.jpg 600w, https:\/\/www.valeriehenry.com\/angele-guerre\/wp-content\/uploads\/sites\/39\/2022\/04\/Angele-guerre-artiste-plasticienne-nues-ornes-cuir-art-3-768x618.jpg 768w, https:\/\/www.valeriehenry.com\/angele-guerre\/wp-content\/uploads\/sites\/39\/2022\/04\/Angele-guerre-artiste-plasticienne-nues-ornes-cuir-art-3-1024x823.jpg 1024w, https:\/\/www.valeriehenry.com\/angele-guerre\/wp-content\/uploads\/sites\/39\/2022\/04\/Angele-guerre-artiste-plasticienne-nues-ornes-cuir-art-3.jpg 1200w\" sizes=\"100vw, (min-width: 640px) 50vw, (min-width: 960px) 37vw, (min-width: 1200px) 25vw, (min-width: 1280px) 277px\" alt = \"Ang\u00e8le Guerre, plasticienne, 2018, \u00ab\u00a0Nu Orn\u00e9\u00a0\u00bb, dimensions 34 x 74 cm. Incisions au scalpel sur papier et feuilles d&rsquo;or. Ces papiers sculpt\u00e9s au scalpel, r\u00e9alis\u00e9s pour l\u2019H\u00f4tel Parklane \u00e0 Chypre ont \u00e9t\u00e9 r\u00e9hauss\u00e9s de feuilles\nd\u2019or, points de lumi\u00e8re et de reliefs.\"><\/figure><\/a><\/div><div class=\"gallery-item uk-margin-bottom uk-width-1-2@s uk-width-1-3@l\"><a href=\"https:\/\/www.valeriehenry.com\/angele-guerre\/wp-content\/uploads\/sites\/39\/2020\/03\/grandemue6-angele-guerre.jpg\" rel=\"gallery-1\"><figure class=\"uk-margin-small-bottom uk-cover-container uk-height-small uk-section-muted\"><img decoding=\"async\" uk-cover=\"\" src=\"https:\/\/www.valeriehenry.com\/angele-guerre\/wp-content\/uploads\/sites\/39\/2020\/03\/grandemue6-angele-guerre-296x300.jpg\" srcset=\"https:\/\/www.valeriehenry.com\/angele-guerre\/wp-content\/uploads\/sites\/39\/2020\/03\/grandemue6-angele-guerre-296x300.jpg 296w, https:\/\/www.valeriehenry.com\/angele-guerre\/wp-content\/uploads\/sites\/39\/2020\/03\/grandemue6-angele-guerre-593x600.jpg 593w, https:\/\/www.valeriehenry.com\/angele-guerre\/wp-content\/uploads\/sites\/39\/2020\/03\/grandemue6-angele-guerre-768x778.jpg 768w, https:\/\/www.valeriehenry.com\/angele-guerre\/wp-content\/uploads\/sites\/39\/2020\/03\/grandemue6-angele-guerre-1011x1024.jpg 1011w, https:\/\/www.valeriehenry.com\/angele-guerre\/wp-content\/uploads\/sites\/39\/2020\/03\/grandemue6-angele-guerre.jpg 1185w\" sizes=\"100vw, (min-width: 640px) 50vw, (min-width: 960px) 37vw, (min-width: 1200px) 25vw, (min-width: 1280px) 277px\" alt = \"Ang\u00e8le Guerre, plasticienne, 2019, \u00ab\u00a0Grandes Mues\u00a0\u00bb, dimensions 97 x 97 cm. Incisions au scalpel sur papier. \u0152uvres r\u00e9alis\u00e9es \u00e0 l&rsquo;H\u00f4tel de Paris, Monaco.\"><\/figure><\/a><\/div><div class=\"gallery-item uk-margin-bottom uk-width-1-2@s uk-width-1-3@l\"><a href=\"https:\/\/www.valeriehenry.com\/angele-guerre\/wp-content\/uploads\/sites\/39\/2020\/03\/grandemue5-angele-guerre.jpg\" rel=\"gallery-1\"><figure class=\"uk-margin-small-bottom uk-cover-container uk-height-small uk-section-muted\"><img decoding=\"async\" uk-cover=\"\" src=\"https:\/\/www.valeriehenry.com\/angele-guerre\/wp-content\/uploads\/sites\/39\/2020\/03\/grandemue5-angele-guerre-298x300.jpg\" srcset=\"https:\/\/www.valeriehenry.com\/angele-guerre\/wp-content\/uploads\/sites\/39\/2020\/03\/grandemue5-angele-guerre-298x300.jpg 298w, https:\/\/www.valeriehenry.com\/angele-guerre\/wp-content\/uploads\/sites\/39\/2020\/03\/grandemue5-angele-guerre-597x600.jpg 597w, https:\/\/www.valeriehenry.com\/angele-guerre\/wp-content\/uploads\/sites\/39\/2020\/03\/grandemue5-angele-guerre-768x773.jpg 768w, https:\/\/www.valeriehenry.com\/angele-guerre\/wp-content\/uploads\/sites\/39\/2020\/03\/grandemue5-angele-guerre-1018x1024.jpg 1018w, https:\/\/www.valeriehenry.com\/angele-guerre\/wp-content\/uploads\/sites\/39\/2020\/03\/grandemue5-angele-guerre.jpg 1193w\" sizes=\"100vw, (min-width: 640px) 50vw, (min-width: 960px) 37vw, (min-width: 1200px) 25vw, (min-width: 1280px) 277px\" alt = \"Ang\u00e8le Guerre, plasticienne, 2019, \u00ab\u00a0Grandes Mues\u00a0\u00bb, dimensions 97 x 97 cm. Incisions au scalpel sur papier. \u0152uvres r\u00e9alis\u00e9es \u00e0 l&rsquo;H\u00f4tel de Paris, Monaco.\n\"><\/figure><\/a><\/div><div class=\"gallery-item uk-margin-bottom uk-width-1-2@s uk-width-1-3@l\"><a href=\"https:\/\/www.valeriehenry.com\/angele-guerre\/wp-content\/uploads\/sites\/39\/2020\/03\/grandemue5d\u00e9tail-angele-guerre.jpg\" rel=\"gallery-1\"><figure class=\"uk-margin-small-bottom uk-cover-container uk-height-small uk-section-muted\"><img decoding=\"async\" uk-cover=\"\" src=\"https:\/\/www.valeriehenry.com\/angele-guerre\/wp-content\/uploads\/sites\/39\/2020\/03\/grandemue5d\u00e9tail-angele-guerre-300x300.jpg\" srcset=\"https:\/\/www.valeriehenry.com\/angele-guerre\/wp-content\/uploads\/sites\/39\/2020\/03\/grandemue5d\u00e9tail-angele-guerre-300x300.jpg 300w, https:\/\/www.valeriehenry.com\/angele-guerre\/wp-content\/uploads\/sites\/39\/2020\/03\/grandemue5d\u00e9tail-angele-guerre-600x600.jpg 600w, https:\/\/www.valeriehenry.com\/angele-guerre\/wp-content\/uploads\/sites\/39\/2020\/03\/grandemue5d\u00e9tail-angele-guerre-768x768.jpg 768w, https:\/\/www.valeriehenry.com\/angele-guerre\/wp-content\/uploads\/sites\/39\/2020\/03\/grandemue5d\u00e9tail-angele-guerre-1024x1024.jpg 1024w, https:\/\/www.valeriehenry.com\/angele-guerre\/wp-content\/uploads\/sites\/39\/2020\/03\/grandemue5d\u00e9tail-angele-guerre.jpg 1200w\" sizes=\"100vw, (min-width: 640px) 50vw, (min-width: 960px) 37vw, (min-width: 1200px) 25vw, (min-width: 1280px) 277px\" alt = \"Ang\u00e8le Guerre, plasticienne, 2019, \u00ab\u00a0Grandes Mues\u00a0\u00bb d\u00e9tails, dimensions 97 x 97 cm. Incisions au scalpel sur papier. \u0152uvres r\u00e9alis\u00e9es \u00e0 l&rsquo;H\u00f4tel de Paris, Monaco.\"><\/figure><\/a><\/div><div class=\"gallery-item uk-margin-bottom uk-width-1-2@s uk-width-1-3@l\"><a href=\"https:\/\/www.valeriehenry.com\/angele-guerre\/wp-content\/uploads\/sites\/39\/2025\/03\/nu-orne\u0301-XI_-vue-d_ensemble_VH.jpg\" rel=\"gallery-1\"><figure class=\"uk-margin-small-bottom uk-cover-container uk-height-small uk-section-muted\"><img decoding=\"async\" uk-cover=\"\" src=\"https:\/\/www.valeriehenry.com\/angele-guerre\/wp-content\/uploads\/sites\/39\/2025\/03\/nu-orne\u0301-XI_-vue-d_ensemble_VH-253x300.jpg\" srcset=\"https:\/\/www.valeriehenry.com\/angele-guerre\/wp-content\/uploads\/sites\/39\/2025\/03\/nu-orne\u0301-XI_-vue-d_ensemble_VH-253x300.jpg 253w, https:\/\/www.valeriehenry.com\/angele-guerre\/wp-content\/uploads\/sites\/39\/2025\/03\/nu-orne\u0301-XI_-vue-d_ensemble_VH-506x600.jpg 506w, https:\/\/www.valeriehenry.com\/angele-guerre\/wp-content\/uploads\/sites\/39\/2025\/03\/nu-orne\u0301-XI_-vue-d_ensemble_VH-864x1024.jpg 864w, https:\/\/www.valeriehenry.com\/angele-guerre\/wp-content\/uploads\/sites\/39\/2025\/03\/nu-orne\u0301-XI_-vue-d_ensemble_VH-768x911.jpg 768w, https:\/\/www.valeriehenry.com\/angele-guerre\/wp-content\/uploads\/sites\/39\/2025\/03\/nu-orne\u0301-XI_-vue-d_ensemble_VH.jpg 1012w\" sizes=\"100vw, (min-width: 640px) 50vw, (min-width: 960px) 37vw, (min-width: 1200px) 25vw, (min-width: 1280px) 277px\" alt = \"Ang\u00e8le Guerre, plasticienne, septembre 2024, \u00ab Nu orn\u00e9 XI \u00bb, papier incis\u00e9 au scalpel et feuilles d\u2019or, dimensions 1 750 x 1 500 cm\"><\/figure><\/a><\/div><div class=\"gallery-item uk-margin-bottom uk-width-1-2@s uk-width-1-3@l\"><a href=\"https:\/\/www.valeriehenry.com\/angele-guerre\/wp-content\/uploads\/sites\/39\/2024\/04\/Angele-guerre-artiste-plasticienne-galerie-jamault-paris-cuir-4.jpg\" rel=\"gallery-1\"><figure class=\"uk-margin-small-bottom uk-cover-container uk-height-small uk-section-muted\"><img decoding=\"async\" uk-cover=\"\" src=\"https:\/\/www.valeriehenry.com\/angele-guerre\/wp-content\/uploads\/sites\/39\/2024\/04\/Angele-guerre-artiste-plasticienne-galerie-jamault-paris-cuir-4-300x212.jpg\" srcset=\"https:\/\/www.valeriehenry.com\/angele-guerre\/wp-content\/uploads\/sites\/39\/2024\/04\/Angele-guerre-artiste-plasticienne-galerie-jamault-paris-cuir-4-300x212.jpg 300w, https:\/\/www.valeriehenry.com\/angele-guerre\/wp-content\/uploads\/sites\/39\/2024\/04\/Angele-guerre-artiste-plasticienne-galerie-jamault-paris-cuir-4-600x424.jpg 600w, https:\/\/www.valeriehenry.com\/angele-guerre\/wp-content\/uploads\/sites\/39\/2024\/04\/Angele-guerre-artiste-plasticienne-galerie-jamault-paris-cuir-4-1024x723.jpg 1024w, https:\/\/www.valeriehenry.com\/angele-guerre\/wp-content\/uploads\/sites\/39\/2024\/04\/Angele-guerre-artiste-plasticienne-galerie-jamault-paris-cuir-4-768x542.jpg 768w, https:\/\/www.valeriehenry.com\/angele-guerre\/wp-content\/uploads\/sites\/39\/2024\/04\/Angele-guerre-artiste-plasticienne-galerie-jamault-paris-cuir-4.jpg 1099w\" sizes=\"100vw, (min-width: 640px) 50vw, (min-width: 960px) 37vw, (min-width: 1200px) 25vw, (min-width: 1280px) 277px\" alt = \"Ang\u00e8le Guerre, plasticienne, juin 2022, \u00ab Sous les ravages I \u00bb et \u00ab Sous les ravages III \u00bb, papiers incis\u00e9s au scalpel, dimensions 120cm x 80cm, Paris\"><\/figure><\/a><\/div><div class=\"gallery-item uk-margin-bottom uk-width-1-2@s uk-width-1-3@l\"><a href=\"https:\/\/www.valeriehenry.com\/angele-guerre\/wp-content\/uploads\/sites\/39\/2025\/03\/Angele-Guerre-les-ombres-pales-IV-2024-4.jpg\" rel=\"gallery-1\"><figure class=\"uk-margin-small-bottom uk-cover-container uk-height-small uk-section-muted\"><img decoding=\"async\" uk-cover=\"\" src=\"https:\/\/www.valeriehenry.com\/angele-guerre\/wp-content\/uploads\/sites\/39\/2025\/03\/Angele-Guerre-les-ombres-pales-IV-2024-4-300x203.jpg\" srcset=\"https:\/\/www.valeriehenry.com\/angele-guerre\/wp-content\/uploads\/sites\/39\/2025\/03\/Angele-Guerre-les-ombres-pales-IV-2024-4-300x203.jpg 300w, https:\/\/www.valeriehenry.com\/angele-guerre\/wp-content\/uploads\/sites\/39\/2025\/03\/Angele-Guerre-les-ombres-pales-IV-2024-4-600x405.jpg 600w, https:\/\/www.valeriehenry.com\/angele-guerre\/wp-content\/uploads\/sites\/39\/2025\/03\/Angele-Guerre-les-ombres-pales-IV-2024-4-1024x691.jpg 1024w, https:\/\/www.valeriehenry.com\/angele-guerre\/wp-content\/uploads\/sites\/39\/2025\/03\/Angele-Guerre-les-ombres-pales-IV-2024-4-768x518.jpg 768w, https:\/\/www.valeriehenry.com\/angele-guerre\/wp-content\/uploads\/sites\/39\/2025\/03\/Angele-Guerre-les-ombres-pales-IV-2024-4.jpg 1200w\" sizes=\"100vw, (min-width: 640px) 50vw, (min-width: 960px) 37vw, (min-width: 1200px) 25vw, (min-width: 1280px) 277px\" alt = \"Ang\u00e8le Guerre, plasticienne, avril 2024, \u00ab Les ombres p\u00e2les VI \u00bb 110cm x 80cm et \u00ab Les ombres p\u00e2les II \u00bb 60cm x 80cm, papiers incis\u00e9s au scalpel, Paris\"><\/figure><\/a><\/div><div class=\"gallery-item uk-margin-bottom uk-width-1-2@s uk-width-1-3@l\"><a href=\"https:\/\/www.valeriehenry.com\/angele-guerre\/wp-content\/uploads\/sites\/39\/2022\/06\/Angele-guerre-artiste-plasticienne-galerie-jamault-paris-cuir-3.jpg\" rel=\"gallery-1\"><figure class=\"uk-margin-small-bottom uk-cover-container uk-height-small uk-section-muted\"><img decoding=\"async\" uk-cover=\"\" src=\"https:\/\/www.valeriehenry.com\/angele-guerre\/wp-content\/uploads\/sites\/39\/2022\/06\/Angele-guerre-artiste-plasticienne-galerie-jamault-paris-cuir-3-300x205.jpg\" srcset=\"https:\/\/www.valeriehenry.com\/angele-guerre\/wp-content\/uploads\/sites\/39\/2022\/06\/Angele-guerre-artiste-plasticienne-galerie-jamault-paris-cuir-3-300x205.jpg 300w, https:\/\/www.valeriehenry.com\/angele-guerre\/wp-content\/uploads\/sites\/39\/2022\/06\/Angele-guerre-artiste-plasticienne-galerie-jamault-paris-cuir-3-600x410.jpg 600w, https:\/\/www.valeriehenry.com\/angele-guerre\/wp-content\/uploads\/sites\/39\/2022\/06\/Angele-guerre-artiste-plasticienne-galerie-jamault-paris-cuir-3-768x525.jpg 768w, https:\/\/www.valeriehenry.com\/angele-guerre\/wp-content\/uploads\/sites\/39\/2022\/06\/Angele-guerre-artiste-plasticienne-galerie-jamault-paris-cuir-3-1024x700.jpg 1024w, https:\/\/www.valeriehenry.com\/angele-guerre\/wp-content\/uploads\/sites\/39\/2022\/06\/Angele-guerre-artiste-plasticienne-galerie-jamault-paris-cuir-3.jpg 1200w\" sizes=\"100vw, (min-width: 640px) 50vw, (min-width: 960px) 37vw, (min-width: 1200px) 25vw, (min-width: 1280px) 277px\" alt = \"Ang\u00e8le Guerre, plasticienne, juin 2022, \u00ab\u00a0Sous les ravages\u00a0\u00bb, papiers incis\u00e9s et pastels, dimensions 120cm x 80cm et 80cm x 65cm, Paris\"><\/figure><\/a><\/div><div class=\"gallery-item uk-margin-bottom uk-width-1-2@s uk-width-1-3@l\"><a href=\"https:\/\/www.valeriehenry.com\/angele-guerre\/wp-content\/uploads\/sites\/39\/2026\/02\/Angele-portrait-et-atelier-3.jpg\" rel=\"gallery-1\"><figure class=\"uk-margin-small-bottom uk-cover-container uk-height-small uk-section-muted\"><img decoding=\"async\" uk-cover=\"\" src=\"https:\/\/www.valeriehenry.com\/angele-guerre\/wp-content\/uploads\/sites\/39\/2026\/02\/Angele-portrait-et-atelier-3-225x300.jpg\" srcset=\"https:\/\/www.valeriehenry.com\/angele-guerre\/wp-content\/uploads\/sites\/39\/2026\/02\/Angele-portrait-et-atelier-3-225x300.jpg 225w, https:\/\/www.valeriehenry.com\/angele-guerre\/wp-content\/uploads\/sites\/39\/2026\/02\/Angele-portrait-et-atelier-3-450x600.jpg 450w, https:\/\/www.valeriehenry.com\/angele-guerre\/wp-content\/uploads\/sites\/39\/2026\/02\/Angele-portrait-et-atelier-3-768x1024.jpg 768w, https:\/\/www.valeriehenry.com\/angele-guerre\/wp-content\/uploads\/sites\/39\/2026\/02\/Angele-portrait-et-atelier-3.jpg 900w\" sizes=\"100vw, (min-width: 640px) 50vw, (min-width: 960px) 37vw, (min-width: 1200px) 25vw, (min-width: 1280px) 277px\" alt = \"Ang\u00e8le Guerre \"><\/figure><\/a><\/div><div class=\"gallery-item uk-margin-bottom uk-width-1-2@s uk-width-1-3@l\"><a href=\"https:\/\/www.valeriehenry.com\/angele-guerre\/wp-content\/uploads\/sites\/39\/2025\/03\/Angele-Guerre-plasticienne-La-sourde-odyssee-2.jpg\" rel=\"gallery-1\"><figure class=\"uk-margin-small-bottom uk-cover-container uk-height-small uk-section-muted\"><img decoding=\"async\" uk-cover=\"\" src=\"https:\/\/www.valeriehenry.com\/angele-guerre\/wp-content\/uploads\/sites\/39\/2025\/03\/Angele-Guerre-plasticienne-La-sourde-odyssee-2-300x218.jpg\" srcset=\"https:\/\/www.valeriehenry.com\/angele-guerre\/wp-content\/uploads\/sites\/39\/2025\/03\/Angele-Guerre-plasticienne-La-sourde-odyssee-2-300x218.jpg 300w, https:\/\/www.valeriehenry.com\/angele-guerre\/wp-content\/uploads\/sites\/39\/2025\/03\/Angele-Guerre-plasticienne-La-sourde-odyssee-2-600x436.jpg 600w, https:\/\/www.valeriehenry.com\/angele-guerre\/wp-content\/uploads\/sites\/39\/2025\/03\/Angele-Guerre-plasticienne-La-sourde-odyssee-2-1024x743.jpg 1024w, https:\/\/www.valeriehenry.com\/angele-guerre\/wp-content\/uploads\/sites\/39\/2025\/03\/Angele-Guerre-plasticienne-La-sourde-odyssee-2-768x557.jpg 768w, https:\/\/www.valeriehenry.com\/angele-guerre\/wp-content\/uploads\/sites\/39\/2025\/03\/Angele-Guerre-plasticienne-La-sourde-odyssee-2.jpg 1200w\" sizes=\"100vw, (min-width: 640px) 50vw, (min-width: 960px) 37vw, (min-width: 1200px) 25vw, (min-width: 1280px) 277px\" alt = \"Ang\u00e8le Guerre, plasticienne, avril 2024 \u00ab La Sourde Odyss\u00e9e I \u00bb et \u00ab La Sourde Odyss\u00e9e II\u00bb, papiers incis\u00e9s au scalpel et pastel, dimensions 120cm x 80cm, Paris\"><\/figure><\/a><\/div><div class=\"gallery-item uk-margin-bottom uk-width-1-2@s uk-width-1-3@l\"><a href=\"https:\/\/www.valeriehenry.com\/angele-guerre\/wp-content\/uploads\/sites\/39\/2023\/05\/Vert-Tendre-II-2022-80x60cmVH-angele-guerre-artiste-plasticienne.jpg\" rel=\"gallery-1\"><figure class=\"uk-margin-small-bottom uk-cover-container uk-height-small uk-section-muted\"><img decoding=\"async\" uk-cover=\"\" src=\"https:\/\/www.valeriehenry.com\/angele-guerre\/wp-content\/uploads\/sites\/39\/2023\/05\/Vert-Tendre-II-2022-80x60cmVH-angele-guerre-artiste-plasticienne-300x197.jpg\" srcset=\"https:\/\/www.valeriehenry.com\/angele-guerre\/wp-content\/uploads\/sites\/39\/2023\/05\/Vert-Tendre-II-2022-80x60cmVH-angele-guerre-artiste-plasticienne-300x197.jpg 300w, https:\/\/www.valeriehenry.com\/angele-guerre\/wp-content\/uploads\/sites\/39\/2023\/05\/Vert-Tendre-II-2022-80x60cmVH-angele-guerre-artiste-plasticienne-600x394.jpg 600w, https:\/\/www.valeriehenry.com\/angele-guerre\/wp-content\/uploads\/sites\/39\/2023\/05\/Vert-Tendre-II-2022-80x60cmVH-angele-guerre-artiste-plasticienne-768x504.jpg 768w, https:\/\/www.valeriehenry.com\/angele-guerre\/wp-content\/uploads\/sites\/39\/2023\/05\/Vert-Tendre-II-2022-80x60cmVH-angele-guerre-artiste-plasticienne-1024x672.jpg 1024w, https:\/\/www.valeriehenry.com\/angele-guerre\/wp-content\/uploads\/sites\/39\/2023\/05\/Vert-Tendre-II-2022-80x60cmVH-angele-guerre-artiste-plasticienne.jpg 1200w\" sizes=\"100vw, (min-width: 640px) 50vw, (min-width: 960px) 37vw, (min-width: 1200px) 25vw, (min-width: 1280px) 277px\" alt = \"Ang\u00e8le Guerre, plasticienne, mars 2023, \u00abVert Tendre II\u00bb, pastel et incisions sur papier, dimensions 80 x 60 cm. Exposition \u00ab Rien que les battements d&rsquo;une absence de bruit&#8230; \u00bb, Maison des arts plastiques Rosa Bonheur, Chevilly-Larue. Photographie \u00a9Jacques Philippot.\"><\/figure><\/a><\/div><div class=\"gallery-item uk-margin-bottom uk-width-1-2@s uk-width-1-3@l\"><a href=\"https:\/\/www.valeriehenry.com\/angele-guerre\/wp-content\/uploads\/sites\/39\/2025\/03\/Angele-Guerre-terres-troubles-XI-XII.jpg\" rel=\"gallery-1\"><figure class=\"uk-margin-small-bottom uk-cover-container uk-height-small uk-section-muted\"><img decoding=\"async\" uk-cover=\"\" src=\"https:\/\/www.valeriehenry.com\/angele-guerre\/wp-content\/uploads\/sites\/39\/2025\/03\/Angele-Guerre-terres-troubles-XI-XII-300x214.jpg\" srcset=\"https:\/\/www.valeriehenry.com\/angele-guerre\/wp-content\/uploads\/sites\/39\/2025\/03\/Angele-Guerre-terres-troubles-XI-XII-300x214.jpg 300w, https:\/\/www.valeriehenry.com\/angele-guerre\/wp-content\/uploads\/sites\/39\/2025\/03\/Angele-Guerre-terres-troubles-XI-XII-600x427.jpg 600w, https:\/\/www.valeriehenry.com\/angele-guerre\/wp-content\/uploads\/sites\/39\/2025\/03\/Angele-Guerre-terres-troubles-XI-XII-1024x729.jpg 1024w, https:\/\/www.valeriehenry.com\/angele-guerre\/wp-content\/uploads\/sites\/39\/2025\/03\/Angele-Guerre-terres-troubles-XI-XII-768x547.jpg 768w, https:\/\/www.valeriehenry.com\/angele-guerre\/wp-content\/uploads\/sites\/39\/2025\/03\/Angele-Guerre-terres-troubles-XI-XII.jpg 1200w\" sizes=\"100vw, (min-width: 640px) 50vw, (min-width: 960px) 37vw, (min-width: 1200px) 25vw, (min-width: 1280px) 277px\" alt = \"Ang\u00e8le Guerre, plasticienne, janvier 2025 \u00ab Terres troubles XI \u00bb et \u00ab Terres troubles XII \u00bb, papier incis\u00e9 au scalpel, pastel sec et \u00e0 l&rsquo;huile dimensions 120 x 80cm \"><\/figure><\/a><\/div><div class=\"gallery-item uk-margin-bottom uk-width-1-2@s uk-width-1-3@l\"><a href=\"https:\/\/www.valeriehenry.com\/angele-guerre\/wp-content\/uploads\/sites\/39\/2023\/05\/Vert-Tendre-I-2022-80x60cmVH-angele-guerre-artiste-plasticienne.jpg\" rel=\"gallery-1\"><figure class=\"uk-margin-small-bottom uk-cover-container uk-height-small uk-section-muted\"><img decoding=\"async\" uk-cover=\"\" src=\"https:\/\/www.valeriehenry.com\/angele-guerre\/wp-content\/uploads\/sites\/39\/2023\/05\/Vert-Tendre-I-2022-80x60cmVH-angele-guerre-artiste-plasticienne-300x198.jpg\" srcset=\"https:\/\/www.valeriehenry.com\/angele-guerre\/wp-content\/uploads\/sites\/39\/2023\/05\/Vert-Tendre-I-2022-80x60cmVH-angele-guerre-artiste-plasticienne-300x198.jpg 300w, https:\/\/www.valeriehenry.com\/angele-guerre\/wp-content\/uploads\/sites\/39\/2023\/05\/Vert-Tendre-I-2022-80x60cmVH-angele-guerre-artiste-plasticienne-600x396.jpg 600w, https:\/\/www.valeriehenry.com\/angele-guerre\/wp-content\/uploads\/sites\/39\/2023\/05\/Vert-Tendre-I-2022-80x60cmVH-angele-guerre-artiste-plasticienne-768x506.jpg 768w, https:\/\/www.valeriehenry.com\/angele-guerre\/wp-content\/uploads\/sites\/39\/2023\/05\/Vert-Tendre-I-2022-80x60cmVH-angele-guerre-artiste-plasticienne-1024x675.jpg 1024w, https:\/\/www.valeriehenry.com\/angele-guerre\/wp-content\/uploads\/sites\/39\/2023\/05\/Vert-Tendre-I-2022-80x60cmVH-angele-guerre-artiste-plasticienne.jpg 1200w\" sizes=\"100vw, (min-width: 640px) 50vw, (min-width: 960px) 37vw, (min-width: 1200px) 25vw, (min-width: 1280px) 277px\" alt = \"Ang\u00e8le Guerre, plasticienne, mars 2023, \u00abVert Tendre I\u00bb, pastel et incisions sur papier, dimensions 80 x 60 cm. Exposition \u00ab Rien que les battements d&rsquo;une absence de bruit&#8230; \u00bb, Maison des arts plastiques Rosa Bonheur, Chevilly-Larue. Photographie \u00a9Jacques Philippot.\"><\/figure><\/a><\/div><div class=\"gallery-item uk-margin-bottom uk-width-1-2@s uk-width-1-3@l\"><a href=\"https:\/\/www.valeriehenry.com\/angele-guerre\/wp-content\/uploads\/sites\/39\/2026\/02\/Angele-guerre-artiste-scalpel-pastel-montage-house-of-talent.jpg\" rel=\"gallery-1\"><figure class=\"uk-margin-small-bottom uk-cover-container uk-height-small uk-section-muted\"><img decoding=\"async\" uk-cover=\"\" src=\"https:\/\/www.valeriehenry.com\/angele-guerre\/wp-content\/uploads\/sites\/39\/2026\/02\/Angele-guerre-artiste-scalpel-pastel-montage-house-of-talent-300x214.jpg\" srcset=\"https:\/\/www.valeriehenry.com\/angele-guerre\/wp-content\/uploads\/sites\/39\/2026\/02\/Angele-guerre-artiste-scalpel-pastel-montage-house-of-talent-300x214.jpg 300w, https:\/\/www.valeriehenry.com\/angele-guerre\/wp-content\/uploads\/sites\/39\/2026\/02\/Angele-guerre-artiste-scalpel-pastel-montage-house-of-talent-600x427.jpg 600w, https:\/\/www.valeriehenry.com\/angele-guerre\/wp-content\/uploads\/sites\/39\/2026\/02\/Angele-guerre-artiste-scalpel-pastel-montage-house-of-talent-1024x729.jpg 1024w, https:\/\/www.valeriehenry.com\/angele-guerre\/wp-content\/uploads\/sites\/39\/2026\/02\/Angele-guerre-artiste-scalpel-pastel-montage-house-of-talent-768x547.jpg 768w, https:\/\/www.valeriehenry.com\/angele-guerre\/wp-content\/uploads\/sites\/39\/2026\/02\/Angele-guerre-artiste-scalpel-pastel-montage-house-of-talent.jpg 1200w\" sizes=\"100vw, (min-width: 640px) 50vw, (min-width: 960px) 37vw, (min-width: 1200px) 25vw, (min-width: 1280px) 277px\" alt = \"Ang\u00e8le Guerre, plasticienne, 2023 \u00ab\u00a0Vert Trouble I \u00bb dimensions 120 cm x 80 cm, \u00ab Petite mer IV \u00bb dimensions 80 cm x 60 cm, papiers incis\u00e9s au scalpel et pastel\"><\/figure><\/a><\/div><div class=\"gallery-item uk-margin-bottom uk-width-1-2@s uk-width-1-3@l\"><a href=\"https:\/\/www.valeriehenry.com\/angele-guerre\/wp-content\/uploads\/sites\/39\/2023\/05\/Vers-la-mer-I.jpg\" rel=\"gallery-1\"><figure class=\"uk-margin-small-bottom uk-cover-container uk-height-small uk-section-muted\"><img decoding=\"async\" uk-cover=\"\" src=\"https:\/\/www.valeriehenry.com\/angele-guerre\/wp-content\/uploads\/sites\/39\/2023\/05\/Vers-la-mer-I-300x231.jpg\" srcset=\"https:\/\/www.valeriehenry.com\/angele-guerre\/wp-content\/uploads\/sites\/39\/2023\/05\/Vers-la-mer-I-300x231.jpg 300w, https:\/\/www.valeriehenry.com\/angele-guerre\/wp-content\/uploads\/sites\/39\/2023\/05\/Vers-la-mer-I-600x462.jpg 600w, https:\/\/www.valeriehenry.com\/angele-guerre\/wp-content\/uploads\/sites\/39\/2023\/05\/Vers-la-mer-I-768x591.jpg 768w, https:\/\/www.valeriehenry.com\/angele-guerre\/wp-content\/uploads\/sites\/39\/2023\/05\/Vers-la-mer-I-1024x788.jpg 1024w, https:\/\/www.valeriehenry.com\/angele-guerre\/wp-content\/uploads\/sites\/39\/2023\/05\/Vers-la-mer-I.jpg 1200w\" sizes=\"100vw, (min-width: 640px) 50vw, (min-width: 960px) 37vw, (min-width: 1200px) 25vw, (min-width: 1280px) 277px\" alt = \"Ang\u00e8le Guerre, plasticienne, 2023 \u00ab\u00a0Vers la mer I \u00bb et \u00ab Vers la mer II \u00bb, papiers incis\u00e9s au scalpel et pastel, dimensions 120 x 80cm  \"><\/figure><\/a><\/div><div class=\"gallery-item uk-margin-bottom uk-width-1-2@s uk-width-1-3@l\"><a href=\"https:\/\/www.valeriehenry.com\/angele-guerre\/wp-content\/uploads\/sites\/39\/2023\/05\/mer-trouble-I-montage.jpg\" rel=\"gallery-1\"><figure class=\"uk-margin-small-bottom uk-cover-container uk-height-small uk-section-muted\"><img decoding=\"async\" uk-cover=\"\" src=\"https:\/\/www.valeriehenry.com\/angele-guerre\/wp-content\/uploads\/sites\/39\/2023\/05\/mer-trouble-I-montage-300x235.jpg\" srcset=\"https:\/\/www.valeriehenry.com\/angele-guerre\/wp-content\/uploads\/sites\/39\/2023\/05\/mer-trouble-I-montage-300x235.jpg 300w, https:\/\/www.valeriehenry.com\/angele-guerre\/wp-content\/uploads\/sites\/39\/2023\/05\/mer-trouble-I-montage-600x469.jpg 600w, https:\/\/www.valeriehenry.com\/angele-guerre\/wp-content\/uploads\/sites\/39\/2023\/05\/mer-trouble-I-montage-768x600.jpg 768w, https:\/\/www.valeriehenry.com\/angele-guerre\/wp-content\/uploads\/sites\/39\/2023\/05\/mer-trouble-I-montage-1024x800.jpg 1024w, https:\/\/www.valeriehenry.com\/angele-guerre\/wp-content\/uploads\/sites\/39\/2023\/05\/mer-trouble-I-montage.jpg 1200w\" sizes=\"100vw, (min-width: 640px) 50vw, (min-width: 960px) 37vw, (min-width: 1200px) 25vw, (min-width: 1280px) 277px\" alt = \"Ang\u00e8le Guerre, plasticienne, 2023 \u00ab\u00a0Mer Trouble I \u00bb et \u00ab Mer Trouble II \u00bb, papiers incis\u00e9s au scalpel et pastel, dimensions 120 x 80cm  \"><\/figure><\/a><\/div><div class=\"gallery-item uk-margin-bottom uk-width-1-2@s uk-width-1-3@l\"><a href=\"https:\/\/www.valeriehenry.com\/angele-guerre\/wp-content\/uploads\/sites\/39\/2023\/04\/TESTMONTAGE-TERRES-TROUBLES-ANGELE-GUERRE.jpg\" rel=\"gallery-1\"><figure class=\"uk-margin-small-bottom uk-cover-container uk-height-small uk-section-muted\"><img decoding=\"async\" uk-cover=\"\" src=\"https:\/\/www.valeriehenry.com\/angele-guerre\/wp-content\/uploads\/sites\/39\/2023\/04\/TESTMONTAGE-TERRES-TROUBLES-ANGELE-GUERRE-300x236.jpg\" srcset=\"https:\/\/www.valeriehenry.com\/angele-guerre\/wp-content\/uploads\/sites\/39\/2023\/04\/TESTMONTAGE-TERRES-TROUBLES-ANGELE-GUERRE-300x236.jpg 300w, https:\/\/www.valeriehenry.com\/angele-guerre\/wp-content\/uploads\/sites\/39\/2023\/04\/TESTMONTAGE-TERRES-TROUBLES-ANGELE-GUERRE-600x472.jpg 600w, https:\/\/www.valeriehenry.com\/angele-guerre\/wp-content\/uploads\/sites\/39\/2023\/04\/TESTMONTAGE-TERRES-TROUBLES-ANGELE-GUERRE-768x604.jpg 768w, https:\/\/www.valeriehenry.com\/angele-guerre\/wp-content\/uploads\/sites\/39\/2023\/04\/TESTMONTAGE-TERRES-TROUBLES-ANGELE-GUERRE-1024x806.jpg 1024w, https:\/\/www.valeriehenry.com\/angele-guerre\/wp-content\/uploads\/sites\/39\/2023\/04\/TESTMONTAGE-TERRES-TROUBLES-ANGELE-GUERRE.jpg 1200w\" sizes=\"100vw, (min-width: 640px) 50vw, (min-width: 960px) 37vw, (min-width: 1200px) 25vw, (min-width: 1280px) 277px\" alt = \"Ang\u00e8le Guerre, plasticienne, novembre 2021, \u00ab\u00a0Les terres troubles\u00a0\u00bb, papiers incis\u00e9s au scalpel et pastel, dimensions 107 x 150cm.\"><\/figure><\/a><\/div><div class=\"gallery-item uk-margin-bottom uk-width-1-2@s uk-width-1-3@l\"><a href=\"https:\/\/www.valeriehenry.com\/angele-guerre\/wp-content\/uploads\/sites\/39\/2025\/03\/Angele-portrait-et-atelier-2.jpg\" rel=\"gallery-1\"><figure class=\"uk-margin-small-bottom uk-cover-container uk-height-small uk-section-muted\"><img decoding=\"async\" uk-cover=\"\" src=\"https:\/\/www.valeriehenry.com\/angele-guerre\/wp-content\/uploads\/sites\/39\/2025\/03\/Angele-portrait-et-atelier-2-225x300.jpg\" srcset=\"https:\/\/www.valeriehenry.com\/angele-guerre\/wp-content\/uploads\/sites\/39\/2025\/03\/Angele-portrait-et-atelier-2-225x300.jpg 225w, https:\/\/www.valeriehenry.com\/angele-guerre\/wp-content\/uploads\/sites\/39\/2025\/03\/Angele-portrait-et-atelier-2-450x600.jpg 450w, https:\/\/www.valeriehenry.com\/angele-guerre\/wp-content\/uploads\/sites\/39\/2025\/03\/Angele-portrait-et-atelier-2-768x1024.jpg 768w, https:\/\/www.valeriehenry.com\/angele-guerre\/wp-content\/uploads\/sites\/39\/2025\/03\/Angele-portrait-et-atelier-2.jpg 900w\" sizes=\"100vw, (min-width: 640px) 50vw, (min-width: 960px) 37vw, (min-width: 1200px) 25vw, (min-width: 1280px) 277px\" alt = \"Ang\u00e8le Guerre, plasticienne, vue d&rsquo;ensemble\"><\/figure><\/a><\/div><div class=\"gallery-item uk-margin-bottom uk-width-1-2@s uk-width-1-3@l\"><a href=\"https:\/\/www.valeriehenry.com\/angele-guerre\/wp-content\/uploads\/sites\/39\/2025\/03\/Angele-Guerre-2-oeuvrs-vertiges-2.jpg\" rel=\"gallery-1\"><figure class=\"uk-margin-small-bottom uk-cover-container uk-height-small uk-section-muted\"><img decoding=\"async\" uk-cover=\"\" src=\"https:\/\/www.valeriehenry.com\/angele-guerre\/wp-content\/uploads\/sites\/39\/2025\/03\/Angele-Guerre-2-oeuvrs-vertiges-2-300x193.jpg\" srcset=\"https:\/\/www.valeriehenry.com\/angele-guerre\/wp-content\/uploads\/sites\/39\/2025\/03\/Angele-Guerre-2-oeuvrs-vertiges-2-300x193.jpg 300w, https:\/\/www.valeriehenry.com\/angele-guerre\/wp-content\/uploads\/sites\/39\/2025\/03\/Angele-Guerre-2-oeuvrs-vertiges-2-600x386.jpg 600w, https:\/\/www.valeriehenry.com\/angele-guerre\/wp-content\/uploads\/sites\/39\/2025\/03\/Angele-Guerre-2-oeuvrs-vertiges-2-1024x659.jpg 1024w, https:\/\/www.valeriehenry.com\/angele-guerre\/wp-content\/uploads\/sites\/39\/2025\/03\/Angele-Guerre-2-oeuvrs-vertiges-2-768x494.jpg 768w, https:\/\/www.valeriehenry.com\/angele-guerre\/wp-content\/uploads\/sites\/39\/2025\/03\/Angele-Guerre-2-oeuvrs-vertiges-2.jpg 1200w\" sizes=\"100vw, (min-width: 640px) 50vw, (min-width: 960px) 37vw, (min-width: 1200px) 25vw, (min-width: 1280px) 277px\" alt = \"Ang\u00e8le Guerre, plasticienne, janvier 2025 \u00ab Vertiges, ce soir III \u00bb 120 x 80cm et \u00ab Vertiges, ce soir II \u00bb 60 x 80cm, papier incis\u00e9 au scalpel, pastel et mine de plomb\"><\/figure><\/a><\/div><div class=\"gallery-item uk-margin-bottom uk-width-1-2@s uk-width-1-3@l\"><a href=\"https:\/\/www.valeriehenry.com\/angele-guerre\/wp-content\/uploads\/sites\/39\/2025\/03\/Angele-Guerre-2-oeuvrs-vertiges-3.jpg\" rel=\"gallery-1\"><figure class=\"uk-margin-small-bottom uk-cover-container uk-height-small uk-section-muted\"><img decoding=\"async\" uk-cover=\"\" src=\"https:\/\/www.valeriehenry.com\/angele-guerre\/wp-content\/uploads\/sites\/39\/2025\/03\/Angele-Guerre-2-oeuvrs-vertiges-3-300x203.jpg\" srcset=\"https:\/\/www.valeriehenry.com\/angele-guerre\/wp-content\/uploads\/sites\/39\/2025\/03\/Angele-Guerre-2-oeuvrs-vertiges-3-300x203.jpg 300w, https:\/\/www.valeriehenry.com\/angele-guerre\/wp-content\/uploads\/sites\/39\/2025\/03\/Angele-Guerre-2-oeuvrs-vertiges-3-600x405.jpg 600w, https:\/\/www.valeriehenry.com\/angele-guerre\/wp-content\/uploads\/sites\/39\/2025\/03\/Angele-Guerre-2-oeuvrs-vertiges-3-1024x691.jpg 1024w, https:\/\/www.valeriehenry.com\/angele-guerre\/wp-content\/uploads\/sites\/39\/2025\/03\/Angele-Guerre-2-oeuvrs-vertiges-3-768x518.jpg 768w, https:\/\/www.valeriehenry.com\/angele-guerre\/wp-content\/uploads\/sites\/39\/2025\/03\/Angele-Guerre-2-oeuvrs-vertiges-3.jpg 1200w\" sizes=\"100vw, (min-width: 640px) 50vw, (min-width: 960px) 37vw, (min-width: 1200px) 25vw, (min-width: 1280px) 277px\" alt = \"Ang\u00e8le Guerre, plasticienne, janvier 2025 \u00ab Vertiges, ce soir I \u00bb 60 x 80cm et \u00ab Vertiges, ce soir III \u00bb 120 x 80cm, papier incis\u00e9 au scalpel, pastel et mine de plomb\"><\/figure><\/a><\/div><div class=\"gallery-item uk-margin-bottom uk-width-1-2@s uk-width-1-3@l\"><a href=\"https:\/\/www.valeriehenry.com\/angele-guerre\/wp-content\/uploads\/sites\/39\/2025\/03\/Angele-Guerre-Vertiges-oeuvres-in-situ.jpg\" rel=\"gallery-1\"><figure class=\"uk-margin-small-bottom uk-cover-container uk-height-small uk-section-muted\"><img decoding=\"async\" uk-cover=\"\" src=\"https:\/\/www.valeriehenry.com\/angele-guerre\/wp-content\/uploads\/sites\/39\/2025\/03\/Angele-Guerre-Vertiges-oeuvres-in-situ-300x203.jpg\" srcset=\"https:\/\/www.valeriehenry.com\/angele-guerre\/wp-content\/uploads\/sites\/39\/2025\/03\/Angele-Guerre-Vertiges-oeuvres-in-situ-300x203.jpg 300w, https:\/\/www.valeriehenry.com\/angele-guerre\/wp-content\/uploads\/sites\/39\/2025\/03\/Angele-Guerre-Vertiges-oeuvres-in-situ-600x405.jpg 600w, https:\/\/www.valeriehenry.com\/angele-guerre\/wp-content\/uploads\/sites\/39\/2025\/03\/Angele-Guerre-Vertiges-oeuvres-in-situ-1024x691.jpg 1024w, https:\/\/www.valeriehenry.com\/angele-guerre\/wp-content\/uploads\/sites\/39\/2025\/03\/Angele-Guerre-Vertiges-oeuvres-in-situ-768x518.jpg 768w, https:\/\/www.valeriehenry.com\/angele-guerre\/wp-content\/uploads\/sites\/39\/2025\/03\/Angele-Guerre-Vertiges-oeuvres-in-situ.jpg 1200w\" sizes=\"100vw, (min-width: 640px) 50vw, (min-width: 960px) 37vw, (min-width: 1200px) 25vw, (min-width: 1280px) 277px\" alt = \"Ang\u00e8le Guerre, plasticienne, janvier 2025 \u00ab C\u0153ur Tremble I \u00bb et \u00ab C\u0153ur Tremble II \u00bb, papier incis\u00e9 au scalpel, pastel et mine de plomb, dimensions 120 x 80cm \"><\/figure><\/a><\/div><div class=\"gallery-item uk-margin-bottom uk-width-1-2@s uk-width-1-3@l\"><a href=\"https:\/\/www.valeriehenry.com\/angele-guerre\/wp-content\/uploads\/sites\/39\/2022\/04\/Angele-guerre-artiste-plasticienne-corps-sauvages-4.jpg\" rel=\"gallery-1\"><figure class=\"uk-margin-small-bottom uk-cover-container uk-height-small uk-section-muted\"><img decoding=\"async\" uk-cover=\"\" src=\"https:\/\/www.valeriehenry.com\/angele-guerre\/wp-content\/uploads\/sites\/39\/2022\/04\/Angele-guerre-artiste-plasticienne-corps-sauvages-4-300x200.jpg\" srcset=\"https:\/\/www.valeriehenry.com\/angele-guerre\/wp-content\/uploads\/sites\/39\/2022\/04\/Angele-guerre-artiste-plasticienne-corps-sauvages-4-300x200.jpg 300w, https:\/\/www.valeriehenry.com\/angele-guerre\/wp-content\/uploads\/sites\/39\/2022\/04\/Angele-guerre-artiste-plasticienne-corps-sauvages-4-600x400.jpg 600w, https:\/\/www.valeriehenry.com\/angele-guerre\/wp-content\/uploads\/sites\/39\/2022\/04\/Angele-guerre-artiste-plasticienne-corps-sauvages-4-768x512.jpg 768w, https:\/\/www.valeriehenry.com\/angele-guerre\/wp-content\/uploads\/sites\/39\/2022\/04\/Angele-guerre-artiste-plasticienne-corps-sauvages-4-1024x683.jpg 1024w, https:\/\/www.valeriehenry.com\/angele-guerre\/wp-content\/uploads\/sites\/39\/2022\/04\/Angele-guerre-artiste-plasticienne-corps-sauvages-4.jpg 1200w\" sizes=\"100vw, (min-width: 640px) 50vw, (min-width: 960px) 37vw, (min-width: 1200px) 25vw, (min-width: 1280px) 277px\" alt = \"Ang\u00e8le Guerre, plasticienne, novembre 2021, \u00ab\u00a0Les corps sauvages\u00a0\u00bb, cuir, papier et m\u00e9tal, dimensions variables.\"><\/figure><\/a><\/div><div class=\"gallery-item uk-margin-bottom uk-width-1-2@s uk-width-1-3@l\"><a href=\"https:\/\/www.valeriehenry.com\/angele-guerre\/wp-content\/uploads\/sites\/39\/2022\/04\/Angele-guerre-artiste-plasticienne-corps-sauvages-3.jpg\" rel=\"gallery-1\"><figure class=\"uk-margin-small-bottom uk-cover-container uk-height-small uk-section-muted\"><img decoding=\"async\" uk-cover=\"\" src=\"https:\/\/www.valeriehenry.com\/angele-guerre\/wp-content\/uploads\/sites\/39\/2022\/04\/Angele-guerre-artiste-plasticienne-corps-sauvages-3-300x169.jpg\" srcset=\"https:\/\/www.valeriehenry.com\/angele-guerre\/wp-content\/uploads\/sites\/39\/2022\/04\/Angele-guerre-artiste-plasticienne-corps-sauvages-3-300x169.jpg 300w, https:\/\/www.valeriehenry.com\/angele-guerre\/wp-content\/uploads\/sites\/39\/2022\/04\/Angele-guerre-artiste-plasticienne-corps-sauvages-3-600x338.jpg 600w, https:\/\/www.valeriehenry.com\/angele-guerre\/wp-content\/uploads\/sites\/39\/2022\/04\/Angele-guerre-artiste-plasticienne-corps-sauvages-3-768x432.jpg 768w, https:\/\/www.valeriehenry.com\/angele-guerre\/wp-content\/uploads\/sites\/39\/2022\/04\/Angele-guerre-artiste-plasticienne-corps-sauvages-3-1024x576.jpg 1024w, https:\/\/www.valeriehenry.com\/angele-guerre\/wp-content\/uploads\/sites\/39\/2022\/04\/Angele-guerre-artiste-plasticienne-corps-sauvages-3.jpg 1200w\" sizes=\"100vw, (min-width: 640px) 50vw, (min-width: 960px) 37vw, (min-width: 1200px) 25vw, (min-width: 1280px) 277px\" alt = \"Ang\u00e8le Guerre, plasticienne, novembre 2021, \u00ab\u00a0Les corps sauvages\u00a0\u00bb, cuir, papier et m\u00e9tal, dimensions variables.\"><\/figure><\/a><\/div><div class=\"gallery-item uk-margin-bottom uk-width-1-2@s uk-width-1-3@l\"><a href=\"https:\/\/www.valeriehenry.com\/angele-guerre\/wp-content\/uploads\/sites\/39\/2020\/02\/JPR0404web.jpg\" rel=\"gallery-1\"><figure class=\"uk-margin-small-bottom uk-cover-container uk-height-small uk-section-muted\"><img decoding=\"async\" uk-cover=\"\" src=\"https:\/\/www.valeriehenry.com\/angele-guerre\/wp-content\/uploads\/sites\/39\/2020\/02\/JPR0404web-300x200.jpg\" srcset=\"https:\/\/www.valeriehenry.com\/angele-guerre\/wp-content\/uploads\/sites\/39\/2020\/02\/JPR0404web-300x200.jpg 300w, https:\/\/www.valeriehenry.com\/angele-guerre\/wp-content\/uploads\/sites\/39\/2020\/02\/JPR0404web-600x400.jpg 600w, https:\/\/www.valeriehenry.com\/angele-guerre\/wp-content\/uploads\/sites\/39\/2020\/02\/JPR0404web-768x512.jpg 768w, https:\/\/www.valeriehenry.com\/angele-guerre\/wp-content\/uploads\/sites\/39\/2020\/02\/JPR0404web-1024x683.jpg 1024w, https:\/\/www.valeriehenry.com\/angele-guerre\/wp-content\/uploads\/sites\/39\/2020\/02\/JPR0404web.jpg 1200w\" sizes=\"100vw, (min-width: 640px) 50vw, (min-width: 960px) 37vw, (min-width: 1200px) 25vw, (min-width: 1280px) 277px\" alt = \"Ang\u00e8le Guerre, plasticienne, juillet 2019, \u00ab\u00a0Souples, un souffle\u00a0\u00bb, dimensions 5m x 3m. Installation de m\u00e9tal, cuirs et papiers incis\u00e9s. Sculpture r\u00e9alis\u00e9e in situ pour l&rsquo;exposition \u00ab\u00a0Y Cro\u00eetre\u00a0\u00bb au CACLB, Centre d&rsquo;Art Contemporain du Luxembourg belge, Mautauban, Belgique. \u00a9 photo J-P. Ruelle \"><\/figure><\/a><\/div><div class=\"gallery-item uk-margin-bottom uk-width-1-2@s uk-width-1-3@l\"><a href=\"https:\/\/www.valeriehenry.com\/angele-guerre\/wp-content\/uploads\/sites\/39\/2020\/02\/JPR0396web.jpg\" rel=\"gallery-1\"><figure class=\"uk-margin-small-bottom uk-cover-container uk-height-small uk-section-muted\"><img decoding=\"async\" uk-cover=\"\" src=\"https:\/\/www.valeriehenry.com\/angele-guerre\/wp-content\/uploads\/sites\/39\/2020\/02\/JPR0396web-e1581506857229-300x161.jpg\" srcset=\"\" sizes=\"100vw, (min-width: 640px) 50vw, (min-width: 960px) 37vw, (min-width: 1200px) 25vw, (min-width: 1280px) 277px\" alt = \"Ang\u00e8le Guerre, plasticienne, juillet 2019, \u00ab\u00a0Souples, un souffle\u00a0\u00bb, dimensions 5m x 3m. Installation de m\u00e9tal, cuirs et papiers incis\u00e9s. Sculpture r\u00e9alis\u00e9e in situ pour l&rsquo;exposition \u00ab\u00a0Y Cro\u00eetre\u00a0\u00bb au CACLB, Centre d&rsquo;Art Contemporain du Luxembourg belge, Mautauban, Belgique. \u00a9 photo J-P. Ruelle \"><\/figure><\/a><\/div><div class=\"gallery-item uk-margin-bottom uk-width-1-2@s uk-width-1-3@l\"><a href=\"https:\/\/www.valeriehenry.com\/angele-guerre\/wp-content\/uploads\/sites\/39\/2020\/02\/angele-guerre-souples-un-souffle-peau-papier-incise-artiste-plasticienne-1.jpg\" rel=\"gallery-1\"><figure class=\"uk-margin-small-bottom uk-cover-container uk-height-small uk-section-muted\"><img decoding=\"async\" uk-cover=\"\" src=\"https:\/\/www.valeriehenry.com\/angele-guerre\/wp-content\/uploads\/sites\/39\/2020\/02\/angele-guerre-souples-un-souffle-peau-papier-incise-artiste-plasticienne-1-e1580917838274-300x191.jpg\" srcset=\"\" sizes=\"100vw, (min-width: 640px) 50vw, (min-width: 960px) 37vw, (min-width: 1200px) 25vw, (min-width: 1280px) 277px\" alt = \"Ang\u00e8le Guerre, plasticienne, 2019, \u00ab\u00a0Souples, un souffle\u00a0\u00bb, dimensions 2m x 4m. Installation de m\u00e9tal, cuirs et papiers incis\u00e9s. Installation r\u00e9alis\u00e9e dans le cadre de la r\u00e9sidence de cr\u00e9ation \u00e0 la Chapelle des P\u00e9nitents Blancs de Vence. \"><\/figure><\/a><\/div><div class=\"gallery-item uk-margin-bottom uk-width-1-2@s uk-width-1-3@l\"><a href=\"https:\/\/www.valeriehenry.com\/angele-guerre\/wp-content\/uploads\/sites\/39\/2024\/04\/JPH_0443.Angele-guerre-artiste-plasticienne-oeuvre-cuir-papier-exposition-art-3.jpg\" rel=\"gallery-1\"><figure class=\"uk-margin-small-bottom uk-cover-container uk-height-small uk-section-muted\"><img decoding=\"async\" uk-cover=\"\" src=\"https:\/\/www.valeriehenry.com\/angele-guerre\/wp-content\/uploads\/sites\/39\/2024\/04\/JPH_0443.Angele-guerre-artiste-plasticienne-oeuvre-cuir-papier-exposition-art-3-300x203.jpg\" srcset=\"https:\/\/www.valeriehenry.com\/angele-guerre\/wp-content\/uploads\/sites\/39\/2024\/04\/JPH_0443.Angele-guerre-artiste-plasticienne-oeuvre-cuir-papier-exposition-art-3-300x203.jpg 300w, https:\/\/www.valeriehenry.com\/angele-guerre\/wp-content\/uploads\/sites\/39\/2024\/04\/JPH_0443.Angele-guerre-artiste-plasticienne-oeuvre-cuir-papier-exposition-art-3-600x405.jpg 600w, https:\/\/www.valeriehenry.com\/angele-guerre\/wp-content\/uploads\/sites\/39\/2024\/04\/JPH_0443.Angele-guerre-artiste-plasticienne-oeuvre-cuir-papier-exposition-art-3-1024x691.jpg 1024w, https:\/\/www.valeriehenry.com\/angele-guerre\/wp-content\/uploads\/sites\/39\/2024\/04\/JPH_0443.Angele-guerre-artiste-plasticienne-oeuvre-cuir-papier-exposition-art-3-768x518.jpg 768w, https:\/\/www.valeriehenry.com\/angele-guerre\/wp-content\/uploads\/sites\/39\/2024\/04\/JPH_0443.Angele-guerre-artiste-plasticienne-oeuvre-cuir-papier-exposition-art-3.jpg 1200w\" sizes=\"100vw, (min-width: 640px) 50vw, (min-width: 960px) 37vw, (min-width: 1200px) 25vw, (min-width: 1280px) 277px\" alt = \"Ang\u00e8le Guerre, plasticienne, mars 2023, \u00ab Souples, un souffle \u00bb, dimensions variables. Installation de m\u00e9tal, cuirs et papiers incis\u00e9s r\u00e9alis\u00e9e pour l\u2019exposition \u00ab Rien que les battements d&rsquo;une absence de bruit&#8230; \u00bb, Maison des arts plastiques Rosa Bonheur, Chevilly-Larue.\"><\/figure><\/a><\/div><div class=\"gallery-item uk-margin-bottom uk-width-1-2@s uk-width-1-3@l\"><a href=\"https:\/\/www.valeriehenry.com\/angele-guerre\/wp-content\/uploads\/sites\/39\/2022\/06\/Angele-Guerre-artiste-plasticienne-cuir-suspendu-oeuvre-paris-poush-manifesto.jpg\" rel=\"gallery-1\"><figure class=\"uk-margin-small-bottom uk-cover-container uk-height-small uk-section-muted\"><img decoding=\"async\" uk-cover=\"\" src=\"https:\/\/www.valeriehenry.com\/angele-guerre\/wp-content\/uploads\/sites\/39\/2022\/06\/Angele-Guerre-artiste-plasticienne-cuir-suspendu-oeuvre-paris-poush-manifesto-300x223.jpg\" srcset=\"https:\/\/www.valeriehenry.com\/angele-guerre\/wp-content\/uploads\/sites\/39\/2022\/06\/Angele-Guerre-artiste-plasticienne-cuir-suspendu-oeuvre-paris-poush-manifesto-300x223.jpg 300w, https:\/\/www.valeriehenry.com\/angele-guerre\/wp-content\/uploads\/sites\/39\/2022\/06\/Angele-Guerre-artiste-plasticienne-cuir-suspendu-oeuvre-paris-poush-manifesto-600x446.jpg 600w, https:\/\/www.valeriehenry.com\/angele-guerre\/wp-content\/uploads\/sites\/39\/2022\/06\/Angele-Guerre-artiste-plasticienne-cuir-suspendu-oeuvre-paris-poush-manifesto-768x571.jpg 768w, https:\/\/www.valeriehenry.com\/angele-guerre\/wp-content\/uploads\/sites\/39\/2022\/06\/Angele-Guerre-artiste-plasticienne-cuir-suspendu-oeuvre-paris-poush-manifesto-1024x761.jpg 1024w, https:\/\/www.valeriehenry.com\/angele-guerre\/wp-content\/uploads\/sites\/39\/2022\/06\/Angele-Guerre-artiste-plasticienne-cuir-suspendu-oeuvre-paris-poush-manifesto.jpg 1200w\" sizes=\"100vw, (min-width: 640px) 50vw, (min-width: 960px) 37vw, (min-width: 1200px) 25vw, (min-width: 1280px) 277px\" alt = \"Ang\u00e8le Guerre, plasticienne, 2021, \u00ab\u00a0Souples, un souffle\u00a0\u00bb, vues d&rsquo;atelier, dimensions variables. Installation de m\u00e9tal, cuirs, papiers incis\u00e9s et miroir ancien. \"><\/figure><\/a><\/div><div class=\"gallery-item uk-margin-bottom uk-width-1-2@s uk-width-1-3@l\"><a href=\"https:\/\/www.valeriehenry.com\/angele-guerre\/wp-content\/uploads\/sites\/39\/2023\/05\/Angele-guerre-artiste-plasticienne-oeuvre-cuir-papier-exposition-art-2.jpg\" rel=\"gallery-1\"><figure class=\"uk-margin-small-bottom uk-cover-container uk-height-small uk-section-muted\"><img decoding=\"async\" uk-cover=\"\" src=\"https:\/\/www.valeriehenry.com\/angele-guerre\/wp-content\/uploads\/sites\/39\/2023\/05\/Angele-guerre-artiste-plasticienne-oeuvre-cuir-papier-exposition-art-2-300x200.jpg\" srcset=\"https:\/\/www.valeriehenry.com\/angele-guerre\/wp-content\/uploads\/sites\/39\/2023\/05\/Angele-guerre-artiste-plasticienne-oeuvre-cuir-papier-exposition-art-2-300x200.jpg 300w, https:\/\/www.valeriehenry.com\/angele-guerre\/wp-content\/uploads\/sites\/39\/2023\/05\/Angele-guerre-artiste-plasticienne-oeuvre-cuir-papier-exposition-art-2-600x399.jpg 600w, https:\/\/www.valeriehenry.com\/angele-guerre\/wp-content\/uploads\/sites\/39\/2023\/05\/Angele-guerre-artiste-plasticienne-oeuvre-cuir-papier-exposition-art-2-768x511.jpg 768w, https:\/\/www.valeriehenry.com\/angele-guerre\/wp-content\/uploads\/sites\/39\/2023\/05\/Angele-guerre-artiste-plasticienne-oeuvre-cuir-papier-exposition-art-2-1024x681.jpg 1024w, https:\/\/www.valeriehenry.com\/angele-guerre\/wp-content\/uploads\/sites\/39\/2023\/05\/Angele-guerre-artiste-plasticienne-oeuvre-cuir-papier-exposition-art-2.jpg 1200w\" sizes=\"100vw, (min-width: 640px) 50vw, (min-width: 960px) 37vw, (min-width: 1200px) 25vw, (min-width: 1280px) 277px\" alt = \"Ang\u00e8le Guerre, plasticienne, mars 2023, \u00ab Souples, un souffle \u00bb, dimensions variables. Installation de m\u00e9tal, cuirs et papiers incis\u00e9s r\u00e9alis\u00e9e pour l\u2019exposition \u00ab Rien que les battements d&rsquo;une absence de bruit&#8230; \u00bb, Maison des arts plastiques Rosa Bonheur, Chevilly-Larue.\"><\/figure><\/a><\/div><div class=\"gallery-item uk-margin-bottom uk-width-1-2@s uk-width-1-3@l\"><a href=\"https:\/\/www.valeriehenry.com\/angele-guerre\/wp-content\/uploads\/sites\/39\/2023\/05\/1angele-guerre-artiste-plasticienne-hermes-shang-xia-montage.jpg\" rel=\"gallery-1\"><figure class=\"uk-margin-small-bottom uk-cover-container uk-height-small uk-section-muted\"><img decoding=\"async\" uk-cover=\"\" src=\"https:\/\/www.valeriehenry.com\/angele-guerre\/wp-content\/uploads\/sites\/39\/2023\/05\/1angele-guerre-artiste-plasticienne-hermes-shang-xia-montage-300x210.jpg\" srcset=\"https:\/\/www.valeriehenry.com\/angele-guerre\/wp-content\/uploads\/sites\/39\/2023\/05\/1angele-guerre-artiste-plasticienne-hermes-shang-xia-montage-300x210.jpg 300w, https:\/\/www.valeriehenry.com\/angele-guerre\/wp-content\/uploads\/sites\/39\/2023\/05\/1angele-guerre-artiste-plasticienne-hermes-shang-xia-montage-600x420.jpg 600w, https:\/\/www.valeriehenry.com\/angele-guerre\/wp-content\/uploads\/sites\/39\/2023\/05\/1angele-guerre-artiste-plasticienne-hermes-shang-xia-montage-768x537.jpg 768w, https:\/\/www.valeriehenry.com\/angele-guerre\/wp-content\/uploads\/sites\/39\/2023\/05\/1angele-guerre-artiste-plasticienne-hermes-shang-xia-montage-1024x716.jpg 1024w, https:\/\/www.valeriehenry.com\/angele-guerre\/wp-content\/uploads\/sites\/39\/2023\/05\/1angele-guerre-artiste-plasticienne-hermes-shang-xia-montage.jpg 1200w\" sizes=\"100vw, (min-width: 640px) 50vw, (min-width: 960px) 37vw, (min-width: 1200px) 25vw, (min-width: 1280px) 277px\" alt = \"Ang\u00e8le Guerre, artiste plasticienne, septembre 2020, \u00ab\u00a0La chute suspendue\u00a0\u00bb, installation inspir\u00e9e du mythe d&rsquo;Icare, boutique Shang Xia, Herm\u00e8s Group, 8 rue de S\u00e8vres, Paris. La chute d\u2019Icare est suspendue, devient \u00e9closion, les ailes se d\u00e9ploient dans l\u2019espace. \u00a9 photos Alex Jonas\"><\/figure><\/a><\/div><div class=\"gallery-item uk-margin-bottom uk-width-1-2@s uk-width-1-3@l\"><a href=\"https:\/\/www.valeriehenry.com\/angele-guerre\/wp-content\/uploads\/sites\/39\/2020\/09\/angele-guerre-artiste-plasticienne-hermes-shang-xia-1.jpg\" rel=\"gallery-1\"><figure class=\"uk-margin-small-bottom uk-cover-container uk-height-small uk-section-muted\"><img decoding=\"async\" uk-cover=\"\" src=\"https:\/\/www.valeriehenry.com\/angele-guerre\/wp-content\/uploads\/sites\/39\/2020\/09\/angele-guerre-artiste-plasticienne-hermes-shang-xia-1-e1600168554495-300x185.jpg\" srcset=\"\" sizes=\"100vw, (min-width: 640px) 50vw, (min-width: 960px) 37vw, (min-width: 1200px) 25vw, (min-width: 1280px) 277px\" alt = \"Ang\u00e8le Guerre, artiste plasticienne, septembre 2020, \u00ab\u00a0La chute suspendue\u00a0\u00bb, installation inspir\u00e9e du mythe d&rsquo;Icare, boutique Shang Xia, Herm\u00e8s Group, 8 rue de S\u00e8vres, Paris. Les peaux se donnent \u00e0 voir \u00ab au-dessus comme au-dessous \u00bb, ou en chinois : \u00ab Shang Xia \u00bb. \u00a9 photos Alex Jonas\"><\/figure><\/a><\/div><div class=\"gallery-item uk-margin-bottom uk-width-1-2@s uk-width-1-3@l\"><a href=\"https:\/\/www.valeriehenry.com\/angele-guerre\/wp-content\/uploads\/sites\/39\/2020\/09\/angele-guerre-artiste-plasticienne-hermes-shang-xia-4.jpg\" rel=\"gallery-1\"><figure class=\"uk-margin-small-bottom uk-cover-container uk-height-small uk-section-muted\"><img decoding=\"async\" uk-cover=\"\" src=\"https:\/\/www.valeriehenry.com\/angele-guerre\/wp-content\/uploads\/sites\/39\/2020\/09\/angele-guerre-artiste-plasticienne-hermes-shang-xia-4-300x200.jpg\" srcset=\"https:\/\/www.valeriehenry.com\/angele-guerre\/wp-content\/uploads\/sites\/39\/2020\/09\/angele-guerre-artiste-plasticienne-hermes-shang-xia-4-300x200.jpg 300w, https:\/\/www.valeriehenry.com\/angele-guerre\/wp-content\/uploads\/sites\/39\/2020\/09\/angele-guerre-artiste-plasticienne-hermes-shang-xia-4-600x400.jpg 600w, https:\/\/www.valeriehenry.com\/angele-guerre\/wp-content\/uploads\/sites\/39\/2020\/09\/angele-guerre-artiste-plasticienne-hermes-shang-xia-4-768x512.jpg 768w, https:\/\/www.valeriehenry.com\/angele-guerre\/wp-content\/uploads\/sites\/39\/2020\/09\/angele-guerre-artiste-plasticienne-hermes-shang-xia-4-1024x683.jpg 1024w, https:\/\/www.valeriehenry.com\/angele-guerre\/wp-content\/uploads\/sites\/39\/2020\/09\/angele-guerre-artiste-plasticienne-hermes-shang-xia-4.jpg 1200w\" sizes=\"100vw, (min-width: 640px) 50vw, (min-width: 960px) 37vw, (min-width: 1200px) 25vw, (min-width: 1280px) 277px\" alt = \"Ang\u00e8le Guerre, artiste plasticienne, septembre 2020, \u00ab\u00a0La chute suspendue\u00a0\u00bb, installation inspir\u00e9e du mythe d&rsquo;Icare, boutique Shang Xia, Herm\u00e8s Group, 8 rue de S\u00e8vres, Paris.  Chaque vitrine est compos\u00e9e d\u2019un ensemble de sculptures de cuir et de papier, un \u00e9clatement de couleurs et de blanc, que structurent des tiges en laiton dor\u00e9. \u00a9 photos Alex Jonas\"><\/figure><\/a><\/div><div class=\"gallery-item uk-margin-bottom uk-width-1-2@s uk-width-1-3@l\"><a href=\"https:\/\/www.valeriehenry.com\/angele-guerre\/wp-content\/uploads\/sites\/39\/2025\/11\/Angele-Guerre-artiste-exposition-VCA-7.jpg\" rel=\"gallery-1\"><figure class=\"uk-margin-small-bottom uk-cover-container uk-height-small uk-section-muted\"><img decoding=\"async\" uk-cover=\"\" src=\"https:\/\/www.valeriehenry.com\/angele-guerre\/wp-content\/uploads\/sites\/39\/2025\/11\/Angele-Guerre-artiste-exposition-VCA-7-300x201.jpg\" srcset=\"https:\/\/www.valeriehenry.com\/angele-guerre\/wp-content\/uploads\/sites\/39\/2025\/11\/Angele-Guerre-artiste-exposition-VCA-7-300x201.jpg 300w, https:\/\/www.valeriehenry.com\/angele-guerre\/wp-content\/uploads\/sites\/39\/2025\/11\/Angele-Guerre-artiste-exposition-VCA-7-600x401.jpg 600w, https:\/\/www.valeriehenry.com\/angele-guerre\/wp-content\/uploads\/sites\/39\/2025\/11\/Angele-Guerre-artiste-exposition-VCA-7-1024x684.jpg 1024w, https:\/\/www.valeriehenry.com\/angele-guerre\/wp-content\/uploads\/sites\/39\/2025\/11\/Angele-Guerre-artiste-exposition-VCA-7-768x513.jpg 768w, https:\/\/www.valeriehenry.com\/angele-guerre\/wp-content\/uploads\/sites\/39\/2025\/11\/Angele-Guerre-artiste-exposition-VCA-7.jpg 1200w\" sizes=\"100vw, (min-width: 640px) 50vw, (min-width: 960px) 37vw, (min-width: 1200px) 25vw, (min-width: 1280px) 277px\" alt = \"Ang\u00e8le Guerre, artiste plasticienne, novembre 2025, \u00ab\u00a0Ode a la nature par Van Cleef &#038; Arpels\u00a0\u00bb, Galerie du Patrimoine, 20 place Vend\u00f4me, Paris. Le cuir, sculpt\u00e9 en grandes feuilles mouvantes, conf\u00e8re structure et ampleur. Le papier pastelis\u00e9, doux et mat, \u00e9voque la fragilit\u00e9 d\u2019une flore et d\u2019une faune sublim\u00e9es.\"><\/figure><\/a><\/div><div class=\"gallery-item uk-margin-bottom uk-width-1-2@s uk-width-1-3@l\"><a href=\"https:\/\/www.valeriehenry.com\/angele-guerre\/wp-content\/uploads\/sites\/39\/2025\/11\/Angele-Guerre-artiste-exposition-VCA-1.jpg\" rel=\"gallery-1\"><figure class=\"uk-margin-small-bottom uk-cover-container uk-height-small uk-section-muted\"><img decoding=\"async\" uk-cover=\"\" src=\"https:\/\/www.valeriehenry.com\/angele-guerre\/wp-content\/uploads\/sites\/39\/2025\/11\/Angele-Guerre-artiste-exposition-VCA-1-300x200.jpg\" srcset=\"https:\/\/www.valeriehenry.com\/angele-guerre\/wp-content\/uploads\/sites\/39\/2025\/11\/Angele-Guerre-artiste-exposition-VCA-1-300x200.jpg 300w, https:\/\/www.valeriehenry.com\/angele-guerre\/wp-content\/uploads\/sites\/39\/2025\/11\/Angele-Guerre-artiste-exposition-VCA-1-600x400.jpg 600w, https:\/\/www.valeriehenry.com\/angele-guerre\/wp-content\/uploads\/sites\/39\/2025\/11\/Angele-Guerre-artiste-exposition-VCA-1-1024x683.jpg 1024w, https:\/\/www.valeriehenry.com\/angele-guerre\/wp-content\/uploads\/sites\/39\/2025\/11\/Angele-Guerre-artiste-exposition-VCA-1-768x512.jpg 768w, https:\/\/www.valeriehenry.com\/angele-guerre\/wp-content\/uploads\/sites\/39\/2025\/11\/Angele-Guerre-artiste-exposition-VCA-1.jpg 1200w\" sizes=\"100vw, (min-width: 640px) 50vw, (min-width: 960px) 37vw, (min-width: 1200px) 25vw, (min-width: 1280px) 277px\" alt = \"Ang\u00e8le Guerre, artiste plasticienne, novembre 2025, \u00ab\u00a0Ode a la nature par Van Cleef &#038; Arpels\u00a0\u00bb, Galerie du Patrimoine, 20 place Vend\u00f4me, Paris. Pour cette exposition VCA, Ang\u00e8le Guerre imagine un d\u00e9cor inspir\u00e9 d\u2019un monde v\u00e9g\u00e9tal et animal r\u00eav\u00e9, un hommage po\u00e9tique \u00e0 la nature sublim\u00e9e par la Maison.\"><\/figure><\/a><\/div><div class=\"gallery-item uk-margin-bottom uk-width-1-2@s uk-width-1-3@l\"><a href=\"https:\/\/www.valeriehenry.com\/angele-guerre\/wp-content\/uploads\/sites\/39\/2025\/11\/Angele-Guerre-artiste-exposition-VCA-4.jpg\" rel=\"gallery-1\"><figure class=\"uk-margin-small-bottom uk-cover-container uk-height-small uk-section-muted\"><img decoding=\"async\" uk-cover=\"\" src=\"https:\/\/www.valeriehenry.com\/angele-guerre\/wp-content\/uploads\/sites\/39\/2025\/11\/Angele-Guerre-artiste-exposition-VCA-4-300x216.jpg\" srcset=\"https:\/\/www.valeriehenry.com\/angele-guerre\/wp-content\/uploads\/sites\/39\/2025\/11\/Angele-Guerre-artiste-exposition-VCA-4-300x216.jpg 300w, https:\/\/www.valeriehenry.com\/angele-guerre\/wp-content\/uploads\/sites\/39\/2025\/11\/Angele-Guerre-artiste-exposition-VCA-4-600x431.jpg 600w, https:\/\/www.valeriehenry.com\/angele-guerre\/wp-content\/uploads\/sites\/39\/2025\/11\/Angele-Guerre-artiste-exposition-VCA-4-1024x736.jpg 1024w, https:\/\/www.valeriehenry.com\/angele-guerre\/wp-content\/uploads\/sites\/39\/2025\/11\/Angele-Guerre-artiste-exposition-VCA-4-768x552.jpg 768w, https:\/\/www.valeriehenry.com\/angele-guerre\/wp-content\/uploads\/sites\/39\/2025\/11\/Angele-Guerre-artiste-exposition-VCA-4.jpg 1200w\" sizes=\"100vw, (min-width: 640px) 50vw, (min-width: 960px) 37vw, (min-width: 1200px) 25vw, (min-width: 1280px) 277px\" alt = \"Ang\u00e8le Guerre, artiste plasticienne, novembre 2025, \u00ab\u00a0Ode a la nature par Van Cleef &#038; Arpels\u00a0\u00bb, Galerie du Patrimoine, 20 place Vend\u00f4me, Paris. Con\u00e7u comme un th\u00e9\u00e2tre miniature, le d\u00e9cor se d\u00e9ploie telle une sc\u00e9nographie immersive, compos\u00e9e de formes v\u00e9g\u00e9tales abstraites en cuir, papier et pastel. \u00a9 Van Cleef &#038; Arpels\"><\/figure><\/a><\/div><\/div>\n<p>&nbsp;<\/p>\n","protected":false},"excerpt":{"rendered":"<p>&nbsp;<\/p>\n","protected":false},"author":1,"featured_media":0,"parent":0,"menu_order":2,"comment_status":"closed","ping_status":"closed","template":"","meta":{"_trash_the_other_posts":true,"footnotes":""},"class_list":["post-11","page","type-page","status-publish","hentry"],"yoast_head":"<!-- This site is optimized with the Yoast SEO plugin v23.7 - https:\/\/yoast.com\/wordpress\/plugins\/seo\/ -->\n<title>Ang\u00e8le Guerre, artiste plasticienne, oeuvres en papiers sculpt\u00e9s sur-mesure<\/title>\n<meta name=\"description\" content=\"Ang\u00e8le Guerre, artiste sp\u00e9cialis\u00e9e dans la sculpture du papier et de cuir recycl\u00e9 travaille sur-mesure pour les maisons de luxe \u00e0 Paris\" \/>\n<meta name=\"robots\" content=\"index, follow, max-snippet:-1, max-image-preview:large, max-video-preview:-1\" \/>\n<link rel=\"canonical\" href=\"https:\/\/www.valeriehenry.com\/angele-guerre\/\" \/>\n<meta property=\"og:locale\" content=\"fr_FR\" \/>\n<meta property=\"og:type\" content=\"article\" \/>\n<meta property=\"og:title\" content=\"Ang\u00e8le Guerre, artiste plasticienne, oeuvres en papiers sculpt\u00e9s sur-mesure\" \/>\n<meta property=\"og:description\" content=\"Ang\u00e8le Guerre, artiste sp\u00e9cialis\u00e9e dans la sculpture du papier et de cuir recycl\u00e9 travaille sur-mesure pour les maisons de luxe \u00e0 Paris\" \/>\n<meta property=\"og:url\" content=\"https:\/\/www.valeriehenry.com\/angele-guerre\/\" \/>\n<meta property=\"og:site_name\" content=\"Ang\u00e8le Guerre\" \/>\n<meta property=\"article:publisher\" content=\"https:\/\/www.facebook.com\/agencevaleriehenry\/\" \/>\n<meta property=\"article:modified_time\" content=\"2026-02-23T14:52:50+00:00\" \/>\n<meta property=\"og:image\" content=\"https:\/\/www.valeriehenry.com\/angele-guerre\/wp-content\/uploads\/sites\/39\/2026\/02\/Angele-Guerre-Vertiges-un-soir-X-et-XI-300x199.jpg\" \/>\n<meta name=\"twitter:card\" content=\"summary_large_image\" \/>\n<meta name=\"twitter:site\" content=\"@vaalhenry\" \/>\n<meta name=\"twitter:label1\" content=\"Dur\u00e9e de lecture estim\u00e9e\" \/>\n\t<meta name=\"twitter:data1\" content=\"1 minute\" \/>\n<script type=\"application\/ld+json\" class=\"yoast-schema-graph\">{\"@context\":\"https:\/\/schema.org\",\"@graph\":[{\"@type\":\"WebPage\",\"@id\":\"https:\/\/www.valeriehenry.com\/angele-guerre\/\",\"url\":\"https:\/\/www.valeriehenry.com\/angele-guerre\/\",\"name\":\"Ang\u00e8le Guerre, artiste plasticienne, oeuvres en papiers sculpt\u00e9s sur-mesure\",\"isPartOf\":{\"@id\":\"https:\/\/www.valeriehenry.com\/angele-guerre\/#website\"},\"datePublished\":\"2017-10-11T09:22:01+00:00\",\"dateModified\":\"2026-02-23T14:52:50+00:00\",\"description\":\"Ang\u00e8le Guerre, artiste sp\u00e9cialis\u00e9e dans la sculpture du papier et de cuir recycl\u00e9 travaille sur-mesure pour les maisons de luxe \u00e0 Paris\",\"breadcrumb\":{\"@id\":\"https:\/\/www.valeriehenry.com\/angele-guerre\/#breadcrumb\"},\"inLanguage\":\"fr-FR\",\"potentialAction\":[{\"@type\":\"ReadAction\",\"target\":[\"https:\/\/www.valeriehenry.com\/angele-guerre\/\"]}]},{\"@type\":\"BreadcrumbList\",\"@id\":\"https:\/\/www.valeriehenry.com\/angele-guerre\/#breadcrumb\",\"itemListElement\":[{\"@type\":\"ListItem\",\"position\":1,\"name\":\"Ang\u00e8le Guerre\",\"item\":\"https:\/\/www.valeriehenry.com\/angele-guerre\/\"},{\"@type\":\"ListItem\",\"position\":2,\"name\":\"News\"}]},{\"@type\":\"WebSite\",\"@id\":\"https:\/\/www.valeriehenry.com\/angele-guerre\/#website\",\"url\":\"https:\/\/www.valeriehenry.com\/angele-guerre\/\",\"name\":\"Ang\u00e8le Guerre\",\"description\":\"plasticienne\",\"publisher\":{\"@id\":\"https:\/\/www.valeriehenry.com\/angele-guerre\/#organization\"},\"potentialAction\":[{\"@type\":\"SearchAction\",\"target\":{\"@type\":\"EntryPoint\",\"urlTemplate\":\"https:\/\/www.valeriehenry.com\/angele-guerre\/?s={search_term_string}\"},\"query-input\":{\"@type\":\"PropertyValueSpecification\",\"valueRequired\":true,\"valueName\":\"search_term_string\"}}],\"inLanguage\":\"fr-FR\"},{\"@type\":\"Organization\",\"@id\":\"https:\/\/www.valeriehenry.com\/angele-guerre\/#organization\",\"name\":\"Ang\u00e8le Guerre\",\"url\":\"https:\/\/www.valeriehenry.com\/angele-guerre\/\",\"logo\":{\"@type\":\"ImageObject\",\"inLanguage\":\"fr-FR\",\"@id\":\"https:\/\/www.valeriehenry.com\/angele-guerre\/#\/schema\/logo\/image\/\",\"url\":\"https:\/\/www.valeriehenry.com\/angele-guerre\/wp-content\/uploads\/sites\/39\/2023\/07\/cropped-valerie_henry_logo.jpg\",\"contentUrl\":\"https:\/\/www.valeriehenry.com\/angele-guerre\/wp-content\/uploads\/sites\/39\/2023\/07\/cropped-valerie_henry_logo.jpg\",\"width\":165,\"height\":39,\"caption\":\"Ang\u00e8le Guerre\"},\"image\":{\"@id\":\"https:\/\/www.valeriehenry.com\/angele-guerre\/#\/schema\/logo\/image\/\"},\"sameAs\":[\"https:\/\/www.facebook.com\/agencevaleriehenry\/\",\"https:\/\/x.com\/vaalhenry\",\"https:\/\/www.instagram.com\/valhenryagent\/\",\"https:\/\/www.linkedin.com\/in\/valerie-henry-b071b032\/\",\"https:\/\/www.pinterest.fr\/henry0061\/\"]}]}<\/script>\n<!-- \/ Yoast SEO plugin. -->","yoast_head_json":{"title":"Ang\u00e8le Guerre, artiste plasticienne, oeuvres en papiers sculpt\u00e9s sur-mesure","description":"Ang\u00e8le Guerre, artiste sp\u00e9cialis\u00e9e dans la sculpture du papier et de cuir recycl\u00e9 travaille sur-mesure pour les maisons de luxe \u00e0 Paris","robots":{"index":"index","follow":"follow","max-snippet":"max-snippet:-1","max-image-preview":"max-image-preview:large","max-video-preview":"max-video-preview:-1"},"canonical":"https:\/\/www.valeriehenry.com\/angele-guerre\/","og_locale":"fr_FR","og_type":"article","og_title":"Ang\u00e8le Guerre, artiste plasticienne, oeuvres en papiers sculpt\u00e9s sur-mesure","og_description":"Ang\u00e8le Guerre, artiste sp\u00e9cialis\u00e9e dans la sculpture du papier et de cuir recycl\u00e9 travaille sur-mesure pour les maisons de luxe \u00e0 Paris","og_url":"https:\/\/www.valeriehenry.com\/angele-guerre\/","og_site_name":"Ang\u00e8le Guerre","article_publisher":"https:\/\/www.facebook.com\/agencevaleriehenry\/","article_modified_time":"2026-02-23T14:52:50+00:00","og_image":[{"url":"https:\/\/www.valeriehenry.com\/angele-guerre\/wp-content\/uploads\/sites\/39\/2026\/02\/Angele-Guerre-Vertiges-un-soir-X-et-XI-300x199.jpg"}],"twitter_card":"summary_large_image","twitter_site":"@vaalhenry","twitter_misc":{"Dur\u00e9e de lecture estim\u00e9e":"1 minute"},"schema":{"@context":"https:\/\/schema.org","@graph":[{"@type":"WebPage","@id":"https:\/\/www.valeriehenry.com\/angele-guerre\/","url":"https:\/\/www.valeriehenry.com\/angele-guerre\/","name":"Ang\u00e8le Guerre, artiste plasticienne, oeuvres en papiers sculpt\u00e9s sur-mesure","isPartOf":{"@id":"https:\/\/www.valeriehenry.com\/angele-guerre\/#website"},"datePublished":"2017-10-11T09:22:01+00:00","dateModified":"2026-02-23T14:52:50+00:00","description":"Ang\u00e8le Guerre, artiste sp\u00e9cialis\u00e9e dans la sculpture du papier et de cuir recycl\u00e9 travaille sur-mesure pour les maisons de luxe \u00e0 Paris","breadcrumb":{"@id":"https:\/\/www.valeriehenry.com\/angele-guerre\/#breadcrumb"},"inLanguage":"fr-FR","potentialAction":[{"@type":"ReadAction","target":["https:\/\/www.valeriehenry.com\/angele-guerre\/"]}]},{"@type":"BreadcrumbList","@id":"https:\/\/www.valeriehenry.com\/angele-guerre\/#breadcrumb","itemListElement":[{"@type":"ListItem","position":1,"name":"Ang\u00e8le Guerre","item":"https:\/\/www.valeriehenry.com\/angele-guerre\/"},{"@type":"ListItem","position":2,"name":"News"}]},{"@type":"WebSite","@id":"https:\/\/www.valeriehenry.com\/angele-guerre\/#website","url":"https:\/\/www.valeriehenry.com\/angele-guerre\/","name":"Ang\u00e8le Guerre","description":"plasticienne","publisher":{"@id":"https:\/\/www.valeriehenry.com\/angele-guerre\/#organization"},"potentialAction":[{"@type":"SearchAction","target":{"@type":"EntryPoint","urlTemplate":"https:\/\/www.valeriehenry.com\/angele-guerre\/?s={search_term_string}"},"query-input":{"@type":"PropertyValueSpecification","valueRequired":true,"valueName":"search_term_string"}}],"inLanguage":"fr-FR"},{"@type":"Organization","@id":"https:\/\/www.valeriehenry.com\/angele-guerre\/#organization","name":"Ang\u00e8le Guerre","url":"https:\/\/www.valeriehenry.com\/angele-guerre\/","logo":{"@type":"ImageObject","inLanguage":"fr-FR","@id":"https:\/\/www.valeriehenry.com\/angele-guerre\/#\/schema\/logo\/image\/","url":"https:\/\/www.valeriehenry.com\/angele-guerre\/wp-content\/uploads\/sites\/39\/2023\/07\/cropped-valerie_henry_logo.jpg","contentUrl":"https:\/\/www.valeriehenry.com\/angele-guerre\/wp-content\/uploads\/sites\/39\/2023\/07\/cropped-valerie_henry_logo.jpg","width":165,"height":39,"caption":"Ang\u00e8le Guerre"},"image":{"@id":"https:\/\/www.valeriehenry.com\/angele-guerre\/#\/schema\/logo\/image\/"},"sameAs":["https:\/\/www.facebook.com\/agencevaleriehenry\/","https:\/\/x.com\/vaalhenry","https:\/\/www.instagram.com\/valhenryagent\/","https:\/\/www.linkedin.com\/in\/valerie-henry-b071b032\/","https:\/\/www.pinterest.fr\/henry0061\/"]}]}},"_links":{"self":[{"href":"https:\/\/www.valeriehenry.com\/angele-guerre\/wp-json\/wp\/v2\/pages\/11"}],"collection":[{"href":"https:\/\/www.valeriehenry.com\/angele-guerre\/wp-json\/wp\/v2\/pages"}],"about":[{"href":"https:\/\/www.valeriehenry.com\/angele-guerre\/wp-json\/wp\/v2\/types\/page"}],"author":[{"embeddable":true,"href":"https:\/\/www.valeriehenry.com\/angele-guerre\/wp-json\/wp\/v2\/users\/1"}],"replies":[{"embeddable":true,"href":"https:\/\/www.valeriehenry.com\/angele-guerre\/wp-json\/wp\/v2\/comments?post=11"}],"version-history":[{"count":224,"href":"https:\/\/www.valeriehenry.com\/angele-guerre\/wp-json\/wp\/v2\/pages\/11\/revisions"}],"predecessor-version":[{"id":1328,"href":"https:\/\/www.valeriehenry.com\/angele-guerre\/wp-json\/wp\/v2\/pages\/11\/revisions\/1328"}],"wp:attachment":[{"href":"https:\/\/www.valeriehenry.com\/angele-guerre\/wp-json\/wp\/v2\/media?parent=11"}],"curies":[{"name":"wp","href":"https:\/\/api.w.org\/{rel}","templated":true}]}}